{"id":3239,"date":"2026-03-15T16:21:07","date_gmt":"2026-03-15T19:21:07","guid":{"rendered":"https:\/\/principedeasturiasvaldivia.cl\/Colegio\/?page_id=3239"},"modified":"2026-04-23T17:29:12","modified_gmt":"2026-04-23T20:29:12","slug":"salidas-pedagogicas","status":"publish","type":"page","link":"https:\/\/principedeasturiasvaldivia.cl\/Colegio\/actividades-escolares-2021\/salidas-pedagogicas\/","title":{"rendered":"Salidas pedag\u00f3gicas"},"content":{"rendered":"\n<h2 class=\"wp-block-heading\">1er Nivel de Transici\u00f3n <br>\u2728 \u00a1As\u00ed vivimos nuestra salida Pedagogica! \u2728<\/h2>\n\n\n\n<p>Reencuentros llenos de alegr\u00eda, nuevas amistades, sonrisas en cada rinc\u00f3n y muchas ganas de aprender. \ud83d\udcda\ud83d\udc99<\/p>\n\n\n\n<p>En el Colegio Pr\u00edncipe de Asturias creemos en una educaci\u00f3n cercana, integral y con sentido de comunidad, donde cada estudiante es protagonista de su propio aprendizaje.<\/p>\n\n\n\n<p>Gracias a nuestras familias por la confianza y por ser parte de este hermoso comienzo.<br>\u00a1Seguimos construyendo juntos grandes experiencias! \ud83c\udf1f<\/p>\n\n\n\n<figure class=\"wp-block-gallery has-nested-images columns-default is-cropped wp-block-gallery-1 is-layout-flex wp-block-gallery-is-layout-flex\">\n<figure class=\"wp-block-image size-large\"><img loading=\"lazy\" decoding=\"async\" width=\"768\" height=\"1024\" data-id=\"3245\" src=\"https:\/\/principedeasturiasvaldivia.cl\/Colegio\/wp-content\/uploads\/2026\/03\/WhatsApp-Image-2026-03-10-at-11.34.09-AM-768x1024.jpeg\" alt=\"\" class=\"wp-image-3245\" srcset=\"https:\/\/principedeasturiasvaldivia.cl\/Colegio\/wp-content\/uploads\/2026\/03\/WhatsApp-Image-2026-03-10-at-11.34.09-AM-768x1024.jpeg 768w, https:\/\/principedeasturiasvaldivia.cl\/Colegio\/wp-content\/uploads\/2026\/03\/WhatsApp-Image-2026-03-10-at-11.34.09-AM-225x300.jpeg 225w, https:\/\/principedeasturiasvaldivia.cl\/Colegio\/wp-content\/uploads\/2026\/03\/WhatsApp-Image-2026-03-10-at-11.34.09-AM-203x270.jpeg 203w, https:\/\/principedeasturiasvaldivia.cl\/Colegio\/wp-content\/uploads\/2026\/03\/WhatsApp-Image-2026-03-10-at-11.34.09-AM-600x800.jpeg 600w, https:\/\/principedeasturiasvaldivia.cl\/Colegio\/wp-content\/uploads\/2026\/03\/WhatsApp-Image-2026-03-10-at-11.34.09-AM.jpeg 960w\" sizes=\"auto, (max-width: 768px) 100vw, 768px\" \/><\/figure>\n\n\n\n<figure class=\"wp-block-image size-large\"><img loading=\"lazy\" decoding=\"async\" width=\"768\" height=\"1024\" data-id=\"3247\" src=\"https:\/\/principedeasturiasvaldivia.cl\/Colegio\/wp-content\/uploads\/2026\/03\/WhatsApp-Image-2026-03-10-at-11.35.09-AM-768x1024.jpeg\" alt=\"\" class=\"wp-image-3247\" srcset=\"https:\/\/principedeasturiasvaldivia.cl\/Colegio\/wp-content\/uploads\/2026\/03\/WhatsApp-Image-2026-03-10-at-11.35.09-AM-768x1024.jpeg 768w, https:\/\/principedeasturiasvaldivia.cl\/Colegio\/wp-content\/uploads\/2026\/03\/WhatsApp-Image-2026-03-10-at-11.35.09-AM-225x300.jpeg 225w, https:\/\/principedeasturiasvaldivia.cl\/Colegio\/wp-content\/uploads\/2026\/03\/WhatsApp-Image-2026-03-10-at-11.35.09-AM-203x270.jpeg 203w, https:\/\/principedeasturiasvaldivia.cl\/Colegio\/wp-content\/uploads\/2026\/03\/WhatsApp-Image-2026-03-10-at-11.35.09-AM-600x800.jpeg 600w, https:\/\/principedeasturiasvaldivia.cl\/Colegio\/wp-content\/uploads\/2026\/03\/WhatsApp-Image-2026-03-10-at-11.35.09-AM.jpeg 960w\" sizes=\"auto, (max-width: 768px) 100vw, 768px\" \/><\/figure>\n\n\n\n<figure class=\"wp-block-image size-large\"><img loading=\"lazy\" decoding=\"async\" width=\"768\" height=\"1024\" data-id=\"3246\" src=\"https:\/\/principedeasturiasvaldivia.cl\/Colegio\/wp-content\/uploads\/2026\/03\/WhatsApp-Image-2026-03-10-at-11.36.09-AM-768x1024.jpeg\" alt=\"\" class=\"wp-image-3246\" srcset=\"https:\/\/principedeasturiasvaldivia.cl\/Colegio\/wp-content\/uploads\/2026\/03\/WhatsApp-Image-2026-03-10-at-11.36.09-AM-768x1024.jpeg 768w, https:\/\/principedeasturiasvaldivia.cl\/Colegio\/wp-content\/uploads\/2026\/03\/WhatsApp-Image-2026-03-10-at-11.36.09-AM-225x300.jpeg 225w, https:\/\/principedeasturiasvaldivia.cl\/Colegio\/wp-content\/uploads\/2026\/03\/WhatsApp-Image-2026-03-10-at-11.36.09-AM-203x270.jpeg 203w, https:\/\/principedeasturiasvaldivia.cl\/Colegio\/wp-content\/uploads\/2026\/03\/WhatsApp-Image-2026-03-10-at-11.36.09-AM-600x800.jpeg 600w, https:\/\/principedeasturiasvaldivia.cl\/Colegio\/wp-content\/uploads\/2026\/03\/WhatsApp-Image-2026-03-10-at-11.36.09-AM.jpeg 960w\" sizes=\"auto, (max-width: 768px) 100vw, 768px\" \/><\/figure>\n\n\n\n<figure class=\"wp-block-image size-large\"><img loading=\"lazy\" decoding=\"async\" width=\"768\" height=\"1024\" data-id=\"3244\" src=\"https:\/\/principedeasturiasvaldivia.cl\/Colegio\/wp-content\/uploads\/2026\/03\/WhatsApp-Image-2026-03-10-at-11.39.09-AM-768x1024.jpeg\" alt=\"\" class=\"wp-image-3244\" srcset=\"https:\/\/principedeasturiasvaldivia.cl\/Colegio\/wp-content\/uploads\/2026\/03\/WhatsApp-Image-2026-03-10-at-11.39.09-AM-768x1024.jpeg 768w, https:\/\/principedeasturiasvaldivia.cl\/Colegio\/wp-content\/uploads\/2026\/03\/WhatsApp-Image-2026-03-10-at-11.39.09-AM-225x300.jpeg 225w, https:\/\/principedeasturiasvaldivia.cl\/Colegio\/wp-content\/uploads\/2026\/03\/WhatsApp-Image-2026-03-10-at-11.39.09-AM-203x270.jpeg 203w, https:\/\/principedeasturiasvaldivia.cl\/Colegio\/wp-content\/uploads\/2026\/03\/WhatsApp-Image-2026-03-10-at-11.39.09-AM-600x800.jpeg 600w, https:\/\/principedeasturiasvaldivia.cl\/Colegio\/wp-content\/uploads\/2026\/03\/WhatsApp-Image-2026-03-10-at-11.39.09-AM.jpeg 960w\" sizes=\"auto, (max-width: 768px) 100vw, 768px\" \/><\/figure>\n\n\n\n<figure class=\"wp-block-image size-large\"><img loading=\"lazy\" decoding=\"async\" width=\"768\" height=\"1024\" data-id=\"3243\" src=\"https:\/\/principedeasturiasvaldivia.cl\/Colegio\/wp-content\/uploads\/2026\/03\/WhatsApp-Image-2026-03-10-at-11.14.09-AM-768x1024.jpeg\" alt=\"\" class=\"wp-image-3243\" srcset=\"https:\/\/principedeasturiasvaldivia.cl\/Colegio\/wp-content\/uploads\/2026\/03\/WhatsApp-Image-2026-03-10-at-11.14.09-AM-768x1024.jpeg 768w, https:\/\/principedeasturiasvaldivia.cl\/Colegio\/wp-content\/uploads\/2026\/03\/WhatsApp-Image-2026-03-10-at-11.14.09-AM-225x300.jpeg 225w, https:\/\/principedeasturiasvaldivia.cl\/Colegio\/wp-content\/uploads\/2026\/03\/WhatsApp-Image-2026-03-10-at-11.14.09-AM-203x270.jpeg 203w, https:\/\/principedeasturiasvaldivia.cl\/Colegio\/wp-content\/uploads\/2026\/03\/WhatsApp-Image-2026-03-10-at-11.14.09-AM-600x800.jpeg 600w, https:\/\/principedeasturiasvaldivia.cl\/Colegio\/wp-content\/uploads\/2026\/03\/WhatsApp-Image-2026-03-10-at-11.14.09-AM.jpeg 960w\" sizes=\"auto, (max-width: 768px) 100vw, 768px\" \/><\/figure>\n\n\n\n<figure class=\"wp-block-image size-large\"><img loading=\"lazy\" decoding=\"async\" width=\"1024\" height=\"768\" data-id=\"3306\" src=\"https:\/\/principedeasturiasvaldivia.cl\/Colegio\/wp-content\/uploads\/2026\/03\/WhatsApp-Image-2026-03-10-at-3.29.14-PM-1-1024x768.jpeg\" alt=\"\" class=\"wp-image-3306\" srcset=\"https:\/\/principedeasturiasvaldivia.cl\/Colegio\/wp-content\/uploads\/2026\/03\/WhatsApp-Image-2026-03-10-at-3.29.14-PM-1-1024x768.jpeg 1024w, https:\/\/principedeasturiasvaldivia.cl\/Colegio\/wp-content\/uploads\/2026\/03\/WhatsApp-Image-2026-03-10-at-3.29.14-PM-1-300x225.jpeg 300w, https:\/\/principedeasturiasvaldivia.cl\/Colegio\/wp-content\/uploads\/2026\/03\/WhatsApp-Image-2026-03-10-at-3.29.14-PM-1-768x576.jpeg 768w, https:\/\/principedeasturiasvaldivia.cl\/Colegio\/wp-content\/uploads\/2026\/03\/WhatsApp-Image-2026-03-10-at-3.29.14-PM-1-360x270.jpeg 360w, https:\/\/principedeasturiasvaldivia.cl\/Colegio\/wp-content\/uploads\/2026\/03\/WhatsApp-Image-2026-03-10-at-3.29.14-PM-1-600x450.jpeg 600w, https:\/\/principedeasturiasvaldivia.cl\/Colegio\/wp-content\/uploads\/2026\/03\/WhatsApp-Image-2026-03-10-at-3.29.14-PM-1.jpeg 1280w\" sizes=\"auto, (max-width: 1024px) 100vw, 1024px\" \/><\/figure>\n\n\n\n<figure class=\"wp-block-image size-large\"><img loading=\"lazy\" decoding=\"async\" width=\"1024\" height=\"768\" data-id=\"3261\" src=\"https:\/\/principedeasturiasvaldivia.cl\/Colegio\/wp-content\/uploads\/2026\/03\/WhatsApp-Image-2026-03-10-at-3.30.14-PM-1024x768.jpeg\" alt=\"\" class=\"wp-image-3261\" srcset=\"https:\/\/principedeasturiasvaldivia.cl\/Colegio\/wp-content\/uploads\/2026\/03\/WhatsApp-Image-2026-03-10-at-3.30.14-PM-1024x768.jpeg 1024w, https:\/\/principedeasturiasvaldivia.cl\/Colegio\/wp-content\/uploads\/2026\/03\/WhatsApp-Image-2026-03-10-at-3.30.14-PM-300x225.jpeg 300w, https:\/\/principedeasturiasvaldivia.cl\/Colegio\/wp-content\/uploads\/2026\/03\/WhatsApp-Image-2026-03-10-at-3.30.14-PM-768x576.jpeg 768w, https:\/\/principedeasturiasvaldivia.cl\/Colegio\/wp-content\/uploads\/2026\/03\/WhatsApp-Image-2026-03-10-at-3.30.14-PM-360x270.jpeg 360w, https:\/\/principedeasturiasvaldivia.cl\/Colegio\/wp-content\/uploads\/2026\/03\/WhatsApp-Image-2026-03-10-at-3.30.14-PM-600x450.jpeg 600w, https:\/\/principedeasturiasvaldivia.cl\/Colegio\/wp-content\/uploads\/2026\/03\/WhatsApp-Image-2026-03-10-at-3.30.14-PM.jpeg 1280w\" sizes=\"auto, (max-width: 1024px) 100vw, 1024px\" \/><\/figure>\n\n\n\n<figure class=\"wp-block-image size-large\"><img loading=\"lazy\" decoding=\"async\" width=\"1024\" height=\"768\" data-id=\"3259\" src=\"https:\/\/principedeasturiasvaldivia.cl\/Colegio\/wp-content\/uploads\/2026\/03\/WhatsApp-Image-2026-03-10-at-8.29.14-PM-1024x768.jpeg\" alt=\"\" class=\"wp-image-3259\" srcset=\"https:\/\/principedeasturiasvaldivia.cl\/Colegio\/wp-content\/uploads\/2026\/03\/WhatsApp-Image-2026-03-10-at-8.29.14-PM-1024x768.jpeg 1024w, https:\/\/principedeasturiasvaldivia.cl\/Colegio\/wp-content\/uploads\/2026\/03\/WhatsApp-Image-2026-03-10-at-8.29.14-PM-300x225.jpeg 300w, https:\/\/principedeasturiasvaldivia.cl\/Colegio\/wp-content\/uploads\/2026\/03\/WhatsApp-Image-2026-03-10-at-8.29.14-PM-768x576.jpeg 768w, https:\/\/principedeasturiasvaldivia.cl\/Colegio\/wp-content\/uploads\/2026\/03\/WhatsApp-Image-2026-03-10-at-8.29.14-PM-360x270.jpeg 360w, https:\/\/principedeasturiasvaldivia.cl\/Colegio\/wp-content\/uploads\/2026\/03\/WhatsApp-Image-2026-03-10-at-8.29.14-PM-600x450.jpeg 600w, https:\/\/principedeasturiasvaldivia.cl\/Colegio\/wp-content\/uploads\/2026\/03\/WhatsApp-Image-2026-03-10-at-8.29.14-PM.jpeg 1280w\" sizes=\"auto, (max-width: 1024px) 100vw, 1024px\" \/><\/figure>\n\n\n\n<figure class=\"wp-block-image size-large\"><img loading=\"lazy\" decoding=\"async\" width=\"1024\" height=\"768\" data-id=\"3260\" src=\"https:\/\/principedeasturiasvaldivia.cl\/Colegio\/wp-content\/uploads\/2026\/03\/WhatsApp-Image-2526-03-10-at-3.29.14-PM-1024x768.jpeg\" alt=\"\" class=\"wp-image-3260\" srcset=\"https:\/\/principedeasturiasvaldivia.cl\/Colegio\/wp-content\/uploads\/2026\/03\/WhatsApp-Image-2526-03-10-at-3.29.14-PM-1024x768.jpeg 1024w, https:\/\/principedeasturiasvaldivia.cl\/Colegio\/wp-content\/uploads\/2026\/03\/WhatsApp-Image-2526-03-10-at-3.29.14-PM-300x225.jpeg 300w, https:\/\/principedeasturiasvaldivia.cl\/Colegio\/wp-content\/uploads\/2026\/03\/WhatsApp-Image-2526-03-10-at-3.29.14-PM-768x576.jpeg 768w, https:\/\/principedeasturiasvaldivia.cl\/Colegio\/wp-content\/uploads\/2026\/03\/WhatsApp-Image-2526-03-10-at-3.29.14-PM-360x270.jpeg 360w, https:\/\/principedeasturiasvaldivia.cl\/Colegio\/wp-content\/uploads\/2026\/03\/WhatsApp-Image-2526-03-10-at-3.29.14-PM-600x450.jpeg 600w, https:\/\/principedeasturiasvaldivia.cl\/Colegio\/wp-content\/uploads\/2026\/03\/WhatsApp-Image-2526-03-10-at-3.29.14-PM.jpeg 1280w\" sizes=\"auto, (max-width: 1024px) 100vw, 1024px\" \/><\/figure>\n<\/figure>\n\n\n\n<hr class=\"wp-block-separator has-alpha-channel-opacity\"\/>\n\n\n\n<h2 class=\"wp-block-heading\">\ud83c\udf3f\u2728 <strong>Aprender tambi\u00e9n es salir, explorar y vivir experiencias reales<\/strong> \u2728\ud83c\udf3f<\/h2>\n\n\n\n<p>Nuestros estudiantes de 3\u00b0A, 4\u00b0A y 4to B. vivieron una enriquecedora salida pedag\u00f3gica donde pudieron vincular sus aprendizajes de asignatura con la exploraci\u00f3n activa en terreno.<\/p>\n\n\n\n<p>Durante la jornada combinaron la alegr\u00eda de compartir y jugar con un valioso aprendizaje: <strong>cuidar y respetar los espacios p\u00fablicos que son de todos<\/strong>. \ud83c\udf3f<\/p>\n\n\n\n<p>Observar, descubrir y experimentar fortalece un aprendizaje m\u00e1s profundo, significativo y motivador, porque cuando el conocimiento se vive, deja huella.<\/p>\n\n\n\n<p>En el <strong>Colegio Pr\u00edncipe de Asturias<\/strong> promovemos experiencias educativas que conectan saberes, entorno y comunidad.<br>Desde <strong>Valdivia<\/strong> seguimos aprendiendo y creciendo juntos. \ud83d\udc99<\/p>\n\n\n\n<figure class=\"wp-block-gallery has-nested-images columns-default is-cropped wp-block-gallery-2 is-layout-flex wp-block-gallery-is-layout-flex\">\n<figure class=\"wp-block-image size-large\"><img loading=\"lazy\" decoding=\"async\" width=\"1024\" height=\"768\" data-id=\"3303\" src=\"https:\/\/principedeasturiasvaldivia.cl\/Colegio\/wp-content\/uploads\/2026\/03\/WhatsApp-Image-2026-03-10-at-4.20.13-PM-1-1024x768.jpeg\" alt=\"\" class=\"wp-image-3303\" srcset=\"https:\/\/principedeasturiasvaldivia.cl\/Colegio\/wp-content\/uploads\/2026\/03\/WhatsApp-Image-2026-03-10-at-4.20.13-PM-1-1024x768.jpeg 1024w, https:\/\/principedeasturiasvaldivia.cl\/Colegio\/wp-content\/uploads\/2026\/03\/WhatsApp-Image-2026-03-10-at-4.20.13-PM-1-300x225.jpeg 300w, https:\/\/principedeasturiasvaldivia.cl\/Colegio\/wp-content\/uploads\/2026\/03\/WhatsApp-Image-2026-03-10-at-4.20.13-PM-1-768x576.jpeg 768w, https:\/\/principedeasturiasvaldivia.cl\/Colegio\/wp-content\/uploads\/2026\/03\/WhatsApp-Image-2026-03-10-at-4.20.13-PM-1-360x270.jpeg 360w, https:\/\/principedeasturiasvaldivia.cl\/Colegio\/wp-content\/uploads\/2026\/03\/WhatsApp-Image-2026-03-10-at-4.20.13-PM-1-600x450.jpeg 600w, https:\/\/principedeasturiasvaldivia.cl\/Colegio\/wp-content\/uploads\/2026\/03\/WhatsApp-Image-2026-03-10-at-4.20.13-PM-1.jpeg 1408w\" sizes=\"auto, (max-width: 1024px) 100vw, 1024px\" \/><\/figure>\n\n\n\n<figure class=\"wp-block-image size-large\"><img loading=\"lazy\" decoding=\"async\" width=\"1024\" height=\"768\" data-id=\"3253\" src=\"https:\/\/principedeasturiasvaldivia.cl\/Colegio\/wp-content\/uploads\/2026\/03\/WhatsApp-Image-2026-03-10-at-4.21.13-PM-1024x768.jpeg\" alt=\"\" class=\"wp-image-3253\" srcset=\"https:\/\/principedeasturiasvaldivia.cl\/Colegio\/wp-content\/uploads\/2026\/03\/WhatsApp-Image-2026-03-10-at-4.21.13-PM-1024x768.jpeg 1024w, https:\/\/principedeasturiasvaldivia.cl\/Colegio\/wp-content\/uploads\/2026\/03\/WhatsApp-Image-2026-03-10-at-4.21.13-PM-300x225.jpeg 300w, https:\/\/principedeasturiasvaldivia.cl\/Colegio\/wp-content\/uploads\/2026\/03\/WhatsApp-Image-2026-03-10-at-4.21.13-PM-768x576.jpeg 768w, https:\/\/principedeasturiasvaldivia.cl\/Colegio\/wp-content\/uploads\/2026\/03\/WhatsApp-Image-2026-03-10-at-4.21.13-PM-360x270.jpeg 360w, https:\/\/principedeasturiasvaldivia.cl\/Colegio\/wp-content\/uploads\/2026\/03\/WhatsApp-Image-2026-03-10-at-4.21.13-PM-600x450.jpeg 600w, https:\/\/principedeasturiasvaldivia.cl\/Colegio\/wp-content\/uploads\/2026\/03\/WhatsApp-Image-2026-03-10-at-4.21.13-PM.jpeg 1408w\" sizes=\"auto, (max-width: 1024px) 100vw, 1024px\" \/><\/figure>\n\n\n\n<figure class=\"wp-block-image size-large\"><img loading=\"lazy\" decoding=\"async\" width=\"768\" height=\"1024\" data-id=\"3254\" src=\"https:\/\/principedeasturiasvaldivia.cl\/Colegio\/wp-content\/uploads\/2026\/03\/WhatsApp-Image-2026-03-10-at-4.22.14-PM-768x1024.jpeg\" alt=\"\" class=\"wp-image-3254\" srcset=\"https:\/\/principedeasturiasvaldivia.cl\/Colegio\/wp-content\/uploads\/2026\/03\/WhatsApp-Image-2026-03-10-at-4.22.14-PM-768x1024.jpeg 768w, https:\/\/principedeasturiasvaldivia.cl\/Colegio\/wp-content\/uploads\/2026\/03\/WhatsApp-Image-2026-03-10-at-4.22.14-PM-225x300.jpeg 225w, https:\/\/principedeasturiasvaldivia.cl\/Colegio\/wp-content\/uploads\/2026\/03\/WhatsApp-Image-2026-03-10-at-4.22.14-PM-203x270.jpeg 203w, https:\/\/principedeasturiasvaldivia.cl\/Colegio\/wp-content\/uploads\/2026\/03\/WhatsApp-Image-2026-03-10-at-4.22.14-PM-600x800.jpeg 600w, https:\/\/principedeasturiasvaldivia.cl\/Colegio\/wp-content\/uploads\/2026\/03\/WhatsApp-Image-2026-03-10-at-4.22.14-PM.jpeg 1056w\" sizes=\"auto, (max-width: 768px) 100vw, 768px\" \/><\/figure>\n\n\n\n<figure class=\"wp-block-image size-large\"><img loading=\"lazy\" decoding=\"async\" width=\"768\" height=\"1024\" data-id=\"3256\" src=\"https:\/\/principedeasturiasvaldivia.cl\/Colegio\/wp-content\/uploads\/2026\/03\/WhatsApp-Image-2026-03-10-at-4.24.14-PM-768x1024.jpeg\" alt=\"\" class=\"wp-image-3256\" srcset=\"https:\/\/principedeasturiasvaldivia.cl\/Colegio\/wp-content\/uploads\/2026\/03\/WhatsApp-Image-2026-03-10-at-4.24.14-PM-768x1024.jpeg 768w, https:\/\/principedeasturiasvaldivia.cl\/Colegio\/wp-content\/uploads\/2026\/03\/WhatsApp-Image-2026-03-10-at-4.24.14-PM-225x300.jpeg 225w, https:\/\/principedeasturiasvaldivia.cl\/Colegio\/wp-content\/uploads\/2026\/03\/WhatsApp-Image-2026-03-10-at-4.24.14-PM-203x270.jpeg 203w, https:\/\/principedeasturiasvaldivia.cl\/Colegio\/wp-content\/uploads\/2026\/03\/WhatsApp-Image-2026-03-10-at-4.24.14-PM-600x800.jpeg 600w, https:\/\/principedeasturiasvaldivia.cl\/Colegio\/wp-content\/uploads\/2026\/03\/WhatsApp-Image-2026-03-10-at-4.24.14-PM.jpeg 1056w\" sizes=\"auto, (max-width: 768px) 100vw, 768px\" \/><\/figure>\n\n\n\n<figure class=\"wp-block-image size-large\"><img loading=\"lazy\" decoding=\"async\" width=\"1024\" height=\"768\" data-id=\"3255\" src=\"https:\/\/principedeasturiasvaldivia.cl\/Colegio\/wp-content\/uploads\/2026\/03\/WhatsApp-Image-2026-03-10-at-4.26.14-PM-1024x768.jpeg\" alt=\"\" class=\"wp-image-3255\" srcset=\"https:\/\/principedeasturiasvaldivia.cl\/Colegio\/wp-content\/uploads\/2026\/03\/WhatsApp-Image-2026-03-10-at-4.26.14-PM-1024x768.jpeg 1024w, https:\/\/principedeasturiasvaldivia.cl\/Colegio\/wp-content\/uploads\/2026\/03\/WhatsApp-Image-2026-03-10-at-4.26.14-PM-300x225.jpeg 300w, https:\/\/principedeasturiasvaldivia.cl\/Colegio\/wp-content\/uploads\/2026\/03\/WhatsApp-Image-2026-03-10-at-4.26.14-PM-768x576.jpeg 768w, https:\/\/principedeasturiasvaldivia.cl\/Colegio\/wp-content\/uploads\/2026\/03\/WhatsApp-Image-2026-03-10-at-4.26.14-PM-360x270.jpeg 360w, https:\/\/principedeasturiasvaldivia.cl\/Colegio\/wp-content\/uploads\/2026\/03\/WhatsApp-Image-2026-03-10-at-4.26.14-PM-600x450.jpeg 600w, https:\/\/principedeasturiasvaldivia.cl\/Colegio\/wp-content\/uploads\/2026\/03\/WhatsApp-Image-2026-03-10-at-4.26.14-PM.jpeg 1408w\" sizes=\"auto, (max-width: 1024px) 100vw, 1024px\" \/><\/figure>\n\n\n\n<figure class=\"wp-block-image size-large\"><img loading=\"lazy\" decoding=\"async\" width=\"1024\" height=\"768\" data-id=\"3304\" src=\"https:\/\/principedeasturiasvaldivia.cl\/Colegio\/wp-content\/uploads\/2026\/03\/WhatsApp-Image-2026-03-10-at-1.46.16-PM-1-1024x768.jpeg\" alt=\"\" class=\"wp-image-3304\" srcset=\"https:\/\/principedeasturiasvaldivia.cl\/Colegio\/wp-content\/uploads\/2026\/03\/WhatsApp-Image-2026-03-10-at-1.46.16-PM-1-1024x768.jpeg 1024w, https:\/\/principedeasturiasvaldivia.cl\/Colegio\/wp-content\/uploads\/2026\/03\/WhatsApp-Image-2026-03-10-at-1.46.16-PM-1-300x225.jpeg 300w, https:\/\/principedeasturiasvaldivia.cl\/Colegio\/wp-content\/uploads\/2026\/03\/WhatsApp-Image-2026-03-10-at-1.46.16-PM-1-768x576.jpeg 768w, https:\/\/principedeasturiasvaldivia.cl\/Colegio\/wp-content\/uploads\/2026\/03\/WhatsApp-Image-2026-03-10-at-1.46.16-PM-1-1536x1152.jpeg 1536w, https:\/\/principedeasturiasvaldivia.cl\/Colegio\/wp-content\/uploads\/2026\/03\/WhatsApp-Image-2026-03-10-at-1.46.16-PM-1-360x270.jpeg 360w, https:\/\/principedeasturiasvaldivia.cl\/Colegio\/wp-content\/uploads\/2026\/03\/WhatsApp-Image-2026-03-10-at-1.46.16-PM-1-600x450.jpeg 600w, https:\/\/principedeasturiasvaldivia.cl\/Colegio\/wp-content\/uploads\/2026\/03\/WhatsApp-Image-2026-03-10-at-1.46.16-PM-1.jpeg 1600w\" sizes=\"auto, (max-width: 1024px) 100vw, 1024px\" \/><\/figure>\n\n\n\n<figure class=\"wp-block-image size-large\"><img loading=\"lazy\" decoding=\"async\" width=\"1024\" height=\"768\" data-id=\"3266\" src=\"https:\/\/principedeasturiasvaldivia.cl\/Colegio\/wp-content\/uploads\/2026\/03\/WhatsApp-Image-2026-03-10-at-1.46.25-PM-1024x768.jpeg\" alt=\"\" class=\"wp-image-3266\" srcset=\"https:\/\/principedeasturiasvaldivia.cl\/Colegio\/wp-content\/uploads\/2026\/03\/WhatsApp-Image-2026-03-10-at-1.46.25-PM-1024x768.jpeg 1024w, https:\/\/principedeasturiasvaldivia.cl\/Colegio\/wp-content\/uploads\/2026\/03\/WhatsApp-Image-2026-03-10-at-1.46.25-PM-300x225.jpeg 300w, https:\/\/principedeasturiasvaldivia.cl\/Colegio\/wp-content\/uploads\/2026\/03\/WhatsApp-Image-2026-03-10-at-1.46.25-PM-768x576.jpeg 768w, https:\/\/principedeasturiasvaldivia.cl\/Colegio\/wp-content\/uploads\/2026\/03\/WhatsApp-Image-2026-03-10-at-1.46.25-PM-1536x1152.jpeg 1536w, https:\/\/principedeasturiasvaldivia.cl\/Colegio\/wp-content\/uploads\/2026\/03\/WhatsApp-Image-2026-03-10-at-1.46.25-PM-360x270.jpeg 360w, https:\/\/principedeasturiasvaldivia.cl\/Colegio\/wp-content\/uploads\/2026\/03\/WhatsApp-Image-2026-03-10-at-1.46.25-PM-600x450.jpeg 600w, https:\/\/principedeasturiasvaldivia.cl\/Colegio\/wp-content\/uploads\/2026\/03\/WhatsApp-Image-2026-03-10-at-1.46.25-PM.jpeg 1600w\" sizes=\"auto, (max-width: 1024px) 100vw, 1024px\" \/><\/figure>\n\n\n\n<figure class=\"wp-block-image size-large\"><img loading=\"lazy\" decoding=\"async\" width=\"1024\" height=\"768\" data-id=\"3267\" src=\"https:\/\/principedeasturiasvaldivia.cl\/Colegio\/wp-content\/uploads\/2026\/03\/WhatsApp-Image-2026-03-10-at-1.47.06-PM-1024x768.jpeg\" alt=\"\" class=\"wp-image-3267\" srcset=\"https:\/\/principedeasturiasvaldivia.cl\/Colegio\/wp-content\/uploads\/2026\/03\/WhatsApp-Image-2026-03-10-at-1.47.06-PM-1024x768.jpeg 1024w, https:\/\/principedeasturiasvaldivia.cl\/Colegio\/wp-content\/uploads\/2026\/03\/WhatsApp-Image-2026-03-10-at-1.47.06-PM-300x225.jpeg 300w, https:\/\/principedeasturiasvaldivia.cl\/Colegio\/wp-content\/uploads\/2026\/03\/WhatsApp-Image-2026-03-10-at-1.47.06-PM-768x576.jpeg 768w, https:\/\/principedeasturiasvaldivia.cl\/Colegio\/wp-content\/uploads\/2026\/03\/WhatsApp-Image-2026-03-10-at-1.47.06-PM-1536x1152.jpeg 1536w, https:\/\/principedeasturiasvaldivia.cl\/Colegio\/wp-content\/uploads\/2026\/03\/WhatsApp-Image-2026-03-10-at-1.47.06-PM-360x270.jpeg 360w, https:\/\/principedeasturiasvaldivia.cl\/Colegio\/wp-content\/uploads\/2026\/03\/WhatsApp-Image-2026-03-10-at-1.47.06-PM-600x450.jpeg 600w, https:\/\/principedeasturiasvaldivia.cl\/Colegio\/wp-content\/uploads\/2026\/03\/WhatsApp-Image-2026-03-10-at-1.47.06-PM.jpeg 1600w\" sizes=\"auto, (max-width: 1024px) 100vw, 1024px\" \/><\/figure>\n\n\n\n<figure class=\"wp-block-image size-large\"><img loading=\"lazy\" decoding=\"async\" width=\"1024\" height=\"768\" data-id=\"3264\" src=\"https:\/\/principedeasturiasvaldivia.cl\/Colegio\/wp-content\/uploads\/2026\/03\/WhatsApp-Image-2026-03-10-at-11.21.23-AM-1024x768.jpeg\" alt=\"\" class=\"wp-image-3264\" srcset=\"https:\/\/principedeasturiasvaldivia.cl\/Colegio\/wp-content\/uploads\/2026\/03\/WhatsApp-Image-2026-03-10-at-11.21.23-AM-1024x768.jpeg 1024w, https:\/\/principedeasturiasvaldivia.cl\/Colegio\/wp-content\/uploads\/2026\/03\/WhatsApp-Image-2026-03-10-at-11.21.23-AM-300x225.jpeg 300w, https:\/\/principedeasturiasvaldivia.cl\/Colegio\/wp-content\/uploads\/2026\/03\/WhatsApp-Image-2026-03-10-at-11.21.23-AM-768x576.jpeg 768w, https:\/\/principedeasturiasvaldivia.cl\/Colegio\/wp-content\/uploads\/2026\/03\/WhatsApp-Image-2026-03-10-at-11.21.23-AM-360x270.jpeg 360w, https:\/\/principedeasturiasvaldivia.cl\/Colegio\/wp-content\/uploads\/2026\/03\/WhatsApp-Image-2026-03-10-at-11.21.23-AM-600x450.jpeg 600w, https:\/\/principedeasturiasvaldivia.cl\/Colegio\/wp-content\/uploads\/2026\/03\/WhatsApp-Image-2026-03-10-at-11.21.23-AM.jpeg 1280w\" sizes=\"auto, (max-width: 1024px) 100vw, 1024px\" \/><\/figure>\n\n\n\n<figure class=\"wp-block-image size-large\"><img loading=\"lazy\" decoding=\"async\" width=\"1024\" height=\"768\" data-id=\"3263\" src=\"https:\/\/principedeasturiasvaldivia.cl\/Colegio\/wp-content\/uploads\/2026\/03\/WhatsApp-Image-2026-03-10-at-12.21.24-AM-1024x768.jpeg\" alt=\"\" class=\"wp-image-3263\" srcset=\"https:\/\/principedeasturiasvaldivia.cl\/Colegio\/wp-content\/uploads\/2026\/03\/WhatsApp-Image-2026-03-10-at-12.21.24-AM-1024x768.jpeg 1024w, https:\/\/principedeasturiasvaldivia.cl\/Colegio\/wp-content\/uploads\/2026\/03\/WhatsApp-Image-2026-03-10-at-12.21.24-AM-300x225.jpeg 300w, https:\/\/principedeasturiasvaldivia.cl\/Colegio\/wp-content\/uploads\/2026\/03\/WhatsApp-Image-2026-03-10-at-12.21.24-AM-768x576.jpeg 768w, https:\/\/principedeasturiasvaldivia.cl\/Colegio\/wp-content\/uploads\/2026\/03\/WhatsApp-Image-2026-03-10-at-12.21.24-AM-360x270.jpeg 360w, https:\/\/principedeasturiasvaldivia.cl\/Colegio\/wp-content\/uploads\/2026\/03\/WhatsApp-Image-2026-03-10-at-12.21.24-AM-600x450.jpeg 600w, https:\/\/principedeasturiasvaldivia.cl\/Colegio\/wp-content\/uploads\/2026\/03\/WhatsApp-Image-2026-03-10-at-12.21.24-AM.jpeg 1280w\" sizes=\"auto, (max-width: 1024px) 100vw, 1024px\" \/><\/figure>\n\n\n\n<figure class=\"wp-block-image size-large\"><img loading=\"lazy\" decoding=\"async\" width=\"1024\" height=\"768\" data-id=\"3262\" src=\"https:\/\/principedeasturiasvaldivia.cl\/Colegio\/wp-content\/uploads\/2026\/03\/WhatsApp-Image-2026-04-10-at-11.21.24-AM-1024x768.jpeg\" alt=\"\" class=\"wp-image-3262\" srcset=\"https:\/\/principedeasturiasvaldivia.cl\/Colegio\/wp-content\/uploads\/2026\/03\/WhatsApp-Image-2026-04-10-at-11.21.24-AM-1024x768.jpeg 1024w, https:\/\/principedeasturiasvaldivia.cl\/Colegio\/wp-content\/uploads\/2026\/03\/WhatsApp-Image-2026-04-10-at-11.21.24-AM-300x225.jpeg 300w, https:\/\/principedeasturiasvaldivia.cl\/Colegio\/wp-content\/uploads\/2026\/03\/WhatsApp-Image-2026-04-10-at-11.21.24-AM-768x576.jpeg 768w, https:\/\/principedeasturiasvaldivia.cl\/Colegio\/wp-content\/uploads\/2026\/03\/WhatsApp-Image-2026-04-10-at-11.21.24-AM-360x270.jpeg 360w, https:\/\/principedeasturiasvaldivia.cl\/Colegio\/wp-content\/uploads\/2026\/03\/WhatsApp-Image-2026-04-10-at-11.21.24-AM-600x450.jpeg 600w, https:\/\/principedeasturiasvaldivia.cl\/Colegio\/wp-content\/uploads\/2026\/03\/WhatsApp-Image-2026-04-10-at-11.21.24-AM.jpeg 1280w\" sizes=\"auto, (max-width: 1024px) 100vw, 1024px\" \/><\/figure>\n<\/figure>\n\n\n\n<hr class=\"wp-block-separator has-alpha-channel-opacity\"\/>\n\n\n\n<h2 class=\"wp-block-heading has-text-align-center\">Uniendo rumbos: 3\u00b0 y 4\u00b0 A\u00f1os B\u00e1sicos celebran la Semana de la Lectura en terreno<\/h2>\n\n\n\n<p>&#8220;En el marco de las actividades de nuestra <strong>Semana de la Lectura<\/strong>, hoy mi\u00e9rcoles 22 de abril, los estudiantes de los cursos <strong>3\u00b0A, 3\u00b0B, 4\u00b0A y 4\u00b0B<\/strong> participaron en una masiva salida pedag\u00f3gica dise\u00f1ada para fomentar el amor por los libros y el conocimiento en un entorno diferente.<\/p>\n\n\n\n<p>Esta jornada permiti\u00f3 a nuestros alumnos y alumnas de ambos niveles conectar sus lecturas con experiencias pr\u00e1cticas, fortaleciendo sus habilidades de comprensi\u00f3n y fomentando una sana convivencia escolar entre los distintos cursos. Durante la actividad, se realizaron din\u00e1micas grupales que resaltan la importancia de la lectura como una herramienta de descubrimiento constante y aprendizaje compartido.<\/p>\n\n\n\n<p>Felicitamos a los estudiantes de tercero y cuarto b\u00e1sico por su excelente disposici\u00f3n, y agradecemos profundamente a los docentes y asistentes encargados por coordinar esta valiosa instancia educativa. \u00a1Los invitamos a revisar la galer\u00eda con los mejores momentos de hoy!&#8221;<\/p>\n\n\n\n<figure class=\"wp-block-gallery has-nested-images columns-default is-cropped wp-block-gallery-3 is-layout-flex wp-block-gallery-is-layout-flex\">\n<figure class=\"wp-block-image size-large\"><img loading=\"lazy\" decoding=\"async\" width=\"768\" height=\"1024\" data-id=\"3438\" src=\"https:\/\/principedeasturiasvaldivia.cl\/Colegio\/wp-content\/uploads\/2026\/04\/3-768x1024.jpeg\" alt=\"\" class=\"wp-image-3438\" srcset=\"https:\/\/principedeasturiasvaldivia.cl\/Colegio\/wp-content\/uploads\/2026\/04\/3-768x1024.jpeg 768w, https:\/\/principedeasturiasvaldivia.cl\/Colegio\/wp-content\/uploads\/2026\/04\/3-225x300.jpeg 225w, https:\/\/principedeasturiasvaldivia.cl\/Colegio\/wp-content\/uploads\/2026\/04\/3-203x270.jpeg 203w, https:\/\/principedeasturiasvaldivia.cl\/Colegio\/wp-content\/uploads\/2026\/04\/3-600x800.jpeg 600w, https:\/\/principedeasturiasvaldivia.cl\/Colegio\/wp-content\/uploads\/2026\/04\/3.jpeg 1056w\" sizes=\"auto, (max-width: 768px) 100vw, 768px\" \/><\/figure>\n\n\n\n<figure class=\"wp-block-image size-large\"><img loading=\"lazy\" decoding=\"async\" width=\"1024\" height=\"768\" data-id=\"3437\" src=\"https:\/\/principedeasturiasvaldivia.cl\/Colegio\/wp-content\/uploads\/2026\/04\/WhatsApp-Image-2026-04-22-at-11.37.55-AM-3-1-1024x768.jpeg\" alt=\"\" class=\"wp-image-3437\" srcset=\"https:\/\/principedeasturiasvaldivia.cl\/Colegio\/wp-content\/uploads\/2026\/04\/WhatsApp-Image-2026-04-22-at-11.37.55-AM-3-1-1024x768.jpeg 1024w, https:\/\/principedeasturiasvaldivia.cl\/Colegio\/wp-content\/uploads\/2026\/04\/WhatsApp-Image-2026-04-22-at-11.37.55-AM-3-1-300x225.jpeg 300w, https:\/\/principedeasturiasvaldivia.cl\/Colegio\/wp-content\/uploads\/2026\/04\/WhatsApp-Image-2026-04-22-at-11.37.55-AM-3-1-768x576.jpeg 768w, https:\/\/principedeasturiasvaldivia.cl\/Colegio\/wp-content\/uploads\/2026\/04\/WhatsApp-Image-2026-04-22-at-11.37.55-AM-3-1-1536x1152.jpeg 1536w, https:\/\/principedeasturiasvaldivia.cl\/Colegio\/wp-content\/uploads\/2026\/04\/WhatsApp-Image-2026-04-22-at-11.37.55-AM-3-1-360x270.jpeg 360w, https:\/\/principedeasturiasvaldivia.cl\/Colegio\/wp-content\/uploads\/2026\/04\/WhatsApp-Image-2026-04-22-at-11.37.55-AM-3-1-600x450.jpeg 600w, https:\/\/principedeasturiasvaldivia.cl\/Colegio\/wp-content\/uploads\/2026\/04\/WhatsApp-Image-2026-04-22-at-11.37.55-AM-3-1.jpeg 1600w\" sizes=\"auto, (max-width: 1024px) 100vw, 1024px\" \/><\/figure>\n\n\n\n<figure class=\"wp-block-image size-large\"><img loading=\"lazy\" decoding=\"async\" width=\"1024\" height=\"768\" data-id=\"3436\" src=\"https:\/\/principedeasturiasvaldivia.cl\/Colegio\/wp-content\/uploads\/2026\/04\/WhatsApp-Image-2026-04-22-at-11.09.11-AM-3-1024x768.jpeg\" alt=\"\" class=\"wp-image-3436\" srcset=\"https:\/\/principedeasturiasvaldivia.cl\/Colegio\/wp-content\/uploads\/2026\/04\/WhatsApp-Image-2026-04-22-at-11.09.11-AM-3-1024x768.jpeg 1024w, https:\/\/principedeasturiasvaldivia.cl\/Colegio\/wp-content\/uploads\/2026\/04\/WhatsApp-Image-2026-04-22-at-11.09.11-AM-3-300x225.jpeg 300w, https:\/\/principedeasturiasvaldivia.cl\/Colegio\/wp-content\/uploads\/2026\/04\/WhatsApp-Image-2026-04-22-at-11.09.11-AM-3-768x576.jpeg 768w, https:\/\/principedeasturiasvaldivia.cl\/Colegio\/wp-content\/uploads\/2026\/04\/WhatsApp-Image-2026-04-22-at-11.09.11-AM-3-360x270.jpeg 360w, https:\/\/principedeasturiasvaldivia.cl\/Colegio\/wp-content\/uploads\/2026\/04\/WhatsApp-Image-2026-04-22-at-11.09.11-AM-3-600x450.jpeg 600w, https:\/\/principedeasturiasvaldivia.cl\/Colegio\/wp-content\/uploads\/2026\/04\/WhatsApp-Image-2026-04-22-at-11.09.11-AM-3.jpeg 1280w\" sizes=\"auto, (max-width: 1024px) 100vw, 1024px\" \/><\/figure>\n\n\n\n<figure class=\"wp-block-image size-large\"><img loading=\"lazy\" decoding=\"async\" width=\"1024\" height=\"768\" data-id=\"3435\" src=\"https:\/\/principedeasturiasvaldivia.cl\/Colegio\/wp-content\/uploads\/2026\/04\/WhatsApp-Image-2026-04-22-at-10.36.44-AM-2-1024x768.jpeg\" alt=\"\" class=\"wp-image-3435\" srcset=\"https:\/\/principedeasturiasvaldivia.cl\/Colegio\/wp-content\/uploads\/2026\/04\/WhatsApp-Image-2026-04-22-at-10.36.44-AM-2-1024x768.jpeg 1024w, https:\/\/principedeasturiasvaldivia.cl\/Colegio\/wp-content\/uploads\/2026\/04\/WhatsApp-Image-2026-04-22-at-10.36.44-AM-2-300x225.jpeg 300w, https:\/\/principedeasturiasvaldivia.cl\/Colegio\/wp-content\/uploads\/2026\/04\/WhatsApp-Image-2026-04-22-at-10.36.44-AM-2-768x576.jpeg 768w, https:\/\/principedeasturiasvaldivia.cl\/Colegio\/wp-content\/uploads\/2026\/04\/WhatsApp-Image-2026-04-22-at-10.36.44-AM-2-360x270.jpeg 360w, https:\/\/principedeasturiasvaldivia.cl\/Colegio\/wp-content\/uploads\/2026\/04\/WhatsApp-Image-2026-04-22-at-10.36.44-AM-2-600x450.jpeg 600w, https:\/\/principedeasturiasvaldivia.cl\/Colegio\/wp-content\/uploads\/2026\/04\/WhatsApp-Image-2026-04-22-at-10.36.44-AM-2.jpeg 1280w\" sizes=\"auto, (max-width: 1024px) 100vw, 1024px\" \/><\/figure>\n\n\n\n<figure class=\"wp-block-image size-large\"><img loading=\"lazy\" decoding=\"async\" width=\"768\" height=\"1024\" data-id=\"3434\" src=\"https:\/\/principedeasturiasvaldivia.cl\/Colegio\/wp-content\/uploads\/2026\/04\/WhatsApp-Image-2026-04-22-at-1.17.17-PM-1-768x1024.jpeg\" alt=\"\" class=\"wp-image-3434\" srcset=\"https:\/\/principedeasturiasvaldivia.cl\/Colegio\/wp-content\/uploads\/2026\/04\/WhatsApp-Image-2026-04-22-at-1.17.17-PM-1-768x1024.jpeg 768w, https:\/\/principedeasturiasvaldivia.cl\/Colegio\/wp-content\/uploads\/2026\/04\/WhatsApp-Image-2026-04-22-at-1.17.17-PM-1-225x300.jpeg 225w, https:\/\/principedeasturiasvaldivia.cl\/Colegio\/wp-content\/uploads\/2026\/04\/WhatsApp-Image-2026-04-22-at-1.17.17-PM-1-203x270.jpeg 203w, https:\/\/principedeasturiasvaldivia.cl\/Colegio\/wp-content\/uploads\/2026\/04\/WhatsApp-Image-2026-04-22-at-1.17.17-PM-1-600x800.jpeg 600w, https:\/\/principedeasturiasvaldivia.cl\/Colegio\/wp-content\/uploads\/2026\/04\/WhatsApp-Image-2026-04-22-at-1.17.17-PM-1.jpeg 1056w\" sizes=\"auto, (max-width: 768px) 100vw, 768px\" \/><\/figure>\n\n\n\n<figure class=\"wp-block-image size-large\"><img loading=\"lazy\" decoding=\"async\" width=\"1024\" height=\"578\" data-id=\"3433\" src=\"https:\/\/principedeasturiasvaldivia.cl\/Colegio\/wp-content\/uploads\/2026\/04\/WhatsApp-Image-2026-04-22-at-1.17.14-PM-2-1024x578.jpeg\" alt=\"\" class=\"wp-image-3433\" srcset=\"https:\/\/principedeasturiasvaldivia.cl\/Colegio\/wp-content\/uploads\/2026\/04\/WhatsApp-Image-2026-04-22-at-1.17.14-PM-2-1024x578.jpeg 1024w, https:\/\/principedeasturiasvaldivia.cl\/Colegio\/wp-content\/uploads\/2026\/04\/WhatsApp-Image-2026-04-22-at-1.17.14-PM-2-300x169.jpeg 300w, https:\/\/principedeasturiasvaldivia.cl\/Colegio\/wp-content\/uploads\/2026\/04\/WhatsApp-Image-2026-04-22-at-1.17.14-PM-2-768x433.jpeg 768w, https:\/\/principedeasturiasvaldivia.cl\/Colegio\/wp-content\/uploads\/2026\/04\/WhatsApp-Image-2026-04-22-at-1.17.14-PM-2-1536x867.jpeg 1536w, https:\/\/principedeasturiasvaldivia.cl\/Colegio\/wp-content\/uploads\/2026\/04\/WhatsApp-Image-2026-04-22-at-1.17.14-PM-2-360x203.jpeg 360w, https:\/\/principedeasturiasvaldivia.cl\/Colegio\/wp-content\/uploads\/2026\/04\/WhatsApp-Image-2026-04-22-at-1.17.14-PM-2-600x339.jpeg 600w, https:\/\/principedeasturiasvaldivia.cl\/Colegio\/wp-content\/uploads\/2026\/04\/WhatsApp-Image-2026-04-22-at-1.17.14-PM-2.jpeg 1600w\" sizes=\"auto, (max-width: 1024px) 100vw, 1024px\" \/><\/figure>\n\n\n\n<figure class=\"wp-block-image size-large\"><img loading=\"lazy\" decoding=\"async\" width=\"578\" height=\"1024\" data-id=\"3431\" src=\"https:\/\/principedeasturiasvaldivia.cl\/Colegio\/wp-content\/uploads\/2026\/04\/WhatsApp-Image-2026-04-22-at-1.17.15-PM-4-578x1024.jpeg\" alt=\"\" class=\"wp-image-3431\" srcset=\"https:\/\/principedeasturiasvaldivia.cl\/Colegio\/wp-content\/uploads\/2026\/04\/WhatsApp-Image-2026-04-22-at-1.17.15-PM-4-578x1024.jpeg 578w, https:\/\/principedeasturiasvaldivia.cl\/Colegio\/wp-content\/uploads\/2026\/04\/WhatsApp-Image-2026-04-22-at-1.17.15-PM-4-169x300.jpeg 169w, https:\/\/principedeasturiasvaldivia.cl\/Colegio\/wp-content\/uploads\/2026\/04\/WhatsApp-Image-2026-04-22-at-1.17.15-PM-4-768x1361.jpeg 768w, https:\/\/principedeasturiasvaldivia.cl\/Colegio\/wp-content\/uploads\/2026\/04\/WhatsApp-Image-2026-04-22-at-1.17.15-PM-4-867x1536.jpeg 867w, https:\/\/principedeasturiasvaldivia.cl\/Colegio\/wp-content\/uploads\/2026\/04\/WhatsApp-Image-2026-04-22-at-1.17.15-PM-4-152x270.jpeg 152w, https:\/\/principedeasturiasvaldivia.cl\/Colegio\/wp-content\/uploads\/2026\/04\/WhatsApp-Image-2026-04-22-at-1.17.15-PM-4-600x1063.jpeg 600w, https:\/\/principedeasturiasvaldivia.cl\/Colegio\/wp-content\/uploads\/2026\/04\/WhatsApp-Image-2026-04-22-at-1.17.15-PM-4.jpeg 903w\" sizes=\"auto, (max-width: 578px) 100vw, 578px\" \/><\/figure>\n\n\n\n<figure class=\"wp-block-image size-large\"><img loading=\"lazy\" decoding=\"async\" width=\"1024\" height=\"768\" data-id=\"3430\" src=\"https:\/\/principedeasturiasvaldivia.cl\/Colegio\/wp-content\/uploads\/2026\/04\/WhatsApp-Image-2026-04-22-at-1.17.18-PM-4-1024x768.jpeg\" alt=\"\" class=\"wp-image-3430\" srcset=\"https:\/\/principedeasturiasvaldivia.cl\/Colegio\/wp-content\/uploads\/2026\/04\/WhatsApp-Image-2026-04-22-at-1.17.18-PM-4-1024x768.jpeg 1024w, https:\/\/principedeasturiasvaldivia.cl\/Colegio\/wp-content\/uploads\/2026\/04\/WhatsApp-Image-2026-04-22-at-1.17.18-PM-4-300x225.jpeg 300w, https:\/\/principedeasturiasvaldivia.cl\/Colegio\/wp-content\/uploads\/2026\/04\/WhatsApp-Image-2026-04-22-at-1.17.18-PM-4-768x576.jpeg 768w, https:\/\/principedeasturiasvaldivia.cl\/Colegio\/wp-content\/uploads\/2026\/04\/WhatsApp-Image-2026-04-22-at-1.17.18-PM-4-360x270.jpeg 360w, https:\/\/principedeasturiasvaldivia.cl\/Colegio\/wp-content\/uploads\/2026\/04\/WhatsApp-Image-2026-04-22-at-1.17.18-PM-4-600x450.jpeg 600w, https:\/\/principedeasturiasvaldivia.cl\/Colegio\/wp-content\/uploads\/2026\/04\/WhatsApp-Image-2026-04-22-at-1.17.18-PM-4.jpeg 1408w\" sizes=\"auto, (max-width: 1024px) 100vw, 1024px\" \/><\/figure>\n\n\n\n<figure class=\"wp-block-image size-large\"><img loading=\"lazy\" decoding=\"async\" width=\"1024\" height=\"578\" data-id=\"3425\" src=\"https:\/\/principedeasturiasvaldivia.cl\/Colegio\/wp-content\/uploads\/2026\/04\/WhatsApp-Image-2026-04-22-at-12.47.24-PM-1024x578.jpeg\" alt=\"\" class=\"wp-image-3425\" srcset=\"https:\/\/principedeasturiasvaldivia.cl\/Colegio\/wp-content\/uploads\/2026\/04\/WhatsApp-Image-2026-04-22-at-12.47.24-PM-1024x578.jpeg 1024w, https:\/\/principedeasturiasvaldivia.cl\/Colegio\/wp-content\/uploads\/2026\/04\/WhatsApp-Image-2026-04-22-at-12.47.24-PM-300x169.jpeg 300w, https:\/\/principedeasturiasvaldivia.cl\/Colegio\/wp-content\/uploads\/2026\/04\/WhatsApp-Image-2026-04-22-at-12.47.24-PM-768x433.jpeg 768w, https:\/\/principedeasturiasvaldivia.cl\/Colegio\/wp-content\/uploads\/2026\/04\/WhatsApp-Image-2026-04-22-at-12.47.24-PM-1536x867.jpeg 1536w, https:\/\/principedeasturiasvaldivia.cl\/Colegio\/wp-content\/uploads\/2026\/04\/WhatsApp-Image-2026-04-22-at-12.47.24-PM-360x203.jpeg 360w, https:\/\/principedeasturiasvaldivia.cl\/Colegio\/wp-content\/uploads\/2026\/04\/WhatsApp-Image-2026-04-22-at-12.47.24-PM-600x339.jpeg 600w, https:\/\/principedeasturiasvaldivia.cl\/Colegio\/wp-content\/uploads\/2026\/04\/WhatsApp-Image-2026-04-22-at-12.47.24-PM.jpeg 1600w\" sizes=\"auto, (max-width: 1024px) 100vw, 1024px\" \/><\/figure>\n\n\n\n<figure class=\"wp-block-image size-large\"><img loading=\"lazy\" decoding=\"async\" width=\"1024\" height=\"578\" data-id=\"3423\" src=\"https:\/\/principedeasturiasvaldivia.cl\/Colegio\/wp-content\/uploads\/2026\/04\/WhatsApp-Image-2026-04-22-at-12.47.22-PM-1024x578.jpeg\" alt=\"\" class=\"wp-image-3423\" srcset=\"https:\/\/principedeasturiasvaldivia.cl\/Colegio\/wp-content\/uploads\/2026\/04\/WhatsApp-Image-2026-04-22-at-12.47.22-PM-1024x578.jpeg 1024w, https:\/\/principedeasturiasvaldivia.cl\/Colegio\/wp-content\/uploads\/2026\/04\/WhatsApp-Image-2026-04-22-at-12.47.22-PM-300x169.jpeg 300w, https:\/\/principedeasturiasvaldivia.cl\/Colegio\/wp-content\/uploads\/2026\/04\/WhatsApp-Image-2026-04-22-at-12.47.22-PM-768x433.jpeg 768w, https:\/\/principedeasturiasvaldivia.cl\/Colegio\/wp-content\/uploads\/2026\/04\/WhatsApp-Image-2026-04-22-at-12.47.22-PM.jpeg 1600w\" sizes=\"auto, (max-width: 1024px) 100vw, 1024px\" \/><\/figure>\n\n\n\n<figure class=\"wp-block-image size-large\"><img loading=\"lazy\" decoding=\"async\" width=\"1600\" height=\"1200\" data-id=\"3422\" src=\"https:\/\/principedeasturiasvaldivia.cl\/Colegio\/wp-content\/uploads\/2026\/04\/WhatsApp-Image-2026-04-22-at-11.37.56-AM.jpeg\" alt=\"\" class=\"wp-image-3422\" srcset=\"https:\/\/principedeasturiasvaldivia.cl\/Colegio\/wp-content\/uploads\/2026\/04\/WhatsApp-Image-2026-04-22-at-11.37.56-AM.jpeg 1600w, https:\/\/principedeasturiasvaldivia.cl\/Colegio\/wp-content\/uploads\/2026\/04\/WhatsApp-Image-2026-04-22-at-11.37.56-AM-300x225.jpeg 300w\" sizes=\"auto, (max-width: 1600px) 100vw, 1600px\" \/><\/figure>\n\n\n\n<figure class=\"wp-block-image size-large\"><img loading=\"lazy\" decoding=\"async\" width=\"1600\" height=\"1200\" data-id=\"3421\" src=\"https:\/\/principedeasturiasvaldivia.cl\/Colegio\/wp-content\/uploads\/2026\/04\/WhatsApp-Image-2026-04-22-at-11.37.55-AM.jpeg\" alt=\"\" class=\"wp-image-3421\"\/><\/figure>\n\n\n\n<figure class=\"wp-block-image size-large\"><img loading=\"lazy\" decoding=\"async\" width=\"1024\" height=\"768\" data-id=\"3420\" src=\"https:\/\/principedeasturiasvaldivia.cl\/Colegio\/wp-content\/uploads\/2026\/04\/WhatsApp-Image-2026-04-22-at-11.37.55-AM-3-1024x768.jpeg\" alt=\"\" class=\"wp-image-3420\" srcset=\"https:\/\/principedeasturiasvaldivia.cl\/Colegio\/wp-content\/uploads\/2026\/04\/WhatsApp-Image-2026-04-22-at-11.37.55-AM-3-1024x768.jpeg 1024w, https:\/\/principedeasturiasvaldivia.cl\/Colegio\/wp-content\/uploads\/2026\/04\/WhatsApp-Image-2026-04-22-at-11.37.55-AM-3-300x225.jpeg 300w, https:\/\/principedeasturiasvaldivia.cl\/Colegio\/wp-content\/uploads\/2026\/04\/WhatsApp-Image-2026-04-22-at-11.37.55-AM-3-768x576.jpeg 768w, https:\/\/principedeasturiasvaldivia.cl\/Colegio\/wp-content\/uploads\/2026\/04\/WhatsApp-Image-2026-04-22-at-11.37.55-AM-3-1536x1152.jpeg 1536w, https:\/\/principedeasturiasvaldivia.cl\/Colegio\/wp-content\/uploads\/2026\/04\/WhatsApp-Image-2026-04-22-at-11.37.55-AM-3-360x270.jpeg 360w, https:\/\/principedeasturiasvaldivia.cl\/Colegio\/wp-content\/uploads\/2026\/04\/WhatsApp-Image-2026-04-22-at-11.37.55-AM-3-600x450.jpeg 600w, https:\/\/principedeasturiasvaldivia.cl\/Colegio\/wp-content\/uploads\/2026\/04\/WhatsApp-Image-2026-04-22-at-11.37.55-AM-3.jpeg 1600w\" sizes=\"auto, (max-width: 1024px) 100vw, 1024px\" \/><\/figure>\n\n\n\n<figure class=\"wp-block-image size-large\"><img loading=\"lazy\" decoding=\"async\" width=\"1024\" height=\"768\" data-id=\"3419\" src=\"https:\/\/principedeasturiasvaldivia.cl\/Colegio\/wp-content\/uploads\/2026\/04\/WhatsApp-Image-2026-04-22-at-11.37.55-AM-2-2-1024x768.jpeg\" alt=\"\" class=\"wp-image-3419\" srcset=\"https:\/\/principedeasturiasvaldivia.cl\/Colegio\/wp-content\/uploads\/2026\/04\/WhatsApp-Image-2026-04-22-at-11.37.55-AM-2-2-1024x768.jpeg 1024w, https:\/\/principedeasturiasvaldivia.cl\/Colegio\/wp-content\/uploads\/2026\/04\/WhatsApp-Image-2026-04-22-at-11.37.55-AM-2-2-300x225.jpeg 300w, https:\/\/principedeasturiasvaldivia.cl\/Colegio\/wp-content\/uploads\/2026\/04\/WhatsApp-Image-2026-04-22-at-11.37.55-AM-2-2-768x576.jpeg 768w, https:\/\/principedeasturiasvaldivia.cl\/Colegio\/wp-content\/uploads\/2026\/04\/WhatsApp-Image-2026-04-22-at-11.37.55-AM-2-2-1536x1152.jpeg 1536w, https:\/\/principedeasturiasvaldivia.cl\/Colegio\/wp-content\/uploads\/2026\/04\/WhatsApp-Image-2026-04-22-at-11.37.55-AM-2-2-360x270.jpeg 360w, https:\/\/principedeasturiasvaldivia.cl\/Colegio\/wp-content\/uploads\/2026\/04\/WhatsApp-Image-2026-04-22-at-11.37.55-AM-2-2-600x450.jpeg 600w, https:\/\/principedeasturiasvaldivia.cl\/Colegio\/wp-content\/uploads\/2026\/04\/WhatsApp-Image-2026-04-22-at-11.37.55-AM-2-2.jpeg 1600w\" sizes=\"auto, (max-width: 1024px) 100vw, 1024px\" \/><\/figure>\n\n\n\n<figure class=\"wp-block-image size-large\"><img loading=\"lazy\" decoding=\"async\" width=\"1024\" height=\"768\" data-id=\"3418\" src=\"https:\/\/principedeasturiasvaldivia.cl\/Colegio\/wp-content\/uploads\/2026\/04\/WhatsApp-Image-2026-04-22-at-11.37.55-AM-1-1-1024x768.jpeg\" alt=\"\" class=\"wp-image-3418\" srcset=\"https:\/\/principedeasturiasvaldivia.cl\/Colegio\/wp-content\/uploads\/2026\/04\/WhatsApp-Image-2026-04-22-at-11.37.55-AM-1-1-1024x768.jpeg 1024w, https:\/\/principedeasturiasvaldivia.cl\/Colegio\/wp-content\/uploads\/2026\/04\/WhatsApp-Image-2026-04-22-at-11.37.55-AM-1-1-300x225.jpeg 300w, https:\/\/principedeasturiasvaldivia.cl\/Colegio\/wp-content\/uploads\/2026\/04\/WhatsApp-Image-2026-04-22-at-11.37.55-AM-1-1-768x576.jpeg 768w, https:\/\/principedeasturiasvaldivia.cl\/Colegio\/wp-content\/uploads\/2026\/04\/WhatsApp-Image-2026-04-22-at-11.37.55-AM-1-1.jpeg 1600w\" sizes=\"auto, (max-width: 1024px) 100vw, 1024px\" \/><\/figure>\n\n\n\n<figure class=\"wp-block-image size-large\"><img loading=\"lazy\" decoding=\"async\" width=\"1600\" height=\"1200\" data-id=\"3417\" src=\"https:\/\/principedeasturiasvaldivia.cl\/Colegio\/wp-content\/uploads\/2026\/04\/WhatsApp-Image-2026-04-22-at-11.37.53-AM-1-1.jpeg\" alt=\"\" class=\"wp-image-3417\" srcset=\"https:\/\/principedeasturiasvaldivia.cl\/Colegio\/wp-content\/uploads\/2026\/04\/WhatsApp-Image-2026-04-22-at-11.37.53-AM-1-1.jpeg 1600w, https:\/\/principedeasturiasvaldivia.cl\/Colegio\/wp-content\/uploads\/2026\/04\/WhatsApp-Image-2026-04-22-at-11.37.53-AM-1-1-300x225.jpeg 300w\" sizes=\"auto, (max-width: 1600px) 100vw, 1600px\" \/><\/figure>\n\n\n\n<figure class=\"wp-block-image size-large\"><img loading=\"lazy\" decoding=\"async\" width=\"1600\" height=\"1200\" data-id=\"3416\" src=\"https:\/\/principedeasturiasvaldivia.cl\/Colegio\/wp-content\/uploads\/2026\/04\/WhatsApp-Image-2026-04-22-at-11.37.52-AM-1.jpeg\" alt=\"\" class=\"wp-image-3416\" srcset=\"https:\/\/principedeasturiasvaldivia.cl\/Colegio\/wp-content\/uploads\/2026\/04\/WhatsApp-Image-2026-04-22-at-11.37.52-AM-1.jpeg 1600w, https:\/\/principedeasturiasvaldivia.cl\/Colegio\/wp-content\/uploads\/2026\/04\/WhatsApp-Image-2026-04-22-at-11.37.52-AM-1-300x225.jpeg 300w\" sizes=\"auto, (max-width: 1600px) 100vw, 1600px\" \/><\/figure>\n\n\n\n<figure class=\"wp-block-image size-large\"><img loading=\"lazy\" decoding=\"async\" width=\"1024\" height=\"768\" data-id=\"3415\" src=\"https:\/\/principedeasturiasvaldivia.cl\/Colegio\/wp-content\/uploads\/2026\/04\/WhatsApp-Image-2026-04-22-at-10.37.26-AM-1-1024x768.jpeg\" alt=\"\" class=\"wp-image-3415\" srcset=\"https:\/\/principedeasturiasvaldivia.cl\/Colegio\/wp-content\/uploads\/2026\/04\/WhatsApp-Image-2026-04-22-at-10.37.26-AM-1-1024x768.jpeg 1024w, https:\/\/principedeasturiasvaldivia.cl\/Colegio\/wp-content\/uploads\/2026\/04\/WhatsApp-Image-2026-04-22-at-10.37.26-AM-1-300x225.jpeg 300w, https:\/\/principedeasturiasvaldivia.cl\/Colegio\/wp-content\/uploads\/2026\/04\/WhatsApp-Image-2026-04-22-at-10.37.26-AM-1-768x576.jpeg 768w, https:\/\/principedeasturiasvaldivia.cl\/Colegio\/wp-content\/uploads\/2026\/04\/WhatsApp-Image-2026-04-22-at-10.37.26-AM-1-360x270.jpeg 360w, https:\/\/principedeasturiasvaldivia.cl\/Colegio\/wp-content\/uploads\/2026\/04\/WhatsApp-Image-2026-04-22-at-10.37.26-AM-1-600x450.jpeg 600w, https:\/\/principedeasturiasvaldivia.cl\/Colegio\/wp-content\/uploads\/2026\/04\/WhatsApp-Image-2026-04-22-at-10.37.26-AM-1.jpeg 1280w\" sizes=\"auto, (max-width: 1024px) 100vw, 1024px\" \/><\/figure>\n\n\n\n<figure class=\"wp-block-image size-large\"><img loading=\"lazy\" decoding=\"async\" width=\"1024\" height=\"768\" data-id=\"3414\" src=\"https:\/\/principedeasturiasvaldivia.cl\/Colegio\/wp-content\/uploads\/2026\/04\/WhatsApp-Image-2026-04-22-at-10.36.44-AM-1-1024x768.jpeg\" alt=\"\" class=\"wp-image-3414\" srcset=\"https:\/\/principedeasturiasvaldivia.cl\/Colegio\/wp-content\/uploads\/2026\/04\/WhatsApp-Image-2026-04-22-at-10.36.44-AM-1-1024x768.jpeg 1024w, https:\/\/principedeasturiasvaldivia.cl\/Colegio\/wp-content\/uploads\/2026\/04\/WhatsApp-Image-2026-04-22-at-10.36.44-AM-1-300x225.jpeg 300w, https:\/\/principedeasturiasvaldivia.cl\/Colegio\/wp-content\/uploads\/2026\/04\/WhatsApp-Image-2026-04-22-at-10.36.44-AM-1-768x576.jpeg 768w, https:\/\/principedeasturiasvaldivia.cl\/Colegio\/wp-content\/uploads\/2026\/04\/WhatsApp-Image-2026-04-22-at-10.36.44-AM-1-360x270.jpeg 360w, https:\/\/principedeasturiasvaldivia.cl\/Colegio\/wp-content\/uploads\/2026\/04\/WhatsApp-Image-2026-04-22-at-10.36.44-AM-1-600x450.jpeg 600w, https:\/\/principedeasturiasvaldivia.cl\/Colegio\/wp-content\/uploads\/2026\/04\/WhatsApp-Image-2026-04-22-at-10.36.44-AM-1.jpeg 1280w\" sizes=\"auto, (max-width: 1024px) 100vw, 1024px\" \/><\/figure>\n<\/figure>\n","protected":false},"excerpt":{"rendered":"<p>1er Nivel de Transici\u00f3n \u2728 \u00a1As\u00ed vivimos nuestra salida Pedagogica! \u2728 Reencuentros llenos de alegr\u00eda, nuevas amistades, sonrisas en cada rinc\u00f3n y muchas ganas de aprender. \ud83d\udcda\ud83d\udc99 En el Colegio Pr\u00edncipe de Asturias creemos en una educaci\u00f3n cercana, integral y <a href=\"https:\/\/principedeasturiasvaldivia.cl\/Colegio\/actividades-escolares-2021\/salidas-pedagogicas\/\" class=\"read-more\">Leer m\u00e1s &#8230;<\/a><\/p>\n","protected":false},"author":1,"featured_media":0,"parent":965,"menu_order":0,"comment_status":"closed","ping_status":"closed","template":"","meta":{"ngg_post_thumbnail":0,"footnotes":""},"class_list":["post-3239","page","type-page","status-publish","hentry"],"yoast_head":"<!-- This site is optimized with the Yoast SEO plugin v27.5 - https:\/\/yoast.com\/product\/yoast-seo-wordpress\/ -->\n<title>Salidas pedag\u00f3gicas -<\/title>\n<meta name=\"robots\" content=\"index, follow, max-snippet:-1, max-image-preview:large, max-video-preview:-1\" \/>\n<link rel=\"canonical\" href=\"https:\/\/principedeasturiasvaldivia.cl\/Colegio\/actividades-escolares-2021\/salidas-pedagogicas\/\" \/>\n<meta property=\"og:locale\" content=\"es_ES\" \/>\n<meta property=\"og:type\" content=\"article\" \/>\n<meta property=\"og:title\" content=\"Salidas pedag\u00f3gicas -\" \/>\n<meta property=\"og:description\" content=\"1er Nivel de Transici\u00f3n \u2728 \u00a1As\u00ed vivimos nuestra salida Pedagogica! \u2728 Reencuentros llenos de alegr\u00eda, nuevas amistades, sonrisas en cada rinc\u00f3n y muchas ganas de aprender. \ud83d\udcda\ud83d\udc99 En el Colegio Pr\u00edncipe de Asturias creemos en una educaci\u00f3n cercana, integral y Leer m\u00e1s ...\" \/>\n<meta property=\"og:url\" content=\"https:\/\/principedeasturiasvaldivia.cl\/Colegio\/actividades-escolares-2021\/salidas-pedagogicas\/\" \/>\n<meta property=\"article:modified_time\" content=\"2026-04-23T20:29:12+00:00\" \/>\n<meta property=\"og:image\" content=\"https:\/\/principedeasturiasvaldivia.cl\/Colegio\/wp-content\/uploads\/2026\/03\/WhatsApp-Image-2026-03-10-at-11.34.09-AM.jpeg\" \/>\n\t<meta property=\"og:image:width\" content=\"960\" \/>\n\t<meta property=\"og:image:height\" content=\"1280\" \/>\n\t<meta property=\"og:image:type\" content=\"image\/jpeg\" \/>\n<meta name=\"twitter:card\" content=\"summary_large_image\" \/>\n<meta name=\"twitter:label1\" content=\"Tiempo estimado de lectura\" \/>\n\t<meta name=\"twitter:data1\" content=\"10 minutos\" \/>\n<script type=\"application\/ld+json\" class=\"yoast-schema-graph\">{\"@context\":\"https:\\\/\\\/schema.org\",\"@graph\":[{\"@type\":\"WebPage\",\"@id\":\"https:\\\/\\\/principedeasturiasvaldivia.cl\\\/Colegio\\\/actividades-escolares-2021\\\/salidas-pedagogicas\\\/\",\"url\":\"https:\\\/\\\/principedeasturiasvaldivia.cl\\\/Colegio\\\/actividades-escolares-2021\\\/salidas-pedagogicas\\\/\",\"name\":\"Salidas pedag\u00f3gicas -\",\"isPartOf\":{\"@id\":\"https:\\\/\\\/principedeasturiasvaldivia.cl\\\/Colegio\\\/#website\"},\"primaryImageOfPage\":{\"@id\":\"https:\\\/\\\/principedeasturiasvaldivia.cl\\\/Colegio\\\/actividades-escolares-2021\\\/salidas-pedagogicas\\\/#primaryimage\"},\"image\":{\"@id\":\"https:\\\/\\\/principedeasturiasvaldivia.cl\\\/Colegio\\\/actividades-escolares-2021\\\/salidas-pedagogicas\\\/#primaryimage\"},\"thumbnailUrl\":\"https:\\\/\\\/principedeasturiasvaldivia.cl\\\/Colegio\\\/wp-content\\\/uploads\\\/2026\\\/03\\\/WhatsApp-Image-2026-03-10-at-11.34.09-AM-768x1024.jpeg\",\"datePublished\":\"2026-03-15T19:21:07+00:00\",\"dateModified\":\"2026-04-23T20:29:12+00:00\",\"breadcrumb\":{\"@id\":\"https:\\\/\\\/principedeasturiasvaldivia.cl\\\/Colegio\\\/actividades-escolares-2021\\\/salidas-pedagogicas\\\/#breadcrumb\"},\"inLanguage\":\"es-CL\",\"potentialAction\":[{\"@type\":\"ReadAction\",\"target\":[\"https:\\\/\\\/principedeasturiasvaldivia.cl\\\/Colegio\\\/actividades-escolares-2021\\\/salidas-pedagogicas\\\/\"]}]},{\"@type\":\"ImageObject\",\"inLanguage\":\"es-CL\",\"@id\":\"https:\\\/\\\/principedeasturiasvaldivia.cl\\\/Colegio\\\/actividades-escolares-2021\\\/salidas-pedagogicas\\\/#primaryimage\",\"url\":\"https:\\\/\\\/principedeasturiasvaldivia.cl\\\/Colegio\\\/wp-content\\\/uploads\\\/2026\\\/03\\\/WhatsApp-Image-2026-03-10-at-11.34.09-AM.jpeg\",\"contentUrl\":\"https:\\\/\\\/principedeasturiasvaldivia.cl\\\/Colegio\\\/wp-content\\\/uploads\\\/2026\\\/03\\\/WhatsApp-Image-2026-03-10-at-11.34.09-AM.jpeg\",\"width\":960,\"height\":1280},{\"@type\":\"BreadcrumbList\",\"@id\":\"https:\\\/\\\/principedeasturiasvaldivia.cl\\\/Colegio\\\/actividades-escolares-2021\\\/salidas-pedagogicas\\\/#breadcrumb\",\"itemListElement\":[{\"@type\":\"ListItem\",\"position\":1,\"name\":\"Portada\",\"item\":\"https:\\\/\\\/principedeasturiasvaldivia.cl\\\/Colegio\\\/\"},{\"@type\":\"ListItem\",\"position\":2,\"name\":\"Actividades escolares\",\"item\":\"https:\\\/\\\/principedeasturiasvaldivia.cl\\\/Colegio\\\/actividades-escolares-2021\\\/\"},{\"@type\":\"ListItem\",\"position\":3,\"name\":\"Salidas pedag\u00f3gicas\"}]},{\"@type\":\"WebSite\",\"@id\":\"https:\\\/\\\/principedeasturiasvaldivia.cl\\\/Colegio\\\/#website\",\"url\":\"https:\\\/\\\/principedeasturiasvaldivia.cl\\\/Colegio\\\/\",\"name\":\"\",\"description\":\"\",\"potentialAction\":[{\"@type\":\"SearchAction\",\"target\":{\"@type\":\"EntryPoint\",\"urlTemplate\":\"https:\\\/\\\/principedeasturiasvaldivia.cl\\\/Colegio\\\/?s={search_term_string}\"},\"query-input\":{\"@type\":\"PropertyValueSpecification\",\"valueRequired\":true,\"valueName\":\"search_term_string\"}}],\"inLanguage\":\"es-CL\"}]}<\/script>\n<!-- \/ Yoast SEO plugin. -->","yoast_head_json":{"title":"Salidas pedag\u00f3gicas -","robots":{"index":"index","follow":"follow","max-snippet":"max-snippet:-1","max-image-preview":"max-image-preview:large","max-video-preview":"max-video-preview:-1"},"canonical":"https:\/\/principedeasturiasvaldivia.cl\/Colegio\/actividades-escolares-2021\/salidas-pedagogicas\/","og_locale":"es_ES","og_type":"article","og_title":"Salidas pedag\u00f3gicas -","og_description":"1er Nivel de Transici\u00f3n \u2728 \u00a1As\u00ed vivimos nuestra salida Pedagogica! \u2728 Reencuentros llenos de alegr\u00eda, nuevas amistades, sonrisas en cada rinc\u00f3n y muchas ganas de aprender. \ud83d\udcda\ud83d\udc99 En el Colegio Pr\u00edncipe de Asturias creemos en una educaci\u00f3n cercana, integral y Leer m\u00e1s ...","og_url":"https:\/\/principedeasturiasvaldivia.cl\/Colegio\/actividades-escolares-2021\/salidas-pedagogicas\/","article_modified_time":"2026-04-23T20:29:12+00:00","og_image":[{"width":960,"height":1280,"url":"https:\/\/principedeasturiasvaldivia.cl\/Colegio\/wp-content\/uploads\/2026\/03\/WhatsApp-Image-2026-03-10-at-11.34.09-AM.jpeg","type":"image\/jpeg"}],"twitter_card":"summary_large_image","twitter_misc":{"Tiempo estimado de lectura":"10 minutos"},"schema":{"@context":"https:\/\/schema.org","@graph":[{"@type":"WebPage","@id":"https:\/\/principedeasturiasvaldivia.cl\/Colegio\/actividades-escolares-2021\/salidas-pedagogicas\/","url":"https:\/\/principedeasturiasvaldivia.cl\/Colegio\/actividades-escolares-2021\/salidas-pedagogicas\/","name":"Salidas pedag\u00f3gicas -","isPartOf":{"@id":"https:\/\/principedeasturiasvaldivia.cl\/Colegio\/#website"},"primaryImageOfPage":{"@id":"https:\/\/principedeasturiasvaldivia.cl\/Colegio\/actividades-escolares-2021\/salidas-pedagogicas\/#primaryimage"},"image":{"@id":"https:\/\/principedeasturiasvaldivia.cl\/Colegio\/actividades-escolares-2021\/salidas-pedagogicas\/#primaryimage"},"thumbnailUrl":"https:\/\/principedeasturiasvaldivia.cl\/Colegio\/wp-content\/uploads\/2026\/03\/WhatsApp-Image-2026-03-10-at-11.34.09-AM-768x1024.jpeg","datePublished":"2026-03-15T19:21:07+00:00","dateModified":"2026-04-23T20:29:12+00:00","breadcrumb":{"@id":"https:\/\/principedeasturiasvaldivia.cl\/Colegio\/actividades-escolares-2021\/salidas-pedagogicas\/#breadcrumb"},"inLanguage":"es-CL","potentialAction":[{"@type":"ReadAction","target":["https:\/\/principedeasturiasvaldivia.cl\/Colegio\/actividades-escolares-2021\/salidas-pedagogicas\/"]}]},{"@type":"ImageObject","inLanguage":"es-CL","@id":"https:\/\/principedeasturiasvaldivia.cl\/Colegio\/actividades-escolares-2021\/salidas-pedagogicas\/#primaryimage","url":"https:\/\/principedeasturiasvaldivia.cl\/Colegio\/wp-content\/uploads\/2026\/03\/WhatsApp-Image-2026-03-10-at-11.34.09-AM.jpeg","contentUrl":"https:\/\/principedeasturiasvaldivia.cl\/Colegio\/wp-content\/uploads\/2026\/03\/WhatsApp-Image-2026-03-10-at-11.34.09-AM.jpeg","width":960,"height":1280},{"@type":"BreadcrumbList","@id":"https:\/\/principedeasturiasvaldivia.cl\/Colegio\/actividades-escolares-2021\/salidas-pedagogicas\/#breadcrumb","itemListElement":[{"@type":"ListItem","position":1,"name":"Portada","item":"https:\/\/principedeasturiasvaldivia.cl\/Colegio\/"},{"@type":"ListItem","position":2,"name":"Actividades escolares","item":"https:\/\/principedeasturiasvaldivia.cl\/Colegio\/actividades-escolares-2021\/"},{"@type":"ListItem","position":3,"name":"Salidas pedag\u00f3gicas"}]},{"@type":"WebSite","@id":"https:\/\/principedeasturiasvaldivia.cl\/Colegio\/#website","url":"https:\/\/principedeasturiasvaldivia.cl\/Colegio\/","name":"","description":"","potentialAction":[{"@type":"SearchAction","target":{"@type":"EntryPoint","urlTemplate":"https:\/\/principedeasturiasvaldivia.cl\/Colegio\/?s={search_term_string}"},"query-input":{"@type":"PropertyValueSpecification","valueRequired":true,"valueName":"search_term_string"}}],"inLanguage":"es-CL"}]}},"publishpress_future_action":{"enabled":false,"date":"2026-05-09 07:43:13","action":"change-status","newStatus":"draft","terms":[],"taxonomy":"","extraData":[]},"publishpress_future_workflow_manual_trigger":{"enabledWorkflows":[]},"_links":{"self":[{"href":"https:\/\/principedeasturiasvaldivia.cl\/Colegio\/wp-json\/wp\/v2\/pages\/3239","targetHints":{"allow":["GET"]}}],"collection":[{"href":"https:\/\/principedeasturiasvaldivia.cl\/Colegio\/wp-json\/wp\/v2\/pages"}],"about":[{"href":"https:\/\/principedeasturiasvaldivia.cl\/Colegio\/wp-json\/wp\/v2\/types\/page"}],"author":[{"embeddable":true,"href":"https:\/\/principedeasturiasvaldivia.cl\/Colegio\/wp-json\/wp\/v2\/users\/1"}],"replies":[{"embeddable":true,"href":"https:\/\/principedeasturiasvaldivia.cl\/Colegio\/wp-json\/wp\/v2\/comments?post=3239"}],"version-history":[{"count":8,"href":"https:\/\/principedeasturiasvaldivia.cl\/Colegio\/wp-json\/wp\/v2\/pages\/3239\/revisions"}],"predecessor-version":[{"id":3439,"href":"https:\/\/principedeasturiasvaldivia.cl\/Colegio\/wp-json\/wp\/v2\/pages\/3239\/revisions\/3439"}],"up":[{"embeddable":true,"href":"https:\/\/principedeasturiasvaldivia.cl\/Colegio\/wp-json\/wp\/v2\/pages\/965"}],"wp:attachment":[{"href":"https:\/\/principedeasturiasvaldivia.cl\/Colegio\/wp-json\/wp\/v2\/media?parent=3239"}],"curies":[{"name":"wp","href":"https:\/\/api.w.org\/{rel}","templated":true}]}}