{"id":7,"date":"2025-04-29T10:40:51","date_gmt":"2025-04-29T13:40:51","guid":{"rendered":"http:\/\/principedeasturiasvaldivia.cl\/Colegio\/?page_id=7"},"modified":"2026-04-13T14:29:01","modified_gmt":"2026-04-13T17:29:01","slug":"colegio","status":"publish","type":"page","link":"https:\/\/principedeasturiasvaldivia.cl\/Colegio\/","title":{"rendered":""},"content":{"rendered":"\n<div class=\"alignnormal\"><div id=\"metaslider-id-116\" style=\"width: 100%; margin: 0 auto;\" class=\"ml-slider-3-108-0 metaslider metaslider-nivo metaslider-116 ml-slider has-dots-nav ms-theme-blend\" role=\"region\" aria-label=\"presentacion\" data-height=\"1080\" data-width=\"2280\">\n    <div id=\"metaslider_container_116\">\n        <div class='slider-wrapper theme-default'><div class='ribbon'><\/div><div id='metaslider_116' class='nivoSlider'><img loading=\"lazy\" decoding=\"async\" src=\"https:\/\/principedeasturiasvaldivia.cl\/Colegio\/wp-content\/uploads\/2025\/12\/Admision-escolar-2026-para-pagina-608x288.jpg\" height=\"1080\" width=\"2280\" title=\"Admisi\u00f3n escolar 2026 para p\u00e1gina\" alt=\"\" class=\"slider-116 slide-3124 msDefaultImage\" \/><a href=\"http:\/\/principedeasturiasvaldivia.cl\/Colegio\/actos-colegio-principe-de-asturias\/\" target=\"_self\"><img loading=\"lazy\" decoding=\"async\" src=\"https:\/\/principedeasturiasvaldivia.cl\/Colegio\/wp-content\/uploads\/2023\/01\/Minimalist-Festive-Christmas-Collage-Facebook-Cover-1-1640x776.png\" height=\"1080\" width=\"2280\" title=\"Minimalist Festive Christmas Collage Facebook Cover (1)\" alt=\"\" class=\"slider-116 slide-1768 msDefaultImage\" \/><\/a><a href=\"http:\/\/Colegio%20Principe%20de%20Asturias%20Valdivia\" target=\"_self\"><img loading=\"lazy\" decoding=\"async\" src=\"https:\/\/principedeasturiasvaldivia.cl\/Colegio\/wp-content\/uploads\/2022\/07\/unnamed-1-1600x757.jpg\" height=\"1080\" width=\"2280\" title=\"unnamed (1)\" alt=\"\" class=\"slider-116 slide-1396 msDefaultImage\" \/><\/a><a href=\"https:\/\/principedeasturiasvaldivia.cl\/Colegio\/wp-content\/uploads\/2025\/04\/Cuenta-Publica-ano-2024-colegio.pdf\" target=\"_blank\"><img loading=\"lazy\" decoding=\"async\" src=\"https:\/\/principedeasturiasvaldivia.cl\/Colegio\/wp-content\/uploads\/2025\/04\/CTA-PUB-20253-950x450.jpg\" height=\"1080\" width=\"2280\" title=\"CTA PUB 2025(3)\" alt=\"\" class=\"slider-116 slide-2851 msDefaultImage\" \/><\/a><\/div><\/div>\n        \n    <\/div>\n<\/div><\/div>\n\n\n\n<hr class=\"wp-block-separator has-alpha-channel-opacity\"\/>\n\n\n\n<h2 class=\"wp-block-heading has-text-align-center\">\u00a1Semanas de aprendizaje, deporte y compromiso en nuestro Colegio!<\/h2>\n\n\n\n<p>\u00a1En el Pr\u00edncipe de Asturias no nos detenemos! \ud83c\udf1f Desde el compromiso ciudadano de nuestras nuevas <strong>Brigadas Escolares<\/strong>, pasando por el desaf\u00edo intelectual de la <strong>Semana de las Matem\u00e1ticas<\/strong>, hasta el movimiento y la alegr\u00eda en el <strong>D\u00eda de la Educaci\u00f3n F\u00edsica<\/strong>.<\/p>\n\n\n\n<p>Estas im\u00e1genes reflejan la esencia de nuestro colegio: estudiantes activos, comprometidos y motivados por aprender en todas las \u00e1reas. \u00a1Sigue revisando nuestra web para m\u00e1s novedades de este a\u00f1o escolar 2026!<\/p>\n\n\n\n<figure class=\"wp-block-gallery has-nested-images columns-default is-cropped wp-block-gallery-1 is-layout-flex wp-block-gallery-is-layout-flex\">\n<figure class=\"wp-block-image size-large\"><img loading=\"lazy\" decoding=\"async\" width=\"683\" height=\"1024\" data-id=\"3386\" src=\"https:\/\/principedeasturiasvaldivia.cl\/Colegio\/wp-content\/uploads\/2026\/04\/brigadas-escolares-683x1024.jpeg\" alt=\"\" class=\"wp-image-3386\" srcset=\"https:\/\/principedeasturiasvaldivia.cl\/Colegio\/wp-content\/uploads\/2026\/04\/brigadas-escolares-683x1024.jpeg 683w, https:\/\/principedeasturiasvaldivia.cl\/Colegio\/wp-content\/uploads\/2026\/04\/brigadas-escolares-200x300.jpeg 200w, https:\/\/principedeasturiasvaldivia.cl\/Colegio\/wp-content\/uploads\/2026\/04\/brigadas-escolares-768x1152.jpeg 768w, https:\/\/principedeasturiasvaldivia.cl\/Colegio\/wp-content\/uploads\/2026\/04\/brigadas-escolares-180x270.jpeg 180w, https:\/\/principedeasturiasvaldivia.cl\/Colegio\/wp-content\/uploads\/2026\/04\/brigadas-escolares-600x900.jpeg 600w, https:\/\/principedeasturiasvaldivia.cl\/Colegio\/wp-content\/uploads\/2026\/04\/brigadas-escolares.jpeg 1024w\" sizes=\"auto, (max-width: 683px) 100vw, 683px\" \/><\/figure>\n\n\n\n<figure class=\"wp-block-image size-large\"><img loading=\"lazy\" decoding=\"async\" width=\"683\" height=\"1024\" data-id=\"3387\" src=\"https:\/\/principedeasturiasvaldivia.cl\/Colegio\/wp-content\/uploads\/2026\/04\/premio-matematicas-683x1024.jpeg\" alt=\"\" class=\"wp-image-3387\" srcset=\"https:\/\/principedeasturiasvaldivia.cl\/Colegio\/wp-content\/uploads\/2026\/04\/premio-matematicas-683x1024.jpeg 683w, https:\/\/principedeasturiasvaldivia.cl\/Colegio\/wp-content\/uploads\/2026\/04\/premio-matematicas-200x300.jpeg 200w, https:\/\/principedeasturiasvaldivia.cl\/Colegio\/wp-content\/uploads\/2026\/04\/premio-matematicas-768x1152.jpeg 768w, https:\/\/principedeasturiasvaldivia.cl\/Colegio\/wp-content\/uploads\/2026\/04\/premio-matematicas-180x270.jpeg 180w, https:\/\/principedeasturiasvaldivia.cl\/Colegio\/wp-content\/uploads\/2026\/04\/premio-matematicas-600x900.jpeg 600w, https:\/\/principedeasturiasvaldivia.cl\/Colegio\/wp-content\/uploads\/2026\/04\/premio-matematicas.jpeg 1024w\" sizes=\"auto, (max-width: 683px) 100vw, 683px\" \/><\/figure>\n\n\n\n<figure class=\"wp-block-image size-large\"><img loading=\"lazy\" decoding=\"async\" width=\"683\" height=\"1024\" data-id=\"3385\" src=\"https:\/\/principedeasturiasvaldivia.cl\/Colegio\/wp-content\/uploads\/2026\/04\/dia-de-la-educacion-fisica-683x1024.jpeg\" alt=\"\" class=\"wp-image-3385\" srcset=\"https:\/\/principedeasturiasvaldivia.cl\/Colegio\/wp-content\/uploads\/2026\/04\/dia-de-la-educacion-fisica-683x1024.jpeg 683w, https:\/\/principedeasturiasvaldivia.cl\/Colegio\/wp-content\/uploads\/2026\/04\/dia-de-la-educacion-fisica-200x300.jpeg 200w, https:\/\/principedeasturiasvaldivia.cl\/Colegio\/wp-content\/uploads\/2026\/04\/dia-de-la-educacion-fisica-768x1152.jpeg 768w, https:\/\/principedeasturiasvaldivia.cl\/Colegio\/wp-content\/uploads\/2026\/04\/dia-de-la-educacion-fisica-180x270.jpeg 180w, https:\/\/principedeasturiasvaldivia.cl\/Colegio\/wp-content\/uploads\/2026\/04\/dia-de-la-educacion-fisica-600x900.jpeg 600w, https:\/\/principedeasturiasvaldivia.cl\/Colegio\/wp-content\/uploads\/2026\/04\/dia-de-la-educacion-fisica.jpeg 1024w\" sizes=\"auto, (max-width: 683px) 100vw, 683px\" \/><\/figure>\n<\/figure>\n\n\n\n<hr class=\"wp-block-separator has-alpha-channel-opacity\"\/>\n\n\n\n<p class=\"has-text-align-center\">\ud83d\udc30\ud83c\udf38 \u00a1Celebramos la Pascua del Conejo en comunidad! \ud83c\udf38\ud83d\udc30<\/p>\n\n\n\n<p>Nuestros estudiantes del Colegio Pr\u00edncipe de Asturias vivieron una jornada llena de alegr\u00eda, juegos y dulces sorpresas \ud83e\udd55\ud83c\udf6b.<\/p>\n\n\n\n<p>Entre orejitas, sonrisas y momentos compartidos, fortalecimos la convivencia y creamos recuerdos que quedar\u00e1n en sus corazones \u2728<\/p>\n\n\n\n<p>Porque aprender tambi\u00e9n es disfrutar, compartir y celebrar juntos \ud83d\udc99<\/p>\n\n\n\n<div class=\"wp-block-columns is-layout-flex wp-container-core-columns-is-layout-9d6595d7 wp-block-columns-is-layout-flex\">\n<div class=\"wp-block-column is-layout-flow wp-block-column-is-layout-flow\" style=\"flex-basis:100%\">\n<figure class=\"wp-block-gallery has-nested-images columns-default is-cropped wp-block-gallery-2 is-layout-flex wp-block-gallery-is-layout-flex\">\n<figure class=\"wp-block-image size-large\"><img loading=\"lazy\" decoding=\"async\" width=\"768\" height=\"1024\" data-id=\"3371\" src=\"https:\/\/principedeasturiasvaldivia.cl\/Colegio\/wp-content\/uploads\/2026\/04\/WhatsApp-Image-2026-04-02-at-3.26.44-PM-768x1024.jpeg\" alt=\"\" class=\"wp-image-3371\" srcset=\"https:\/\/principedeasturiasvaldivia.cl\/Colegio\/wp-content\/uploads\/2026\/04\/WhatsApp-Image-2026-04-02-at-3.26.44-PM-768x1024.jpeg 768w, https:\/\/principedeasturiasvaldivia.cl\/Colegio\/wp-content\/uploads\/2026\/04\/WhatsApp-Image-2026-04-02-at-3.26.44-PM-225x300.jpeg 225w, https:\/\/principedeasturiasvaldivia.cl\/Colegio\/wp-content\/uploads\/2026\/04\/WhatsApp-Image-2026-04-02-at-3.26.44-PM-203x270.jpeg 203w, https:\/\/principedeasturiasvaldivia.cl\/Colegio\/wp-content\/uploads\/2026\/04\/WhatsApp-Image-2026-04-02-at-3.26.44-PM-600x800.jpeg 600w, https:\/\/principedeasturiasvaldivia.cl\/Colegio\/wp-content\/uploads\/2026\/04\/WhatsApp-Image-2026-04-02-at-3.26.44-PM.jpeg 960w\" sizes=\"auto, (max-width: 768px) 100vw, 768px\" \/><\/figure>\n\n\n\n<figure class=\"wp-block-image size-large\"><img loading=\"lazy\" decoding=\"async\" width=\"1024\" height=\"768\" data-id=\"3372\" src=\"https:\/\/principedeasturiasvaldivia.cl\/Colegio\/wp-content\/uploads\/2026\/04\/WhatsApp-Image-2026-04-02-at-3.27.19-PM-1024x768.jpeg\" alt=\"\" class=\"wp-image-3372\" srcset=\"https:\/\/principedeasturiasvaldivia.cl\/Colegio\/wp-content\/uploads\/2026\/04\/WhatsApp-Image-2026-04-02-at-3.27.19-PM-1024x768.jpeg 1024w, https:\/\/principedeasturiasvaldivia.cl\/Colegio\/wp-content\/uploads\/2026\/04\/WhatsApp-Image-2026-04-02-at-3.27.19-PM-300x225.jpeg 300w, https:\/\/principedeasturiasvaldivia.cl\/Colegio\/wp-content\/uploads\/2026\/04\/WhatsApp-Image-2026-04-02-at-3.27.19-PM-768x576.jpeg 768w, https:\/\/principedeasturiasvaldivia.cl\/Colegio\/wp-content\/uploads\/2026\/04\/WhatsApp-Image-2026-04-02-at-3.27.19-PM-360x270.jpeg 360w, https:\/\/principedeasturiasvaldivia.cl\/Colegio\/wp-content\/uploads\/2026\/04\/WhatsApp-Image-2026-04-02-at-3.27.19-PM-600x450.jpeg 600w, https:\/\/principedeasturiasvaldivia.cl\/Colegio\/wp-content\/uploads\/2026\/04\/WhatsApp-Image-2026-04-02-at-3.27.19-PM.jpeg 1280w\" sizes=\"auto, (max-width: 1024px) 100vw, 1024px\" \/><\/figure>\n\n\n\n<figure class=\"wp-block-image size-large\"><img loading=\"lazy\" decoding=\"async\" width=\"1024\" height=\"768\" data-id=\"3373\" src=\"https:\/\/principedeasturiasvaldivia.cl\/Colegio\/wp-content\/uploads\/2026\/04\/WhatsApp-Image-2026-04-02-at-3.27.39-PM-1-1024x768.jpeg\" alt=\"\" class=\"wp-image-3373\" srcset=\"https:\/\/principedeasturiasvaldivia.cl\/Colegio\/wp-content\/uploads\/2026\/04\/WhatsApp-Image-2026-04-02-at-3.27.39-PM-1-1024x768.jpeg 1024w, https:\/\/principedeasturiasvaldivia.cl\/Colegio\/wp-content\/uploads\/2026\/04\/WhatsApp-Image-2026-04-02-at-3.27.39-PM-1-300x225.jpeg 300w, https:\/\/principedeasturiasvaldivia.cl\/Colegio\/wp-content\/uploads\/2026\/04\/WhatsApp-Image-2026-04-02-at-3.27.39-PM-1-768x576.jpeg 768w, https:\/\/principedeasturiasvaldivia.cl\/Colegio\/wp-content\/uploads\/2026\/04\/WhatsApp-Image-2026-04-02-at-3.27.39-PM-1-360x270.jpeg 360w, https:\/\/principedeasturiasvaldivia.cl\/Colegio\/wp-content\/uploads\/2026\/04\/WhatsApp-Image-2026-04-02-at-3.27.39-PM-1-600x450.jpeg 600w, https:\/\/principedeasturiasvaldivia.cl\/Colegio\/wp-content\/uploads\/2026\/04\/WhatsApp-Image-2026-04-02-at-3.27.39-PM-1.jpeg 1280w\" sizes=\"auto, (max-width: 1024px) 100vw, 1024px\" \/><\/figure>\n\n\n\n<figure class=\"wp-block-image size-large\"><img loading=\"lazy\" decoding=\"async\" width=\"1024\" height=\"768\" data-id=\"3374\" src=\"https:\/\/principedeasturiasvaldivia.cl\/Colegio\/wp-content\/uploads\/2026\/04\/WhatsApp-Image-2026-04-02-at-3.28.05-PM-1-1024x768.jpeg\" alt=\"\" class=\"wp-image-3374\" srcset=\"https:\/\/principedeasturiasvaldivia.cl\/Colegio\/wp-content\/uploads\/2026\/04\/WhatsApp-Image-2026-04-02-at-3.28.05-PM-1-1024x768.jpeg 1024w, https:\/\/principedeasturiasvaldivia.cl\/Colegio\/wp-content\/uploads\/2026\/04\/WhatsApp-Image-2026-04-02-at-3.28.05-PM-1-300x225.jpeg 300w, https:\/\/principedeasturiasvaldivia.cl\/Colegio\/wp-content\/uploads\/2026\/04\/WhatsApp-Image-2026-04-02-at-3.28.05-PM-1-768x576.jpeg 768w, https:\/\/principedeasturiasvaldivia.cl\/Colegio\/wp-content\/uploads\/2026\/04\/WhatsApp-Image-2026-04-02-at-3.28.05-PM-1-360x270.jpeg 360w, https:\/\/principedeasturiasvaldivia.cl\/Colegio\/wp-content\/uploads\/2026\/04\/WhatsApp-Image-2026-04-02-at-3.28.05-PM-1-600x450.jpeg 600w, https:\/\/principedeasturiasvaldivia.cl\/Colegio\/wp-content\/uploads\/2026\/04\/WhatsApp-Image-2026-04-02-at-3.28.05-PM-1.jpeg 1280w\" sizes=\"auto, (max-width: 1024px) 100vw, 1024px\" \/><\/figure>\n\n\n\n<figure class=\"wp-block-image size-large\"><img loading=\"lazy\" decoding=\"async\" width=\"1024\" height=\"768\" data-id=\"3375\" src=\"https:\/\/principedeasturiasvaldivia.cl\/Colegio\/wp-content\/uploads\/2026\/04\/WhatsApp-Image-2026-04-02-at-3.28.35-PM-1-1024x768.jpeg\" alt=\"\" class=\"wp-image-3375\" srcset=\"https:\/\/principedeasturiasvaldivia.cl\/Colegio\/wp-content\/uploads\/2026\/04\/WhatsApp-Image-2026-04-02-at-3.28.35-PM-1-1024x768.jpeg 1024w, https:\/\/principedeasturiasvaldivia.cl\/Colegio\/wp-content\/uploads\/2026\/04\/WhatsApp-Image-2026-04-02-at-3.28.35-PM-1-300x225.jpeg 300w, https:\/\/principedeasturiasvaldivia.cl\/Colegio\/wp-content\/uploads\/2026\/04\/WhatsApp-Image-2026-04-02-at-3.28.35-PM-1-768x576.jpeg 768w, https:\/\/principedeasturiasvaldivia.cl\/Colegio\/wp-content\/uploads\/2026\/04\/WhatsApp-Image-2026-04-02-at-3.28.35-PM-1-360x270.jpeg 360w, https:\/\/principedeasturiasvaldivia.cl\/Colegio\/wp-content\/uploads\/2026\/04\/WhatsApp-Image-2026-04-02-at-3.28.35-PM-1-600x450.jpeg 600w, https:\/\/principedeasturiasvaldivia.cl\/Colegio\/wp-content\/uploads\/2026\/04\/WhatsApp-Image-2026-04-02-at-3.28.35-PM-1.jpeg 1280w\" sizes=\"auto, (max-width: 1024px) 100vw, 1024px\" \/><\/figure>\n\n\n\n<figure class=\"wp-block-image size-large\"><img loading=\"lazy\" decoding=\"async\" width=\"768\" height=\"1024\" data-id=\"3376\" src=\"https:\/\/principedeasturiasvaldivia.cl\/Colegio\/wp-content\/uploads\/2026\/04\/WhatsApp-Image-2026-04-02-at-4.22.49-PM-1-768x1024.jpeg\" alt=\"\" class=\"wp-image-3376\" srcset=\"https:\/\/principedeasturiasvaldivia.cl\/Colegio\/wp-content\/uploads\/2026\/04\/WhatsApp-Image-2026-04-02-at-4.22.49-PM-1-768x1024.jpeg 768w, https:\/\/principedeasturiasvaldivia.cl\/Colegio\/wp-content\/uploads\/2026\/04\/WhatsApp-Image-2026-04-02-at-4.22.49-PM-1-225x300.jpeg 225w, https:\/\/principedeasturiasvaldivia.cl\/Colegio\/wp-content\/uploads\/2026\/04\/WhatsApp-Image-2026-04-02-at-4.22.49-PM-1-203x270.jpeg 203w, https:\/\/principedeasturiasvaldivia.cl\/Colegio\/wp-content\/uploads\/2026\/04\/WhatsApp-Image-2026-04-02-at-4.22.49-PM-1-600x800.jpeg 600w, https:\/\/principedeasturiasvaldivia.cl\/Colegio\/wp-content\/uploads\/2026\/04\/WhatsApp-Image-2026-04-02-at-4.22.49-PM-1.jpeg 1056w\" sizes=\"auto, (max-width: 768px) 100vw, 768px\" \/><\/figure>\n\n\n\n<figure class=\"wp-block-image size-large\"><img loading=\"lazy\" decoding=\"async\" width=\"1024\" height=\"768\" data-id=\"3377\" src=\"https:\/\/principedeasturiasvaldivia.cl\/Colegio\/wp-content\/uploads\/2026\/04\/WhatsApp-Image-2026-04-02-at-5.34.55-PM-1024x768.jpeg\" alt=\"\" class=\"wp-image-3377\" srcset=\"https:\/\/principedeasturiasvaldivia.cl\/Colegio\/wp-content\/uploads\/2026\/04\/WhatsApp-Image-2026-04-02-at-5.34.55-PM-1024x768.jpeg 1024w, https:\/\/principedeasturiasvaldivia.cl\/Colegio\/wp-content\/uploads\/2026\/04\/WhatsApp-Image-2026-04-02-at-5.34.55-PM-300x225.jpeg 300w, https:\/\/principedeasturiasvaldivia.cl\/Colegio\/wp-content\/uploads\/2026\/04\/WhatsApp-Image-2026-04-02-at-5.34.55-PM-768x576.jpeg 768w, https:\/\/principedeasturiasvaldivia.cl\/Colegio\/wp-content\/uploads\/2026\/04\/WhatsApp-Image-2026-04-02-at-5.34.55-PM-360x270.jpeg 360w, https:\/\/principedeasturiasvaldivia.cl\/Colegio\/wp-content\/uploads\/2026\/04\/WhatsApp-Image-2026-04-02-at-5.34.55-PM-600x450.jpeg 600w, https:\/\/principedeasturiasvaldivia.cl\/Colegio\/wp-content\/uploads\/2026\/04\/WhatsApp-Image-2026-04-02-at-5.34.55-PM.jpeg 1280w\" sizes=\"auto, (max-width: 1024px) 100vw, 1024px\" \/><\/figure>\n\n\n\n<figure class=\"wp-block-image size-large\"><img loading=\"lazy\" decoding=\"async\" width=\"576\" height=\"1024\" data-id=\"3378\" src=\"https:\/\/principedeasturiasvaldivia.cl\/Colegio\/wp-content\/uploads\/2026\/04\/WhatsApp-Image-2026-04-02-at-6.51.38-PM-1-576x1024.jpeg\" alt=\"\" class=\"wp-image-3378\" srcset=\"https:\/\/principedeasturiasvaldivia.cl\/Colegio\/wp-content\/uploads\/2026\/04\/WhatsApp-Image-2026-04-02-at-6.51.38-PM-1-576x1024.jpeg 576w, https:\/\/principedeasturiasvaldivia.cl\/Colegio\/wp-content\/uploads\/2026\/04\/WhatsApp-Image-2026-04-02-at-6.51.38-PM-1-169x300.jpeg 169w, https:\/\/principedeasturiasvaldivia.cl\/Colegio\/wp-content\/uploads\/2026\/04\/WhatsApp-Image-2026-04-02-at-6.51.38-PM-1-768x1365.jpeg 768w, https:\/\/principedeasturiasvaldivia.cl\/Colegio\/wp-content\/uploads\/2026\/04\/WhatsApp-Image-2026-04-02-at-6.51.38-PM-1-864x1536.jpeg 864w, https:\/\/principedeasturiasvaldivia.cl\/Colegio\/wp-content\/uploads\/2026\/04\/WhatsApp-Image-2026-04-02-at-6.51.38-PM-1-152x270.jpeg 152w, https:\/\/principedeasturiasvaldivia.cl\/Colegio\/wp-content\/uploads\/2026\/04\/WhatsApp-Image-2026-04-02-at-6.51.38-PM-1-600x1067.jpeg 600w, https:\/\/principedeasturiasvaldivia.cl\/Colegio\/wp-content\/uploads\/2026\/04\/WhatsApp-Image-2026-04-02-at-6.51.38-PM-1.jpeg 900w\" sizes=\"auto, (max-width: 576px) 100vw, 576px\" \/><\/figure>\n\n\n\n<figure class=\"wp-block-image size-large\"><img loading=\"lazy\" decoding=\"async\" width=\"768\" height=\"1024\" data-id=\"3382\" src=\"https:\/\/principedeasturiasvaldivia.cl\/Colegio\/wp-content\/uploads\/2026\/04\/WhatsApp-Image-2026-04-02-at-6.52.07-PM-1-768x1024.jpeg\" alt=\"\" class=\"wp-image-3382\" srcset=\"https:\/\/principedeasturiasvaldivia.cl\/Colegio\/wp-content\/uploads\/2026\/04\/WhatsApp-Image-2026-04-02-at-6.52.07-PM-1-768x1024.jpeg 768w, https:\/\/principedeasturiasvaldivia.cl\/Colegio\/wp-content\/uploads\/2026\/04\/WhatsApp-Image-2026-04-02-at-6.52.07-PM-1-225x300.jpeg 225w, https:\/\/principedeasturiasvaldivia.cl\/Colegio\/wp-content\/uploads\/2026\/04\/WhatsApp-Image-2026-04-02-at-6.52.07-PM-1-1152x1536.jpeg 1152w, https:\/\/principedeasturiasvaldivia.cl\/Colegio\/wp-content\/uploads\/2026\/04\/WhatsApp-Image-2026-04-02-at-6.52.07-PM-1-203x270.jpeg 203w, https:\/\/principedeasturiasvaldivia.cl\/Colegio\/wp-content\/uploads\/2026\/04\/WhatsApp-Image-2026-04-02-at-6.52.07-PM-1-600x800.jpeg 600w, https:\/\/principedeasturiasvaldivia.cl\/Colegio\/wp-content\/uploads\/2026\/04\/WhatsApp-Image-2026-04-02-at-6.52.07-PM-1.jpeg 1200w\" sizes=\"auto, (max-width: 768px) 100vw, 768px\" \/><\/figure>\n\n\n\n<figure class=\"wp-block-image size-large\"><img loading=\"lazy\" decoding=\"async\" width=\"1024\" height=\"768\" data-id=\"3381\" src=\"https:\/\/principedeasturiasvaldivia.cl\/Colegio\/wp-content\/uploads\/2026\/04\/WhatsApp-Image-2026-04-02-at-8.02.32-PM-1-1024x768.jpeg\" alt=\"\" class=\"wp-image-3381\" srcset=\"https:\/\/principedeasturiasvaldivia.cl\/Colegio\/wp-content\/uploads\/2026\/04\/WhatsApp-Image-2026-04-02-at-8.02.32-PM-1-1024x768.jpeg 1024w, https:\/\/principedeasturiasvaldivia.cl\/Colegio\/wp-content\/uploads\/2026\/04\/WhatsApp-Image-2026-04-02-at-8.02.32-PM-1-300x225.jpeg 300w, https:\/\/principedeasturiasvaldivia.cl\/Colegio\/wp-content\/uploads\/2026\/04\/WhatsApp-Image-2026-04-02-at-8.02.32-PM-1-768x576.jpeg 768w, https:\/\/principedeasturiasvaldivia.cl\/Colegio\/wp-content\/uploads\/2026\/04\/WhatsApp-Image-2026-04-02-at-8.02.32-PM-1-1536x1152.jpeg 1536w, https:\/\/principedeasturiasvaldivia.cl\/Colegio\/wp-content\/uploads\/2026\/04\/WhatsApp-Image-2026-04-02-at-8.02.32-PM-1-360x270.jpeg 360w, https:\/\/principedeasturiasvaldivia.cl\/Colegio\/wp-content\/uploads\/2026\/04\/WhatsApp-Image-2026-04-02-at-8.02.32-PM-1-600x450.jpeg 600w, https:\/\/principedeasturiasvaldivia.cl\/Colegio\/wp-content\/uploads\/2026\/04\/WhatsApp-Image-2026-04-02-at-8.02.32-PM-1.jpeg 1600w\" sizes=\"auto, (max-width: 1024px) 100vw, 1024px\" \/><\/figure>\n\n\n\n<figure class=\"wp-block-image size-large\"><img loading=\"lazy\" decoding=\"async\" width=\"768\" height=\"1024\" data-id=\"3379\" src=\"https:\/\/principedeasturiasvaldivia.cl\/Colegio\/wp-content\/uploads\/2026\/04\/WhatsApp-Image-2026-04-03-at-4.22.49-PM-1-768x1024.jpeg\" alt=\"\" class=\"wp-image-3379\" srcset=\"https:\/\/principedeasturiasvaldivia.cl\/Colegio\/wp-content\/uploads\/2026\/04\/WhatsApp-Image-2026-04-03-at-4.22.49-PM-1-768x1024.jpeg 768w, https:\/\/principedeasturiasvaldivia.cl\/Colegio\/wp-content\/uploads\/2026\/04\/WhatsApp-Image-2026-04-03-at-4.22.49-PM-1-225x300.jpeg 225w, https:\/\/principedeasturiasvaldivia.cl\/Colegio\/wp-content\/uploads\/2026\/04\/WhatsApp-Image-2026-04-03-at-4.22.49-PM-1-203x270.jpeg 203w, https:\/\/principedeasturiasvaldivia.cl\/Colegio\/wp-content\/uploads\/2026\/04\/WhatsApp-Image-2026-04-03-at-4.22.49-PM-1-600x800.jpeg 600w, https:\/\/principedeasturiasvaldivia.cl\/Colegio\/wp-content\/uploads\/2026\/04\/WhatsApp-Image-2026-04-03-at-4.22.49-PM-1.jpeg 1056w\" sizes=\"auto, (max-width: 768px) 100vw, 768px\" \/><\/figure>\n\n\n\n<figure class=\"wp-block-image size-large\"><img loading=\"lazy\" decoding=\"async\" width=\"768\" height=\"1024\" data-id=\"3380\" src=\"https:\/\/principedeasturiasvaldivia.cl\/Colegio\/wp-content\/uploads\/2026\/04\/WhatsApp-Image-2026-04-42-at-3.26.44-PM-1-768x1024.jpeg\" alt=\"\" class=\"wp-image-3380\" srcset=\"https:\/\/principedeasturiasvaldivia.cl\/Colegio\/wp-content\/uploads\/2026\/04\/WhatsApp-Image-2026-04-42-at-3.26.44-PM-1-768x1024.jpeg 768w, https:\/\/principedeasturiasvaldivia.cl\/Colegio\/wp-content\/uploads\/2026\/04\/WhatsApp-Image-2026-04-42-at-3.26.44-PM-1-225x300.jpeg 225w, https:\/\/principedeasturiasvaldivia.cl\/Colegio\/wp-content\/uploads\/2026\/04\/WhatsApp-Image-2026-04-42-at-3.26.44-PM-1-203x270.jpeg 203w, https:\/\/principedeasturiasvaldivia.cl\/Colegio\/wp-content\/uploads\/2026\/04\/WhatsApp-Image-2026-04-42-at-3.26.44-PM-1-600x800.jpeg 600w, https:\/\/principedeasturiasvaldivia.cl\/Colegio\/wp-content\/uploads\/2026\/04\/WhatsApp-Image-2026-04-42-at-3.26.44-PM-1.jpeg 960w\" sizes=\"auto, (max-width: 768px) 100vw, 768px\" \/><\/figure>\n<\/figure>\n<\/div>\n<\/div>\n\n\n\n<hr class=\"wp-block-separator has-alpha-channel-opacity\"\/>\n\n\n<div class=\"wp-block-image is-style-default\">\n<figure class=\"aligncenter size-large is-resized\"><img loading=\"lazy\" decoding=\"async\" width=\"1024\" height=\"768\" src=\"https:\/\/principedeasturiasvaldivia.cl\/Colegio\/wp-content\/uploads\/2026\/03\/2_PasosInscripcio\u0301nApoderado_1_page-0001-1-1024x768.jpg\" alt=\"\" class=\"wp-image-3338\" style=\"width:652px;height:auto\" srcset=\"https:\/\/principedeasturiasvaldivia.cl\/Colegio\/wp-content\/uploads\/2026\/03\/2_PasosInscripcio\u0301nApoderado_1_page-0001-1-1024x768.jpg 1024w, https:\/\/principedeasturiasvaldivia.cl\/Colegio\/wp-content\/uploads\/2026\/03\/2_PasosInscripcio\u0301nApoderado_1_page-0001-1-300x225.jpg 300w, https:\/\/principedeasturiasvaldivia.cl\/Colegio\/wp-content\/uploads\/2026\/03\/2_PasosInscripcio\u0301nApoderado_1_page-0001-1-768x576.jpg 768w, https:\/\/principedeasturiasvaldivia.cl\/Colegio\/wp-content\/uploads\/2026\/03\/2_PasosInscripcio\u0301nApoderado_1_page-0001-1-360x270.jpg 360w, https:\/\/principedeasturiasvaldivia.cl\/Colegio\/wp-content\/uploads\/2026\/03\/2_PasosInscripcio\u0301nApoderado_1_page-0001-1-600x450.jpg 600w, https:\/\/principedeasturiasvaldivia.cl\/Colegio\/wp-content\/uploads\/2026\/03\/2_PasosInscripcio\u0301nApoderado_1_page-0001-1.jpg 1500w\" sizes=\"auto, (max-width: 1024px) 100vw, 1024px\" \/><\/figure>\n<\/div>\n\n\n<figure class=\"wp-block-embed is-type-video is-provider-youtube wp-block-embed-youtube wp-embed-aspect-16-9 wp-has-aspect-ratio\"><div class=\"wp-block-embed__wrapper\">\n<iframe loading=\"lazy\"  id=\"_ytid_41036\"  width=\"847\" height=\"476\"  data-origwidth=\"847\" data-origheight=\"476\" src=\"https:\/\/www.youtube.com\/embed\/sTdjExSsTVQ?enablejsapi=1&#038;autoplay=0&#038;cc_load_policy=0&#038;cc_lang_pref=&#038;iv_load_policy=1&#038;loop=0&#038;rel=0&#038;fs=1&#038;playsinline=0&#038;autohide=2&#038;theme=dark&#038;color=red&#038;controls=1&#038;disablekb=0&#038;\" class=\"__youtube_prefs__  epyt-is-override  no-lazyload\" title=\"YouTube player\"  allow=\"fullscreen; accelerometer; autoplay; clipboard-write; encrypted-media; gyroscope; picture-in-picture; web-share\" referrerpolicy=\"strict-origin-when-cross-origin\" allowfullscreen data-no-lazy=\"1\" data-skipgform_ajax_framebjll=\"\"><\/iframe>\n<\/div><\/figure>\n\n\n\n<details class=\"wp-block-details is-layout-flow wp-block-details-is-layout-flow\"><summary>                                                             <strong>\u00a1Vuelven los Talleres Deportivos! \u26bd\ud83c\udfc0<\/strong><br>Invitamos a todos nuestros ni\u00f1os y ni\u00f1as a participar en nuestros talleres de <strong>Baby F\u00fatbol<\/strong> y <strong>B\u00e1squetbol<\/strong>, que dar\u00e1n inicio este <strong>viernes 20 de marzo<\/strong> y se realizar\u00e1n <strong>todos los viernes<\/strong> del a\u00f1o escolar.<br><br>Ven a divertirte, jugar con tus amigos y realizar actividad f\u00edsica en el gimnasio de nuestro instituto. A continuaci\u00f3n, detallamos los horarios por nivel:<\/summary>\n<p><\/p>\n<\/details>\n\n\n<div class=\"wp-block-image\">\n<figure class=\"aligncenter size-large\"><img loading=\"lazy\" decoding=\"async\" width=\"683\" height=\"1024\" src=\"https:\/\/principedeasturiasvaldivia.cl\/Colegio\/wp-content\/uploads\/2026\/03\/Actividad-deportiva-683x1024.jpeg\" alt=\"\" class=\"wp-image-3315\" srcset=\"https:\/\/principedeasturiasvaldivia.cl\/Colegio\/wp-content\/uploads\/2026\/03\/Actividad-deportiva-683x1024.jpeg 683w, https:\/\/principedeasturiasvaldivia.cl\/Colegio\/wp-content\/uploads\/2026\/03\/Actividad-deportiva-200x300.jpeg 200w, https:\/\/principedeasturiasvaldivia.cl\/Colegio\/wp-content\/uploads\/2026\/03\/Actividad-deportiva-768x1152.jpeg 768w, https:\/\/principedeasturiasvaldivia.cl\/Colegio\/wp-content\/uploads\/2026\/03\/Actividad-deportiva-180x270.jpeg 180w, https:\/\/principedeasturiasvaldivia.cl\/Colegio\/wp-content\/uploads\/2026\/03\/Actividad-deportiva-600x900.jpeg 600w, https:\/\/principedeasturiasvaldivia.cl\/Colegio\/wp-content\/uploads\/2026\/03\/Actividad-deportiva.jpeg 1024w\" sizes=\"auto, (max-width: 683px) 100vw, 683px\" \/><\/figure>\n<\/div>\n\n\n<div style=\"height:4px\" aria-hidden=\"true\" class=\"wp-block-spacer\"><\/div>\n\n\n\n<hr class=\"wp-block-separator has-alpha-channel-opacity\"\/>\n\n\n\n<h2 class=\"wp-block-heading\">\u2728 Inicio de A\u00f1o Escolar 2026 \u2728<\/h2>\n\n\n\n<p>Con mucha alegr\u00eda dimos la bienvenida a nuestros estudiantes en su primer d\u00eda de clases en el Colegio Pr\u00edncipe de Asturias.<\/p>\n\n\n\n<p>Fue una jornada llena de sonrisas, reencuentros, nuevos desaf\u00edos y mucha energ\u00eda para comenzar este nuevo a\u00f1o acad\u00e9mico. Cada sala volvi\u00f3 a llenarse de entusiasmo, compa\u00f1erismo y ganas de aprender.<\/p>\n\n\n\n<p>Agradecemos a las familias por acompa\u00f1arnos en este comienzo y confiar en nuestra comunidad educativa. Estamos seguros de que ser\u00e1 un a\u00f1o lleno de aprendizajes, crecimiento y grandes momentos para todos nuestros estudiantes.<\/p>\n\n\n\n<p>\ud83d\udcda \u00a1Bienvenidos al A\u00f1o Escolar 2026!<\/p>\n\n\n\n<figure class=\"wp-block-gallery has-nested-images columns-default is-cropped wp-block-gallery-3 is-layout-flex wp-block-gallery-is-layout-flex\">\n<figure class=\"wp-block-image size-large\"><img loading=\"lazy\" decoding=\"async\" width=\"768\" height=\"1024\" data-id=\"3297\" src=\"https:\/\/principedeasturiasvaldivia.cl\/Colegio\/wp-content\/uploads\/2026\/03\/WhatsApp-Image-2026-03-06-at-8.36.34-AM-2-768x1024.jpeg\" alt=\"\" class=\"wp-image-3297\" srcset=\"https:\/\/principedeasturiasvaldivia.cl\/Colegio\/wp-content\/uploads\/2026\/03\/WhatsApp-Image-2026-03-06-at-8.36.34-AM-2-768x1024.jpeg 768w, https:\/\/principedeasturiasvaldivia.cl\/Colegio\/wp-content\/uploads\/2026\/03\/WhatsApp-Image-2026-03-06-at-8.36.34-AM-2-225x300.jpeg 225w, https:\/\/principedeasturiasvaldivia.cl\/Colegio\/wp-content\/uploads\/2026\/03\/WhatsApp-Image-2026-03-06-at-8.36.34-AM-2-1152x1536.jpeg 1152w, https:\/\/principedeasturiasvaldivia.cl\/Colegio\/wp-content\/uploads\/2026\/03\/WhatsApp-Image-2026-03-06-at-8.36.34-AM-2-203x270.jpeg 203w, https:\/\/principedeasturiasvaldivia.cl\/Colegio\/wp-content\/uploads\/2026\/03\/WhatsApp-Image-2026-03-06-at-8.36.34-AM-2-600x800.jpeg 600w, https:\/\/principedeasturiasvaldivia.cl\/Colegio\/wp-content\/uploads\/2026\/03\/WhatsApp-Image-2026-03-06-at-8.36.34-AM-2.jpeg 1200w\" sizes=\"auto, (max-width: 768px) 100vw, 768px\" \/><\/figure>\n\n\n\n<figure class=\"wp-block-image size-large\"><img loading=\"lazy\" decoding=\"async\" width=\"578\" height=\"1024\" data-id=\"3291\" src=\"https:\/\/principedeasturiasvaldivia.cl\/Colegio\/wp-content\/uploads\/2026\/03\/WhatsApp-Image-2026-03-05-at-9.57.05-AM-2-578x1024.jpeg\" alt=\"\" class=\"wp-image-3291\" srcset=\"https:\/\/principedeasturiasvaldivia.cl\/Colegio\/wp-content\/uploads\/2026\/03\/WhatsApp-Image-2026-03-05-at-9.57.05-AM-2-578x1024.jpeg 578w, https:\/\/principedeasturiasvaldivia.cl\/Colegio\/wp-content\/uploads\/2026\/03\/WhatsApp-Image-2026-03-05-at-9.57.05-AM-2-169x300.jpeg 169w, https:\/\/principedeasturiasvaldivia.cl\/Colegio\/wp-content\/uploads\/2026\/03\/WhatsApp-Image-2026-03-05-at-9.57.05-AM-2-152x270.jpeg 152w, https:\/\/principedeasturiasvaldivia.cl\/Colegio\/wp-content\/uploads\/2026\/03\/WhatsApp-Image-2026-03-05-at-9.57.05-AM-2-600x1064.jpeg 600w, https:\/\/principedeasturiasvaldivia.cl\/Colegio\/wp-content\/uploads\/2026\/03\/WhatsApp-Image-2026-03-05-at-9.57.05-AM-2.jpeg 722w\" sizes=\"auto, (max-width: 578px) 100vw, 578px\" \/><\/figure>\n\n\n\n<figure class=\"wp-block-image size-large\"><img loading=\"lazy\" decoding=\"async\" width=\"768\" height=\"1024\" data-id=\"3290\" src=\"https:\/\/principedeasturiasvaldivia.cl\/Colegio\/wp-content\/uploads\/2026\/03\/WhatsApp-Image-2026-03-05-at-9.57.06-AM-1-768x1024.jpeg\" alt=\"\" class=\"wp-image-3290\" srcset=\"https:\/\/principedeasturiasvaldivia.cl\/Colegio\/wp-content\/uploads\/2026\/03\/WhatsApp-Image-2026-03-05-at-9.57.06-AM-1-768x1024.jpeg 768w, https:\/\/principedeasturiasvaldivia.cl\/Colegio\/wp-content\/uploads\/2026\/03\/WhatsApp-Image-2026-03-05-at-9.57.06-AM-1-225x300.jpeg 225w, https:\/\/principedeasturiasvaldivia.cl\/Colegio\/wp-content\/uploads\/2026\/03\/WhatsApp-Image-2026-03-05-at-9.57.06-AM-1-203x270.jpeg 203w, https:\/\/principedeasturiasvaldivia.cl\/Colegio\/wp-content\/uploads\/2026\/03\/WhatsApp-Image-2026-03-05-at-9.57.06-AM-1-600x800.jpeg 600w, https:\/\/principedeasturiasvaldivia.cl\/Colegio\/wp-content\/uploads\/2026\/03\/WhatsApp-Image-2026-03-05-at-9.57.06-AM-1.jpeg 960w\" sizes=\"auto, (max-width: 768px) 100vw, 768px\" \/><\/figure>\n\n\n\n<figure class=\"wp-block-image size-large\"><img loading=\"lazy\" decoding=\"async\" width=\"1024\" height=\"576\" data-id=\"3292\" src=\"https:\/\/principedeasturiasvaldivia.cl\/Colegio\/wp-content\/uploads\/2026\/03\/WhatsApp-Image-2026-03-05-at-10.12.29-AM-1-1024x576.jpeg\" alt=\"\" class=\"wp-image-3292\" srcset=\"https:\/\/principedeasturiasvaldivia.cl\/Colegio\/wp-content\/uploads\/2026\/03\/WhatsApp-Image-2026-03-05-at-10.12.29-AM-1-1024x576.jpeg 1024w, https:\/\/principedeasturiasvaldivia.cl\/Colegio\/wp-content\/uploads\/2026\/03\/WhatsApp-Image-2026-03-05-at-10.12.29-AM-1-300x169.jpeg 300w, https:\/\/principedeasturiasvaldivia.cl\/Colegio\/wp-content\/uploads\/2026\/03\/WhatsApp-Image-2026-03-05-at-10.12.29-AM-1-768x432.jpeg 768w, https:\/\/principedeasturiasvaldivia.cl\/Colegio\/wp-content\/uploads\/2026\/03\/WhatsApp-Image-2026-03-05-at-10.12.29-AM-1-1536x864.jpeg 1536w, https:\/\/principedeasturiasvaldivia.cl\/Colegio\/wp-content\/uploads\/2026\/03\/WhatsApp-Image-2026-03-05-at-10.12.29-AM-1-360x203.jpeg 360w, https:\/\/principedeasturiasvaldivia.cl\/Colegio\/wp-content\/uploads\/2026\/03\/WhatsApp-Image-2026-03-05-at-10.12.29-AM-1-600x338.jpeg 600w, https:\/\/principedeasturiasvaldivia.cl\/Colegio\/wp-content\/uploads\/2026\/03\/WhatsApp-Image-2026-03-05-at-10.12.29-AM-1.jpeg 1600w\" sizes=\"auto, (max-width: 1024px) 100vw, 1024px\" \/><\/figure>\n\n\n\n<figure class=\"wp-block-image size-large\"><img loading=\"lazy\" decoding=\"async\" width=\"1024\" height=\"768\" data-id=\"3293\" src=\"https:\/\/principedeasturiasvaldivia.cl\/Colegio\/wp-content\/uploads\/2026\/03\/WhatsApp-Image-2026-03-06-at-7.36.33-AM-1-1024x768.jpeg\" alt=\"\" class=\"wp-image-3293\" srcset=\"https:\/\/principedeasturiasvaldivia.cl\/Colegio\/wp-content\/uploads\/2026\/03\/WhatsApp-Image-2026-03-06-at-7.36.33-AM-1-1024x768.jpeg 1024w, https:\/\/principedeasturiasvaldivia.cl\/Colegio\/wp-content\/uploads\/2026\/03\/WhatsApp-Image-2026-03-06-at-7.36.33-AM-1-300x225.jpeg 300w, https:\/\/principedeasturiasvaldivia.cl\/Colegio\/wp-content\/uploads\/2026\/03\/WhatsApp-Image-2026-03-06-at-7.36.33-AM-1-768x576.jpeg 768w, https:\/\/principedeasturiasvaldivia.cl\/Colegio\/wp-content\/uploads\/2026\/03\/WhatsApp-Image-2026-03-06-at-7.36.33-AM-1-1536x1152.jpeg 1536w, https:\/\/principedeasturiasvaldivia.cl\/Colegio\/wp-content\/uploads\/2026\/03\/WhatsApp-Image-2026-03-06-at-7.36.33-AM-1-360x270.jpeg 360w, https:\/\/principedeasturiasvaldivia.cl\/Colegio\/wp-content\/uploads\/2026\/03\/WhatsApp-Image-2026-03-06-at-7.36.33-AM-1-600x450.jpeg 600w, https:\/\/principedeasturiasvaldivia.cl\/Colegio\/wp-content\/uploads\/2026\/03\/WhatsApp-Image-2026-03-06-at-7.36.33-AM-1.jpeg 1600w\" sizes=\"auto, (max-width: 1024px) 100vw, 1024px\" \/><\/figure>\n\n\n\n<figure class=\"wp-block-image size-large\"><img loading=\"lazy\" decoding=\"async\" width=\"768\" height=\"1024\" data-id=\"3295\" src=\"https:\/\/principedeasturiasvaldivia.cl\/Colegio\/wp-content\/uploads\/2026\/03\/WhatsApp-Image-2026-03-06-at-7.36.34-AM-1-768x1024.jpeg\" alt=\"\" class=\"wp-image-3295\" srcset=\"https:\/\/principedeasturiasvaldivia.cl\/Colegio\/wp-content\/uploads\/2026\/03\/WhatsApp-Image-2026-03-06-at-7.36.34-AM-1-768x1024.jpeg 768w, https:\/\/principedeasturiasvaldivia.cl\/Colegio\/wp-content\/uploads\/2026\/03\/WhatsApp-Image-2026-03-06-at-7.36.34-AM-1-225x300.jpeg 225w, https:\/\/principedeasturiasvaldivia.cl\/Colegio\/wp-content\/uploads\/2026\/03\/WhatsApp-Image-2026-03-06-at-7.36.34-AM-1-1152x1536.jpeg 1152w, https:\/\/principedeasturiasvaldivia.cl\/Colegio\/wp-content\/uploads\/2026\/03\/WhatsApp-Image-2026-03-06-at-7.36.34-AM-1-203x270.jpeg 203w, https:\/\/principedeasturiasvaldivia.cl\/Colegio\/wp-content\/uploads\/2026\/03\/WhatsApp-Image-2026-03-06-at-7.36.34-AM-1-600x800.jpeg 600w, https:\/\/principedeasturiasvaldivia.cl\/Colegio\/wp-content\/uploads\/2026\/03\/WhatsApp-Image-2026-03-06-at-7.36.34-AM-1.jpeg 1200w\" sizes=\"auto, (max-width: 768px) 100vw, 768px\" \/><\/figure>\n\n\n\n<figure class=\"wp-block-image size-large\"><img loading=\"lazy\" decoding=\"async\" width=\"1024\" height=\"768\" data-id=\"3298\" src=\"https:\/\/principedeasturiasvaldivia.cl\/Colegio\/wp-content\/uploads\/2026\/03\/WhatsApp-Image-2026-03-05-at-10.10.39-AM-2-1024x768.jpeg\" alt=\"\" class=\"wp-image-3298\" srcset=\"https:\/\/principedeasturiasvaldivia.cl\/Colegio\/wp-content\/uploads\/2026\/03\/WhatsApp-Image-2026-03-05-at-10.10.39-AM-2-1024x768.jpeg 1024w, https:\/\/principedeasturiasvaldivia.cl\/Colegio\/wp-content\/uploads\/2026\/03\/WhatsApp-Image-2026-03-05-at-10.10.39-AM-2-300x225.jpeg 300w, https:\/\/principedeasturiasvaldivia.cl\/Colegio\/wp-content\/uploads\/2026\/03\/WhatsApp-Image-2026-03-05-at-10.10.39-AM-2-768x576.jpeg 768w, https:\/\/principedeasturiasvaldivia.cl\/Colegio\/wp-content\/uploads\/2026\/03\/WhatsApp-Image-2026-03-05-at-10.10.39-AM-2-360x270.jpeg 360w, https:\/\/principedeasturiasvaldivia.cl\/Colegio\/wp-content\/uploads\/2026\/03\/WhatsApp-Image-2026-03-05-at-10.10.39-AM-2-600x450.jpeg 600w, https:\/\/principedeasturiasvaldivia.cl\/Colegio\/wp-content\/uploads\/2026\/03\/WhatsApp-Image-2026-03-05-at-10.10.39-AM-2.jpeg 1200w\" sizes=\"auto, (max-width: 1024px) 100vw, 1024px\" \/><\/figure>\n\n\n\n<figure class=\"wp-block-image size-large\"><img loading=\"lazy\" decoding=\"async\" width=\"903\" height=\"722\" data-id=\"3309\" src=\"https:\/\/principedeasturiasvaldivia.cl\/Colegio\/wp-content\/uploads\/2026\/03\/e-2026-03-05-at-10.22.19-AM-2.jpeg\" alt=\"\" class=\"wp-image-3309\" srcset=\"https:\/\/principedeasturiasvaldivia.cl\/Colegio\/wp-content\/uploads\/2026\/03\/e-2026-03-05-at-10.22.19-AM-2.jpeg 903w, https:\/\/principedeasturiasvaldivia.cl\/Colegio\/wp-content\/uploads\/2026\/03\/e-2026-03-05-at-10.22.19-AM-2-300x240.jpeg 300w, https:\/\/principedeasturiasvaldivia.cl\/Colegio\/wp-content\/uploads\/2026\/03\/e-2026-03-05-at-10.22.19-AM-2-768x614.jpeg 768w, https:\/\/principedeasturiasvaldivia.cl\/Colegio\/wp-content\/uploads\/2026\/03\/e-2026-03-05-at-10.22.19-AM-2-338x270.jpeg 338w, https:\/\/principedeasturiasvaldivia.cl\/Colegio\/wp-content\/uploads\/2026\/03\/e-2026-03-05-at-10.22.19-AM-2-600x480.jpeg 600w\" sizes=\"auto, (max-width: 903px) 100vw, 903px\" \/><\/figure>\n\n\n\n<figure class=\"wp-block-image size-full\"><img loading=\"lazy\" decoding=\"async\" width=\"903\" height=\"645\" data-id=\"3312\" src=\"https:\/\/principedeasturiasvaldivia.cl\/Colegio\/wp-content\/uploads\/2026\/03\/WhatsApp-Image-2026-03-06-at-10.22.19-AM-2.jpeg\" alt=\"\" class=\"wp-image-3312\" srcset=\"https:\/\/principedeasturiasvaldivia.cl\/Colegio\/wp-content\/uploads\/2026\/03\/WhatsApp-Image-2026-03-06-at-10.22.19-AM-2.jpeg 903w, https:\/\/principedeasturiasvaldivia.cl\/Colegio\/wp-content\/uploads\/2026\/03\/WhatsApp-Image-2026-03-06-at-10.22.19-AM-2-300x214.jpeg 300w, https:\/\/principedeasturiasvaldivia.cl\/Colegio\/wp-content\/uploads\/2026\/03\/WhatsApp-Image-2026-03-06-at-10.22.19-AM-2-768x549.jpeg 768w, https:\/\/principedeasturiasvaldivia.cl\/Colegio\/wp-content\/uploads\/2026\/03\/WhatsApp-Image-2026-03-06-at-10.22.19-AM-2-360x257.jpeg 360w, https:\/\/principedeasturiasvaldivia.cl\/Colegio\/wp-content\/uploads\/2026\/03\/WhatsApp-Image-2026-03-06-at-10.22.19-AM-2-600x429.jpeg 600w\" sizes=\"auto, (max-width: 903px) 100vw, 903px\" \/><\/figure>\n<\/figure>\n\n\n\n<hr class=\"wp-block-separator has-alpha-channel-opacity\"\/>\n\n\n\n<div style=\"height:14px\" aria-hidden=\"true\" class=\"wp-block-spacer\"><\/div>\n\n\n\n<figure class=\"wp-block-gallery has-nested-images columns-default is-cropped wp-block-gallery-4 is-layout-flex wp-block-gallery-is-layout-flex\">\n<figure class=\"wp-block-image size-large\"><img loading=\"lazy\" decoding=\"async\" width=\"819\" height=\"1024\" data-id=\"3212\" src=\"https:\/\/principedeasturiasvaldivia.cl\/Colegio\/wp-content\/uploads\/2026\/02\/WhatsApp-Image-2026-02-27-at-9.41.50-AM-1-819x1024.jpeg\" alt=\"\" class=\"wp-image-3212\" srcset=\"https:\/\/principedeasturiasvaldivia.cl\/Colegio\/wp-content\/uploads\/2026\/02\/WhatsApp-Image-2026-02-27-at-9.41.50-AM-1-819x1024.jpeg 819w, https:\/\/principedeasturiasvaldivia.cl\/Colegio\/wp-content\/uploads\/2026\/02\/WhatsApp-Image-2026-02-27-at-9.41.50-AM-1-240x300.jpeg 240w, https:\/\/principedeasturiasvaldivia.cl\/Colegio\/wp-content\/uploads\/2026\/02\/WhatsApp-Image-2026-02-27-at-9.41.50-AM-1-768x960.jpeg 768w, https:\/\/principedeasturiasvaldivia.cl\/Colegio\/wp-content\/uploads\/2026\/02\/WhatsApp-Image-2026-02-27-at-9.41.50-AM-1-216x270.jpeg 216w, https:\/\/principedeasturiasvaldivia.cl\/Colegio\/wp-content\/uploads\/2026\/02\/WhatsApp-Image-2026-02-27-at-9.41.50-AM-1-600x750.jpeg 600w, https:\/\/principedeasturiasvaldivia.cl\/Colegio\/wp-content\/uploads\/2026\/02\/WhatsApp-Image-2026-02-27-at-9.41.50-AM-1.jpeg 1080w\" sizes=\"auto, (max-width: 819px) 100vw, 819px\" \/><\/figure>\n\n\n\n<figure class=\"wp-block-image size-large\"><img loading=\"lazy\" decoding=\"async\" width=\"819\" height=\"1024\" data-id=\"3214\" src=\"https:\/\/principedeasturiasvaldivia.cl\/Colegio\/wp-content\/uploads\/2026\/02\/WhatsApp-Image-2026-02-27-at-9.41.50-AM-2-819x1024.jpeg\" alt=\"\" class=\"wp-image-3214\" srcset=\"https:\/\/principedeasturiasvaldivia.cl\/Colegio\/wp-content\/uploads\/2026\/02\/WhatsApp-Image-2026-02-27-at-9.41.50-AM-2-819x1024.jpeg 819w, https:\/\/principedeasturiasvaldivia.cl\/Colegio\/wp-content\/uploads\/2026\/02\/WhatsApp-Image-2026-02-27-at-9.41.50-AM-2-240x300.jpeg 240w, https:\/\/principedeasturiasvaldivia.cl\/Colegio\/wp-content\/uploads\/2026\/02\/WhatsApp-Image-2026-02-27-at-9.41.50-AM-2-768x960.jpeg 768w, https:\/\/principedeasturiasvaldivia.cl\/Colegio\/wp-content\/uploads\/2026\/02\/WhatsApp-Image-2026-02-27-at-9.41.50-AM-2-216x270.jpeg 216w, https:\/\/principedeasturiasvaldivia.cl\/Colegio\/wp-content\/uploads\/2026\/02\/WhatsApp-Image-2026-02-27-at-9.41.50-AM-2-600x750.jpeg 600w, https:\/\/principedeasturiasvaldivia.cl\/Colegio\/wp-content\/uploads\/2026\/02\/WhatsApp-Image-2026-02-27-at-9.41.50-AM-2.jpeg 1080w\" sizes=\"auto, (max-width: 819px) 100vw, 819px\" \/><\/figure>\n\n\n\n<figure class=\"wp-block-image size-large\"><img loading=\"lazy\" decoding=\"async\" width=\"819\" height=\"1024\" data-id=\"3210\" src=\"https:\/\/principedeasturiasvaldivia.cl\/Colegio\/wp-content\/uploads\/2026\/02\/WhatsApp-Image-2026-02-27-at-9.41.51-AM-1-819x1024.jpeg\" alt=\"\" class=\"wp-image-3210\" srcset=\"https:\/\/principedeasturiasvaldivia.cl\/Colegio\/wp-content\/uploads\/2026\/02\/WhatsApp-Image-2026-02-27-at-9.41.51-AM-1-819x1024.jpeg 819w, https:\/\/principedeasturiasvaldivia.cl\/Colegio\/wp-content\/uploads\/2026\/02\/WhatsApp-Image-2026-02-27-at-9.41.51-AM-1-240x300.jpeg 240w, https:\/\/principedeasturiasvaldivia.cl\/Colegio\/wp-content\/uploads\/2026\/02\/WhatsApp-Image-2026-02-27-at-9.41.51-AM-1-768x960.jpeg 768w, https:\/\/principedeasturiasvaldivia.cl\/Colegio\/wp-content\/uploads\/2026\/02\/WhatsApp-Image-2026-02-27-at-9.41.51-AM-1-216x270.jpeg 216w, https:\/\/principedeasturiasvaldivia.cl\/Colegio\/wp-content\/uploads\/2026\/02\/WhatsApp-Image-2026-02-27-at-9.41.51-AM-1-600x750.jpeg 600w, https:\/\/principedeasturiasvaldivia.cl\/Colegio\/wp-content\/uploads\/2026\/02\/WhatsApp-Image-2026-02-27-at-9.41.51-AM-1.jpeg 1080w\" sizes=\"auto, (max-width: 819px) 100vw, 819px\" \/><\/figure>\n\n\n\n<figure class=\"wp-block-image size-large\"><img loading=\"lazy\" decoding=\"async\" width=\"819\" height=\"1024\" data-id=\"3208\" src=\"https:\/\/principedeasturiasvaldivia.cl\/Colegio\/wp-content\/uploads\/2026\/02\/WhatsApp-Image-2026-02-27-at-9.41.51-AM-2-819x1024.jpeg\" alt=\"\" class=\"wp-image-3208\" srcset=\"https:\/\/principedeasturiasvaldivia.cl\/Colegio\/wp-content\/uploads\/2026\/02\/WhatsApp-Image-2026-02-27-at-9.41.51-AM-2-819x1024.jpeg 819w, https:\/\/principedeasturiasvaldivia.cl\/Colegio\/wp-content\/uploads\/2026\/02\/WhatsApp-Image-2026-02-27-at-9.41.51-AM-2-240x300.jpeg 240w, https:\/\/principedeasturiasvaldivia.cl\/Colegio\/wp-content\/uploads\/2026\/02\/WhatsApp-Image-2026-02-27-at-9.41.51-AM-2-768x960.jpeg 768w, https:\/\/principedeasturiasvaldivia.cl\/Colegio\/wp-content\/uploads\/2026\/02\/WhatsApp-Image-2026-02-27-at-9.41.51-AM-2-216x270.jpeg 216w, https:\/\/principedeasturiasvaldivia.cl\/Colegio\/wp-content\/uploads\/2026\/02\/WhatsApp-Image-2026-02-27-at-9.41.51-AM-2-600x750.jpeg 600w, https:\/\/principedeasturiasvaldivia.cl\/Colegio\/wp-content\/uploads\/2026\/02\/WhatsApp-Image-2026-02-27-at-9.41.51-AM-2.jpeg 1080w\" sizes=\"auto, (max-width: 819px) 100vw, 819px\" \/><\/figure>\n\n\n\n<figure class=\"wp-block-image size-large\"><img loading=\"lazy\" decoding=\"async\" width=\"819\" height=\"1024\" data-id=\"3213\" src=\"https:\/\/principedeasturiasvaldivia.cl\/Colegio\/wp-content\/uploads\/2026\/02\/WhatsApp-Image-2026-02-27-at-9.41.51-AM-3-819x1024.jpeg\" alt=\"\" class=\"wp-image-3213\" srcset=\"https:\/\/principedeasturiasvaldivia.cl\/Colegio\/wp-content\/uploads\/2026\/02\/WhatsApp-Image-2026-02-27-at-9.41.51-AM-3-819x1024.jpeg 819w, https:\/\/principedeasturiasvaldivia.cl\/Colegio\/wp-content\/uploads\/2026\/02\/WhatsApp-Image-2026-02-27-at-9.41.51-AM-3-240x300.jpeg 240w, https:\/\/principedeasturiasvaldivia.cl\/Colegio\/wp-content\/uploads\/2026\/02\/WhatsApp-Image-2026-02-27-at-9.41.51-AM-3-768x960.jpeg 768w, https:\/\/principedeasturiasvaldivia.cl\/Colegio\/wp-content\/uploads\/2026\/02\/WhatsApp-Image-2026-02-27-at-9.41.51-AM-3-216x270.jpeg 216w, https:\/\/principedeasturiasvaldivia.cl\/Colegio\/wp-content\/uploads\/2026\/02\/WhatsApp-Image-2026-02-27-at-9.41.51-AM-3-600x750.jpeg 600w, https:\/\/principedeasturiasvaldivia.cl\/Colegio\/wp-content\/uploads\/2026\/02\/WhatsApp-Image-2026-02-27-at-9.41.51-AM-3.jpeg 1080w\" sizes=\"auto, (max-width: 819px) 100vw, 819px\" \/><\/figure>\n\n\n\n<figure class=\"wp-block-image size-large\"><img loading=\"lazy\" decoding=\"async\" width=\"819\" height=\"1024\" data-id=\"3211\" src=\"https:\/\/principedeasturiasvaldivia.cl\/Colegio\/wp-content\/uploads\/2026\/02\/WhatsApp-Image-2026-02-27-at-9.41.51-AM-819x1024.jpeg\" alt=\"\" class=\"wp-image-3211\" srcset=\"https:\/\/principedeasturiasvaldivia.cl\/Colegio\/wp-content\/uploads\/2026\/02\/WhatsApp-Image-2026-02-27-at-9.41.51-AM-819x1024.jpeg 819w, https:\/\/principedeasturiasvaldivia.cl\/Colegio\/wp-content\/uploads\/2026\/02\/WhatsApp-Image-2026-02-27-at-9.41.51-AM-240x300.jpeg 240w, https:\/\/principedeasturiasvaldivia.cl\/Colegio\/wp-content\/uploads\/2026\/02\/WhatsApp-Image-2026-02-27-at-9.41.51-AM-768x960.jpeg 768w, https:\/\/principedeasturiasvaldivia.cl\/Colegio\/wp-content\/uploads\/2026\/02\/WhatsApp-Image-2026-02-27-at-9.41.51-AM-216x270.jpeg 216w, https:\/\/principedeasturiasvaldivia.cl\/Colegio\/wp-content\/uploads\/2026\/02\/WhatsApp-Image-2026-02-27-at-9.41.51-AM-600x750.jpeg 600w, https:\/\/principedeasturiasvaldivia.cl\/Colegio\/wp-content\/uploads\/2026\/02\/WhatsApp-Image-2026-02-27-at-9.41.51-AM.jpeg 1080w\" sizes=\"auto, (max-width: 819px) 100vw, 819px\" \/><\/figure>\n<\/figure>\n\n\n\n<div style=\"height:32px\" aria-hidden=\"true\" class=\"wp-block-spacer\"><\/div>\n\n\n\n<figure class=\"wp-block-gallery has-nested-images columns-default is-cropped wp-block-gallery-5 is-layout-flex wp-block-gallery-is-layout-flex\">\n<figure class=\"wp-block-image size-large\"><img loading=\"lazy\" decoding=\"async\" width=\"622\" height=\"1024\" data-id=\"3228\" src=\"https:\/\/principedeasturiasvaldivia.cl\/Colegio\/wp-content\/uploads\/2026\/03\/circular-01-financiamiento-compartido-colegio-2026-1_page-0001-622x1024.jpg\" alt=\"\" class=\"wp-image-3228\" srcset=\"https:\/\/principedeasturiasvaldivia.cl\/Colegio\/wp-content\/uploads\/2026\/03\/circular-01-financiamiento-compartido-colegio-2026-1_page-0001-622x1024.jpg 622w, https:\/\/principedeasturiasvaldivia.cl\/Colegio\/wp-content\/uploads\/2026\/03\/circular-01-financiamiento-compartido-colegio-2026-1_page-0001-182x300.jpg 182w, https:\/\/principedeasturiasvaldivia.cl\/Colegio\/wp-content\/uploads\/2026\/03\/circular-01-financiamiento-compartido-colegio-2026-1_page-0001-768x1265.jpg 768w, https:\/\/principedeasturiasvaldivia.cl\/Colegio\/wp-content\/uploads\/2026\/03\/circular-01-financiamiento-compartido-colegio-2026-1_page-0001-933x1536.jpg 933w, https:\/\/principedeasturiasvaldivia.cl\/Colegio\/wp-content\/uploads\/2026\/03\/circular-01-financiamiento-compartido-colegio-2026-1_page-0001-1244x2048.jpg 1244w, https:\/\/principedeasturiasvaldivia.cl\/Colegio\/wp-content\/uploads\/2026\/03\/circular-01-financiamiento-compartido-colegio-2026-1_page-0001-164x270.jpg 164w, https:\/\/principedeasturiasvaldivia.cl\/Colegio\/wp-content\/uploads\/2026\/03\/circular-01-financiamiento-compartido-colegio-2026-1_page-0001-600x988.jpg 600w, https:\/\/principedeasturiasvaldivia.cl\/Colegio\/wp-content\/uploads\/2026\/03\/circular-01-financiamiento-compartido-colegio-2026-1_page-0001.jpg 1276w\" sizes=\"auto, (max-width: 622px) 100vw, 622px\" \/><\/figure>\n\n\n\n<figure class=\"wp-block-image size-large\"><img loading=\"lazy\" decoding=\"async\" width=\"576\" height=\"1024\" data-id=\"3227\" src=\"https:\/\/principedeasturiasvaldivia.cl\/Colegio\/wp-content\/uploads\/2026\/03\/WhatsApp-Image-2026-03-10-at-10.32.21-AM-3-576x1024.jpeg\" alt=\"\" class=\"wp-image-3227\" srcset=\"https:\/\/principedeasturiasvaldivia.cl\/Colegio\/wp-content\/uploads\/2026\/03\/WhatsApp-Image-2026-03-10-at-10.32.21-AM-3-576x1024.jpeg 576w, https:\/\/principedeasturiasvaldivia.cl\/Colegio\/wp-content\/uploads\/2026\/03\/WhatsApp-Image-2026-03-10-at-10.32.21-AM-3-169x300.jpeg 169w, https:\/\/principedeasturiasvaldivia.cl\/Colegio\/wp-content\/uploads\/2026\/03\/WhatsApp-Image-2026-03-10-at-10.32.21-AM-3-768x1365.jpeg 768w, https:\/\/principedeasturiasvaldivia.cl\/Colegio\/wp-content\/uploads\/2026\/03\/WhatsApp-Image-2026-03-10-at-10.32.21-AM-3-864x1536.jpeg 864w, https:\/\/principedeasturiasvaldivia.cl\/Colegio\/wp-content\/uploads\/2026\/03\/WhatsApp-Image-2026-03-10-at-10.32.21-AM-3-152x270.jpeg 152w, https:\/\/principedeasturiasvaldivia.cl\/Colegio\/wp-content\/uploads\/2026\/03\/WhatsApp-Image-2026-03-10-at-10.32.21-AM-3-600x1067.jpeg 600w, https:\/\/principedeasturiasvaldivia.cl\/Colegio\/wp-content\/uploads\/2026\/03\/WhatsApp-Image-2026-03-10-at-10.32.21-AM-3.jpeg 900w\" sizes=\"auto, (max-width: 576px) 100vw, 576px\" \/><\/figure>\n<\/figure>\n\n\n<div class=\"wp-block-image\">\n<figure class=\"aligncenter size-full is-resized\"><img loading=\"lazy\" decoding=\"async\" width=\"900\" height=\"1600\" src=\"https:\/\/principedeasturiasvaldivia.cl\/Colegio\/wp-content\/uploads\/2026\/03\/WhatsApp-Image-2026-03-02-at-09.53.33.jpeg\" alt=\"\" class=\"wp-image-3217\" style=\"width:467px;height:auto\" srcset=\"https:\/\/principedeasturiasvaldivia.cl\/Colegio\/wp-content\/uploads\/2026\/03\/WhatsApp-Image-2026-03-02-at-09.53.33.jpeg 900w, https:\/\/principedeasturiasvaldivia.cl\/Colegio\/wp-content\/uploads\/2026\/03\/WhatsApp-Image-2026-03-02-at-09.53.33-169x300.jpeg 169w, https:\/\/principedeasturiasvaldivia.cl\/Colegio\/wp-content\/uploads\/2026\/03\/WhatsApp-Image-2026-03-02-at-09.53.33-576x1024.jpeg 576w, https:\/\/principedeasturiasvaldivia.cl\/Colegio\/wp-content\/uploads\/2026\/03\/WhatsApp-Image-2026-03-02-at-09.53.33-768x1365.jpeg 768w, https:\/\/principedeasturiasvaldivia.cl\/Colegio\/wp-content\/uploads\/2026\/03\/WhatsApp-Image-2026-03-02-at-09.53.33-864x1536.jpeg 864w, https:\/\/principedeasturiasvaldivia.cl\/Colegio\/wp-content\/uploads\/2026\/03\/WhatsApp-Image-2026-03-02-at-09.53.33-152x270.jpeg 152w, https:\/\/principedeasturiasvaldivia.cl\/Colegio\/wp-content\/uploads\/2026\/03\/WhatsApp-Image-2026-03-02-at-09.53.33-600x1067.jpeg 600w\" sizes=\"auto, (max-width: 900px) 100vw, 900px\" \/><\/figure>\n<\/div>\n\n\n<div style=\"height:4px\" aria-hidden=\"true\" class=\"wp-block-spacer\"><\/div>\n\n\n<div class=\"wp-block-image\">\n<figure class=\"aligncenter size-large is-resized\"><img loading=\"lazy\" decoding=\"async\" width=\"724\" height=\"1024\" src=\"https:\/\/principedeasturiasvaldivia.cl\/Colegio\/wp-content\/uploads\/2026\/01\/Documento-A4-Comunicado-Importante-Corporativo-Azul-y-Blanco-2-724x1024.png\" alt=\"\" class=\"wp-image-3175\" style=\"width:547px;height:auto\" srcset=\"https:\/\/principedeasturiasvaldivia.cl\/Colegio\/wp-content\/uploads\/2026\/01\/Documento-A4-Comunicado-Importante-Corporativo-Azul-y-Blanco-2-724x1024.png 724w, https:\/\/principedeasturiasvaldivia.cl\/Colegio\/wp-content\/uploads\/2026\/01\/Documento-A4-Comunicado-Importante-Corporativo-Azul-y-Blanco-2-212x300.png 212w, https:\/\/principedeasturiasvaldivia.cl\/Colegio\/wp-content\/uploads\/2026\/01\/Documento-A4-Comunicado-Importante-Corporativo-Azul-y-Blanco-2-768x1086.png 768w, https:\/\/principedeasturiasvaldivia.cl\/Colegio\/wp-content\/uploads\/2026\/01\/Documento-A4-Comunicado-Importante-Corporativo-Azul-y-Blanco-2-1086x1536.png 1086w, https:\/\/principedeasturiasvaldivia.cl\/Colegio\/wp-content\/uploads\/2026\/01\/Documento-A4-Comunicado-Importante-Corporativo-Azul-y-Blanco-2-191x270.png 191w, https:\/\/principedeasturiasvaldivia.cl\/Colegio\/wp-content\/uploads\/2026\/01\/Documento-A4-Comunicado-Importante-Corporativo-Azul-y-Blanco-2-600x849.png 600w, https:\/\/principedeasturiasvaldivia.cl\/Colegio\/wp-content\/uploads\/2026\/01\/Documento-A4-Comunicado-Importante-Corporativo-Azul-y-Blanco-2.png 1414w\" sizes=\"auto, (max-width: 724px) 100vw, 724px\" \/><\/figure>\n<\/div>\n\n\n<hr class=\"wp-block-separator has-alpha-channel-opacity\"\/>\n\n\n\n<p class=\"has-text-align-center\"><strong>Hoy celebramos en nuestro colegio el premio al primer lugar en Atletismo <\/strong>\ud83e\udd47\ud83c\udfc3\u200d\u2642\ufe0f, obtenido por nuestro destacado estudiante David Zambrano \ud83c\udf89\ud83d\udc4f, esto no s\u00f3lo refleja el compromiso deportivo sino tambi\u00e9n la dedicaci\u00f3n, disciplina y esfuerzo constante que ha demostrado a lo largo de este a\u00f1o \ud83d\udcaa\ud83d\udcc5.<\/p>\n\n\n\n<p class=\"has-text-align-center\">Este reconocimiento nos llena de orgullo \ud83c\udfc6\ud83d\ude0a y reafirma el valor que nuestro colegio otorga al desarrollo integral de cada uno de sus alumnos \ud83c\udf93\ud83c\udf31.<\/p>\n\n\n\n<p class=\"has-text-align-center\">\u00a1Felicitaciones, David \ud83c\udf88\ud83e\udd73, y que este sea s\u00f3lo el comienzo de muchos m\u00e1s \u00e9xitos! \ud83c\udf1f\ud83d\ude80<\/p>\n\n\n\n<figure class=\"wp-block-gallery has-nested-images columns-3 is-cropped wp-block-gallery-6 is-layout-flex wp-block-gallery-is-layout-flex\">\n<figure class=\"wp-block-image size-large\"><img loading=\"lazy\" decoding=\"async\" width=\"1024\" height=\"768\" data-id=\"3102\" src=\"https:\/\/principedeasturiasvaldivia.cl\/Colegio\/wp-content\/uploads\/2025\/10\/WhatsApp-Image-2025-10-13-at-14.58.52-1-1-1024x768.jpeg\" alt=\"\" class=\"wp-image-3102\" srcset=\"https:\/\/principedeasturiasvaldivia.cl\/Colegio\/wp-content\/uploads\/2025\/10\/WhatsApp-Image-2025-10-13-at-14.58.52-1-1-1024x768.jpeg 1024w, https:\/\/principedeasturiasvaldivia.cl\/Colegio\/wp-content\/uploads\/2025\/10\/WhatsApp-Image-2025-10-13-at-14.58.52-1-1-300x225.jpeg 300w, https:\/\/principedeasturiasvaldivia.cl\/Colegio\/wp-content\/uploads\/2025\/10\/WhatsApp-Image-2025-10-13-at-14.58.52-1-1-768x576.jpeg 768w, https:\/\/principedeasturiasvaldivia.cl\/Colegio\/wp-content\/uploads\/2025\/10\/WhatsApp-Image-2025-10-13-at-14.58.52-1-1-1536x1152.jpeg 1536w, https:\/\/principedeasturiasvaldivia.cl\/Colegio\/wp-content\/uploads\/2025\/10\/WhatsApp-Image-2025-10-13-at-14.58.52-1-1-360x270.jpeg 360w, https:\/\/principedeasturiasvaldivia.cl\/Colegio\/wp-content\/uploads\/2025\/10\/WhatsApp-Image-2025-10-13-at-14.58.52-1-1-600x450.jpeg 600w, https:\/\/principedeasturiasvaldivia.cl\/Colegio\/wp-content\/uploads\/2025\/10\/WhatsApp-Image-2025-10-13-at-14.58.52-1-1.jpeg 1600w\" sizes=\"auto, (max-width: 1024px) 100vw, 1024px\" \/><\/figure>\n\n\n\n<figure class=\"wp-block-image size-large\"><img loading=\"lazy\" decoding=\"async\" width=\"1024\" height=\"768\" data-id=\"3100\" src=\"https:\/\/principedeasturiasvaldivia.cl\/Colegio\/wp-content\/uploads\/2025\/10\/WhatsApp-Image-2025-10-13-at-14.58.53-1024x768.jpeg\" alt=\"\" class=\"wp-image-3100\" srcset=\"https:\/\/principedeasturiasvaldivia.cl\/Colegio\/wp-content\/uploads\/2025\/10\/WhatsApp-Image-2025-10-13-at-14.58.53-1024x768.jpeg 1024w, https:\/\/principedeasturiasvaldivia.cl\/Colegio\/wp-content\/uploads\/2025\/10\/WhatsApp-Image-2025-10-13-at-14.58.53-300x225.jpeg 300w, https:\/\/principedeasturiasvaldivia.cl\/Colegio\/wp-content\/uploads\/2025\/10\/WhatsApp-Image-2025-10-13-at-14.58.53-768x576.jpeg 768w, https:\/\/principedeasturiasvaldivia.cl\/Colegio\/wp-content\/uploads\/2025\/10\/WhatsApp-Image-2025-10-13-at-14.58.53-1536x1152.jpeg 1536w, https:\/\/principedeasturiasvaldivia.cl\/Colegio\/wp-content\/uploads\/2025\/10\/WhatsApp-Image-2025-10-13-at-14.58.53-360x270.jpeg 360w, https:\/\/principedeasturiasvaldivia.cl\/Colegio\/wp-content\/uploads\/2025\/10\/WhatsApp-Image-2025-10-13-at-14.58.53-600x450.jpeg 600w, https:\/\/principedeasturiasvaldivia.cl\/Colegio\/wp-content\/uploads\/2025\/10\/WhatsApp-Image-2025-10-13-at-14.58.53.jpeg 1600w\" sizes=\"auto, (max-width: 1024px) 100vw, 1024px\" \/><\/figure>\n\n\n\n<figure class=\"wp-block-image size-large\"><img loading=\"lazy\" decoding=\"async\" width=\"768\" height=\"1024\" data-id=\"3103\" src=\"https:\/\/principedeasturiasvaldivia.cl\/Colegio\/wp-content\/uploads\/2025\/10\/WhatsApp-Image-2025-10-13-at-14.58.52-768x1024.jpeg\" alt=\"\" class=\"wp-image-3103\" srcset=\"https:\/\/principedeasturiasvaldivia.cl\/Colegio\/wp-content\/uploads\/2025\/10\/WhatsApp-Image-2025-10-13-at-14.58.52-768x1024.jpeg 768w, https:\/\/principedeasturiasvaldivia.cl\/Colegio\/wp-content\/uploads\/2025\/10\/WhatsApp-Image-2025-10-13-at-14.58.52-225x300.jpeg 225w, https:\/\/principedeasturiasvaldivia.cl\/Colegio\/wp-content\/uploads\/2025\/10\/WhatsApp-Image-2025-10-13-at-14.58.52-1152x1536.jpeg 1152w, https:\/\/principedeasturiasvaldivia.cl\/Colegio\/wp-content\/uploads\/2025\/10\/WhatsApp-Image-2025-10-13-at-14.58.52-203x270.jpeg 203w, https:\/\/principedeasturiasvaldivia.cl\/Colegio\/wp-content\/uploads\/2025\/10\/WhatsApp-Image-2025-10-13-at-14.58.52-600x800.jpeg 600w, https:\/\/principedeasturiasvaldivia.cl\/Colegio\/wp-content\/uploads\/2025\/10\/WhatsApp-Image-2025-10-13-at-14.58.52.jpeg 1200w\" sizes=\"auto, (max-width: 768px) 100vw, 768px\" \/><\/figure>\n\n\n\n<figure class=\"wp-block-image size-large\"><img loading=\"lazy\" decoding=\"async\" width=\"1024\" height=\"768\" data-id=\"3105\" src=\"https:\/\/principedeasturiasvaldivia.cl\/Colegio\/wp-content\/uploads\/2025\/10\/WhatsApp-Image-2025-10-13-at-14.58.53-2-1024x768.jpeg\" alt=\"\" class=\"wp-image-3105\" srcset=\"https:\/\/principedeasturiasvaldivia.cl\/Colegio\/wp-content\/uploads\/2025\/10\/WhatsApp-Image-2025-10-13-at-14.58.53-2-1024x768.jpeg 1024w, https:\/\/principedeasturiasvaldivia.cl\/Colegio\/wp-content\/uploads\/2025\/10\/WhatsApp-Image-2025-10-13-at-14.58.53-2-300x225.jpeg 300w, https:\/\/principedeasturiasvaldivia.cl\/Colegio\/wp-content\/uploads\/2025\/10\/WhatsApp-Image-2025-10-13-at-14.58.53-2-768x576.jpeg 768w, https:\/\/principedeasturiasvaldivia.cl\/Colegio\/wp-content\/uploads\/2025\/10\/WhatsApp-Image-2025-10-13-at-14.58.53-2-1536x1152.jpeg 1536w, https:\/\/principedeasturiasvaldivia.cl\/Colegio\/wp-content\/uploads\/2025\/10\/WhatsApp-Image-2025-10-13-at-14.58.53-2-360x270.jpeg 360w, https:\/\/principedeasturiasvaldivia.cl\/Colegio\/wp-content\/uploads\/2025\/10\/WhatsApp-Image-2025-10-13-at-14.58.53-2-600x450.jpeg 600w, https:\/\/principedeasturiasvaldivia.cl\/Colegio\/wp-content\/uploads\/2025\/10\/WhatsApp-Image-2025-10-13-at-14.58.53-2.jpeg 1600w\" sizes=\"auto, (max-width: 1024px) 100vw, 1024px\" \/><\/figure>\n\n\n\n<figure class=\"wp-block-image size-large\"><img loading=\"lazy\" decoding=\"async\" width=\"768\" height=\"1024\" data-id=\"3099\" src=\"https:\/\/principedeasturiasvaldivia.cl\/Colegio\/wp-content\/uploads\/2025\/10\/WhatsApp-Image-2025-10-13-at-14.58.53-3-768x1024.jpeg\" alt=\"\" class=\"wp-image-3099\" srcset=\"https:\/\/principedeasturiasvaldivia.cl\/Colegio\/wp-content\/uploads\/2025\/10\/WhatsApp-Image-2025-10-13-at-14.58.53-3-768x1024.jpeg 768w, https:\/\/principedeasturiasvaldivia.cl\/Colegio\/wp-content\/uploads\/2025\/10\/WhatsApp-Image-2025-10-13-at-14.58.53-3-225x300.jpeg 225w, https:\/\/principedeasturiasvaldivia.cl\/Colegio\/wp-content\/uploads\/2025\/10\/WhatsApp-Image-2025-10-13-at-14.58.53-3-1152x1536.jpeg 1152w, https:\/\/principedeasturiasvaldivia.cl\/Colegio\/wp-content\/uploads\/2025\/10\/WhatsApp-Image-2025-10-13-at-14.58.53-3-203x270.jpeg 203w, https:\/\/principedeasturiasvaldivia.cl\/Colegio\/wp-content\/uploads\/2025\/10\/WhatsApp-Image-2025-10-13-at-14.58.53-3-600x800.jpeg 600w, https:\/\/principedeasturiasvaldivia.cl\/Colegio\/wp-content\/uploads\/2025\/10\/WhatsApp-Image-2025-10-13-at-14.58.53-3.jpeg 1200w\" sizes=\"auto, (max-width: 768px) 100vw, 768px\" \/><\/figure>\n\n\n\n<figure class=\"wp-block-image size-large\"><img loading=\"lazy\" decoding=\"async\" width=\"768\" height=\"1024\" data-id=\"3106\" src=\"https:\/\/principedeasturiasvaldivia.cl\/Colegio\/wp-content\/uploads\/2025\/10\/WhatsApp-Image-2025-10-13-at-14.58.54-1-768x1024.jpeg\" alt=\"\" class=\"wp-image-3106\" srcset=\"https:\/\/principedeasturiasvaldivia.cl\/Colegio\/wp-content\/uploads\/2025\/10\/WhatsApp-Image-2025-10-13-at-14.58.54-1-768x1024.jpeg 768w, https:\/\/principedeasturiasvaldivia.cl\/Colegio\/wp-content\/uploads\/2025\/10\/WhatsApp-Image-2025-10-13-at-14.58.54-1-225x300.jpeg 225w, https:\/\/principedeasturiasvaldivia.cl\/Colegio\/wp-content\/uploads\/2025\/10\/WhatsApp-Image-2025-10-13-at-14.58.54-1-1152x1536.jpeg 1152w, https:\/\/principedeasturiasvaldivia.cl\/Colegio\/wp-content\/uploads\/2025\/10\/WhatsApp-Image-2025-10-13-at-14.58.54-1-203x270.jpeg 203w, https:\/\/principedeasturiasvaldivia.cl\/Colegio\/wp-content\/uploads\/2025\/10\/WhatsApp-Image-2025-10-13-at-14.58.54-1-600x800.jpeg 600w, https:\/\/principedeasturiasvaldivia.cl\/Colegio\/wp-content\/uploads\/2025\/10\/WhatsApp-Image-2025-10-13-at-14.58.54-1.jpeg 1200w\" sizes=\"auto, (max-width: 768px) 100vw, 768px\" \/><\/figure>\n\n\n\n<figure class=\"wp-block-image size-large is-style-default\"><img loading=\"lazy\" decoding=\"async\" width=\"1024\" height=\"768\" data-id=\"3104\" src=\"https:\/\/principedeasturiasvaldivia.cl\/Colegio\/wp-content\/uploads\/2025\/10\/WhatsApp-Image-2025-10-13-at-14.58.53-1-1024x768.jpeg\" alt=\"\" class=\"wp-image-3104\" srcset=\"https:\/\/principedeasturiasvaldivia.cl\/Colegio\/wp-content\/uploads\/2025\/10\/WhatsApp-Image-2025-10-13-at-14.58.53-1-1024x768.jpeg 1024w, https:\/\/principedeasturiasvaldivia.cl\/Colegio\/wp-content\/uploads\/2025\/10\/WhatsApp-Image-2025-10-13-at-14.58.53-1-300x225.jpeg 300w, https:\/\/principedeasturiasvaldivia.cl\/Colegio\/wp-content\/uploads\/2025\/10\/WhatsApp-Image-2025-10-13-at-14.58.53-1-768x576.jpeg 768w, https:\/\/principedeasturiasvaldivia.cl\/Colegio\/wp-content\/uploads\/2025\/10\/WhatsApp-Image-2025-10-13-at-14.58.53-1-1536x1152.jpeg 1536w, https:\/\/principedeasturiasvaldivia.cl\/Colegio\/wp-content\/uploads\/2025\/10\/WhatsApp-Image-2025-10-13-at-14.58.53-1-360x270.jpeg 360w, https:\/\/principedeasturiasvaldivia.cl\/Colegio\/wp-content\/uploads\/2025\/10\/WhatsApp-Image-2025-10-13-at-14.58.53-1-600x450.jpeg 600w, https:\/\/principedeasturiasvaldivia.cl\/Colegio\/wp-content\/uploads\/2025\/10\/WhatsApp-Image-2025-10-13-at-14.58.53-1.jpeg 1600w\" sizes=\"auto, (max-width: 1024px) 100vw, 1024px\" \/><\/figure>\n\n\n\n<figure class=\"wp-block-image size-large\"><img loading=\"lazy\" decoding=\"async\" width=\"1024\" height=\"768\" data-id=\"3107\" src=\"https:\/\/principedeasturiasvaldivia.cl\/Colegio\/wp-content\/uploads\/2025\/10\/WhatsApp-Image-2025-10-13-at-14.58.54-2-1024x768.jpeg\" alt=\"\" class=\"wp-image-3107\" srcset=\"https:\/\/principedeasturiasvaldivia.cl\/Colegio\/wp-content\/uploads\/2025\/10\/WhatsApp-Image-2025-10-13-at-14.58.54-2-1024x768.jpeg 1024w, https:\/\/principedeasturiasvaldivia.cl\/Colegio\/wp-content\/uploads\/2025\/10\/WhatsApp-Image-2025-10-13-at-14.58.54-2-300x225.jpeg 300w, https:\/\/principedeasturiasvaldivia.cl\/Colegio\/wp-content\/uploads\/2025\/10\/WhatsApp-Image-2025-10-13-at-14.58.54-2-768x576.jpeg 768w, https:\/\/principedeasturiasvaldivia.cl\/Colegio\/wp-content\/uploads\/2025\/10\/WhatsApp-Image-2025-10-13-at-14.58.54-2-1536x1152.jpeg 1536w, https:\/\/principedeasturiasvaldivia.cl\/Colegio\/wp-content\/uploads\/2025\/10\/WhatsApp-Image-2025-10-13-at-14.58.54-2-360x270.jpeg 360w, https:\/\/principedeasturiasvaldivia.cl\/Colegio\/wp-content\/uploads\/2025\/10\/WhatsApp-Image-2025-10-13-at-14.58.54-2-600x450.jpeg 600w, https:\/\/principedeasturiasvaldivia.cl\/Colegio\/wp-content\/uploads\/2025\/10\/WhatsApp-Image-2025-10-13-at-14.58.54-2.jpeg 1600w\" sizes=\"auto, (max-width: 1024px) 100vw, 1024px\" \/><\/figure>\n<\/figure>\n\n\n\n<hr class=\"wp-block-separator has-alpha-channel-opacity\"\/>\n\n\n\n<figure class=\"wp-block-gallery has-nested-images columns-default is-cropped wp-block-gallery-7 is-layout-flex wp-block-gallery-is-layout-flex\">\n<figure class=\"wp-block-image size-large\"><img loading=\"lazy\" decoding=\"async\" width=\"768\" height=\"1024\" data-id=\"3001\" src=\"https:\/\/principedeasturiasvaldivia.cl\/Colegio\/wp-content\/uploads\/2025\/09\/WhatsApp-Image-2025-09-08-at-17.10.22-4-768x1024.jpeg\" alt=\"\" class=\"wp-image-3001\" srcset=\"https:\/\/principedeasturiasvaldivia.cl\/Colegio\/wp-content\/uploads\/2025\/09\/WhatsApp-Image-2025-09-08-at-17.10.22-4-768x1024.jpeg 768w, https:\/\/principedeasturiasvaldivia.cl\/Colegio\/wp-content\/uploads\/2025\/09\/WhatsApp-Image-2025-09-08-at-17.10.22-4-225x300.jpeg 225w, https:\/\/principedeasturiasvaldivia.cl\/Colegio\/wp-content\/uploads\/2025\/09\/WhatsApp-Image-2025-09-08-at-17.10.22-4-203x270.jpeg 203w, https:\/\/principedeasturiasvaldivia.cl\/Colegio\/wp-content\/uploads\/2025\/09\/WhatsApp-Image-2025-09-08-at-17.10.22-4.jpeg 960w\" sizes=\"auto, (max-width: 768px) 100vw, 768px\" \/><\/figure>\n\n\n\n<figure class=\"wp-block-image size-large\"><img loading=\"lazy\" decoding=\"async\" width=\"1024\" height=\"768\" data-id=\"3000\" src=\"https:\/\/principedeasturiasvaldivia.cl\/Colegio\/wp-content\/uploads\/2025\/09\/WhatsApp-Image-2025-09-08-at-17.10.23-3-1024x768.jpeg\" alt=\"\" class=\"wp-image-3000\" srcset=\"https:\/\/principedeasturiasvaldivia.cl\/Colegio\/wp-content\/uploads\/2025\/09\/WhatsApp-Image-2025-09-08-at-17.10.23-3-1024x768.jpeg 1024w, https:\/\/principedeasturiasvaldivia.cl\/Colegio\/wp-content\/uploads\/2025\/09\/WhatsApp-Image-2025-09-08-at-17.10.23-3-300x225.jpeg 300w, https:\/\/principedeasturiasvaldivia.cl\/Colegio\/wp-content\/uploads\/2025\/09\/WhatsApp-Image-2025-09-08-at-17.10.23-3-768x576.jpeg 768w, https:\/\/principedeasturiasvaldivia.cl\/Colegio\/wp-content\/uploads\/2025\/09\/WhatsApp-Image-2025-09-08-at-17.10.23-3-360x270.jpeg 360w, https:\/\/principedeasturiasvaldivia.cl\/Colegio\/wp-content\/uploads\/2025\/09\/WhatsApp-Image-2025-09-08-at-17.10.23-3-600x450.jpeg 600w, https:\/\/principedeasturiasvaldivia.cl\/Colegio\/wp-content\/uploads\/2025\/09\/WhatsApp-Image-2025-09-08-at-17.10.23-3.jpeg 1280w\" sizes=\"auto, (max-width: 1024px) 100vw, 1024px\" \/><\/figure>\n\n\n\n<figure class=\"wp-block-image size-large\"><img loading=\"lazy\" decoding=\"async\" width=\"1024\" height=\"768\" data-id=\"2978\" src=\"https:\/\/principedeasturiasvaldivia.cl\/Colegio\/wp-content\/uploads\/2025\/09\/WhatsApp-Image-2025-09-08-at-17.10.24-1-1024x768.jpeg\" alt=\"\" class=\"wp-image-2978\" srcset=\"https:\/\/principedeasturiasvaldivia.cl\/Colegio\/wp-content\/uploads\/2025\/09\/WhatsApp-Image-2025-09-08-at-17.10.24-1-1024x768.jpeg 1024w, https:\/\/principedeasturiasvaldivia.cl\/Colegio\/wp-content\/uploads\/2025\/09\/WhatsApp-Image-2025-09-08-at-17.10.24-1-300x225.jpeg 300w, https:\/\/principedeasturiasvaldivia.cl\/Colegio\/wp-content\/uploads\/2025\/09\/WhatsApp-Image-2025-09-08-at-17.10.24-1-768x576.jpeg 768w, https:\/\/principedeasturiasvaldivia.cl\/Colegio\/wp-content\/uploads\/2025\/09\/WhatsApp-Image-2025-09-08-at-17.10.24-1-1536x1152.jpeg 1536w, https:\/\/principedeasturiasvaldivia.cl\/Colegio\/wp-content\/uploads\/2025\/09\/WhatsApp-Image-2025-09-08-at-17.10.24-1-360x270.jpeg 360w, https:\/\/principedeasturiasvaldivia.cl\/Colegio\/wp-content\/uploads\/2025\/09\/WhatsApp-Image-2025-09-08-at-17.10.24-1-600x450.jpeg 600w, https:\/\/principedeasturiasvaldivia.cl\/Colegio\/wp-content\/uploads\/2025\/09\/WhatsApp-Image-2025-09-08-at-17.10.24-1.jpeg 1600w\" sizes=\"auto, (max-width: 1024px) 100vw, 1024px\" \/><\/figure>\n\n\n\n<figure class=\"wp-block-image size-large\"><img loading=\"lazy\" decoding=\"async\" width=\"1024\" height=\"768\" data-id=\"2995\" src=\"https:\/\/principedeasturiasvaldivia.cl\/Colegio\/wp-content\/uploads\/2025\/09\/WhatsApp-Image-2025-09-08-at-17.10.24-4-1024x768.jpeg\" alt=\"\" class=\"wp-image-2995\" srcset=\"https:\/\/principedeasturiasvaldivia.cl\/Colegio\/wp-content\/uploads\/2025\/09\/WhatsApp-Image-2025-09-08-at-17.10.24-4-1024x768.jpeg 1024w, https:\/\/principedeasturiasvaldivia.cl\/Colegio\/wp-content\/uploads\/2025\/09\/WhatsApp-Image-2025-09-08-at-17.10.24-4-300x225.jpeg 300w, https:\/\/principedeasturiasvaldivia.cl\/Colegio\/wp-content\/uploads\/2025\/09\/WhatsApp-Image-2025-09-08-at-17.10.24-4-768x576.jpeg 768w, https:\/\/principedeasturiasvaldivia.cl\/Colegio\/wp-content\/uploads\/2025\/09\/WhatsApp-Image-2025-09-08-at-17.10.24-4-360x270.jpeg 360w, https:\/\/principedeasturiasvaldivia.cl\/Colegio\/wp-content\/uploads\/2025\/09\/WhatsApp-Image-2025-09-08-at-17.10.24-4-600x450.jpeg 600w, https:\/\/principedeasturiasvaldivia.cl\/Colegio\/wp-content\/uploads\/2025\/09\/WhatsApp-Image-2025-09-08-at-17.10.24-4.jpeg 1280w\" sizes=\"auto, (max-width: 1024px) 100vw, 1024px\" \/><\/figure>\n\n\n\n\n\n<figure class=\"wp-block-image size-large\"><img loading=\"lazy\" decoding=\"async\" width=\"1024\" height=\"768\" data-id=\"2996\" src=\"https:\/\/principedeasturiasvaldivia.cl\/Colegio\/wp-content\/uploads\/2025\/09\/WhatsApp-Image-2025-09-08-at-17.10.26-2-2-1024x768.jpeg\" alt=\"\" class=\"wp-image-2996\" srcset=\"https:\/\/principedeasturiasvaldivia.cl\/Colegio\/wp-content\/uploads\/2025\/09\/WhatsApp-Image-2025-09-08-at-17.10.26-2-2-1024x768.jpeg 1024w, https:\/\/principedeasturiasvaldivia.cl\/Colegio\/wp-content\/uploads\/2025\/09\/WhatsApp-Image-2025-09-08-at-17.10.26-2-2-300x225.jpeg 300w, https:\/\/principedeasturiasvaldivia.cl\/Colegio\/wp-content\/uploads\/2025\/09\/WhatsApp-Image-2025-09-08-at-17.10.26-2-2-768x576.jpeg 768w, https:\/\/principedeasturiasvaldivia.cl\/Colegio\/wp-content\/uploads\/2025\/09\/WhatsApp-Image-2025-09-08-at-17.10.26-2-2-360x270.jpeg 360w, https:\/\/principedeasturiasvaldivia.cl\/Colegio\/wp-content\/uploads\/2025\/09\/WhatsApp-Image-2025-09-08-at-17.10.26-2-2-600x450.jpeg 600w, https:\/\/principedeasturiasvaldivia.cl\/Colegio\/wp-content\/uploads\/2025\/09\/WhatsApp-Image-2025-09-08-at-17.10.26-2-2.jpeg 1280w\" sizes=\"auto, (max-width: 1024px) 100vw, 1024px\" \/><\/figure>\n\n\n\n\n\n<figure class=\"wp-block-image size-large\"><img loading=\"lazy\" decoding=\"async\" width=\"1024\" height=\"768\" data-id=\"2997\" src=\"https:\/\/principedeasturiasvaldivia.cl\/Colegio\/wp-content\/uploads\/2025\/09\/WhatsApp-Image-2025-09-08-at-17.10.27-2-1024x768.jpeg\" alt=\"\" class=\"wp-image-2997\" srcset=\"https:\/\/principedeasturiasvaldivia.cl\/Colegio\/wp-content\/uploads\/2025\/09\/WhatsApp-Image-2025-09-08-at-17.10.27-2-1024x768.jpeg 1024w, https:\/\/principedeasturiasvaldivia.cl\/Colegio\/wp-content\/uploads\/2025\/09\/WhatsApp-Image-2025-09-08-at-17.10.27-2-300x225.jpeg 300w, https:\/\/principedeasturiasvaldivia.cl\/Colegio\/wp-content\/uploads\/2025\/09\/WhatsApp-Image-2025-09-08-at-17.10.27-2-768x576.jpeg 768w, https:\/\/principedeasturiasvaldivia.cl\/Colegio\/wp-content\/uploads\/2025\/09\/WhatsApp-Image-2025-09-08-at-17.10.27-2-360x270.jpeg 360w, https:\/\/principedeasturiasvaldivia.cl\/Colegio\/wp-content\/uploads\/2025\/09\/WhatsApp-Image-2025-09-08-at-17.10.27-2-600x450.jpeg 600w, https:\/\/principedeasturiasvaldivia.cl\/Colegio\/wp-content\/uploads\/2025\/09\/WhatsApp-Image-2025-09-08-at-17.10.27-2.jpeg 1280w\" sizes=\"auto, (max-width: 1024px) 100vw, 1024px\" \/><\/figure>\n<\/figure>\n\n\n\n<hr class=\"wp-block-separator has-alpha-channel-opacity\"\/>\n\n\n\n<h2 class=\"wp-block-heading has-text-align-center\">Enlaces Bibliotecas Digitales Mineduc<\/h2>\n\n\n\n\n\n<div class=\"wp-block-columns is-layout-flex wp-container-core-columns-is-layout-9d6595d7 wp-block-columns-is-layout-flex\">\n<div class=\"wp-block-column is-layout-flow wp-block-column-is-layout-flow\">\n<figure class=\"wp-block-image size-large\"><a href=\"https:\/\/bdescolar.mineduc.cl\" target=\"_blank\" rel=\" noreferrer noopener\"><img loading=\"lazy\" decoding=\"async\" width=\"1024\" height=\"432\" src=\"https:\/\/principedeasturiasvaldivia.cl\/Colegio\/wp-content\/uploads\/2025\/08\/Bd-Escolar-3-1024x432.jpg\" alt=\"\" class=\"wp-image-2960\" srcset=\"https:\/\/principedeasturiasvaldivia.cl\/Colegio\/wp-content\/uploads\/2025\/08\/Bd-Escolar-3-1024x432.jpg 1024w, https:\/\/principedeasturiasvaldivia.cl\/Colegio\/wp-content\/uploads\/2025\/08\/Bd-Escolar-3-300x127.jpg 300w, https:\/\/principedeasturiasvaldivia.cl\/Colegio\/wp-content\/uploads\/2025\/08\/Bd-Escolar-3-768x324.jpg 768w, https:\/\/principedeasturiasvaldivia.cl\/Colegio\/wp-content\/uploads\/2025\/08\/Bd-Escolar-3-1536x648.jpg 1536w, https:\/\/principedeasturiasvaldivia.cl\/Colegio\/wp-content\/uploads\/2025\/08\/Bd-Escolar-3-360x152.jpg 360w, https:\/\/principedeasturiasvaldivia.cl\/Colegio\/wp-content\/uploads\/2025\/08\/Bd-Escolar-3-600x253.jpg 600w, https:\/\/principedeasturiasvaldivia.cl\/Colegio\/wp-content\/uploads\/2025\/08\/Bd-Escolar-3.jpg 1851w\" sizes=\"auto, (max-width: 1024px) 100vw, 1024px\" \/><\/a><\/figure>\n\n\n\n<p class=\"has-text-align-center\">                 <a href=\"https:\/\/bdescolar.mineduc.cl\" target=\"_blank\" rel=\"noreferrer noopener\">https:\/\/bdescolar.mineduc.cl<\/a><\/p>\n<\/div>\n\n\n\n<div class=\"wp-block-column is-layout-flow wp-block-column-is-layout-flow\">\n<figure class=\"wp-block-image size-large\"><a href=\"https:\/\/bibliotecas-cra.cl\" target=\"_blank\" rel=\" noreferrer noopener\"><img loading=\"lazy\" decoding=\"async\" width=\"1024\" height=\"411\" src=\"https:\/\/principedeasturiasvaldivia.cl\/Colegio\/wp-content\/uploads\/2025\/08\/Centro-de-Lectura-1024x411.jpg\" alt=\"\" class=\"wp-image-2961\" srcset=\"https:\/\/principedeasturiasvaldivia.cl\/Colegio\/wp-content\/uploads\/2025\/08\/Centro-de-Lectura-1024x411.jpg 1024w, https:\/\/principedeasturiasvaldivia.cl\/Colegio\/wp-content\/uploads\/2025\/08\/Centro-de-Lectura-300x120.jpg 300w, https:\/\/principedeasturiasvaldivia.cl\/Colegio\/wp-content\/uploads\/2025\/08\/Centro-de-Lectura-768x308.jpg 768w, https:\/\/principedeasturiasvaldivia.cl\/Colegio\/wp-content\/uploads\/2025\/08\/Centro-de-Lectura-1536x616.jpg 1536w, https:\/\/principedeasturiasvaldivia.cl\/Colegio\/wp-content\/uploads\/2025\/08\/Centro-de-Lectura-360x144.jpg 360w, https:\/\/principedeasturiasvaldivia.cl\/Colegio\/wp-content\/uploads\/2025\/08\/Centro-de-Lectura-600x241.jpg 600w, https:\/\/principedeasturiasvaldivia.cl\/Colegio\/wp-content\/uploads\/2025\/08\/Centro-de-Lectura.jpg 1848w\" sizes=\"auto, (max-width: 1024px) 100vw, 1024px\" \/><\/a><\/figure>\n\n\n\n<p class=\"has-text-align-center\">                          <a href=\"https:\/\/bibliotecas-cra.cl\" target=\"_blank\" rel=\"noreferrer noopener\">https:\/\/bibliotecas-cra.cl<\/a><\/p>\n<\/div>\n<\/div>\n\n\n\n<hr class=\"wp-block-separator has-alpha-channel-opacity\"\/>\n\n\n<div class=\"wp-block-image\">\n<figure class=\"aligncenter size-large is-resized\"><a href=\"https:\/\/www.sistemadeadmisionescolar.cl\/\" target=\"_blank\" rel=\" noreferrer noopener\"><img loading=\"lazy\" decoding=\"async\" width=\"724\" height=\"1024\" src=\"https:\/\/principedeasturiasvaldivia.cl\/Colegio\/wp-content\/uploads\/2025\/07\/WhatsApp-Image-2025-07-30-at-16.00.49-1-724x1024.jpeg\" alt=\"\" class=\"wp-image-2946\" style=\"width:609px;height:auto\" srcset=\"https:\/\/principedeasturiasvaldivia.cl\/Colegio\/wp-content\/uploads\/2025\/07\/WhatsApp-Image-2025-07-30-at-16.00.49-1-724x1024.jpeg 724w, https:\/\/principedeasturiasvaldivia.cl\/Colegio\/wp-content\/uploads\/2025\/07\/WhatsApp-Image-2025-07-30-at-16.00.49-1-212x300.jpeg 212w, https:\/\/principedeasturiasvaldivia.cl\/Colegio\/wp-content\/uploads\/2025\/07\/WhatsApp-Image-2025-07-30-at-16.00.49-1-768x1086.jpeg 768w, https:\/\/principedeasturiasvaldivia.cl\/Colegio\/wp-content\/uploads\/2025\/07\/WhatsApp-Image-2025-07-30-at-16.00.49-1-1086x1536.jpeg 1086w, https:\/\/principedeasturiasvaldivia.cl\/Colegio\/wp-content\/uploads\/2025\/07\/WhatsApp-Image-2025-07-30-at-16.00.49-1-191x270.jpeg 191w, https:\/\/principedeasturiasvaldivia.cl\/Colegio\/wp-content\/uploads\/2025\/07\/WhatsApp-Image-2025-07-30-at-16.00.49-1-600x849.jpeg 600w, https:\/\/principedeasturiasvaldivia.cl\/Colegio\/wp-content\/uploads\/2025\/07\/WhatsApp-Image-2025-07-30-at-16.00.49-1.jpeg 1131w\" sizes=\"auto, (max-width: 724px) 100vw, 724px\" \/><\/a><\/figure>\n<\/div>\n\n\n<figure class=\"wp-block-gallery has-nested-images columns-default is-cropped wp-block-gallery-8 is-layout-flex wp-block-gallery-is-layout-flex\">\n<figure class=\"wp-block-image size-large\"><img loading=\"lazy\" decoding=\"async\" width=\"732\" height=\"1024\" data-id=\"2952\" src=\"https:\/\/principedeasturiasvaldivia.cl\/Colegio\/wp-content\/uploads\/2025\/08\/Afiche-calendario-732x1024.jpg\" alt=\"\" class=\"wp-image-2952\" srcset=\"https:\/\/principedeasturiasvaldivia.cl\/Colegio\/wp-content\/uploads\/2025\/08\/Afiche-calendario-732x1024.jpg 732w, https:\/\/principedeasturiasvaldivia.cl\/Colegio\/wp-content\/uploads\/2025\/08\/Afiche-calendario-214x300.jpg 214w, https:\/\/principedeasturiasvaldivia.cl\/Colegio\/wp-content\/uploads\/2025\/08\/Afiche-calendario-768x1075.jpg 768w, https:\/\/principedeasturiasvaldivia.cl\/Colegio\/wp-content\/uploads\/2025\/08\/Afiche-calendario-1097x1536.jpg 1097w, https:\/\/principedeasturiasvaldivia.cl\/Colegio\/wp-content\/uploads\/2025\/08\/Afiche-calendario-1463x2048.jpg 1463w, https:\/\/principedeasturiasvaldivia.cl\/Colegio\/wp-content\/uploads\/2025\/08\/Afiche-calendario-193x270.jpg 193w, https:\/\/principedeasturiasvaldivia.cl\/Colegio\/wp-content\/uploads\/2025\/08\/Afiche-calendario-600x840.jpg 600w, https:\/\/principedeasturiasvaldivia.cl\/Colegio\/wp-content\/uploads\/2025\/08\/Afiche-calendario.jpg 1772w\" sizes=\"auto, (max-width: 732px) 100vw, 732px\" \/><\/figure>\n\n\n\n<figure class=\"wp-block-image size-large\"><img loading=\"lazy\" decoding=\"async\" width=\"791\" height=\"1024\" data-id=\"2951\" src=\"https:\/\/principedeasturiasvaldivia.cl\/Colegio\/wp-content\/uploads\/2025\/08\/Calendario-y-recomendaciones-SAE_Mesa-de-trabajo-1-copia-791x1024.jpg\" alt=\"\" class=\"wp-image-2951\" srcset=\"https:\/\/principedeasturiasvaldivia.cl\/Colegio\/wp-content\/uploads\/2025\/08\/Calendario-y-recomendaciones-SAE_Mesa-de-trabajo-1-copia-791x1024.jpg 791w, https:\/\/principedeasturiasvaldivia.cl\/Colegio\/wp-content\/uploads\/2025\/08\/Calendario-y-recomendaciones-SAE_Mesa-de-trabajo-1-copia-232x300.jpg 232w, https:\/\/principedeasturiasvaldivia.cl\/Colegio\/wp-content\/uploads\/2025\/08\/Calendario-y-recomendaciones-SAE_Mesa-de-trabajo-1-copia-768x994.jpg 768w, https:\/\/principedeasturiasvaldivia.cl\/Colegio\/wp-content\/uploads\/2025\/08\/Calendario-y-recomendaciones-SAE_Mesa-de-trabajo-1-copia-1187x1536.jpg 1187w, https:\/\/principedeasturiasvaldivia.cl\/Colegio\/wp-content\/uploads\/2025\/08\/Calendario-y-recomendaciones-SAE_Mesa-de-trabajo-1-copia-209x270.jpg 209w, https:\/\/principedeasturiasvaldivia.cl\/Colegio\/wp-content\/uploads\/2025\/08\/Calendario-y-recomendaciones-SAE_Mesa-de-trabajo-1-copia-600x776.jpg 600w, https:\/\/principedeasturiasvaldivia.cl\/Colegio\/wp-content\/uploads\/2025\/08\/Calendario-y-recomendaciones-SAE_Mesa-de-trabajo-1-copia.jpg 1275w\" sizes=\"auto, (max-width: 791px) 100vw, 791px\" \/><\/figure>\n<\/figure>\n\n\n\n<hr class=\"wp-block-separator has-alpha-channel-opacity\"\/>\n\n\n<div class=\"wp-block-image\">\n<figure class=\"aligncenter size-full is-resized\"><img loading=\"lazy\" decoding=\"async\" width=\"884\" height=\"306\" src=\"https:\/\/principedeasturiasvaldivia.cl\/Colegio\/wp-content\/uploads\/2025\/06\/mineduc-comunica.jpg\" alt=\"\" class=\"wp-image-2924\" style=\"width:709px;height:auto\" srcset=\"https:\/\/principedeasturiasvaldivia.cl\/Colegio\/wp-content\/uploads\/2025\/06\/mineduc-comunica.jpg 884w, https:\/\/principedeasturiasvaldivia.cl\/Colegio\/wp-content\/uploads\/2025\/06\/mineduc-comunica-300x104.jpg 300w, https:\/\/principedeasturiasvaldivia.cl\/Colegio\/wp-content\/uploads\/2025\/06\/mineduc-comunica-768x266.jpg 768w, https:\/\/principedeasturiasvaldivia.cl\/Colegio\/wp-content\/uploads\/2025\/06\/mineduc-comunica-360x125.jpg 360w, https:\/\/principedeasturiasvaldivia.cl\/Colegio\/wp-content\/uploads\/2025\/06\/mineduc-comunica-600x208.jpg 600w\" sizes=\"auto, (max-width: 884px) 100vw, 884px\" \/><\/figure>\n<\/div>\n\n\n<blockquote class=\"wp-block-quote is-layout-flow wp-block-quote-is-layout-flow\">\n<figure class=\"wp-block-table aligncenter\"><table class=\"has-fixed-layout\"><tbody><tr><td><strong>Estimada Comunidad Escolar:<br><\/strong><br>Junto con saludar, informamos que se encuentran disponibles los resultados del proceso de determinaci\u00f3n de la calidad de alumno(a)&nbsp;<strong>Prioritario(a) y Preferente<\/strong>&nbsp;para el a\u00f1o escolar 2026.<br><br>Los(as) estudiantes y sus familias pueden acceder a los resultados, descargar los certificados y, en caso de discrepancia, completar el formulario de solicitud de revisi\u00f3n de antecedentes (apelaci\u00f3n) a trav\u00e9s del mismo&nbsp;<a href=\"https:\/\/ida.itdchile.cl\/linkresolver.html?url=aHR0cHM6Ly9jZXJ0aWZpY2Fkb3MubWluZWR1Yy5jbC9tdmMvaG9tZS9pbmRleA==&amp;uuid=84fb6472-8939-476a-9ed3-861d5e72bd1a\" target=\"_blank\" rel=\"noreferrer noopener\">Portal de Certificados en L\u00ednea del MINEDUC<\/a>. Adem\u00e1s, pueden solicitar m\u00e1s informaci\u00f3n y orientaci\u00f3n sobre el proceso a trav\u00e9s de los canales de atenci\u00f3n de&nbsp;<a href=\"https:\/\/ida.itdchile.cl\/linkresolver.html?url=aHR0cHM6Ly93d3cuYXl1ZGFtaW5lZHVjLmNsLw==&amp;uuid=84fb6472-8939-476a-9ed3-861d5e72bd1a\" target=\"_blank\" rel=\"noreferrer noopener\">Ayuda MINEDUC<\/a>.<\/td><\/tr><\/tbody><\/table><\/figure>\n<\/blockquote>\n\n\n\n<h1 class=\"wp-block-heading has-text-align-center has-huge-font-size\"><\/h1>\n\n\n\n<hr class=\"wp-block-separator has-alpha-channel-opacity\"\/>\n\n\n\n<p class=\"has-text-align-center\"><strong>Salida Pedag\u00f3gica Biblioteca Municipal<\/strong><\/p>\n\n\n\n<figure class=\"wp-block-gallery has-nested-images columns-default is-cropped wp-block-gallery-9 is-layout-flex wp-block-gallery-is-layout-flex\">\n<figure class=\"wp-block-image size-large\"><img loading=\"lazy\" decoding=\"async\" width=\"1024\" height=\"768\" data-id=\"2745\" src=\"https:\/\/principedeasturiasvaldivia.cl\/Colegio\/wp-content\/uploads\/2025\/04\/WhatsApp-Image-2025-04-24-at-13.45.04-1-1024x768.jpeg\" alt=\"\" class=\"wp-image-2745\" srcset=\"https:\/\/principedeasturiasvaldivia.cl\/Colegio\/wp-content\/uploads\/2025\/04\/WhatsApp-Image-2025-04-24-at-13.45.04-1-1024x768.jpeg 1024w, https:\/\/principedeasturiasvaldivia.cl\/Colegio\/wp-content\/uploads\/2025\/04\/WhatsApp-Image-2025-04-24-at-13.45.04-1-300x225.jpeg 300w, https:\/\/principedeasturiasvaldivia.cl\/Colegio\/wp-content\/uploads\/2025\/04\/WhatsApp-Image-2025-04-24-at-13.45.04-1-768x576.jpeg 768w, https:\/\/principedeasturiasvaldivia.cl\/Colegio\/wp-content\/uploads\/2025\/04\/WhatsApp-Image-2025-04-24-at-13.45.04-1-360x270.jpeg 360w, https:\/\/principedeasturiasvaldivia.cl\/Colegio\/wp-content\/uploads\/2025\/04\/WhatsApp-Image-2025-04-24-at-13.45.04-1.jpeg 1280w\" sizes=\"auto, (max-width: 1024px) 100vw, 1024px\" \/><\/figure>\n\n\n\n<figure class=\"wp-block-image size-large\"><img loading=\"lazy\" decoding=\"async\" width=\"1024\" height=\"768\" data-id=\"2744\" src=\"https:\/\/principedeasturiasvaldivia.cl\/Colegio\/wp-content\/uploads\/2025\/04\/WhatsApp-Image-2025-04-24-at-13.45.05-1-1024x768.jpeg\" alt=\"\" class=\"wp-image-2744\" srcset=\"https:\/\/principedeasturiasvaldivia.cl\/Colegio\/wp-content\/uploads\/2025\/04\/WhatsApp-Image-2025-04-24-at-13.45.05-1-1024x768.jpeg 1024w, https:\/\/principedeasturiasvaldivia.cl\/Colegio\/wp-content\/uploads\/2025\/04\/WhatsApp-Image-2025-04-24-at-13.45.05-1-300x225.jpeg 300w, https:\/\/principedeasturiasvaldivia.cl\/Colegio\/wp-content\/uploads\/2025\/04\/WhatsApp-Image-2025-04-24-at-13.45.05-1-768x576.jpeg 768w, https:\/\/principedeasturiasvaldivia.cl\/Colegio\/wp-content\/uploads\/2025\/04\/WhatsApp-Image-2025-04-24-at-13.45.05-1-360x270.jpeg 360w, https:\/\/principedeasturiasvaldivia.cl\/Colegio\/wp-content\/uploads\/2025\/04\/WhatsApp-Image-2025-04-24-at-13.45.05-1.jpeg 1280w\" sizes=\"auto, (max-width: 1024px) 100vw, 1024px\" \/><\/figure>\n\n\n\n<figure class=\"wp-block-image size-large\"><img loading=\"lazy\" decoding=\"async\" width=\"1024\" height=\"768\" data-id=\"2743\" src=\"https:\/\/principedeasturiasvaldivia.cl\/Colegio\/wp-content\/uploads\/2025\/04\/WhatsApp-Image-2025-04-24-at-13.45.05-2-1024x768.jpeg\" alt=\"\" class=\"wp-image-2743\" srcset=\"https:\/\/principedeasturiasvaldivia.cl\/Colegio\/wp-content\/uploads\/2025\/04\/WhatsApp-Image-2025-04-24-at-13.45.05-2-1024x768.jpeg 1024w, https:\/\/principedeasturiasvaldivia.cl\/Colegio\/wp-content\/uploads\/2025\/04\/WhatsApp-Image-2025-04-24-at-13.45.05-2-300x225.jpeg 300w, https:\/\/principedeasturiasvaldivia.cl\/Colegio\/wp-content\/uploads\/2025\/04\/WhatsApp-Image-2025-04-24-at-13.45.05-2-768x576.jpeg 768w, https:\/\/principedeasturiasvaldivia.cl\/Colegio\/wp-content\/uploads\/2025\/04\/WhatsApp-Image-2025-04-24-at-13.45.05-2-360x270.jpeg 360w, https:\/\/principedeasturiasvaldivia.cl\/Colegio\/wp-content\/uploads\/2025\/04\/WhatsApp-Image-2025-04-24-at-13.45.05-2.jpeg 1280w\" sizes=\"auto, (max-width: 1024px) 100vw, 1024px\" \/><\/figure>\n\n\n\n<figure class=\"wp-block-image size-large\"><img loading=\"lazy\" decoding=\"async\" width=\"1024\" height=\"768\" data-id=\"2742\" src=\"https:\/\/principedeasturiasvaldivia.cl\/Colegio\/wp-content\/uploads\/2025\/04\/WhatsApp-Image-2025-04-24-at-13.45.04-1024x768.jpeg\" alt=\"\" class=\"wp-image-2742\" srcset=\"https:\/\/principedeasturiasvaldivia.cl\/Colegio\/wp-content\/uploads\/2025\/04\/WhatsApp-Image-2025-04-24-at-13.45.04-1024x768.jpeg 1024w, https:\/\/principedeasturiasvaldivia.cl\/Colegio\/wp-content\/uploads\/2025\/04\/WhatsApp-Image-2025-04-24-at-13.45.04-300x225.jpeg 300w, https:\/\/principedeasturiasvaldivia.cl\/Colegio\/wp-content\/uploads\/2025\/04\/WhatsApp-Image-2025-04-24-at-13.45.04-768x576.jpeg 768w, https:\/\/principedeasturiasvaldivia.cl\/Colegio\/wp-content\/uploads\/2025\/04\/WhatsApp-Image-2025-04-24-at-13.45.04-360x270.jpeg 360w, https:\/\/principedeasturiasvaldivia.cl\/Colegio\/wp-content\/uploads\/2025\/04\/WhatsApp-Image-2025-04-24-at-13.45.04.jpeg 1280w\" sizes=\"auto, (max-width: 1024px) 100vw, 1024px\" \/><\/figure>\n\n\n\n<figure class=\"wp-block-image size-large\"><img loading=\"lazy\" decoding=\"async\" width=\"1024\" height=\"768\" data-id=\"2741\" src=\"https:\/\/principedeasturiasvaldivia.cl\/Colegio\/wp-content\/uploads\/2025\/04\/WhatsApp-Image-2025-04-24-at-13.45.05-1024x768.jpeg\" alt=\"\" class=\"wp-image-2741\" srcset=\"https:\/\/principedeasturiasvaldivia.cl\/Colegio\/wp-content\/uploads\/2025\/04\/WhatsApp-Image-2025-04-24-at-13.45.05-1024x768.jpeg 1024w, https:\/\/principedeasturiasvaldivia.cl\/Colegio\/wp-content\/uploads\/2025\/04\/WhatsApp-Image-2025-04-24-at-13.45.05-300x225.jpeg 300w, https:\/\/principedeasturiasvaldivia.cl\/Colegio\/wp-content\/uploads\/2025\/04\/WhatsApp-Image-2025-04-24-at-13.45.05-768x576.jpeg 768w, https:\/\/principedeasturiasvaldivia.cl\/Colegio\/wp-content\/uploads\/2025\/04\/WhatsApp-Image-2025-04-24-at-13.45.05-360x270.jpeg 360w, https:\/\/principedeasturiasvaldivia.cl\/Colegio\/wp-content\/uploads\/2025\/04\/WhatsApp-Image-2025-04-24-at-13.45.05.jpeg 1280w\" sizes=\"auto, (max-width: 1024px) 100vw, 1024px\" \/><\/figure>\n\n\n\n<figure class=\"wp-block-image size-large\"><img loading=\"lazy\" decoding=\"async\" width=\"1024\" height=\"768\" data-id=\"2740\" src=\"https:\/\/principedeasturiasvaldivia.cl\/Colegio\/wp-content\/uploads\/2025\/04\/WhatsApp-Image-2025-04-24-at-13.45.03-1024x768.jpeg\" alt=\"\" class=\"wp-image-2740\" srcset=\"https:\/\/principedeasturiasvaldivia.cl\/Colegio\/wp-content\/uploads\/2025\/04\/WhatsApp-Image-2025-04-24-at-13.45.03-1024x768.jpeg 1024w, https:\/\/principedeasturiasvaldivia.cl\/Colegio\/wp-content\/uploads\/2025\/04\/WhatsApp-Image-2025-04-24-at-13.45.03-300x225.jpeg 300w, https:\/\/principedeasturiasvaldivia.cl\/Colegio\/wp-content\/uploads\/2025\/04\/WhatsApp-Image-2025-04-24-at-13.45.03-768x576.jpeg 768w, https:\/\/principedeasturiasvaldivia.cl\/Colegio\/wp-content\/uploads\/2025\/04\/WhatsApp-Image-2025-04-24-at-13.45.03-360x270.jpeg 360w, https:\/\/principedeasturiasvaldivia.cl\/Colegio\/wp-content\/uploads\/2025\/04\/WhatsApp-Image-2025-04-24-at-13.45.03.jpeg 1280w\" sizes=\"auto, (max-width: 1024px) 100vw, 1024px\" \/><\/figure>\n\n\n\n<figure class=\"wp-block-image size-large\"><img loading=\"lazy\" decoding=\"async\" width=\"1024\" height=\"768\" data-id=\"2739\" src=\"https:\/\/principedeasturiasvaldivia.cl\/Colegio\/wp-content\/uploads\/2025\/04\/WhatsApp-Image-2025-04-24-at-13.45.05-3-1024x768.jpeg\" alt=\"\" class=\"wp-image-2739\" srcset=\"https:\/\/principedeasturiasvaldivia.cl\/Colegio\/wp-content\/uploads\/2025\/04\/WhatsApp-Image-2025-04-24-at-13.45.05-3-1024x768.jpeg 1024w, https:\/\/principedeasturiasvaldivia.cl\/Colegio\/wp-content\/uploads\/2025\/04\/WhatsApp-Image-2025-04-24-at-13.45.05-3-300x225.jpeg 300w, https:\/\/principedeasturiasvaldivia.cl\/Colegio\/wp-content\/uploads\/2025\/04\/WhatsApp-Image-2025-04-24-at-13.45.05-3-768x576.jpeg 768w, https:\/\/principedeasturiasvaldivia.cl\/Colegio\/wp-content\/uploads\/2025\/04\/WhatsApp-Image-2025-04-24-at-13.45.05-3-1536x1152.jpeg 1536w, https:\/\/principedeasturiasvaldivia.cl\/Colegio\/wp-content\/uploads\/2025\/04\/WhatsApp-Image-2025-04-24-at-13.45.05-3-360x270.jpeg 360w, https:\/\/principedeasturiasvaldivia.cl\/Colegio\/wp-content\/uploads\/2025\/04\/WhatsApp-Image-2025-04-24-at-13.45.05-3.jpeg 1600w\" sizes=\"auto, (max-width: 1024px) 100vw, 1024px\" \/><\/figure>\n\n\n\n<figure class=\"wp-block-image size-large\"><img loading=\"lazy\" decoding=\"async\" width=\"1024\" height=\"768\" data-id=\"2738\" src=\"https:\/\/principedeasturiasvaldivia.cl\/Colegio\/wp-content\/uploads\/2025\/04\/WhatsApp-Image-2025-04-24-at-13.45.04-2-1024x768.jpeg\" alt=\"\" class=\"wp-image-2738\" srcset=\"https:\/\/principedeasturiasvaldivia.cl\/Colegio\/wp-content\/uploads\/2025\/04\/WhatsApp-Image-2025-04-24-at-13.45.04-2-1024x768.jpeg 1024w, https:\/\/principedeasturiasvaldivia.cl\/Colegio\/wp-content\/uploads\/2025\/04\/WhatsApp-Image-2025-04-24-at-13.45.04-2-300x225.jpeg 300w, https:\/\/principedeasturiasvaldivia.cl\/Colegio\/wp-content\/uploads\/2025\/04\/WhatsApp-Image-2025-04-24-at-13.45.04-2-768x576.jpeg 768w, https:\/\/principedeasturiasvaldivia.cl\/Colegio\/wp-content\/uploads\/2025\/04\/WhatsApp-Image-2025-04-24-at-13.45.04-2-360x270.jpeg 360w, https:\/\/principedeasturiasvaldivia.cl\/Colegio\/wp-content\/uploads\/2025\/04\/WhatsApp-Image-2025-04-24-at-13.45.04-2.jpeg 1280w\" sizes=\"auto, (max-width: 1024px) 100vw, 1024px\" \/><\/figure>\n\n\n\n<figure class=\"wp-block-image size-large\"><img loading=\"lazy\" decoding=\"async\" width=\"1024\" height=\"768\" data-id=\"2737\" src=\"https:\/\/principedeasturiasvaldivia.cl\/Colegio\/wp-content\/uploads\/2025\/04\/WhatsApp-Image-2025-04-24-at-13.45.03-1-1024x768.jpeg\" alt=\"\" class=\"wp-image-2737\" srcset=\"https:\/\/principedeasturiasvaldivia.cl\/Colegio\/wp-content\/uploads\/2025\/04\/WhatsApp-Image-2025-04-24-at-13.45.03-1-1024x768.jpeg 1024w, https:\/\/principedeasturiasvaldivia.cl\/Colegio\/wp-content\/uploads\/2025\/04\/WhatsApp-Image-2025-04-24-at-13.45.03-1-300x225.jpeg 300w, https:\/\/principedeasturiasvaldivia.cl\/Colegio\/wp-content\/uploads\/2025\/04\/WhatsApp-Image-2025-04-24-at-13.45.03-1-768x576.jpeg 768w, https:\/\/principedeasturiasvaldivia.cl\/Colegio\/wp-content\/uploads\/2025\/04\/WhatsApp-Image-2025-04-24-at-13.45.03-1-360x270.jpeg 360w, https:\/\/principedeasturiasvaldivia.cl\/Colegio\/wp-content\/uploads\/2025\/04\/WhatsApp-Image-2025-04-24-at-13.45.03-1.jpeg 1280w\" sizes=\"auto, (max-width: 1024px) 100vw, 1024px\" \/><\/figure>\n<\/figure>\n\n\n\n<hr class=\"wp-block-separator has-alpha-channel-opacity\"\/>\n\n\n\n<p class=\"has-text-align-center\">\u00a1\u00a1\u00a1 Informaci\u00f3n Importante!!!<\/p>\n\n\n\n<figure class=\"wp-block-gallery has-nested-images columns-default is-cropped wp-block-gallery-10 is-layout-flex wp-block-gallery-is-layout-flex\">\n<figure class=\"wp-block-image size-large\"><a href=\"https:\/\/catalogotextos.mineduc.cl\/catalogo-textos\/login\/login?tipo=ee\" target=\"_blank\" rel=\"noreferrer noopener\"><img loading=\"lazy\" decoding=\"async\" width=\"545\" height=\"551\" data-id=\"2683\" src=\"https:\/\/principedeasturiasvaldivia.cl\/Colegio\/wp-content\/uploads\/2025\/04\/WhatsApp-Image-2025-04-17-at-17.44.40.jpeg\" alt=\"\" class=\"wp-image-2683\" srcset=\"https:\/\/principedeasturiasvaldivia.cl\/Colegio\/wp-content\/uploads\/2025\/04\/WhatsApp-Image-2025-04-17-at-17.44.40.jpeg 545w, https:\/\/principedeasturiasvaldivia.cl\/Colegio\/wp-content\/uploads\/2025\/04\/WhatsApp-Image-2025-04-17-at-17.44.40-297x300.jpeg 297w, https:\/\/principedeasturiasvaldivia.cl\/Colegio\/wp-content\/uploads\/2025\/04\/WhatsApp-Image-2025-04-17-at-17.44.40-267x270.jpeg 267w\" sizes=\"auto, (max-width: 545px) 100vw, 545px\" \/><\/a><\/figure>\n<\/figure>\n\n\n\n<h1 class=\"wp-block-heading has-text-align-center\">\u00a1\u00a1\u00a1 COMUNICADO !!! <\/h1>\n\n\n\n<figure class=\"wp-block-gallery has-nested-images columns-default is-cropped wp-block-gallery-11 is-layout-flex wp-block-gallery-is-layout-flex\">\n<figure data-wp-context=\"{&quot;imageId&quot;:&quot;69ee23471bf53&quot;}\" data-wp-interactive=\"core\/image\" data-wp-key=\"69ee23471bf53\" class=\"wp-block-image size-large wp-lightbox-container\"><img loading=\"lazy\" decoding=\"async\" width=\"454\" height=\"618\" data-wp-class--hide=\"state.isContentHidden\" data-wp-class--show=\"state.isContentVisible\" data-wp-init=\"callbacks.setButtonStyles\" data-wp-on--click=\"actions.showLightbox\" data-wp-on--load=\"callbacks.setButtonStyles\" data-wp-on-window--resize=\"callbacks.setButtonStyles\" data-id=\"2679\" src=\"https:\/\/principedeasturiasvaldivia.cl\/Colegio\/wp-content\/uploads\/2025\/04\/WhatsApp-Image-2025-04-16-at-13.45.40-2.jpeg\" alt=\"\" class=\"wp-image-2679\" srcset=\"https:\/\/principedeasturiasvaldivia.cl\/Colegio\/wp-content\/uploads\/2025\/04\/WhatsApp-Image-2025-04-16-at-13.45.40-2.jpeg 454w, https:\/\/principedeasturiasvaldivia.cl\/Colegio\/wp-content\/uploads\/2025\/04\/WhatsApp-Image-2025-04-16-at-13.45.40-2-220x300.jpeg 220w, https:\/\/principedeasturiasvaldivia.cl\/Colegio\/wp-content\/uploads\/2025\/04\/WhatsApp-Image-2025-04-16-at-13.45.40-2-198x270.jpeg 198w\" sizes=\"auto, (max-width: 454px) 100vw, 454px\" \/><button\n\t\t\tclass=\"lightbox-trigger\"\n\t\t\ttype=\"button\"\n\t\t\taria-haspopup=\"dialog\"\n\t\t\taria-label=\"Agrandar\"\n\t\t\tdata-wp-init=\"callbacks.initTriggerButton\"\n\t\t\tdata-wp-on--click=\"actions.showLightbox\"\n\t\t\tdata-wp-style--right=\"state.imageButtonRight\"\n\t\t\tdata-wp-style--top=\"state.imageButtonTop\"\n\t\t>\n\t\t\t<svg xmlns=\"http:\/\/www.w3.org\/2000\/svg\" width=\"12\" height=\"12\" fill=\"none\" viewBox=\"0 0 12 12\">\n\t\t\t\t<path fill=\"#fff\" d=\"M2 0a2 2 0 0 0-2 2v2h1.5V2a.5.5 0 0 1 .5-.5h2V0H2Zm2 10.5H2a.5.5 0 0 1-.5-.5V8H0v2a2 2 0 0 0 2 2h2v-1.5ZM8 12v-1.5h2a.5.5 0 0 0 .5-.5V8H12v2a2 2 0 0 1-2 2H8Zm2-12a2 2 0 0 1 2 2v2h-1.5V2a.5.5 0 0 0-.5-.5H8V0h2Z\" \/>\n\t\t\t<\/svg>\n\t\t<\/button><\/figure>\n<\/figure>\n\n\n\n<h1 class=\"wp-block-heading has-text-align-center\">TALLERES 2025<\/h1>\n\n\n\n<blockquote class=\"wp-block-quote is-layout-flow wp-block-quote-is-layout-flow\">\n<p class=\"has-text-align-center\"><strong>Inscripciones abiertas para talleres de 3\u00b0 y 4\u00b0 b\u00e1sico. Inicio la pr\u00f3xima semana. Apoderados interesados, enviar autorizaci\u00f3n por agenda escolar.<\/strong><\/p>\n<\/blockquote>\n\n\n\n<div class=\"wp-block-columns alignwide is-layout-flex wp-container-core-columns-is-layout-fdcd45fe wp-block-columns-is-layout-flex\" style=\"margin-top:var(--wp--preset--spacing--50)\">\n<div class=\"wp-block-column is-layout-flow wp-block-column-is-layout-flow\">\n<figure data-wp-context=\"{&quot;imageId&quot;:&quot;69ee23471d6a9&quot;}\" data-wp-interactive=\"core\/image\" data-wp-key=\"69ee23471d6a9\" class=\"wp-block-image size-large extendify-image-import wp-lightbox-container\"><img loading=\"lazy\" decoding=\"async\" width=\"1024\" height=\"1024\" data-wp-class--hide=\"state.isContentHidden\" data-wp-class--show=\"state.isContentVisible\" data-wp-init=\"callbacks.setButtonStyles\" data-wp-on--click=\"actions.showLightbox\" data-wp-on--load=\"callbacks.setButtonStyles\" data-wp-on-window--resize=\"callbacks.setButtonStyles\" src=\"https:\/\/principedeasturiasvaldivia.cl\/Colegio\/wp-content\/uploads\/2025\/04\/WhatsApp-Image-2025-04-04-at-11.33.28-2-1024x1024.jpeg\" alt=\"\" class=\"wp-image-2670\" style=\"aspect-ratio:1;object-fit:cover\" srcset=\"https:\/\/principedeasturiasvaldivia.cl\/Colegio\/wp-content\/uploads\/2025\/04\/WhatsApp-Image-2025-04-04-at-11.33.28-2-1024x1024.jpeg 1024w, https:\/\/principedeasturiasvaldivia.cl\/Colegio\/wp-content\/uploads\/2025\/04\/WhatsApp-Image-2025-04-04-at-11.33.28-2-300x300.jpeg 300w, https:\/\/principedeasturiasvaldivia.cl\/Colegio\/wp-content\/uploads\/2025\/04\/WhatsApp-Image-2025-04-04-at-11.33.28-2-150x150.jpeg 150w, https:\/\/principedeasturiasvaldivia.cl\/Colegio\/wp-content\/uploads\/2025\/04\/WhatsApp-Image-2025-04-04-at-11.33.28-2-768x768.jpeg 768w, https:\/\/principedeasturiasvaldivia.cl\/Colegio\/wp-content\/uploads\/2025\/04\/WhatsApp-Image-2025-04-04-at-11.33.28-2-270x270.jpeg 270w, https:\/\/principedeasturiasvaldivia.cl\/Colegio\/wp-content\/uploads\/2025\/04\/WhatsApp-Image-2025-04-04-at-11.33.28-2.jpeg 1080w\" sizes=\"auto, (max-width: 1024px) 100vw, 1024px\" \/><button\n\t\t\tclass=\"lightbox-trigger\"\n\t\t\ttype=\"button\"\n\t\t\taria-haspopup=\"dialog\"\n\t\t\taria-label=\"Agrandar\"\n\t\t\tdata-wp-init=\"callbacks.initTriggerButton\"\n\t\t\tdata-wp-on--click=\"actions.showLightbox\"\n\t\t\tdata-wp-style--right=\"state.imageButtonRight\"\n\t\t\tdata-wp-style--top=\"state.imageButtonTop\"\n\t\t>\n\t\t\t<svg xmlns=\"http:\/\/www.w3.org\/2000\/svg\" width=\"12\" height=\"12\" fill=\"none\" viewBox=\"0 0 12 12\">\n\t\t\t\t<path fill=\"#fff\" d=\"M2 0a2 2 0 0 0-2 2v2h1.5V2a.5.5 0 0 1 .5-.5h2V0H2Zm2 10.5H2a.5.5 0 0 1-.5-.5V8H0v2a2 2 0 0 0 2 2h2v-1.5ZM8 12v-1.5h2a.5.5 0 0 0 .5-.5V8H12v2a2 2 0 0 1-2 2H8Zm2-12a2 2 0 0 1 2 2v2h-1.5V2a.5.5 0 0 0-.5-.5H8V0h2Z\" \/>\n\t\t\t<\/svg>\n\t\t<\/button><\/figure>\n\n\n\n<h4 class=\"wp-block-heading has-small-font-size\" style=\"margin-top:24px;font-style:normal;font-weight:400\"><\/h4>\n\n\n\n<h3 class=\"wp-block-heading has-medium-font-size\" style=\"margin-top:12px\"><\/h3>\n<\/div>\n\n\n\n<div class=\"wp-block-column is-layout-flow wp-block-column-is-layout-flow\">\n<figure data-wp-context=\"{&quot;imageId&quot;:&quot;69ee23471e713&quot;}\" data-wp-interactive=\"core\/image\" data-wp-key=\"69ee23471e713\" class=\"wp-block-image size-large extendify-image-import wp-lightbox-container\"><img loading=\"lazy\" decoding=\"async\" width=\"1024\" height=\"1024\" data-wp-class--hide=\"state.isContentHidden\" data-wp-class--show=\"state.isContentVisible\" data-wp-init=\"callbacks.setButtonStyles\" data-wp-on--click=\"actions.showLightbox\" data-wp-on--load=\"callbacks.setButtonStyles\" data-wp-on-window--resize=\"callbacks.setButtonStyles\" src=\"https:\/\/principedeasturiasvaldivia.cl\/Colegio\/wp-content\/uploads\/2025\/04\/WhatsApp-Image-2025-04-04-at-11.33.29-1-2-1024x1024.jpeg\" alt=\"\" class=\"wp-image-2671\" style=\"aspect-ratio:1;object-fit:cover\" srcset=\"https:\/\/principedeasturiasvaldivia.cl\/Colegio\/wp-content\/uploads\/2025\/04\/WhatsApp-Image-2025-04-04-at-11.33.29-1-2-1024x1024.jpeg 1024w, https:\/\/principedeasturiasvaldivia.cl\/Colegio\/wp-content\/uploads\/2025\/04\/WhatsApp-Image-2025-04-04-at-11.33.29-1-2-300x300.jpeg 300w, https:\/\/principedeasturiasvaldivia.cl\/Colegio\/wp-content\/uploads\/2025\/04\/WhatsApp-Image-2025-04-04-at-11.33.29-1-2-150x150.jpeg 150w, https:\/\/principedeasturiasvaldivia.cl\/Colegio\/wp-content\/uploads\/2025\/04\/WhatsApp-Image-2025-04-04-at-11.33.29-1-2-768x768.jpeg 768w, https:\/\/principedeasturiasvaldivia.cl\/Colegio\/wp-content\/uploads\/2025\/04\/WhatsApp-Image-2025-04-04-at-11.33.29-1-2-270x270.jpeg 270w, https:\/\/principedeasturiasvaldivia.cl\/Colegio\/wp-content\/uploads\/2025\/04\/WhatsApp-Image-2025-04-04-at-11.33.29-1-2.jpeg 1080w\" sizes=\"auto, (max-width: 1024px) 100vw, 1024px\" \/><button\n\t\t\tclass=\"lightbox-trigger\"\n\t\t\ttype=\"button\"\n\t\t\taria-haspopup=\"dialog\"\n\t\t\taria-label=\"Agrandar\"\n\t\t\tdata-wp-init=\"callbacks.initTriggerButton\"\n\t\t\tdata-wp-on--click=\"actions.showLightbox\"\n\t\t\tdata-wp-style--right=\"state.imageButtonRight\"\n\t\t\tdata-wp-style--top=\"state.imageButtonTop\"\n\t\t>\n\t\t\t<svg xmlns=\"http:\/\/www.w3.org\/2000\/svg\" width=\"12\" height=\"12\" fill=\"none\" viewBox=\"0 0 12 12\">\n\t\t\t\t<path fill=\"#fff\" d=\"M2 0a2 2 0 0 0-2 2v2h1.5V2a.5.5 0 0 1 .5-.5h2V0H2Zm2 10.5H2a.5.5 0 0 1-.5-.5V8H0v2a2 2 0 0 0 2 2h2v-1.5ZM8 12v-1.5h2a.5.5 0 0 0 .5-.5V8H12v2a2 2 0 0 1-2 2H8Zm2-12a2 2 0 0 1 2 2v2h-1.5V2a.5.5 0 0 0-.5-.5H8V0h2Z\" \/>\n\t\t\t<\/svg>\n\t\t<\/button><\/figure>\n\n\n\n<h4 class=\"wp-block-heading has-small-font-size\" style=\"margin-top:24px;font-style:normal;font-weight:400\"><\/h4>\n\n\n\n<h3 class=\"wp-block-heading has-medium-font-size\" style=\"margin-top:12px\"><\/h3>\n<\/div>\n<\/div>\n\n\n\n<div class=\"wp-block-columns alignwide is-layout-flex wp-container-core-columns-is-layout-fdcd45fe wp-block-columns-is-layout-flex\" style=\"margin-top:var(--wp--preset--spacing--50)\">\n<div class=\"wp-block-column is-layout-flow wp-block-column-is-layout-flow\"><div class=\"wp-block-image extendify-image-import\">\n<figure data-wp-context=\"{&quot;imageId&quot;:&quot;69ee23471fb1d&quot;}\" data-wp-interactive=\"core\/image\" data-wp-key=\"69ee23471fb1d\" class=\"aligncenter size-large is-resized wp-lightbox-container\"><img loading=\"lazy\" decoding=\"async\" width=\"724\" height=\"1024\" data-wp-class--hide=\"state.isContentHidden\" data-wp-class--show=\"state.isContentVisible\" data-wp-init=\"callbacks.setButtonStyles\" data-wp-on--click=\"actions.showLightbox\" data-wp-on--load=\"callbacks.setButtonStyles\" data-wp-on-window--resize=\"callbacks.setButtonStyles\" src=\"https:\/\/principedeasturiasvaldivia.cl\/Colegio\/wp-content\/uploads\/2025\/04\/WhatsApp-Image-2025-04-04-at-11.33.29-3-724x1024.jpeg\" alt=\"\" class=\"wp-image-2672\" style=\"aspect-ratio:1;object-fit:cover;width:415px;height:auto\" srcset=\"https:\/\/principedeasturiasvaldivia.cl\/Colegio\/wp-content\/uploads\/2025\/04\/WhatsApp-Image-2025-04-04-at-11.33.29-3-724x1024.jpeg 724w, https:\/\/principedeasturiasvaldivia.cl\/Colegio\/wp-content\/uploads\/2025\/04\/WhatsApp-Image-2025-04-04-at-11.33.29-3-212x300.jpeg 212w, https:\/\/principedeasturiasvaldivia.cl\/Colegio\/wp-content\/uploads\/2025\/04\/WhatsApp-Image-2025-04-04-at-11.33.29-3-768x1086.jpeg 768w, https:\/\/principedeasturiasvaldivia.cl\/Colegio\/wp-content\/uploads\/2025\/04\/WhatsApp-Image-2025-04-04-at-11.33.29-3-1086x1536.jpeg 1086w, https:\/\/principedeasturiasvaldivia.cl\/Colegio\/wp-content\/uploads\/2025\/04\/WhatsApp-Image-2025-04-04-at-11.33.29-3-191x270.jpeg 191w, https:\/\/principedeasturiasvaldivia.cl\/Colegio\/wp-content\/uploads\/2025\/04\/WhatsApp-Image-2025-04-04-at-11.33.29-3.jpeg 1131w\" sizes=\"auto, (max-width: 724px) 100vw, 724px\" \/><button\n\t\t\tclass=\"lightbox-trigger\"\n\t\t\ttype=\"button\"\n\t\t\taria-haspopup=\"dialog\"\n\t\t\taria-label=\"Agrandar\"\n\t\t\tdata-wp-init=\"callbacks.initTriggerButton\"\n\t\t\tdata-wp-on--click=\"actions.showLightbox\"\n\t\t\tdata-wp-style--right=\"state.imageButtonRight\"\n\t\t\tdata-wp-style--top=\"state.imageButtonTop\"\n\t\t>\n\t\t\t<svg xmlns=\"http:\/\/www.w3.org\/2000\/svg\" width=\"12\" height=\"12\" fill=\"none\" viewBox=\"0 0 12 12\">\n\t\t\t\t<path fill=\"#fff\" d=\"M2 0a2 2 0 0 0-2 2v2h1.5V2a.5.5 0 0 1 .5-.5h2V0H2Zm2 10.5H2a.5.5 0 0 1-.5-.5V8H0v2a2 2 0 0 0 2 2h2v-1.5ZM8 12v-1.5h2a.5.5 0 0 0 .5-.5V8H12v2a2 2 0 0 1-2 2H8Zm2-12a2 2 0 0 1 2 2v2h-1.5V2a.5.5 0 0 0-.5-.5H8V0h2Z\" \/>\n\t\t\t<\/svg>\n\t\t<\/button><\/figure>\n<\/div>\n\n\n<h4 class=\"wp-block-heading has-small-font-size\" style=\"margin-top:24px;font-style:normal;font-weight:400\"><\/h4>\n\n\n\n<h3 class=\"wp-block-heading has-medium-font-size\" style=\"margin-top:12px\"><\/h3>\n<\/div>\n<\/div>\n\n\n\n<p class=\"has-text-align-center\"><\/p>\n\n\n\n<p class=\"has-text-align-center has-blue-color has-text-color has-link-color wp-elements-437fc3616362f4b7c528304ecada480f\" style=\"font-size:20px\"><\/p>\n\n\n\n<p class=\"has-text-align-center has-blue-color has-text-color has-link-color wp-elements-a0c438b78e1cefdf6077b8a93150aa37\" style=\"font-size:20px\"><strong>DIA MUNDIAL DEL SINDROME DE DOWN<\/strong><\/p>\n\n\n\n<p class=\"has-text-align-center\">21 de Marzo. D\u00eda Mundial del S\u00edndrome de Down.<\/p>\n\n\n\n<p class=\"has-text-align-center\">Calcetines Descambiados: &#8220;El Amor no Cuenta Cromosomas&#8221;<\/p>\n\n\n\n<p>Objetivo: sensibilizar a la comunidad sobre esta condici\u00f3n y promover la inclusi\u00f3n social de las personas con s\u00edndrome de Down.<\/p>\n\n\n\n<figure class=\"wp-block-gallery has-nested-images columns-default is-cropped wp-block-gallery-12 is-layout-flex wp-block-gallery-is-layout-flex\">\n<figure class=\"wp-block-image size-large\"><img loading=\"lazy\" decoding=\"async\" width=\"1024\" height=\"460\" data-id=\"2519\" src=\"https:\/\/principedeasturiasvaldivia.cl\/Colegio\/wp-content\/uploads\/2025\/03\/image-1-2-1024x460.png\" alt=\"\" class=\"wp-image-2519\" srcset=\"https:\/\/principedeasturiasvaldivia.cl\/Colegio\/wp-content\/uploads\/2025\/03\/image-1-2-1024x460.png 1024w, https:\/\/principedeasturiasvaldivia.cl\/Colegio\/wp-content\/uploads\/2025\/03\/image-1-2-300x135.png 300w, https:\/\/principedeasturiasvaldivia.cl\/Colegio\/wp-content\/uploads\/2025\/03\/image-1-2-768x345.png 768w, https:\/\/principedeasturiasvaldivia.cl\/Colegio\/wp-content\/uploads\/2025\/03\/image-1-2-1536x689.png 1536w, https:\/\/principedeasturiasvaldivia.cl\/Colegio\/wp-content\/uploads\/2025\/03\/image-1-2-360x162.png 360w, https:\/\/principedeasturiasvaldivia.cl\/Colegio\/wp-content\/uploads\/2025\/03\/image-1-2.png 1600w\" sizes=\"auto, (max-width: 1024px) 100vw, 1024px\" \/><\/figure>\n\n\n\n<figure class=\"wp-block-image size-large\"><img loading=\"lazy\" decoding=\"async\" width=\"460\" height=\"1024\" data-id=\"2520\" src=\"https:\/\/principedeasturiasvaldivia.cl\/Colegio\/wp-content\/uploads\/2025\/03\/image-2-2-460x1024.png\" alt=\"\" class=\"wp-image-2520\" srcset=\"https:\/\/principedeasturiasvaldivia.cl\/Colegio\/wp-content\/uploads\/2025\/03\/image-2-2-460x1024.png 460w, https:\/\/principedeasturiasvaldivia.cl\/Colegio\/wp-content\/uploads\/2025\/03\/image-2-2-135x300.png 135w, https:\/\/principedeasturiasvaldivia.cl\/Colegio\/wp-content\/uploads\/2025\/03\/image-2-2-689x1536.png 689w, https:\/\/principedeasturiasvaldivia.cl\/Colegio\/wp-content\/uploads\/2025\/03\/image-2-2-121x270.png 121w, https:\/\/principedeasturiasvaldivia.cl\/Colegio\/wp-content\/uploads\/2025\/03\/image-2-2.png 718w\" sizes=\"auto, (max-width: 460px) 100vw, 460px\" \/><\/figure>\n\n\n\n<figure class=\"wp-block-image size-large\"><img loading=\"lazy\" decoding=\"async\" width=\"1024\" height=\"460\" data-id=\"2527\" src=\"https:\/\/principedeasturiasvaldivia.cl\/Colegio\/wp-content\/uploads\/2025\/03\/image-3-2-1024x460.png\" alt=\"\" class=\"wp-image-2527\" srcset=\"https:\/\/principedeasturiasvaldivia.cl\/Colegio\/wp-content\/uploads\/2025\/03\/image-3-2-1024x460.png 1024w, https:\/\/principedeasturiasvaldivia.cl\/Colegio\/wp-content\/uploads\/2025\/03\/image-3-2-300x135.png 300w, https:\/\/principedeasturiasvaldivia.cl\/Colegio\/wp-content\/uploads\/2025\/03\/image-3-2-768x345.png 768w, https:\/\/principedeasturiasvaldivia.cl\/Colegio\/wp-content\/uploads\/2025\/03\/image-3-2-1536x689.png 1536w, https:\/\/principedeasturiasvaldivia.cl\/Colegio\/wp-content\/uploads\/2025\/03\/image-3-2-360x162.png 360w, https:\/\/principedeasturiasvaldivia.cl\/Colegio\/wp-content\/uploads\/2025\/03\/image-3-2.png 1600w\" sizes=\"auto, (max-width: 1024px) 100vw, 1024px\" \/><\/figure>\n\n\n\n<figure class=\"wp-block-image size-large\"><img loading=\"lazy\" decoding=\"async\" width=\"460\" height=\"1024\" data-id=\"2525\" src=\"https:\/\/principedeasturiasvaldivia.cl\/Colegio\/wp-content\/uploads\/2025\/03\/image-5-460x1024.png\" alt=\"\" class=\"wp-image-2525\" srcset=\"https:\/\/principedeasturiasvaldivia.cl\/Colegio\/wp-content\/uploads\/2025\/03\/image-5-460x1024.png 460w, https:\/\/principedeasturiasvaldivia.cl\/Colegio\/wp-content\/uploads\/2025\/03\/image-5-135x300.png 135w, https:\/\/principedeasturiasvaldivia.cl\/Colegio\/wp-content\/uploads\/2025\/03\/image-5-689x1536.png 689w, https:\/\/principedeasturiasvaldivia.cl\/Colegio\/wp-content\/uploads\/2025\/03\/image-5-121x270.png 121w, https:\/\/principedeasturiasvaldivia.cl\/Colegio\/wp-content\/uploads\/2025\/03\/image-5.png 718w\" sizes=\"auto, (max-width: 460px) 100vw, 460px\" \/><\/figure>\n\n\n\n<figure class=\"wp-block-image size-large\"><img loading=\"lazy\" decoding=\"async\" width=\"1024\" height=\"768\" data-id=\"2524\" src=\"https:\/\/principedeasturiasvaldivia.cl\/Colegio\/wp-content\/uploads\/2025\/03\/WhatsApp-Image-2025-03-21-at-16.19.27-1-2-1024x768.jpeg\" alt=\"\" class=\"wp-image-2524\" srcset=\"https:\/\/principedeasturiasvaldivia.cl\/Colegio\/wp-content\/uploads\/2025\/03\/WhatsApp-Image-2025-03-21-at-16.19.27-1-2-1024x768.jpeg 1024w, https:\/\/principedeasturiasvaldivia.cl\/Colegio\/wp-content\/uploads\/2025\/03\/WhatsApp-Image-2025-03-21-at-16.19.27-1-2-300x225.jpeg 300w, https:\/\/principedeasturiasvaldivia.cl\/Colegio\/wp-content\/uploads\/2025\/03\/WhatsApp-Image-2025-03-21-at-16.19.27-1-2-768x576.jpeg 768w, https:\/\/principedeasturiasvaldivia.cl\/Colegio\/wp-content\/uploads\/2025\/03\/WhatsApp-Image-2025-03-21-at-16.19.27-1-2-360x270.jpeg 360w, https:\/\/principedeasturiasvaldivia.cl\/Colegio\/wp-content\/uploads\/2025\/03\/WhatsApp-Image-2025-03-21-at-16.19.27-1-2.jpeg 1040w\" sizes=\"auto, (max-width: 1024px) 100vw, 1024px\" \/><\/figure>\n\n\n\n<figure class=\"wp-block-image size-large\"><img loading=\"lazy\" decoding=\"async\" width=\"1024\" height=\"768\" data-id=\"2530\" src=\"https:\/\/principedeasturiasvaldivia.cl\/Colegio\/wp-content\/uploads\/2025\/03\/WhatsApp-Image-2025-03-21-at-16.19.27-2-1024x768.jpeg\" alt=\"\" class=\"wp-image-2530\" srcset=\"https:\/\/principedeasturiasvaldivia.cl\/Colegio\/wp-content\/uploads\/2025\/03\/WhatsApp-Image-2025-03-21-at-16.19.27-2-1024x768.jpeg 1024w, https:\/\/principedeasturiasvaldivia.cl\/Colegio\/wp-content\/uploads\/2025\/03\/WhatsApp-Image-2025-03-21-at-16.19.27-2-300x225.jpeg 300w, https:\/\/principedeasturiasvaldivia.cl\/Colegio\/wp-content\/uploads\/2025\/03\/WhatsApp-Image-2025-03-21-at-16.19.27-2-768x576.jpeg 768w, https:\/\/principedeasturiasvaldivia.cl\/Colegio\/wp-content\/uploads\/2025\/03\/WhatsApp-Image-2025-03-21-at-16.19.27-2-1536x1152.jpeg 1536w, https:\/\/principedeasturiasvaldivia.cl\/Colegio\/wp-content\/uploads\/2025\/03\/WhatsApp-Image-2025-03-21-at-16.19.27-2-360x270.jpeg 360w, https:\/\/principedeasturiasvaldivia.cl\/Colegio\/wp-content\/uploads\/2025\/03\/WhatsApp-Image-2025-03-21-at-16.19.27-2.jpeg 1600w\" sizes=\"auto, (max-width: 1024px) 100vw, 1024px\" \/><\/figure>\n\n\n\n<figure class=\"wp-block-image size-large\"><img loading=\"lazy\" decoding=\"async\" width=\"1024\" height=\"768\" data-id=\"2523\" src=\"https:\/\/principedeasturiasvaldivia.cl\/Colegio\/wp-content\/uploads\/2025\/03\/WhatsApp-Image-2025-03-21-at-16.19.28-1-2-1024x768.jpeg\" alt=\"\" class=\"wp-image-2523\" srcset=\"https:\/\/principedeasturiasvaldivia.cl\/Colegio\/wp-content\/uploads\/2025\/03\/WhatsApp-Image-2025-03-21-at-16.19.28-1-2-1024x768.jpeg 1024w, https:\/\/principedeasturiasvaldivia.cl\/Colegio\/wp-content\/uploads\/2025\/03\/WhatsApp-Image-2025-03-21-at-16.19.28-1-2-300x225.jpeg 300w, https:\/\/principedeasturiasvaldivia.cl\/Colegio\/wp-content\/uploads\/2025\/03\/WhatsApp-Image-2025-03-21-at-16.19.28-1-2-768x576.jpeg 768w, https:\/\/principedeasturiasvaldivia.cl\/Colegio\/wp-content\/uploads\/2025\/03\/WhatsApp-Image-2025-03-21-at-16.19.28-1-2-1536x1152.jpeg 1536w, https:\/\/principedeasturiasvaldivia.cl\/Colegio\/wp-content\/uploads\/2025\/03\/WhatsApp-Image-2025-03-21-at-16.19.28-1-2-360x270.jpeg 360w, https:\/\/principedeasturiasvaldivia.cl\/Colegio\/wp-content\/uploads\/2025\/03\/WhatsApp-Image-2025-03-21-at-16.19.28-1-2.jpeg 1600w\" sizes=\"auto, (max-width: 1024px) 100vw, 1024px\" \/><\/figure>\n\n\n\n<figure class=\"wp-block-image size-large\"><img loading=\"lazy\" decoding=\"async\" width=\"1024\" height=\"768\" data-id=\"2529\" src=\"https:\/\/principedeasturiasvaldivia.cl\/Colegio\/wp-content\/uploads\/2025\/03\/WhatsApp-Image-2025-03-21-at-16.19.28-2-2-1024x768.jpeg\" alt=\"\" class=\"wp-image-2529\" srcset=\"https:\/\/principedeasturiasvaldivia.cl\/Colegio\/wp-content\/uploads\/2025\/03\/WhatsApp-Image-2025-03-21-at-16.19.28-2-2-1024x768.jpeg 1024w, https:\/\/principedeasturiasvaldivia.cl\/Colegio\/wp-content\/uploads\/2025\/03\/WhatsApp-Image-2025-03-21-at-16.19.28-2-2-300x225.jpeg 300w, https:\/\/principedeasturiasvaldivia.cl\/Colegio\/wp-content\/uploads\/2025\/03\/WhatsApp-Image-2025-03-21-at-16.19.28-2-2-768x576.jpeg 768w, https:\/\/principedeasturiasvaldivia.cl\/Colegio\/wp-content\/uploads\/2025\/03\/WhatsApp-Image-2025-03-21-at-16.19.28-2-2-1536x1152.jpeg 1536w, https:\/\/principedeasturiasvaldivia.cl\/Colegio\/wp-content\/uploads\/2025\/03\/WhatsApp-Image-2025-03-21-at-16.19.28-2-2-360x270.jpeg 360w, https:\/\/principedeasturiasvaldivia.cl\/Colegio\/wp-content\/uploads\/2025\/03\/WhatsApp-Image-2025-03-21-at-16.19.28-2-2.jpeg 1600w\" sizes=\"auto, (max-width: 1024px) 100vw, 1024px\" \/><\/figure>\n\n\n\n<figure class=\"wp-block-image size-large\"><img loading=\"lazy\" decoding=\"async\" width=\"1024\" height=\"768\" data-id=\"2528\" src=\"https:\/\/principedeasturiasvaldivia.cl\/Colegio\/wp-content\/uploads\/2025\/03\/WhatsApp-Image-2025-03-21-at-16.19.28-3-2-1024x768.jpeg\" alt=\"\" class=\"wp-image-2528\" srcset=\"https:\/\/principedeasturiasvaldivia.cl\/Colegio\/wp-content\/uploads\/2025\/03\/WhatsApp-Image-2025-03-21-at-16.19.28-3-2-1024x768.jpeg 1024w, https:\/\/principedeasturiasvaldivia.cl\/Colegio\/wp-content\/uploads\/2025\/03\/WhatsApp-Image-2025-03-21-at-16.19.28-3-2-300x225.jpeg 300w, https:\/\/principedeasturiasvaldivia.cl\/Colegio\/wp-content\/uploads\/2025\/03\/WhatsApp-Image-2025-03-21-at-16.19.28-3-2-768x576.jpeg 768w, https:\/\/principedeasturiasvaldivia.cl\/Colegio\/wp-content\/uploads\/2025\/03\/WhatsApp-Image-2025-03-21-at-16.19.28-3-2-1536x1152.jpeg 1536w, https:\/\/principedeasturiasvaldivia.cl\/Colegio\/wp-content\/uploads\/2025\/03\/WhatsApp-Image-2025-03-21-at-16.19.28-3-2-360x270.jpeg 360w, https:\/\/principedeasturiasvaldivia.cl\/Colegio\/wp-content\/uploads\/2025\/03\/WhatsApp-Image-2025-03-21-at-16.19.28-3-2.jpeg 1600w\" sizes=\"auto, (max-width: 1024px) 100vw, 1024px\" \/><\/figure>\n\n\n\n<figure class=\"wp-block-image size-large\"><img loading=\"lazy\" decoding=\"async\" width=\"1024\" height=\"768\" data-id=\"2526\" src=\"https:\/\/principedeasturiasvaldivia.cl\/Colegio\/wp-content\/uploads\/2025\/03\/WhatsApp-Image-2025-03-21-at-16.19.28-4-2-1024x768.jpeg\" alt=\"\" class=\"wp-image-2526\" srcset=\"https:\/\/principedeasturiasvaldivia.cl\/Colegio\/wp-content\/uploads\/2025\/03\/WhatsApp-Image-2025-03-21-at-16.19.28-4-2-1024x768.jpeg 1024w, https:\/\/principedeasturiasvaldivia.cl\/Colegio\/wp-content\/uploads\/2025\/03\/WhatsApp-Image-2025-03-21-at-16.19.28-4-2-300x225.jpeg 300w, https:\/\/principedeasturiasvaldivia.cl\/Colegio\/wp-content\/uploads\/2025\/03\/WhatsApp-Image-2025-03-21-at-16.19.28-4-2-768x576.jpeg 768w, https:\/\/principedeasturiasvaldivia.cl\/Colegio\/wp-content\/uploads\/2025\/03\/WhatsApp-Image-2025-03-21-at-16.19.28-4-2-1536x1152.jpeg 1536w, https:\/\/principedeasturiasvaldivia.cl\/Colegio\/wp-content\/uploads\/2025\/03\/WhatsApp-Image-2025-03-21-at-16.19.28-4-2-360x270.jpeg 360w, https:\/\/principedeasturiasvaldivia.cl\/Colegio\/wp-content\/uploads\/2025\/03\/WhatsApp-Image-2025-03-21-at-16.19.28-4-2.jpeg 1600w\" sizes=\"auto, (max-width: 1024px) 100vw, 1024px\" \/><\/figure>\n\n\n\n<figure class=\"wp-block-image size-large\"><img loading=\"lazy\" decoding=\"async\" width=\"1024\" height=\"576\" data-id=\"2532\" src=\"https:\/\/principedeasturiasvaldivia.cl\/Colegio\/wp-content\/uploads\/2025\/03\/WhatsApp-Image-2025-03-21-at-16.19.28-5-2-1024x576.jpeg\" alt=\"\" class=\"wp-image-2532\" srcset=\"https:\/\/principedeasturiasvaldivia.cl\/Colegio\/wp-content\/uploads\/2025\/03\/WhatsApp-Image-2025-03-21-at-16.19.28-5-2-1024x576.jpeg 1024w, https:\/\/principedeasturiasvaldivia.cl\/Colegio\/wp-content\/uploads\/2025\/03\/WhatsApp-Image-2025-03-21-at-16.19.28-5-2-300x169.jpeg 300w, https:\/\/principedeasturiasvaldivia.cl\/Colegio\/wp-content\/uploads\/2025\/03\/WhatsApp-Image-2025-03-21-at-16.19.28-5-2-768x432.jpeg 768w, https:\/\/principedeasturiasvaldivia.cl\/Colegio\/wp-content\/uploads\/2025\/03\/WhatsApp-Image-2025-03-21-at-16.19.28-5-2-1536x864.jpeg 1536w, https:\/\/principedeasturiasvaldivia.cl\/Colegio\/wp-content\/uploads\/2025\/03\/WhatsApp-Image-2025-03-21-at-16.19.28-5-2-360x202.jpeg 360w, https:\/\/principedeasturiasvaldivia.cl\/Colegio\/wp-content\/uploads\/2025\/03\/WhatsApp-Image-2025-03-21-at-16.19.28-5-2.jpeg 1599w\" sizes=\"auto, (max-width: 1024px) 100vw, 1024px\" \/><\/figure>\n\n\n\n<figure class=\"wp-block-image size-large\"><img loading=\"lazy\" decoding=\"async\" width=\"1024\" height=\"768\" data-id=\"2521\" src=\"https:\/\/principedeasturiasvaldivia.cl\/Colegio\/wp-content\/uploads\/2025\/03\/WhatsApp-Image-2025-03-21-at-16.19.28-6-2-1024x768.jpeg\" alt=\"\" class=\"wp-image-2521\" srcset=\"https:\/\/principedeasturiasvaldivia.cl\/Colegio\/wp-content\/uploads\/2025\/03\/WhatsApp-Image-2025-03-21-at-16.19.28-6-2-1024x768.jpeg 1024w, https:\/\/principedeasturiasvaldivia.cl\/Colegio\/wp-content\/uploads\/2025\/03\/WhatsApp-Image-2025-03-21-at-16.19.28-6-2-300x225.jpeg 300w, https:\/\/principedeasturiasvaldivia.cl\/Colegio\/wp-content\/uploads\/2025\/03\/WhatsApp-Image-2025-03-21-at-16.19.28-6-2-768x576.jpeg 768w, https:\/\/principedeasturiasvaldivia.cl\/Colegio\/wp-content\/uploads\/2025\/03\/WhatsApp-Image-2025-03-21-at-16.19.28-6-2-360x270.jpeg 360w, https:\/\/principedeasturiasvaldivia.cl\/Colegio\/wp-content\/uploads\/2025\/03\/WhatsApp-Image-2025-03-21-at-16.19.28-6-2.jpeg 1280w\" sizes=\"auto, (max-width: 1024px) 100vw, 1024px\" \/><\/figure>\n\n\n\n<figure class=\"wp-block-image size-large\"><img loading=\"lazy\" decoding=\"async\" width=\"1024\" height=\"768\" data-id=\"2531\" src=\"https:\/\/principedeasturiasvaldivia.cl\/Colegio\/wp-content\/uploads\/2025\/03\/WhatsApp-Image-2025-03-21-at-16.19.28-7-2-1024x768.jpeg\" alt=\"\" class=\"wp-image-2531\" srcset=\"https:\/\/principedeasturiasvaldivia.cl\/Colegio\/wp-content\/uploads\/2025\/03\/WhatsApp-Image-2025-03-21-at-16.19.28-7-2-1024x768.jpeg 1024w, https:\/\/principedeasturiasvaldivia.cl\/Colegio\/wp-content\/uploads\/2025\/03\/WhatsApp-Image-2025-03-21-at-16.19.28-7-2-300x225.jpeg 300w, https:\/\/principedeasturiasvaldivia.cl\/Colegio\/wp-content\/uploads\/2025\/03\/WhatsApp-Image-2025-03-21-at-16.19.28-7-2-768x576.jpeg 768w, https:\/\/principedeasturiasvaldivia.cl\/Colegio\/wp-content\/uploads\/2025\/03\/WhatsApp-Image-2025-03-21-at-16.19.28-7-2-360x270.jpeg 360w, https:\/\/principedeasturiasvaldivia.cl\/Colegio\/wp-content\/uploads\/2025\/03\/WhatsApp-Image-2025-03-21-at-16.19.28-7-2.jpeg 1280w\" sizes=\"auto, (max-width: 1024px) 100vw, 1024px\" \/><\/figure>\n\n\n\n<figure class=\"wp-block-image size-large\"><img loading=\"lazy\" decoding=\"async\" width=\"768\" height=\"1024\" data-id=\"2522\" src=\"https:\/\/principedeasturiasvaldivia.cl\/Colegio\/wp-content\/uploads\/2025\/03\/WhatsApp-Image-2025-03-21-at-16.19.28-8-1-768x1024.jpeg\" alt=\"\" class=\"wp-image-2522\" srcset=\"https:\/\/principedeasturiasvaldivia.cl\/Colegio\/wp-content\/uploads\/2025\/03\/WhatsApp-Image-2025-03-21-at-16.19.28-8-1-768x1024.jpeg 768w, https:\/\/principedeasturiasvaldivia.cl\/Colegio\/wp-content\/uploads\/2025\/03\/WhatsApp-Image-2025-03-21-at-16.19.28-8-1-225x300.jpeg 225w, https:\/\/principedeasturiasvaldivia.cl\/Colegio\/wp-content\/uploads\/2025\/03\/WhatsApp-Image-2025-03-21-at-16.19.28-8-1-203x270.jpeg 203w, https:\/\/principedeasturiasvaldivia.cl\/Colegio\/wp-content\/uploads\/2025\/03\/WhatsApp-Image-2025-03-21-at-16.19.28-8-1.jpeg 960w\" sizes=\"auto, (max-width: 768px) 100vw, 768px\" \/><\/figure>\n\n\n\n<figure class=\"wp-block-image size-large\"><img loading=\"lazy\" decoding=\"async\" width=\"768\" height=\"1024\" data-id=\"2518\" src=\"https:\/\/principedeasturiasvaldivia.cl\/Colegio\/wp-content\/uploads\/2025\/03\/WhatsApp-Image-2025-03-21-at-16.19.28-9-2-768x1024.jpeg\" alt=\"\" class=\"wp-image-2518\" srcset=\"https:\/\/principedeasturiasvaldivia.cl\/Colegio\/wp-content\/uploads\/2025\/03\/WhatsApp-Image-2025-03-21-at-16.19.28-9-2-768x1024.jpeg 768w, https:\/\/principedeasturiasvaldivia.cl\/Colegio\/wp-content\/uploads\/2025\/03\/WhatsApp-Image-2025-03-21-at-16.19.28-9-2-225x300.jpeg 225w, https:\/\/principedeasturiasvaldivia.cl\/Colegio\/wp-content\/uploads\/2025\/03\/WhatsApp-Image-2025-03-21-at-16.19.28-9-2-203x270.jpeg 203w, https:\/\/principedeasturiasvaldivia.cl\/Colegio\/wp-content\/uploads\/2025\/03\/WhatsApp-Image-2025-03-21-at-16.19.28-9-2.jpeg 960w\" sizes=\"auto, (max-width: 768px) 100vw, 768px\" \/><\/figure>\n\n\n\n<figure class=\"wp-block-image size-large\"><img loading=\"lazy\" decoding=\"async\" width=\"1024\" height=\"768\" data-id=\"2535\" src=\"https:\/\/principedeasturiasvaldivia.cl\/Colegio\/wp-content\/uploads\/2025\/03\/WhatsApp-Image-2025-03-21-at-16.19.28-10-2-1024x768.jpeg\" alt=\"\" class=\"wp-image-2535\" srcset=\"https:\/\/principedeasturiasvaldivia.cl\/Colegio\/wp-content\/uploads\/2025\/03\/WhatsApp-Image-2025-03-21-at-16.19.28-10-2-1024x768.jpeg 1024w, https:\/\/principedeasturiasvaldivia.cl\/Colegio\/wp-content\/uploads\/2025\/03\/WhatsApp-Image-2025-03-21-at-16.19.28-10-2-300x225.jpeg 300w, https:\/\/principedeasturiasvaldivia.cl\/Colegio\/wp-content\/uploads\/2025\/03\/WhatsApp-Image-2025-03-21-at-16.19.28-10-2-768x576.jpeg 768w, https:\/\/principedeasturiasvaldivia.cl\/Colegio\/wp-content\/uploads\/2025\/03\/WhatsApp-Image-2025-03-21-at-16.19.28-10-2-360x270.jpeg 360w, https:\/\/principedeasturiasvaldivia.cl\/Colegio\/wp-content\/uploads\/2025\/03\/WhatsApp-Image-2025-03-21-at-16.19.28-10-2.jpeg 1280w\" sizes=\"auto, (max-width: 1024px) 100vw, 1024px\" \/><\/figure>\n\n\n\n<figure class=\"wp-block-image size-large\"><img loading=\"lazy\" decoding=\"async\" width=\"1024\" height=\"768\" data-id=\"2534\" src=\"https:\/\/principedeasturiasvaldivia.cl\/Colegio\/wp-content\/uploads\/2025\/03\/WhatsApp-Image-2025-03-21-at-16.19.28-11-2-1024x768.jpeg\" alt=\"\" class=\"wp-image-2534\" srcset=\"https:\/\/principedeasturiasvaldivia.cl\/Colegio\/wp-content\/uploads\/2025\/03\/WhatsApp-Image-2025-03-21-at-16.19.28-11-2-1024x768.jpeg 1024w, https:\/\/principedeasturiasvaldivia.cl\/Colegio\/wp-content\/uploads\/2025\/03\/WhatsApp-Image-2025-03-21-at-16.19.28-11-2-300x225.jpeg 300w, https:\/\/principedeasturiasvaldivia.cl\/Colegio\/wp-content\/uploads\/2025\/03\/WhatsApp-Image-2025-03-21-at-16.19.28-11-2-768x576.jpeg 768w, https:\/\/principedeasturiasvaldivia.cl\/Colegio\/wp-content\/uploads\/2025\/03\/WhatsApp-Image-2025-03-21-at-16.19.28-11-2-1536x1152.jpeg 1536w, https:\/\/principedeasturiasvaldivia.cl\/Colegio\/wp-content\/uploads\/2025\/03\/WhatsApp-Image-2025-03-21-at-16.19.28-11-2-360x270.jpeg 360w, https:\/\/principedeasturiasvaldivia.cl\/Colegio\/wp-content\/uploads\/2025\/03\/WhatsApp-Image-2025-03-21-at-16.19.28-11-2.jpeg 1600w\" sizes=\"auto, (max-width: 1024px) 100vw, 1024px\" \/><\/figure>\n\n\n\n<figure class=\"wp-block-image size-large\"><img loading=\"lazy\" decoding=\"async\" width=\"1024\" height=\"768\" data-id=\"2536\" src=\"https:\/\/principedeasturiasvaldivia.cl\/Colegio\/wp-content\/uploads\/2025\/03\/WhatsApp-Image-2025-03-21-at-16.19.28-12-1024x768.jpeg\" alt=\"\" class=\"wp-image-2536\" srcset=\"https:\/\/principedeasturiasvaldivia.cl\/Colegio\/wp-content\/uploads\/2025\/03\/WhatsApp-Image-2025-03-21-at-16.19.28-12-1024x768.jpeg 1024w, https:\/\/principedeasturiasvaldivia.cl\/Colegio\/wp-content\/uploads\/2025\/03\/WhatsApp-Image-2025-03-21-at-16.19.28-12-300x225.jpeg 300w, https:\/\/principedeasturiasvaldivia.cl\/Colegio\/wp-content\/uploads\/2025\/03\/WhatsApp-Image-2025-03-21-at-16.19.28-12-768x576.jpeg 768w, https:\/\/principedeasturiasvaldivia.cl\/Colegio\/wp-content\/uploads\/2025\/03\/WhatsApp-Image-2025-03-21-at-16.19.28-12-1536x1152.jpeg 1536w, https:\/\/principedeasturiasvaldivia.cl\/Colegio\/wp-content\/uploads\/2025\/03\/WhatsApp-Image-2025-03-21-at-16.19.28-12-360x270.jpeg 360w, https:\/\/principedeasturiasvaldivia.cl\/Colegio\/wp-content\/uploads\/2025\/03\/WhatsApp-Image-2025-03-21-at-16.19.28-12.jpeg 1600w\" sizes=\"auto, (max-width: 1024px) 100vw, 1024px\" \/><\/figure>\n<\/figure>\n\n\n\n<p class=\"has-text-align-center has-blue-color has-text-color has-link-color wp-elements-2b684521e5f087593a8834376dfeada3\" style=\"font-size:20px\"><strong>DIA NACIONAL CONTRA EL CIBERBULLYING<\/strong><\/p>\n\n\n\n<p><\/p>\n\n\n\n<figure class=\"wp-block-gallery has-nested-images columns-3 is-cropped wp-block-gallery-13 is-layout-flex wp-block-gallery-is-layout-flex\">\n<figure class=\"wp-block-image size-full\"><img loading=\"lazy\" decoding=\"async\" width=\"1200\" height=\"1600\" data-id=\"2471\" src=\"https:\/\/principedeasturiasvaldivia.cl\/Colegio\/wp-content\/uploads\/2025\/03\/WhatsApp-Image-2025-03-14-at-16.08.32-3.jpeg\" alt=\"\" class=\"wp-image-2471\" srcset=\"https:\/\/principedeasturiasvaldivia.cl\/Colegio\/wp-content\/uploads\/2025\/03\/WhatsApp-Image-2025-03-14-at-16.08.32-3.jpeg 1200w, https:\/\/principedeasturiasvaldivia.cl\/Colegio\/wp-content\/uploads\/2025\/03\/WhatsApp-Image-2025-03-14-at-16.08.32-3-225x300.jpeg 225w, https:\/\/principedeasturiasvaldivia.cl\/Colegio\/wp-content\/uploads\/2025\/03\/WhatsApp-Image-2025-03-14-at-16.08.32-3-768x1024.jpeg 768w, https:\/\/principedeasturiasvaldivia.cl\/Colegio\/wp-content\/uploads\/2025\/03\/WhatsApp-Image-2025-03-14-at-16.08.32-3-1152x1536.jpeg 1152w, https:\/\/principedeasturiasvaldivia.cl\/Colegio\/wp-content\/uploads\/2025\/03\/WhatsApp-Image-2025-03-14-at-16.08.32-3-203x270.jpeg 203w\" sizes=\"auto, (max-width: 1200px) 100vw, 1200px\" \/><\/figure>\n\n\n\n<figure class=\"wp-block-image size-full\"><img loading=\"lazy\" decoding=\"async\" width=\"1600\" height=\"1200\" data-id=\"2470\" src=\"https:\/\/principedeasturiasvaldivia.cl\/Colegio\/wp-content\/uploads\/2025\/03\/WhatsApp-Image-2025-03-14-at-16.08.32-2-2.jpeg\" alt=\"\" class=\"wp-image-2470\" srcset=\"https:\/\/principedeasturiasvaldivia.cl\/Colegio\/wp-content\/uploads\/2025\/03\/WhatsApp-Image-2025-03-14-at-16.08.32-2-2.jpeg 1600w, https:\/\/principedeasturiasvaldivia.cl\/Colegio\/wp-content\/uploads\/2025\/03\/WhatsApp-Image-2025-03-14-at-16.08.32-2-2-300x225.jpeg 300w, https:\/\/principedeasturiasvaldivia.cl\/Colegio\/wp-content\/uploads\/2025\/03\/WhatsApp-Image-2025-03-14-at-16.08.32-2-2-1024x768.jpeg 1024w, https:\/\/principedeasturiasvaldivia.cl\/Colegio\/wp-content\/uploads\/2025\/03\/WhatsApp-Image-2025-03-14-at-16.08.32-2-2-768x576.jpeg 768w, https:\/\/principedeasturiasvaldivia.cl\/Colegio\/wp-content\/uploads\/2025\/03\/WhatsApp-Image-2025-03-14-at-16.08.32-2-2-1536x1152.jpeg 1536w, https:\/\/principedeasturiasvaldivia.cl\/Colegio\/wp-content\/uploads\/2025\/03\/WhatsApp-Image-2025-03-14-at-16.08.32-2-2-360x270.jpeg 360w\" sizes=\"auto, (max-width: 1600px) 100vw, 1600px\" \/><\/figure>\n\n\n\n<figure class=\"wp-block-image size-full is-style-default\"><img loading=\"lazy\" decoding=\"async\" width=\"1600\" height=\"1200\" data-id=\"2469\" src=\"https:\/\/principedeasturiasvaldivia.cl\/Colegio\/wp-content\/uploads\/2025\/03\/WhatsApp-Image-2025-03-14-at-16.08.32-1-2.jpeg\" alt=\"\" class=\"wp-image-2469\" srcset=\"https:\/\/principedeasturiasvaldivia.cl\/Colegio\/wp-content\/uploads\/2025\/03\/WhatsApp-Image-2025-03-14-at-16.08.32-1-2.jpeg 1600w, https:\/\/principedeasturiasvaldivia.cl\/Colegio\/wp-content\/uploads\/2025\/03\/WhatsApp-Image-2025-03-14-at-16.08.32-1-2-300x225.jpeg 300w, https:\/\/principedeasturiasvaldivia.cl\/Colegio\/wp-content\/uploads\/2025\/03\/WhatsApp-Image-2025-03-14-at-16.08.32-1-2-1024x768.jpeg 1024w, https:\/\/principedeasturiasvaldivia.cl\/Colegio\/wp-content\/uploads\/2025\/03\/WhatsApp-Image-2025-03-14-at-16.08.32-1-2-768x576.jpeg 768w, https:\/\/principedeasturiasvaldivia.cl\/Colegio\/wp-content\/uploads\/2025\/03\/WhatsApp-Image-2025-03-14-at-16.08.32-1-2-1536x1152.jpeg 1536w, https:\/\/principedeasturiasvaldivia.cl\/Colegio\/wp-content\/uploads\/2025\/03\/WhatsApp-Image-2025-03-14-at-16.08.32-1-2-360x270.jpeg 360w\" sizes=\"auto, (max-width: 1600px) 100vw, 1600px\" \/><\/figure>\n\n\n\n<figure class=\"wp-block-image size-full\"><img loading=\"lazy\" decoding=\"async\" width=\"718\" height=\"1600\" data-id=\"2468\" src=\"https:\/\/principedeasturiasvaldivia.cl\/Colegio\/wp-content\/uploads\/2025\/03\/WhatsApp-Image-2025-03-14-at-16.08.31-5.jpeg\" alt=\"\" class=\"wp-image-2468\" srcset=\"https:\/\/principedeasturiasvaldivia.cl\/Colegio\/wp-content\/uploads\/2025\/03\/WhatsApp-Image-2025-03-14-at-16.08.31-5.jpeg 718w, https:\/\/principedeasturiasvaldivia.cl\/Colegio\/wp-content\/uploads\/2025\/03\/WhatsApp-Image-2025-03-14-at-16.08.31-5-135x300.jpeg 135w, https:\/\/principedeasturiasvaldivia.cl\/Colegio\/wp-content\/uploads\/2025\/03\/WhatsApp-Image-2025-03-14-at-16.08.31-5-460x1024.jpeg 460w, https:\/\/principedeasturiasvaldivia.cl\/Colegio\/wp-content\/uploads\/2025\/03\/WhatsApp-Image-2025-03-14-at-16.08.31-5-689x1536.jpeg 689w, https:\/\/principedeasturiasvaldivia.cl\/Colegio\/wp-content\/uploads\/2025\/03\/WhatsApp-Image-2025-03-14-at-16.08.31-5-121x270.jpeg 121w\" sizes=\"auto, (max-width: 718px) 100vw, 718px\" \/><\/figure>\n\n\n\n<figure class=\"wp-block-image size-full\"><img loading=\"lazy\" decoding=\"async\" width=\"1200\" height=\"1600\" data-id=\"2467\" src=\"https:\/\/principedeasturiasvaldivia.cl\/Colegio\/wp-content\/uploads\/2025\/03\/WhatsApp-Image-2025-03-14-at-16.08.31-3-1.jpeg\" alt=\"\" class=\"wp-image-2467\" srcset=\"https:\/\/principedeasturiasvaldivia.cl\/Colegio\/wp-content\/uploads\/2025\/03\/WhatsApp-Image-2025-03-14-at-16.08.31-3-1.jpeg 1200w, https:\/\/principedeasturiasvaldivia.cl\/Colegio\/wp-content\/uploads\/2025\/03\/WhatsApp-Image-2025-03-14-at-16.08.31-3-1-225x300.jpeg 225w, https:\/\/principedeasturiasvaldivia.cl\/Colegio\/wp-content\/uploads\/2025\/03\/WhatsApp-Image-2025-03-14-at-16.08.31-3-1-768x1024.jpeg 768w, https:\/\/principedeasturiasvaldivia.cl\/Colegio\/wp-content\/uploads\/2025\/03\/WhatsApp-Image-2025-03-14-at-16.08.31-3-1-1152x1536.jpeg 1152w, https:\/\/principedeasturiasvaldivia.cl\/Colegio\/wp-content\/uploads\/2025\/03\/WhatsApp-Image-2025-03-14-at-16.08.31-3-1-203x270.jpeg 203w\" sizes=\"auto, (max-width: 1200px) 100vw, 1200px\" \/><\/figure>\n\n\n\n<figure class=\"wp-block-image size-full\"><img loading=\"lazy\" decoding=\"async\" width=\"1200\" height=\"1600\" data-id=\"2466\" src=\"https:\/\/principedeasturiasvaldivia.cl\/Colegio\/wp-content\/uploads\/2025\/03\/WhatsApp-Image-2025-03-14-at-16.08.31-2-1.jpeg\" alt=\"\" class=\"wp-image-2466\" srcset=\"https:\/\/principedeasturiasvaldivia.cl\/Colegio\/wp-content\/uploads\/2025\/03\/WhatsApp-Image-2025-03-14-at-16.08.31-2-1.jpeg 1200w, https:\/\/principedeasturiasvaldivia.cl\/Colegio\/wp-content\/uploads\/2025\/03\/WhatsApp-Image-2025-03-14-at-16.08.31-2-1-225x300.jpeg 225w, https:\/\/principedeasturiasvaldivia.cl\/Colegio\/wp-content\/uploads\/2025\/03\/WhatsApp-Image-2025-03-14-at-16.08.31-2-1-768x1024.jpeg 768w, https:\/\/principedeasturiasvaldivia.cl\/Colegio\/wp-content\/uploads\/2025\/03\/WhatsApp-Image-2025-03-14-at-16.08.31-2-1-1152x1536.jpeg 1152w, https:\/\/principedeasturiasvaldivia.cl\/Colegio\/wp-content\/uploads\/2025\/03\/WhatsApp-Image-2025-03-14-at-16.08.31-2-1-203x270.jpeg 203w\" sizes=\"auto, (max-width: 1200px) 100vw, 1200px\" \/><\/figure>\n\n\n\n<figure class=\"wp-block-image size-full\"><img loading=\"lazy\" decoding=\"async\" width=\"960\" height=\"1280\" data-id=\"2464\" src=\"https:\/\/principedeasturiasvaldivia.cl\/Colegio\/wp-content\/uploads\/2025\/03\/WhatsApp-Image-2025-03-14-at-16.08.30-5.jpeg\" alt=\"\" class=\"wp-image-2464\" srcset=\"https:\/\/principedeasturiasvaldivia.cl\/Colegio\/wp-content\/uploads\/2025\/03\/WhatsApp-Image-2025-03-14-at-16.08.30-5.jpeg 960w, https:\/\/principedeasturiasvaldivia.cl\/Colegio\/wp-content\/uploads\/2025\/03\/WhatsApp-Image-2025-03-14-at-16.08.30-5-225x300.jpeg 225w, https:\/\/principedeasturiasvaldivia.cl\/Colegio\/wp-content\/uploads\/2025\/03\/WhatsApp-Image-2025-03-14-at-16.08.30-5-768x1024.jpeg 768w, https:\/\/principedeasturiasvaldivia.cl\/Colegio\/wp-content\/uploads\/2025\/03\/WhatsApp-Image-2025-03-14-at-16.08.30-5-203x270.jpeg 203w\" sizes=\"auto, (max-width: 960px) 100vw, 960px\" \/><\/figure>\n\n\n\n<figure class=\"wp-block-image size-full\"><img loading=\"lazy\" decoding=\"async\" width=\"718\" height=\"1600\" data-id=\"2463\" src=\"https:\/\/principedeasturiasvaldivia.cl\/Colegio\/wp-content\/uploads\/2025\/03\/WhatsApp-Image-2025-03-14-at-16.08.30-3-2.jpeg\" alt=\"\" class=\"wp-image-2463\" srcset=\"https:\/\/principedeasturiasvaldivia.cl\/Colegio\/wp-content\/uploads\/2025\/03\/WhatsApp-Image-2025-03-14-at-16.08.30-3-2.jpeg 718w, https:\/\/principedeasturiasvaldivia.cl\/Colegio\/wp-content\/uploads\/2025\/03\/WhatsApp-Image-2025-03-14-at-16.08.30-3-2-135x300.jpeg 135w, https:\/\/principedeasturiasvaldivia.cl\/Colegio\/wp-content\/uploads\/2025\/03\/WhatsApp-Image-2025-03-14-at-16.08.30-3-2-460x1024.jpeg 460w, https:\/\/principedeasturiasvaldivia.cl\/Colegio\/wp-content\/uploads\/2025\/03\/WhatsApp-Image-2025-03-14-at-16.08.30-3-2-689x1536.jpeg 689w, https:\/\/principedeasturiasvaldivia.cl\/Colegio\/wp-content\/uploads\/2025\/03\/WhatsApp-Image-2025-03-14-at-16.08.30-3-2-121x270.jpeg 121w\" sizes=\"auto, (max-width: 718px) 100vw, 718px\" \/><\/figure>\n\n\n\n<figure class=\"wp-block-image size-full\"><img loading=\"lazy\" decoding=\"async\" width=\"960\" height=\"1280\" data-id=\"2462\" src=\"https:\/\/principedeasturiasvaldivia.cl\/Colegio\/wp-content\/uploads\/2025\/03\/WhatsApp-Image-2025-03-14-at-16.08.30-2-2.jpeg\" alt=\"\" class=\"wp-image-2462\" srcset=\"https:\/\/principedeasturiasvaldivia.cl\/Colegio\/wp-content\/uploads\/2025\/03\/WhatsApp-Image-2025-03-14-at-16.08.30-2-2.jpeg 960w, https:\/\/principedeasturiasvaldivia.cl\/Colegio\/wp-content\/uploads\/2025\/03\/WhatsApp-Image-2025-03-14-at-16.08.30-2-2-225x300.jpeg 225w, https:\/\/principedeasturiasvaldivia.cl\/Colegio\/wp-content\/uploads\/2025\/03\/WhatsApp-Image-2025-03-14-at-16.08.30-2-2-768x1024.jpeg 768w, https:\/\/principedeasturiasvaldivia.cl\/Colegio\/wp-content\/uploads\/2025\/03\/WhatsApp-Image-2025-03-14-at-16.08.30-2-2-203x270.jpeg 203w\" sizes=\"auto, (max-width: 960px) 100vw, 960px\" \/><\/figure>\n\n\n\n<figure class=\"wp-block-image size-full\"><img loading=\"lazy\" decoding=\"async\" width=\"960\" height=\"1280\" data-id=\"2461\" src=\"https:\/\/principedeasturiasvaldivia.cl\/Colegio\/wp-content\/uploads\/2025\/03\/WhatsApp-Image-2025-03-14-at-16.08.30-1-1.jpeg\" alt=\"\" class=\"wp-image-2461\" srcset=\"https:\/\/principedeasturiasvaldivia.cl\/Colegio\/wp-content\/uploads\/2025\/03\/WhatsApp-Image-2025-03-14-at-16.08.30-1-1.jpeg 960w, https:\/\/principedeasturiasvaldivia.cl\/Colegio\/wp-content\/uploads\/2025\/03\/WhatsApp-Image-2025-03-14-at-16.08.30-1-1-225x300.jpeg 225w, https:\/\/principedeasturiasvaldivia.cl\/Colegio\/wp-content\/uploads\/2025\/03\/WhatsApp-Image-2025-03-14-at-16.08.30-1-1-768x1024.jpeg 768w, https:\/\/principedeasturiasvaldivia.cl\/Colegio\/wp-content\/uploads\/2025\/03\/WhatsApp-Image-2025-03-14-at-16.08.30-1-1-203x270.jpeg 203w\" sizes=\"auto, (max-width: 960px) 100vw, 960px\" \/><\/figure>\n\n\n\n<figure class=\"wp-block-image size-full\"><img loading=\"lazy\" decoding=\"async\" width=\"1280\" height=\"960\" data-id=\"2460\" src=\"https:\/\/principedeasturiasvaldivia.cl\/Colegio\/wp-content\/uploads\/2025\/03\/WhatsApp-Image-2025-03-14-at-16.08.29-2.jpeg\" alt=\"\" class=\"wp-image-2460\" srcset=\"https:\/\/principedeasturiasvaldivia.cl\/Colegio\/wp-content\/uploads\/2025\/03\/WhatsApp-Image-2025-03-14-at-16.08.29-2.jpeg 1280w, https:\/\/principedeasturiasvaldivia.cl\/Colegio\/wp-content\/uploads\/2025\/03\/WhatsApp-Image-2025-03-14-at-16.08.29-2-300x225.jpeg 300w, https:\/\/principedeasturiasvaldivia.cl\/Colegio\/wp-content\/uploads\/2025\/03\/WhatsApp-Image-2025-03-14-at-16.08.29-2-1024x768.jpeg 1024w, https:\/\/principedeasturiasvaldivia.cl\/Colegio\/wp-content\/uploads\/2025\/03\/WhatsApp-Image-2025-03-14-at-16.08.29-2-768x576.jpeg 768w, https:\/\/principedeasturiasvaldivia.cl\/Colegio\/wp-content\/uploads\/2025\/03\/WhatsApp-Image-2025-03-14-at-16.08.29-2-360x270.jpeg 360w\" sizes=\"auto, (max-width: 1280px) 100vw, 1280px\" \/><\/figure>\n\n\n\n<figure class=\"wp-block-image size-full\"><img loading=\"lazy\" decoding=\"async\" width=\"1280\" height=\"960\" data-id=\"2459\" src=\"https:\/\/principedeasturiasvaldivia.cl\/Colegio\/wp-content\/uploads\/2025\/03\/WhatsApp-Image-2025-03-14-at-16.08.29-1-2.jpeg\" alt=\"\" class=\"wp-image-2459\" srcset=\"https:\/\/principedeasturiasvaldivia.cl\/Colegio\/wp-content\/uploads\/2025\/03\/WhatsApp-Image-2025-03-14-at-16.08.29-1-2.jpeg 1280w, https:\/\/principedeasturiasvaldivia.cl\/Colegio\/wp-content\/uploads\/2025\/03\/WhatsApp-Image-2025-03-14-at-16.08.29-1-2-300x225.jpeg 300w, https:\/\/principedeasturiasvaldivia.cl\/Colegio\/wp-content\/uploads\/2025\/03\/WhatsApp-Image-2025-03-14-at-16.08.29-1-2-1024x768.jpeg 1024w, https:\/\/principedeasturiasvaldivia.cl\/Colegio\/wp-content\/uploads\/2025\/03\/WhatsApp-Image-2025-03-14-at-16.08.29-1-2-768x576.jpeg 768w, https:\/\/principedeasturiasvaldivia.cl\/Colegio\/wp-content\/uploads\/2025\/03\/WhatsApp-Image-2025-03-14-at-16.08.29-1-2-360x270.jpeg 360w\" sizes=\"auto, (max-width: 1280px) 100vw, 1280px\" \/><\/figure>\n\n\n\n<figure class=\"wp-block-image size-full\"><img loading=\"lazy\" decoding=\"async\" width=\"960\" height=\"1280\" data-id=\"2458\" src=\"https:\/\/principedeasturiasvaldivia.cl\/Colegio\/wp-content\/uploads\/2025\/03\/WhatsApp-Image-2025-03-14-at-16.08.28-3.jpeg\" alt=\"\" class=\"wp-image-2458\" srcset=\"https:\/\/principedeasturiasvaldivia.cl\/Colegio\/wp-content\/uploads\/2025\/03\/WhatsApp-Image-2025-03-14-at-16.08.28-3.jpeg 960w, https:\/\/principedeasturiasvaldivia.cl\/Colegio\/wp-content\/uploads\/2025\/03\/WhatsApp-Image-2025-03-14-at-16.08.28-3-225x300.jpeg 225w, https:\/\/principedeasturiasvaldivia.cl\/Colegio\/wp-content\/uploads\/2025\/03\/WhatsApp-Image-2025-03-14-at-16.08.28-3-768x1024.jpeg 768w, https:\/\/principedeasturiasvaldivia.cl\/Colegio\/wp-content\/uploads\/2025\/03\/WhatsApp-Image-2025-03-14-at-16.08.28-3-203x270.jpeg 203w\" sizes=\"auto, (max-width: 960px) 100vw, 960px\" \/><\/figure>\n\n\n\n<figure class=\"wp-block-image size-full\"><img loading=\"lazy\" decoding=\"async\" width=\"1280\" height=\"960\" data-id=\"2457\" src=\"https:\/\/principedeasturiasvaldivia.cl\/Colegio\/wp-content\/uploads\/2025\/03\/WhatsApp-Image-2025-03-14-at-16.08.28-1-1.jpeg\" alt=\"\" class=\"wp-image-2457\" srcset=\"https:\/\/principedeasturiasvaldivia.cl\/Colegio\/wp-content\/uploads\/2025\/03\/WhatsApp-Image-2025-03-14-at-16.08.28-1-1.jpeg 1280w, https:\/\/principedeasturiasvaldivia.cl\/Colegio\/wp-content\/uploads\/2025\/03\/WhatsApp-Image-2025-03-14-at-16.08.28-1-1-300x225.jpeg 300w, https:\/\/principedeasturiasvaldivia.cl\/Colegio\/wp-content\/uploads\/2025\/03\/WhatsApp-Image-2025-03-14-at-16.08.28-1-1-1024x768.jpeg 1024w, https:\/\/principedeasturiasvaldivia.cl\/Colegio\/wp-content\/uploads\/2025\/03\/WhatsApp-Image-2025-03-14-at-16.08.28-1-1-768x576.jpeg 768w, https:\/\/principedeasturiasvaldivia.cl\/Colegio\/wp-content\/uploads\/2025\/03\/WhatsApp-Image-2025-03-14-at-16.08.28-1-1-360x270.jpeg 360w\" sizes=\"auto, (max-width: 1280px) 100vw, 1280px\" \/><\/figure>\n\n\n\n<figure class=\"wp-block-image size-full\"><img loading=\"lazy\" decoding=\"async\" width=\"1280\" height=\"960\" data-id=\"2456\" src=\"https:\/\/principedeasturiasvaldivia.cl\/Colegio\/wp-content\/uploads\/2025\/03\/WhatsApp-Image-2025-03-14-at-16.08.27-3.jpeg\" alt=\"\" class=\"wp-image-2456\" srcset=\"https:\/\/principedeasturiasvaldivia.cl\/Colegio\/wp-content\/uploads\/2025\/03\/WhatsApp-Image-2025-03-14-at-16.08.27-3.jpeg 1280w, https:\/\/principedeasturiasvaldivia.cl\/Colegio\/wp-content\/uploads\/2025\/03\/WhatsApp-Image-2025-03-14-at-16.08.27-3-300x225.jpeg 300w, https:\/\/principedeasturiasvaldivia.cl\/Colegio\/wp-content\/uploads\/2025\/03\/WhatsApp-Image-2025-03-14-at-16.08.27-3-1024x768.jpeg 1024w, https:\/\/principedeasturiasvaldivia.cl\/Colegio\/wp-content\/uploads\/2025\/03\/WhatsApp-Image-2025-03-14-at-16.08.27-3-768x576.jpeg 768w, https:\/\/principedeasturiasvaldivia.cl\/Colegio\/wp-content\/uploads\/2025\/03\/WhatsApp-Image-2025-03-14-at-16.08.27-3-360x270.jpeg 360w\" sizes=\"auto, (max-width: 1280px) 100vw, 1280px\" \/><\/figure>\n\n\n\n<figure class=\"wp-block-image size-full\"><img loading=\"lazy\" decoding=\"async\" width=\"960\" height=\"1280\" data-id=\"2455\" src=\"https:\/\/principedeasturiasvaldivia.cl\/Colegio\/wp-content\/uploads\/2025\/03\/WhatsApp-Image-2025-03-14-at-16.08.27-1-2.jpeg\" alt=\"\" class=\"wp-image-2455\" srcset=\"https:\/\/principedeasturiasvaldivia.cl\/Colegio\/wp-content\/uploads\/2025\/03\/WhatsApp-Image-2025-03-14-at-16.08.27-1-2.jpeg 960w, https:\/\/principedeasturiasvaldivia.cl\/Colegio\/wp-content\/uploads\/2025\/03\/WhatsApp-Image-2025-03-14-at-16.08.27-1-2-225x300.jpeg 225w, https:\/\/principedeasturiasvaldivia.cl\/Colegio\/wp-content\/uploads\/2025\/03\/WhatsApp-Image-2025-03-14-at-16.08.27-1-2-768x1024.jpeg 768w, https:\/\/principedeasturiasvaldivia.cl\/Colegio\/wp-content\/uploads\/2025\/03\/WhatsApp-Image-2025-03-14-at-16.08.27-1-2-203x270.jpeg 203w\" sizes=\"auto, (max-width: 960px) 100vw, 960px\" \/><\/figure>\n\n\n\n<figure class=\"wp-block-image size-full\"><img loading=\"lazy\" decoding=\"async\" width=\"1600\" height=\"1200\" data-id=\"2447\" src=\"https:\/\/principedeasturiasvaldivia.cl\/Colegio\/wp-content\/uploads\/2025\/03\/WhatsApp-Image-2025-03-14-at-16.08.31-1-1.jpeg\" alt=\"\" class=\"wp-image-2447\" srcset=\"https:\/\/principedeasturiasvaldivia.cl\/Colegio\/wp-content\/uploads\/2025\/03\/WhatsApp-Image-2025-03-14-at-16.08.31-1-1.jpeg 1600w, https:\/\/principedeasturiasvaldivia.cl\/Colegio\/wp-content\/uploads\/2025\/03\/WhatsApp-Image-2025-03-14-at-16.08.31-1-1-300x225.jpeg 300w, https:\/\/principedeasturiasvaldivia.cl\/Colegio\/wp-content\/uploads\/2025\/03\/WhatsApp-Image-2025-03-14-at-16.08.31-1-1-1024x768.jpeg 1024w, https:\/\/principedeasturiasvaldivia.cl\/Colegio\/wp-content\/uploads\/2025\/03\/WhatsApp-Image-2025-03-14-at-16.08.31-1-1-768x576.jpeg 768w, https:\/\/principedeasturiasvaldivia.cl\/Colegio\/wp-content\/uploads\/2025\/03\/WhatsApp-Image-2025-03-14-at-16.08.31-1-1-1536x1152.jpeg 1536w, https:\/\/principedeasturiasvaldivia.cl\/Colegio\/wp-content\/uploads\/2025\/03\/WhatsApp-Image-2025-03-14-at-16.08.31-1-1-360x270.jpeg 360w\" sizes=\"auto, (max-width: 1600px) 100vw, 1600px\" \/><\/figure>\n<\/figure>\n\n\n\n<p><\/p>\n\n\n\n<h2 class=\"wp-block-heading has-text-align-center\">TALLER DE AJEDREZ<\/h2>\n\n\n\n<p><\/p>\n\n\n\n<figure class=\"wp-block-gallery has-nested-images columns-default is-cropped wp-block-gallery-14 is-layout-flex wp-block-gallery-is-layout-flex\">\n<figure class=\"wp-block-image size-large\"><img loading=\"lazy\" decoding=\"async\" width=\"768\" height=\"1024\" data-id=\"2356\" src=\"https:\/\/principedeasturiasvaldivia.cl\/Colegio\/wp-content\/uploads\/2024\/11\/Foto-Ajedrez-3-768x1024.jpg\" alt=\"\" class=\"wp-image-2356\" srcset=\"https:\/\/principedeasturiasvaldivia.cl\/Colegio\/wp-content\/uploads\/2024\/11\/Foto-Ajedrez-3-768x1024.jpg 768w, https:\/\/principedeasturiasvaldivia.cl\/Colegio\/wp-content\/uploads\/2024\/11\/Foto-Ajedrez-3-225x300.jpg 225w, https:\/\/principedeasturiasvaldivia.cl\/Colegio\/wp-content\/uploads\/2024\/11\/Foto-Ajedrez-3-1152x1536.jpg 1152w, https:\/\/principedeasturiasvaldivia.cl\/Colegio\/wp-content\/uploads\/2024\/11\/Foto-Ajedrez-3-1536x2048.jpg 1536w, https:\/\/principedeasturiasvaldivia.cl\/Colegio\/wp-content\/uploads\/2024\/11\/Foto-Ajedrez-3-203x270.jpg 203w, https:\/\/principedeasturiasvaldivia.cl\/Colegio\/wp-content\/uploads\/2024\/11\/Foto-Ajedrez-3-scaled.jpg 1920w\" sizes=\"auto, (max-width: 768px) 100vw, 768px\" \/><\/figure>\n\n\n\n<figure class=\"wp-block-image size-large\"><img loading=\"lazy\" decoding=\"async\" width=\"768\" height=\"1024\" data-id=\"2355\" src=\"https:\/\/principedeasturiasvaldivia.cl\/Colegio\/wp-content\/uploads\/2024\/11\/IMG_0840-768x1024.jpg\" alt=\"\" class=\"wp-image-2355\" srcset=\"https:\/\/principedeasturiasvaldivia.cl\/Colegio\/wp-content\/uploads\/2024\/11\/IMG_0840-768x1024.jpg 768w, https:\/\/principedeasturiasvaldivia.cl\/Colegio\/wp-content\/uploads\/2024\/11\/IMG_0840-225x300.jpg 225w, https:\/\/principedeasturiasvaldivia.cl\/Colegio\/wp-content\/uploads\/2024\/11\/IMG_0840-1152x1536.jpg 1152w, https:\/\/principedeasturiasvaldivia.cl\/Colegio\/wp-content\/uploads\/2024\/11\/IMG_0840-1536x2048.jpg 1536w, https:\/\/principedeasturiasvaldivia.cl\/Colegio\/wp-content\/uploads\/2024\/11\/IMG_0840-203x270.jpg 203w, https:\/\/principedeasturiasvaldivia.cl\/Colegio\/wp-content\/uploads\/2024\/11\/IMG_0840-scaled.jpg 1920w\" sizes=\"auto, (max-width: 768px) 100vw, 768px\" \/><\/figure>\n\n\n\n<figure class=\"wp-block-image size-large\"><img loading=\"lazy\" decoding=\"async\" width=\"768\" height=\"1024\" data-id=\"2354\" src=\"https:\/\/principedeasturiasvaldivia.cl\/Colegio\/wp-content\/uploads\/2024\/11\/IMG_0839-768x1024.jpg\" alt=\"\" class=\"wp-image-2354\" srcset=\"https:\/\/principedeasturiasvaldivia.cl\/Colegio\/wp-content\/uploads\/2024\/11\/IMG_0839-768x1024.jpg 768w, https:\/\/principedeasturiasvaldivia.cl\/Colegio\/wp-content\/uploads\/2024\/11\/IMG_0839-225x300.jpg 225w, https:\/\/principedeasturiasvaldivia.cl\/Colegio\/wp-content\/uploads\/2024\/11\/IMG_0839-1152x1536.jpg 1152w, https:\/\/principedeasturiasvaldivia.cl\/Colegio\/wp-content\/uploads\/2024\/11\/IMG_0839-1536x2048.jpg 1536w, https:\/\/principedeasturiasvaldivia.cl\/Colegio\/wp-content\/uploads\/2024\/11\/IMG_0839-203x270.jpg 203w, https:\/\/principedeasturiasvaldivia.cl\/Colegio\/wp-content\/uploads\/2024\/11\/IMG_0839-scaled.jpg 1920w\" sizes=\"auto, (max-width: 768px) 100vw, 768px\" \/><\/figure>\n\n\n\n<figure class=\"wp-block-image size-large\"><img loading=\"lazy\" decoding=\"async\" width=\"1024\" height=\"768\" data-id=\"2353\" src=\"https:\/\/principedeasturiasvaldivia.cl\/Colegio\/wp-content\/uploads\/2024\/11\/foto-ajederz-1-1024x768.jpg\" alt=\"\" class=\"wp-image-2353\" srcset=\"https:\/\/principedeasturiasvaldivia.cl\/Colegio\/wp-content\/uploads\/2024\/11\/foto-ajederz-1-1024x768.jpg 1024w, https:\/\/principedeasturiasvaldivia.cl\/Colegio\/wp-content\/uploads\/2024\/11\/foto-ajederz-1-300x225.jpg 300w, https:\/\/principedeasturiasvaldivia.cl\/Colegio\/wp-content\/uploads\/2024\/11\/foto-ajederz-1-768x576.jpg 768w, https:\/\/principedeasturiasvaldivia.cl\/Colegio\/wp-content\/uploads\/2024\/11\/foto-ajederz-1-1536x1152.jpg 1536w, https:\/\/principedeasturiasvaldivia.cl\/Colegio\/wp-content\/uploads\/2024\/11\/foto-ajederz-1-360x270.jpg 360w, https:\/\/principedeasturiasvaldivia.cl\/Colegio\/wp-content\/uploads\/2024\/11\/foto-ajederz-1.jpg 1600w\" sizes=\"auto, (max-width: 1024px) 100vw, 1024px\" \/><\/figure>\n<\/figure>\n\n\n\n<h1 class=\"wp-block-heading has-text-align-center\">\u00a1 S\u00cdGUENOS EN INSTAGRAM !<\/h1>\n\n\n\n<div id=\"sb_instagram\"  class=\"sbi sbi_mob_col_1 sbi_tab_col_2 sbi_col_4 sbi_width_resp\" style=\"padding-bottom: 10px;\"\t data-feedid=\"*1\"  data-res=\"auto\" data-cols=\"4\" data-colsmobile=\"1\" data-colstablet=\"2\" data-num=\"20\" data-nummobile=\"20\" data-item-padding=\"5\"\t data-shortcode-atts=\"{}\"  data-postid=\"7\" data-locatornonce=\"5485f33a06\" data-imageaspectratio=\"1:1\" data-sbi-flags=\"favorLocal\">\n\t<div class=\"sb_instagram_header  sbi_medium\"   >\n\t<a class=\"sbi_header_link\" target=\"_blank\"\n\t   rel=\"nofollow noopener\" href=\"https:\/\/www.instagram.com\/colegioprincipedeasturias\/\" title=\"@colegioprincipedeasturias\">\n\t\t<div class=\"sbi_header_text\">\n\t\t\t<div class=\"sbi_header_img\"  data-avatar-url=\"https:\/\/scontent-scl3-1.cdninstagram.com\/v\/t51.82787-19\/648298159_18092913056102433_5194825503686226866_n.jpg?stp=dst-jpg_s206x206_tt6&amp;_nc_cat=101&amp;ccb=7-5&amp;_nc_sid=bf7eb4&amp;efg=eyJ2ZW5jb2RlX3RhZyI6InByb2ZpbGVfcGljLnd3dy4zNjEuQzMifQ%3D%3D&amp;_nc_ohc=E4McMpkA8N0Q7kNvwF0qgSa&amp;_nc_oc=AdoURQMQvSn0a0gEJLhnbA6TxMZIMCiacbRRgnYIRgAh-Zzk8xc0umIBYgtSMCSO2fI&amp;_nc_zt=24&amp;_nc_ht=scontent-scl3-1.cdninstagram.com&amp;edm=AP4hL3IEAAAA&amp;_nc_gid=TQYPdNMzp2h6mhYaMjKsQw&amp;_nc_tpa=Q5bMBQHBZ70f7lJWHjITET_klezBk8lSj7jyXpasahsUV7kI3lRLdr0x6HXFVStt5CxE3HkrJC_KiZmM4w&amp;oh=00_Af2zRRv2eEwP8hJNK4tzW5VlCk55LPv2beg6hvWrHyibxg&amp;oe=69F3D2DB\">\n\t\t\t\t\t\t\t\t\t<div class=\"sbi_header_img_hover\"  ><svg class=\"sbi_new_logo fa-instagram fa-w-14\" aria-hidden=\"true\" data-fa-processed=\"\" aria-label=\"Instagram\" data-prefix=\"fab\" data-icon=\"instagram\" role=\"img\" viewBox=\"0 0 448 512\">\n                    <path fill=\"currentColor\" d=\"M224.1 141c-63.6 0-114.9 51.3-114.9 114.9s51.3 114.9 114.9 114.9S339 319.5 339 255.9 287.7 141 224.1 141zm0 189.6c-41.1 0-74.7-33.5-74.7-74.7s33.5-74.7 74.7-74.7 74.7 33.5 74.7 74.7-33.6 74.7-74.7 74.7zm146.4-194.3c0 14.9-12 26.8-26.8 26.8-14.9 0-26.8-12-26.8-26.8s12-26.8 26.8-26.8 26.8 12 26.8 26.8zm76.1 27.2c-1.7-35.9-9.9-67.7-36.2-93.9-26.2-26.2-58-34.4-93.9-36.2-37-2.1-147.9-2.1-184.9 0-35.8 1.7-67.6 9.9-93.9 36.1s-34.4 58-36.2 93.9c-2.1 37-2.1 147.9 0 184.9 1.7 35.9 9.9 67.7 36.2 93.9s58 34.4 93.9 36.2c37 2.1 147.9 2.1 184.9 0 35.9-1.7 67.7-9.9 93.9-36.2 26.2-26.2 34.4-58 36.2-93.9 2.1-37 2.1-147.8 0-184.8zM398.8 388c-7.8 19.6-22.9 34.7-42.6 42.6-29.5 11.7-99.5 9-132.1 9s-102.7 2.6-132.1-9c-19.6-7.8-34.7-22.9-42.6-42.6-11.7-29.5-9-99.5-9-132.1s-2.6-102.7 9-132.1c7.8-19.6 22.9-34.7 42.6-42.6 29.5-11.7 99.5-9 132.1-9s102.7-2.6 132.1 9c19.6 7.8 34.7 22.9 42.6 42.6 11.7 29.5 9 99.5 9 132.1s2.7 102.7-9 132.1z\"><\/path>\n                <\/svg><\/div>\n\t\t\t\t\t<img loading=\"lazy\" decoding=\"async\"  src=\"https:\/\/scontent-scl3-1.cdninstagram.com\/v\/t51.82787-19\/648298159_18092913056102433_5194825503686226866_n.jpg?stp=dst-jpg_s206x206_tt6&amp;_nc_cat=101&amp;ccb=7-5&amp;_nc_sid=bf7eb4&amp;efg=eyJ2ZW5jb2RlX3RhZyI6InByb2ZpbGVfcGljLnd3dy4zNjEuQzMifQ%3D%3D&amp;_nc_ohc=E4McMpkA8N0Q7kNvwF0qgSa&amp;_nc_oc=AdoURQMQvSn0a0gEJLhnbA6TxMZIMCiacbRRgnYIRgAh-Zzk8xc0umIBYgtSMCSO2fI&amp;_nc_zt=24&amp;_nc_ht=scontent-scl3-1.cdninstagram.com&amp;edm=AP4hL3IEAAAA&amp;_nc_gid=TQYPdNMzp2h6mhYaMjKsQw&amp;_nc_tpa=Q5bMBQHBZ70f7lJWHjITET_klezBk8lSj7jyXpasahsUV7kI3lRLdr0x6HXFVStt5CxE3HkrJC_KiZmM4w&amp;oh=00_Af2zRRv2eEwP8hJNK4tzW5VlCk55LPv2beg6hvWrHyibxg&amp;oe=69F3D2DB\" alt=\"\" width=\"50\" height=\"50\">\n\t\t\t\t\n\t\t\t\t\t\t\t<\/div>\n\n\t\t\t<div class=\"sbi_feedtheme_header_text\">\n\t\t\t\t<h3>colegioprincipedeasturias<\/h3>\n\t\t\t\t\t\t\t\t\t<p class=\"sbi_bio\">Instagram Oficial<br>\nEducamos personas, formamos valores<br>\n\ud83d\udccdGuillermo Frick 243, Valdivia, Los R\u00edos<\/p>\n\t\t\t\t\t\t\t<\/div>\n\t\t<\/div>\n\t<\/a>\n<\/div>\n\n\t<div id=\"sbi_images\"  style=\"gap: 10px;\">\n\t\t<div class=\"sbi_item sbi_type_video sbi_new sbi_transition\"\n\tid=\"sbi_18066956258338373\" data-date=\"1777051128\">\n\t<div class=\"sbi_photo_wrap\">\n\t\t<a class=\"sbi_photo\" href=\"https:\/\/www.instagram.com\/reel\/DXhcO6uAAnL\/\" target=\"_blank\" rel=\"noopener nofollow\"\n\t\t\tdata-full-res=\"https:\/\/scontent-scl3-1.cdninstagram.com\/v\/t51.82787-15\/675350639_18097907441102433_83643720211694445_n.jpg?stp=dst-jpg_e35_tt6&#038;_nc_cat=108&#038;ccb=7-5&#038;_nc_sid=18de74&#038;efg=eyJlZmdfdGFnIjoiQ0xJUFMuYmVzdF9pbWFnZV91cmxnZW4uQzIifQ%3D%3D&#038;_nc_ohc=GJ3mx-j79hAQ7kNvwGcX-Nk&#038;_nc_oc=AdqE_6ebgFnP00TSwgkNf3EkboNI_8lNDE4kkeD1JUNs-oalwLouEhNq9SmyX5K8jRo&#038;_nc_zt=23&#038;_nc_ht=scontent-scl3-1.cdninstagram.com&#038;edm=ANo9K5cEAAAA&#038;_nc_gid=eOYYyjA5NUNNI3YutGCtDQ&#038;_nc_tpa=Q5bMBQFnwopeNyCITb3PHSQd7jwIfLxfJP6TmF3fV4Zfu5d9FkRZTjkqdtPGHvWSMH2-P7iby7r4bdqO_Q&#038;oh=00_Af1xb8A76IGI5HimQN86pgIlCPqBzXmX4sJOqRSQW57ZUQ&#038;oe=69F3D2C7\"\n\t\t\tdata-img-src-set=\"{&quot;d&quot;:&quot;https:\\\/\\\/scontent-scl3-1.cdninstagram.com\\\/v\\\/t51.82787-15\\\/675350639_18097907441102433_83643720211694445_n.jpg?stp=dst-jpg_e35_tt6&amp;_nc_cat=108&amp;ccb=7-5&amp;_nc_sid=18de74&amp;efg=eyJlZmdfdGFnIjoiQ0xJUFMuYmVzdF9pbWFnZV91cmxnZW4uQzIifQ%3D%3D&amp;_nc_ohc=GJ3mx-j79hAQ7kNvwGcX-Nk&amp;_nc_oc=AdqE_6ebgFnP00TSwgkNf3EkboNI_8lNDE4kkeD1JUNs-oalwLouEhNq9SmyX5K8jRo&amp;_nc_zt=23&amp;_nc_ht=scontent-scl3-1.cdninstagram.com&amp;edm=ANo9K5cEAAAA&amp;_nc_gid=eOYYyjA5NUNNI3YutGCtDQ&amp;_nc_tpa=Q5bMBQFnwopeNyCITb3PHSQd7jwIfLxfJP6TmF3fV4Zfu5d9FkRZTjkqdtPGHvWSMH2-P7iby7r4bdqO_Q&amp;oh=00_Af1xb8A76IGI5HimQN86pgIlCPqBzXmX4sJOqRSQW57ZUQ&amp;oe=69F3D2C7&quot;,&quot;150&quot;:&quot;https:\\\/\\\/scontent-scl3-1.cdninstagram.com\\\/v\\\/t51.82787-15\\\/675350639_18097907441102433_83643720211694445_n.jpg?stp=dst-jpg_e35_tt6&amp;_nc_cat=108&amp;ccb=7-5&amp;_nc_sid=18de74&amp;efg=eyJlZmdfdGFnIjoiQ0xJUFMuYmVzdF9pbWFnZV91cmxnZW4uQzIifQ%3D%3D&amp;_nc_ohc=GJ3mx-j79hAQ7kNvwGcX-Nk&amp;_nc_oc=AdqE_6ebgFnP00TSwgkNf3EkboNI_8lNDE4kkeD1JUNs-oalwLouEhNq9SmyX5K8jRo&amp;_nc_zt=23&amp;_nc_ht=scontent-scl3-1.cdninstagram.com&amp;edm=ANo9K5cEAAAA&amp;_nc_gid=eOYYyjA5NUNNI3YutGCtDQ&amp;_nc_tpa=Q5bMBQFnwopeNyCITb3PHSQd7jwIfLxfJP6TmF3fV4Zfu5d9FkRZTjkqdtPGHvWSMH2-P7iby7r4bdqO_Q&amp;oh=00_Af1xb8A76IGI5HimQN86pgIlCPqBzXmX4sJOqRSQW57ZUQ&amp;oe=69F3D2C7&quot;,&quot;320&quot;:&quot;https:\\\/\\\/scontent-scl3-1.cdninstagram.com\\\/v\\\/t51.82787-15\\\/675350639_18097907441102433_83643720211694445_n.jpg?stp=dst-jpg_e35_tt6&amp;_nc_cat=108&amp;ccb=7-5&amp;_nc_sid=18de74&amp;efg=eyJlZmdfdGFnIjoiQ0xJUFMuYmVzdF9pbWFnZV91cmxnZW4uQzIifQ%3D%3D&amp;_nc_ohc=GJ3mx-j79hAQ7kNvwGcX-Nk&amp;_nc_oc=AdqE_6ebgFnP00TSwgkNf3EkboNI_8lNDE4kkeD1JUNs-oalwLouEhNq9SmyX5K8jRo&amp;_nc_zt=23&amp;_nc_ht=scontent-scl3-1.cdninstagram.com&amp;edm=ANo9K5cEAAAA&amp;_nc_gid=eOYYyjA5NUNNI3YutGCtDQ&amp;_nc_tpa=Q5bMBQFnwopeNyCITb3PHSQd7jwIfLxfJP6TmF3fV4Zfu5d9FkRZTjkqdtPGHvWSMH2-P7iby7r4bdqO_Q&amp;oh=00_Af1xb8A76IGI5HimQN86pgIlCPqBzXmX4sJOqRSQW57ZUQ&amp;oe=69F3D2C7&quot;,&quot;640&quot;:&quot;https:\\\/\\\/scontent-scl3-1.cdninstagram.com\\\/v\\\/t51.82787-15\\\/675350639_18097907441102433_83643720211694445_n.jpg?stp=dst-jpg_e35_tt6&amp;_nc_cat=108&amp;ccb=7-5&amp;_nc_sid=18de74&amp;efg=eyJlZmdfdGFnIjoiQ0xJUFMuYmVzdF9pbWFnZV91cmxnZW4uQzIifQ%3D%3D&amp;_nc_ohc=GJ3mx-j79hAQ7kNvwGcX-Nk&amp;_nc_oc=AdqE_6ebgFnP00TSwgkNf3EkboNI_8lNDE4kkeD1JUNs-oalwLouEhNq9SmyX5K8jRo&amp;_nc_zt=23&amp;_nc_ht=scontent-scl3-1.cdninstagram.com&amp;edm=ANo9K5cEAAAA&amp;_nc_gid=eOYYyjA5NUNNI3YutGCtDQ&amp;_nc_tpa=Q5bMBQFnwopeNyCITb3PHSQd7jwIfLxfJP6TmF3fV4Zfu5d9FkRZTjkqdtPGHvWSMH2-P7iby7r4bdqO_Q&amp;oh=00_Af1xb8A76IGI5HimQN86pgIlCPqBzXmX4sJOqRSQW57ZUQ&amp;oe=69F3D2C7&quot;}\">\n\t\t\t<span class=\"sbi-screenreader\">\ud83c\udf7f \u00a1D\u00eda de cine para el Colegio Pr\u00edncipe de Asturia<\/span>\n\t\t\t\t\t\t<svg style=\"color: rgba(255,255,255,1)\" class=\"svg-inline--fa fa-play fa-w-14 sbi_playbtn\" aria-label=\"Play\" aria-hidden=\"true\" data-fa-processed=\"\" data-prefix=\"fa\" data-icon=\"play\" role=\"presentation\" xmlns=\"http:\/\/www.w3.org\/2000\/svg\" viewBox=\"0 0 448 512\"><path fill=\"currentColor\" d=\"M424.4 214.7L72.4 6.6C43.8-10.3 0 6.1 0 47.9V464c0 37.5 40.7 60.1 72.4 41.3l352-208c31.4-18.5 31.5-64.1 0-82.6z\"><\/path><\/svg>\t\t\t<img decoding=\"async\" src=\"https:\/\/principedeasturiasvaldivia.cl\/Colegio\/wp-content\/plugins\/instagram-feed\/img\/placeholder.png\" alt=\"\ud83c\udf7f \u00a1D\u00eda de cine para el Colegio Pr\u00edncipe de Asturias! \ud83c\udfac\n\nNuestros estudiantes disfrutaron de una jornada diferente fuera de las aulas, compartiendo una entretenida funci\u00f3n de cine. Estas instancias no solo nos sacan de la rutina, sino que fortalecen el compa\u00f1erismo y la convivencia escolar a trav\u00e9s de la cultura y el s\u00e9ptimo arte.\n\n\u00a1Mira en este video lo bien que lo pasamos! \ud83c\udfa5\u2728\n\n#ColegioPrincipeDeAsturias #SalidaAlCine #ConvivenciaEscolar #CineEnElColegio #Valdivia\" aria-hidden=\"true\">\n\t\t<\/a>\n\t<\/div>\n<\/div><div class=\"sbi_item sbi_type_video sbi_new sbi_transition\"\n\tid=\"sbi_17869616817664543\" data-date=\"1776978007\">\n\t<div class=\"sbi_photo_wrap\">\n\t\t<a class=\"sbi_photo\" href=\"https:\/\/www.instagram.com\/reel\/DXfQYiWkTtE\/\" target=\"_blank\" rel=\"noopener nofollow\"\n\t\t\tdata-full-res=\"https:\/\/scontent-scl3-1.cdninstagram.com\/v\/t51.71878-15\/671169017_920752107629512_8530514992071085604_n.jpg?stp=dst-jpg_e35_tt6&#038;_nc_cat=103&#038;ccb=7-5&#038;_nc_sid=18de74&#038;efg=eyJlZmdfdGFnIjoiQ0xJUFMuYmVzdF9pbWFnZV91cmxnZW4uQzIifQ%3D%3D&#038;_nc_ohc=I79VUKRP8A0Q7kNvwFmVo8b&#038;_nc_oc=AdoZERChMxvBeIJChsYjjXAMDHuPglNCVqPWK1ZbU3lAjO0Fbk6raho_bIjywFfx0_A&#038;_nc_zt=23&#038;_nc_ht=scontent-scl3-1.cdninstagram.com&#038;edm=ANo9K5cEAAAA&#038;_nc_gid=eOYYyjA5NUNNI3YutGCtDQ&#038;_nc_tpa=Q5bMBQHdCUqxmJNG--M4PQ2-3gcifuVv5dxON6BY6PtVCnwZulV7Dy4HjO4xmatEQvuPC52xofRoNKf0EQ&#038;oh=00_Af0VYbU1opJY8rCTwLBTsaAe4KJ9QERhmN4gEEaTayqYhg&#038;oe=69F3D1FB\"\n\t\t\tdata-img-src-set=\"{&quot;d&quot;:&quot;https:\\\/\\\/scontent-scl3-1.cdninstagram.com\\\/v\\\/t51.71878-15\\\/671169017_920752107629512_8530514992071085604_n.jpg?stp=dst-jpg_e35_tt6&amp;_nc_cat=103&amp;ccb=7-5&amp;_nc_sid=18de74&amp;efg=eyJlZmdfdGFnIjoiQ0xJUFMuYmVzdF9pbWFnZV91cmxnZW4uQzIifQ%3D%3D&amp;_nc_ohc=I79VUKRP8A0Q7kNvwFmVo8b&amp;_nc_oc=AdoZERChMxvBeIJChsYjjXAMDHuPglNCVqPWK1ZbU3lAjO0Fbk6raho_bIjywFfx0_A&amp;_nc_zt=23&amp;_nc_ht=scontent-scl3-1.cdninstagram.com&amp;edm=ANo9K5cEAAAA&amp;_nc_gid=eOYYyjA5NUNNI3YutGCtDQ&amp;_nc_tpa=Q5bMBQHdCUqxmJNG--M4PQ2-3gcifuVv5dxON6BY6PtVCnwZulV7Dy4HjO4xmatEQvuPC52xofRoNKf0EQ&amp;oh=00_Af0VYbU1opJY8rCTwLBTsaAe4KJ9QERhmN4gEEaTayqYhg&amp;oe=69F3D1FB&quot;,&quot;150&quot;:&quot;https:\\\/\\\/scontent-scl3-1.cdninstagram.com\\\/v\\\/t51.71878-15\\\/671169017_920752107629512_8530514992071085604_n.jpg?stp=dst-jpg_e35_tt6&amp;_nc_cat=103&amp;ccb=7-5&amp;_nc_sid=18de74&amp;efg=eyJlZmdfdGFnIjoiQ0xJUFMuYmVzdF9pbWFnZV91cmxnZW4uQzIifQ%3D%3D&amp;_nc_ohc=I79VUKRP8A0Q7kNvwFmVo8b&amp;_nc_oc=AdoZERChMxvBeIJChsYjjXAMDHuPglNCVqPWK1ZbU3lAjO0Fbk6raho_bIjywFfx0_A&amp;_nc_zt=23&amp;_nc_ht=scontent-scl3-1.cdninstagram.com&amp;edm=ANo9K5cEAAAA&amp;_nc_gid=eOYYyjA5NUNNI3YutGCtDQ&amp;_nc_tpa=Q5bMBQHdCUqxmJNG--M4PQ2-3gcifuVv5dxON6BY6PtVCnwZulV7Dy4HjO4xmatEQvuPC52xofRoNKf0EQ&amp;oh=00_Af0VYbU1opJY8rCTwLBTsaAe4KJ9QERhmN4gEEaTayqYhg&amp;oe=69F3D1FB&quot;,&quot;320&quot;:&quot;https:\\\/\\\/scontent-scl3-1.cdninstagram.com\\\/v\\\/t51.71878-15\\\/671169017_920752107629512_8530514992071085604_n.jpg?stp=dst-jpg_e35_tt6&amp;_nc_cat=103&amp;ccb=7-5&amp;_nc_sid=18de74&amp;efg=eyJlZmdfdGFnIjoiQ0xJUFMuYmVzdF9pbWFnZV91cmxnZW4uQzIifQ%3D%3D&amp;_nc_ohc=I79VUKRP8A0Q7kNvwFmVo8b&amp;_nc_oc=AdoZERChMxvBeIJChsYjjXAMDHuPglNCVqPWK1ZbU3lAjO0Fbk6raho_bIjywFfx0_A&amp;_nc_zt=23&amp;_nc_ht=scontent-scl3-1.cdninstagram.com&amp;edm=ANo9K5cEAAAA&amp;_nc_gid=eOYYyjA5NUNNI3YutGCtDQ&amp;_nc_tpa=Q5bMBQHdCUqxmJNG--M4PQ2-3gcifuVv5dxON6BY6PtVCnwZulV7Dy4HjO4xmatEQvuPC52xofRoNKf0EQ&amp;oh=00_Af0VYbU1opJY8rCTwLBTsaAe4KJ9QERhmN4gEEaTayqYhg&amp;oe=69F3D1FB&quot;,&quot;640&quot;:&quot;https:\\\/\\\/scontent-scl3-1.cdninstagram.com\\\/v\\\/t51.71878-15\\\/671169017_920752107629512_8530514992071085604_n.jpg?stp=dst-jpg_e35_tt6&amp;_nc_cat=103&amp;ccb=7-5&amp;_nc_sid=18de74&amp;efg=eyJlZmdfdGFnIjoiQ0xJUFMuYmVzdF9pbWFnZV91cmxnZW4uQzIifQ%3D%3D&amp;_nc_ohc=I79VUKRP8A0Q7kNvwFmVo8b&amp;_nc_oc=AdoZERChMxvBeIJChsYjjXAMDHuPglNCVqPWK1ZbU3lAjO0Fbk6raho_bIjywFfx0_A&amp;_nc_zt=23&amp;_nc_ht=scontent-scl3-1.cdninstagram.com&amp;edm=ANo9K5cEAAAA&amp;_nc_gid=eOYYyjA5NUNNI3YutGCtDQ&amp;_nc_tpa=Q5bMBQHdCUqxmJNG--M4PQ2-3gcifuVv5dxON6BY6PtVCnwZulV7Dy4HjO4xmatEQvuPC52xofRoNKf0EQ&amp;oh=00_Af0VYbU1opJY8rCTwLBTsaAe4KJ9QERhmN4gEEaTayqYhg&amp;oe=69F3D1FB&quot;}\">\n\t\t\t<span class=\"sbi-screenreader\">Explorar, descubrir y aprender jugando \ud83e\uddea\u2728\nEn nuest<\/span>\n\t\t\t\t\t\t<svg style=\"color: rgba(255,255,255,1)\" class=\"svg-inline--fa fa-play fa-w-14 sbi_playbtn\" aria-label=\"Play\" aria-hidden=\"true\" data-fa-processed=\"\" data-prefix=\"fa\" data-icon=\"play\" role=\"presentation\" xmlns=\"http:\/\/www.w3.org\/2000\/svg\" viewBox=\"0 0 448 512\"><path fill=\"currentColor\" d=\"M424.4 214.7L72.4 6.6C43.8-10.3 0 6.1 0 47.9V464c0 37.5 40.7 60.1 72.4 41.3l352-208c31.4-18.5 31.5-64.1 0-82.6z\"><\/path><\/svg>\t\t\t<img decoding=\"async\" src=\"https:\/\/principedeasturiasvaldivia.cl\/Colegio\/wp-content\/plugins\/instagram-feed\/img\/placeholder.png\" alt=\"Explorar, descubrir y aprender jugando \ud83e\uddea\u2728\nEn nuestro laboratorio de ciencias, los m\u00e1s peque\u00f1os de p\u00e1rvulos se convierten en verdaderos cient\u00edficos: observan, experimentan y se maravillan con cada descubrimiento. A trav\u00e9s del juego y la curiosidad, desarrollan habilidades, hacen preguntas y comienzan a comprender el mundo que los rodea \ud83c\udf31\ud83d\udd0d\nPorque aprender ciencias desde temprana edad no solo es posible\u2026 \u00a1es una aventura incre\u00edble! \ud83d\udca1\ud83d\udc99\n#AprenderJugando #CienciasParaNi\u00f1os #Educaci\u00f3nParvularia #Peque\u00f1osCient\u00edficos #ColegioPr\u00edncipeDeAsturias\" aria-hidden=\"true\">\n\t\t<\/a>\n\t<\/div>\n<\/div><div class=\"sbi_item sbi_type_video sbi_new sbi_transition\"\n\tid=\"sbi_18101661880988920\" data-date=\"1776886124\">\n\t<div class=\"sbi_photo_wrap\">\n\t\t<a class=\"sbi_photo\" href=\"https:\/\/www.instagram.com\/reel\/DXchaWvgAOd\/\" target=\"_blank\" rel=\"noopener nofollow\"\n\t\t\tdata-full-res=\"https:\/\/scontent-scl3-1.cdninstagram.com\/v\/t51.82787-15\/671875579_18097698047102433_6734890103181156506_n.jpg?stp=dst-jpg_e35_tt6&#038;_nc_cat=100&#038;ccb=7-5&#038;_nc_sid=18de74&#038;efg=eyJlZmdfdGFnIjoiQ0xJUFMuYmVzdF9pbWFnZV91cmxnZW4uQzIifQ%3D%3D&#038;_nc_ohc=CXeRZiVNT-wQ7kNvwHWpT9V&#038;_nc_oc=AdrrHFVlHBVQYZg2U5TF25YzXG4fTseSwKTJMGgejav4fs70UTiWBTvrtoPcbZxPbB0&#038;_nc_zt=23&#038;_nc_ht=scontent-scl3-1.cdninstagram.com&#038;edm=ANo9K5cEAAAA&#038;_nc_gid=eOYYyjA5NUNNI3YutGCtDQ&#038;_nc_tpa=Q5bMBQEj6XKMgbqla03G-PafXlTAabz0qxga7gSCQsNC41XNcZ5qEnIv1cVb03NsYFiBCcN3mJlzYrWXqw&#038;oh=00_Af3wtNWHI7Ju605_UkzG1WSeSmpl_iG00uRbDXjjAJlmYQ&#038;oe=69F3DED4\"\n\t\t\tdata-img-src-set=\"{&quot;d&quot;:&quot;https:\\\/\\\/scontent-scl3-1.cdninstagram.com\\\/v\\\/t51.82787-15\\\/671875579_18097698047102433_6734890103181156506_n.jpg?stp=dst-jpg_e35_tt6&amp;_nc_cat=100&amp;ccb=7-5&amp;_nc_sid=18de74&amp;efg=eyJlZmdfdGFnIjoiQ0xJUFMuYmVzdF9pbWFnZV91cmxnZW4uQzIifQ%3D%3D&amp;_nc_ohc=CXeRZiVNT-wQ7kNvwHWpT9V&amp;_nc_oc=AdrrHFVlHBVQYZg2U5TF25YzXG4fTseSwKTJMGgejav4fs70UTiWBTvrtoPcbZxPbB0&amp;_nc_zt=23&amp;_nc_ht=scontent-scl3-1.cdninstagram.com&amp;edm=ANo9K5cEAAAA&amp;_nc_gid=eOYYyjA5NUNNI3YutGCtDQ&amp;_nc_tpa=Q5bMBQEj6XKMgbqla03G-PafXlTAabz0qxga7gSCQsNC41XNcZ5qEnIv1cVb03NsYFiBCcN3mJlzYrWXqw&amp;oh=00_Af3wtNWHI7Ju605_UkzG1WSeSmpl_iG00uRbDXjjAJlmYQ&amp;oe=69F3DED4&quot;,&quot;150&quot;:&quot;https:\\\/\\\/scontent-scl3-1.cdninstagram.com\\\/v\\\/t51.82787-15\\\/671875579_18097698047102433_6734890103181156506_n.jpg?stp=dst-jpg_e35_tt6&amp;_nc_cat=100&amp;ccb=7-5&amp;_nc_sid=18de74&amp;efg=eyJlZmdfdGFnIjoiQ0xJUFMuYmVzdF9pbWFnZV91cmxnZW4uQzIifQ%3D%3D&amp;_nc_ohc=CXeRZiVNT-wQ7kNvwHWpT9V&amp;_nc_oc=AdrrHFVlHBVQYZg2U5TF25YzXG4fTseSwKTJMGgejav4fs70UTiWBTvrtoPcbZxPbB0&amp;_nc_zt=23&amp;_nc_ht=scontent-scl3-1.cdninstagram.com&amp;edm=ANo9K5cEAAAA&amp;_nc_gid=eOYYyjA5NUNNI3YutGCtDQ&amp;_nc_tpa=Q5bMBQEj6XKMgbqla03G-PafXlTAabz0qxga7gSCQsNC41XNcZ5qEnIv1cVb03NsYFiBCcN3mJlzYrWXqw&amp;oh=00_Af3wtNWHI7Ju605_UkzG1WSeSmpl_iG00uRbDXjjAJlmYQ&amp;oe=69F3DED4&quot;,&quot;320&quot;:&quot;https:\\\/\\\/scontent-scl3-1.cdninstagram.com\\\/v\\\/t51.82787-15\\\/671875579_18097698047102433_6734890103181156506_n.jpg?stp=dst-jpg_e35_tt6&amp;_nc_cat=100&amp;ccb=7-5&amp;_nc_sid=18de74&amp;efg=eyJlZmdfdGFnIjoiQ0xJUFMuYmVzdF9pbWFnZV91cmxnZW4uQzIifQ%3D%3D&amp;_nc_ohc=CXeRZiVNT-wQ7kNvwHWpT9V&amp;_nc_oc=AdrrHFVlHBVQYZg2U5TF25YzXG4fTseSwKTJMGgejav4fs70UTiWBTvrtoPcbZxPbB0&amp;_nc_zt=23&amp;_nc_ht=scontent-scl3-1.cdninstagram.com&amp;edm=ANo9K5cEAAAA&amp;_nc_gid=eOYYyjA5NUNNI3YutGCtDQ&amp;_nc_tpa=Q5bMBQEj6XKMgbqla03G-PafXlTAabz0qxga7gSCQsNC41XNcZ5qEnIv1cVb03NsYFiBCcN3mJlzYrWXqw&amp;oh=00_Af3wtNWHI7Ju605_UkzG1WSeSmpl_iG00uRbDXjjAJlmYQ&amp;oe=69F3DED4&quot;,&quot;640&quot;:&quot;https:\\\/\\\/scontent-scl3-1.cdninstagram.com\\\/v\\\/t51.82787-15\\\/671875579_18097698047102433_6734890103181156506_n.jpg?stp=dst-jpg_e35_tt6&amp;_nc_cat=100&amp;ccb=7-5&amp;_nc_sid=18de74&amp;efg=eyJlZmdfdGFnIjoiQ0xJUFMuYmVzdF9pbWFnZV91cmxnZW4uQzIifQ%3D%3D&amp;_nc_ohc=CXeRZiVNT-wQ7kNvwHWpT9V&amp;_nc_oc=AdrrHFVlHBVQYZg2U5TF25YzXG4fTseSwKTJMGgejav4fs70UTiWBTvrtoPcbZxPbB0&amp;_nc_zt=23&amp;_nc_ht=scontent-scl3-1.cdninstagram.com&amp;edm=ANo9K5cEAAAA&amp;_nc_gid=eOYYyjA5NUNNI3YutGCtDQ&amp;_nc_tpa=Q5bMBQEj6XKMgbqla03G-PafXlTAabz0qxga7gSCQsNC41XNcZ5qEnIv1cVb03NsYFiBCcN3mJlzYrWXqw&amp;oh=00_Af3wtNWHI7Ju605_UkzG1WSeSmpl_iG00uRbDXjjAJlmYQ&amp;oe=69F3DED4&quot;}\">\n\t\t\t<span class=\"sbi-screenreader\">&quot;En el marco de las actividades de nuestra Semana <\/span>\n\t\t\t\t\t\t<svg style=\"color: rgba(255,255,255,1)\" class=\"svg-inline--fa fa-play fa-w-14 sbi_playbtn\" aria-label=\"Play\" aria-hidden=\"true\" data-fa-processed=\"\" data-prefix=\"fa\" data-icon=\"play\" role=\"presentation\" xmlns=\"http:\/\/www.w3.org\/2000\/svg\" viewBox=\"0 0 448 512\"><path fill=\"currentColor\" d=\"M424.4 214.7L72.4 6.6C43.8-10.3 0 6.1 0 47.9V464c0 37.5 40.7 60.1 72.4 41.3l352-208c31.4-18.5 31.5-64.1 0-82.6z\"><\/path><\/svg>\t\t\t<img decoding=\"async\" src=\"https:\/\/principedeasturiasvaldivia.cl\/Colegio\/wp-content\/plugins\/instagram-feed\/img\/placeholder.png\" alt=\"&quot;En el marco de las actividades de nuestra Semana de la Lectura, hoy mi\u00e9rcoles 22 de abril, los estudiantes de los cursos 3\u00b0A, 3\u00b0B, 4\u00b0A y 4\u00b0B participaron en una masiva salida pedag\u00f3gica dise\u00f1ada para fomentar el amor por los libros y el conocimiento en un entorno diferente.\n\nEsta jornada permiti\u00f3 a nuestros alumnos y alumnas de ambos niveles conectar sus lecturas con experiencias pr\u00e1cticas, fortaleciendo sus habilidades de comprensi\u00f3n y fomentando una sana convivencia escolar entre los distintos cursos. Durante la actividad, se realizaron din\u00e1micas grupales que resaltan la importancia de la lectura como una herramienta de descubrimiento constante y aprendizaje compartido.\n\nFelicitamos a los estudiantes de tercero y cuarto b\u00e1sico por su excelente disposici\u00f3n, y agradecemos profundamente a los docentes y asistentes encargados por coordinar esta valiosa instancia educativa. \u00a1Los invitamos a revisar la galer\u00eda con los mejores momentos de hoy!&quot;\ud83d\ude0a\ud83d\udcda\" aria-hidden=\"true\">\n\t\t<\/a>\n\t<\/div>\n<\/div><div class=\"sbi_item sbi_type_video sbi_new sbi_transition\"\n\tid=\"sbi_18404974138150615\" data-date=\"1776865345\">\n\t<div class=\"sbi_photo_wrap\">\n\t\t<a class=\"sbi_photo\" href=\"https:\/\/www.instagram.com\/reel\/DXb51N3gEIc\/\" target=\"_blank\" rel=\"noopener nofollow\"\n\t\t\tdata-full-res=\"https:\/\/scontent-scl3-1.cdninstagram.com\/v\/t51.82787-15\/670803889_18097668881102433_1535308593555874961_n.jpg?stp=dst-jpg_e35_tt6&#038;_nc_cat=100&#038;ccb=7-5&#038;_nc_sid=18de74&#038;efg=eyJlZmdfdGFnIjoiQ0xJUFMuYmVzdF9pbWFnZV91cmxnZW4uQzIifQ%3D%3D&#038;_nc_ohc=sfhjbWzir8YQ7kNvwH5u6MI&#038;_nc_oc=Adpd6OItt3wfdRsHHu7q088reUmEHM6RL5wnQ-mtEvg2M0Uarn2-Jdy9draDKSMLCZg&#038;_nc_zt=23&#038;_nc_ht=scontent-scl3-1.cdninstagram.com&#038;edm=ANo9K5cEAAAA&#038;_nc_gid=eOYYyjA5NUNNI3YutGCtDQ&#038;_nc_tpa=Q5bMBQFVO8GRjjziOlkm31RSjWlY1h4lm0a5Bte6zLdI09fKm1OfqKxvhf3mYODXumkkkASFA8dWZA8OUA&#038;oh=00_Af3EBy2r-t4JEbqozigYa9HtSmJLVS7mqjWDzSVLL5eY7A&#038;oe=69F3BDAB\"\n\t\t\tdata-img-src-set=\"{&quot;d&quot;:&quot;https:\\\/\\\/scontent-scl3-1.cdninstagram.com\\\/v\\\/t51.82787-15\\\/670803889_18097668881102433_1535308593555874961_n.jpg?stp=dst-jpg_e35_tt6&amp;_nc_cat=100&amp;ccb=7-5&amp;_nc_sid=18de74&amp;efg=eyJlZmdfdGFnIjoiQ0xJUFMuYmVzdF9pbWFnZV91cmxnZW4uQzIifQ%3D%3D&amp;_nc_ohc=sfhjbWzir8YQ7kNvwH5u6MI&amp;_nc_oc=Adpd6OItt3wfdRsHHu7q088reUmEHM6RL5wnQ-mtEvg2M0Uarn2-Jdy9draDKSMLCZg&amp;_nc_zt=23&amp;_nc_ht=scontent-scl3-1.cdninstagram.com&amp;edm=ANo9K5cEAAAA&amp;_nc_gid=eOYYyjA5NUNNI3YutGCtDQ&amp;_nc_tpa=Q5bMBQFVO8GRjjziOlkm31RSjWlY1h4lm0a5Bte6zLdI09fKm1OfqKxvhf3mYODXumkkkASFA8dWZA8OUA&amp;oh=00_Af3EBy2r-t4JEbqozigYa9HtSmJLVS7mqjWDzSVLL5eY7A&amp;oe=69F3BDAB&quot;,&quot;150&quot;:&quot;https:\\\/\\\/scontent-scl3-1.cdninstagram.com\\\/v\\\/t51.82787-15\\\/670803889_18097668881102433_1535308593555874961_n.jpg?stp=dst-jpg_e35_tt6&amp;_nc_cat=100&amp;ccb=7-5&amp;_nc_sid=18de74&amp;efg=eyJlZmdfdGFnIjoiQ0xJUFMuYmVzdF9pbWFnZV91cmxnZW4uQzIifQ%3D%3D&amp;_nc_ohc=sfhjbWzir8YQ7kNvwH5u6MI&amp;_nc_oc=Adpd6OItt3wfdRsHHu7q088reUmEHM6RL5wnQ-mtEvg2M0Uarn2-Jdy9draDKSMLCZg&amp;_nc_zt=23&amp;_nc_ht=scontent-scl3-1.cdninstagram.com&amp;edm=ANo9K5cEAAAA&amp;_nc_gid=eOYYyjA5NUNNI3YutGCtDQ&amp;_nc_tpa=Q5bMBQFVO8GRjjziOlkm31RSjWlY1h4lm0a5Bte6zLdI09fKm1OfqKxvhf3mYODXumkkkASFA8dWZA8OUA&amp;oh=00_Af3EBy2r-t4JEbqozigYa9HtSmJLVS7mqjWDzSVLL5eY7A&amp;oe=69F3BDAB&quot;,&quot;320&quot;:&quot;https:\\\/\\\/scontent-scl3-1.cdninstagram.com\\\/v\\\/t51.82787-15\\\/670803889_18097668881102433_1535308593555874961_n.jpg?stp=dst-jpg_e35_tt6&amp;_nc_cat=100&amp;ccb=7-5&amp;_nc_sid=18de74&amp;efg=eyJlZmdfdGFnIjoiQ0xJUFMuYmVzdF9pbWFnZV91cmxnZW4uQzIifQ%3D%3D&amp;_nc_ohc=sfhjbWzir8YQ7kNvwH5u6MI&amp;_nc_oc=Adpd6OItt3wfdRsHHu7q088reUmEHM6RL5wnQ-mtEvg2M0Uarn2-Jdy9draDKSMLCZg&amp;_nc_zt=23&amp;_nc_ht=scontent-scl3-1.cdninstagram.com&amp;edm=ANo9K5cEAAAA&amp;_nc_gid=eOYYyjA5NUNNI3YutGCtDQ&amp;_nc_tpa=Q5bMBQFVO8GRjjziOlkm31RSjWlY1h4lm0a5Bte6zLdI09fKm1OfqKxvhf3mYODXumkkkASFA8dWZA8OUA&amp;oh=00_Af3EBy2r-t4JEbqozigYa9HtSmJLVS7mqjWDzSVLL5eY7A&amp;oe=69F3BDAB&quot;,&quot;640&quot;:&quot;https:\\\/\\\/scontent-scl3-1.cdninstagram.com\\\/v\\\/t51.82787-15\\\/670803889_18097668881102433_1535308593555874961_n.jpg?stp=dst-jpg_e35_tt6&amp;_nc_cat=100&amp;ccb=7-5&amp;_nc_sid=18de74&amp;efg=eyJlZmdfdGFnIjoiQ0xJUFMuYmVzdF9pbWFnZV91cmxnZW4uQzIifQ%3D%3D&amp;_nc_ohc=sfhjbWzir8YQ7kNvwH5u6MI&amp;_nc_oc=Adpd6OItt3wfdRsHHu7q088reUmEHM6RL5wnQ-mtEvg2M0Uarn2-Jdy9draDKSMLCZg&amp;_nc_zt=23&amp;_nc_ht=scontent-scl3-1.cdninstagram.com&amp;edm=ANo9K5cEAAAA&amp;_nc_gid=eOYYyjA5NUNNI3YutGCtDQ&amp;_nc_tpa=Q5bMBQFVO8GRjjziOlkm31RSjWlY1h4lm0a5Bte6zLdI09fKm1OfqKxvhf3mYODXumkkkASFA8dWZA8OUA&amp;oh=00_Af3EBy2r-t4JEbqozigYa9HtSmJLVS7mqjWDzSVLL5eY7A&amp;oe=69F3BDAB&quot;}\">\n\t\t\t<span class=\"sbi-screenreader\">\u00a1El 3\u00b0B se transport\u00f3 al pasado en el Fuerte Niebl<\/span>\n\t\t\t\t\t\t<svg style=\"color: rgba(255,255,255,1)\" class=\"svg-inline--fa fa-play fa-w-14 sbi_playbtn\" aria-label=\"Play\" aria-hidden=\"true\" data-fa-processed=\"\" data-prefix=\"fa\" data-icon=\"play\" role=\"presentation\" xmlns=\"http:\/\/www.w3.org\/2000\/svg\" viewBox=\"0 0 448 512\"><path fill=\"currentColor\" d=\"M424.4 214.7L72.4 6.6C43.8-10.3 0 6.1 0 47.9V464c0 37.5 40.7 60.1 72.4 41.3l352-208c31.4-18.5 31.5-64.1 0-82.6z\"><\/path><\/svg>\t\t\t<img decoding=\"async\" src=\"https:\/\/principedeasturiasvaldivia.cl\/Colegio\/wp-content\/plugins\/instagram-feed\/img\/placeholder.png\" alt=\"\u00a1El 3\u00b0B se transport\u00f3 al pasado en el Fuerte Niebla! \ud83c\udff0\ud83c\udf0a\n\nEn una jornada llena de descubrimiento e historia, nuestros estudiantes del 3\u00b0 B\u00e1sico B realizaron una visita guiada al Fuerte de Niebla. La actividad tuvo como objetivo acercar el patrimonio hist\u00f3rico de nuestra regi\u00f3n a los alumnos, permiti\u00e9ndoles vivenciar lo aprendido en clases sobre la \u00e9poca colonial.\n\nEn este video les mostramos el recorrido por las murallas, la visita al museo y, por supuesto, la imponente vista de la costa. Fue una experiencia inolvidable que fortalece el aprendizaje y la convivencia escolar.\n\n\u00a1Felicitamos al 3\u00b0B por su entusiasmo y buen comportamiento! Vean aqu\u00ed los mejores momentos de su aventura pedag\u00f3gica.&quot;\" aria-hidden=\"true\">\n\t\t<\/a>\n\t<\/div>\n<\/div><div class=\"sbi_item sbi_type_carousel sbi_new sbi_transition\"\n\tid=\"sbi_17974425341861265\" data-date=\"1776280585\">\n\t<div class=\"sbi_photo_wrap\">\n\t\t<a class=\"sbi_photo\" href=\"https:\/\/www.instagram.com\/p\/DXKelbxmINm\/\" target=\"_blank\" rel=\"noopener nofollow\"\n\t\t\tdata-full-res=\"https:\/\/scontent-scl3-1.cdninstagram.com\/v\/t51.82787-15\/671768848_18096994871102433_1260485217618166797_n.jpg?stp=dst-jpg_e35_tt6&#038;_nc_cat=100&#038;ccb=7-5&#038;_nc_sid=18de74&#038;efg=eyJlZmdfdGFnIjoiQ0FST1VTRUxfSVRFTS5iZXN0X2ltYWdlX3VybGdlbi5DMiJ9&#038;_nc_ohc=mhH56byldvEQ7kNvwE8uV13&#038;_nc_oc=AdosG3nndrngDgnMNvx3AncP5tGvJaqDbmdYTOEprnptEh9u-T9P0ZRE29mPF3vcIdY&#038;_nc_zt=23&#038;_nc_ht=scontent-scl3-1.cdninstagram.com&#038;edm=ANo9K5cEAAAA&#038;_nc_gid=eOYYyjA5NUNNI3YutGCtDQ&#038;_nc_tpa=Q5bMBQF7YWGs_8vE5wNC65CplnjpAZoYLgECkQR8S52UA1lOczyq9CsY1ZV4cChU6f3g86opFBVePFj1ng&#038;oh=00_Af3vDLuLAetiOdXvISYvRwlIm2X_esqWl1lmIGOnt3KzYA&#038;oe=69F3CDC1\"\n\t\t\tdata-img-src-set=\"{&quot;d&quot;:&quot;https:\\\/\\\/scontent-scl3-1.cdninstagram.com\\\/v\\\/t51.82787-15\\\/671768848_18096994871102433_1260485217618166797_n.jpg?stp=dst-jpg_e35_tt6&amp;_nc_cat=100&amp;ccb=7-5&amp;_nc_sid=18de74&amp;efg=eyJlZmdfdGFnIjoiQ0FST1VTRUxfSVRFTS5iZXN0X2ltYWdlX3VybGdlbi5DMiJ9&amp;_nc_ohc=mhH56byldvEQ7kNvwE8uV13&amp;_nc_oc=AdosG3nndrngDgnMNvx3AncP5tGvJaqDbmdYTOEprnptEh9u-T9P0ZRE29mPF3vcIdY&amp;_nc_zt=23&amp;_nc_ht=scontent-scl3-1.cdninstagram.com&amp;edm=ANo9K5cEAAAA&amp;_nc_gid=eOYYyjA5NUNNI3YutGCtDQ&amp;_nc_tpa=Q5bMBQF7YWGs_8vE5wNC65CplnjpAZoYLgECkQR8S52UA1lOczyq9CsY1ZV4cChU6f3g86opFBVePFj1ng&amp;oh=00_Af3vDLuLAetiOdXvISYvRwlIm2X_esqWl1lmIGOnt3KzYA&amp;oe=69F3CDC1&quot;,&quot;150&quot;:&quot;https:\\\/\\\/scontent-scl3-1.cdninstagram.com\\\/v\\\/t51.82787-15\\\/671768848_18096994871102433_1260485217618166797_n.jpg?stp=dst-jpg_e35_tt6&amp;_nc_cat=100&amp;ccb=7-5&amp;_nc_sid=18de74&amp;efg=eyJlZmdfdGFnIjoiQ0FST1VTRUxfSVRFTS5iZXN0X2ltYWdlX3VybGdlbi5DMiJ9&amp;_nc_ohc=mhH56byldvEQ7kNvwE8uV13&amp;_nc_oc=AdosG3nndrngDgnMNvx3AncP5tGvJaqDbmdYTOEprnptEh9u-T9P0ZRE29mPF3vcIdY&amp;_nc_zt=23&amp;_nc_ht=scontent-scl3-1.cdninstagram.com&amp;edm=ANo9K5cEAAAA&amp;_nc_gid=eOYYyjA5NUNNI3YutGCtDQ&amp;_nc_tpa=Q5bMBQF7YWGs_8vE5wNC65CplnjpAZoYLgECkQR8S52UA1lOczyq9CsY1ZV4cChU6f3g86opFBVePFj1ng&amp;oh=00_Af3vDLuLAetiOdXvISYvRwlIm2X_esqWl1lmIGOnt3KzYA&amp;oe=69F3CDC1&quot;,&quot;320&quot;:&quot;https:\\\/\\\/scontent-scl3-1.cdninstagram.com\\\/v\\\/t51.82787-15\\\/671768848_18096994871102433_1260485217618166797_n.jpg?stp=dst-jpg_e35_tt6&amp;_nc_cat=100&amp;ccb=7-5&amp;_nc_sid=18de74&amp;efg=eyJlZmdfdGFnIjoiQ0FST1VTRUxfSVRFTS5iZXN0X2ltYWdlX3VybGdlbi5DMiJ9&amp;_nc_ohc=mhH56byldvEQ7kNvwE8uV13&amp;_nc_oc=AdosG3nndrngDgnMNvx3AncP5tGvJaqDbmdYTOEprnptEh9u-T9P0ZRE29mPF3vcIdY&amp;_nc_zt=23&amp;_nc_ht=scontent-scl3-1.cdninstagram.com&amp;edm=ANo9K5cEAAAA&amp;_nc_gid=eOYYyjA5NUNNI3YutGCtDQ&amp;_nc_tpa=Q5bMBQF7YWGs_8vE5wNC65CplnjpAZoYLgECkQR8S52UA1lOczyq9CsY1ZV4cChU6f3g86opFBVePFj1ng&amp;oh=00_Af3vDLuLAetiOdXvISYvRwlIm2X_esqWl1lmIGOnt3KzYA&amp;oe=69F3CDC1&quot;,&quot;640&quot;:&quot;https:\\\/\\\/scontent-scl3-1.cdninstagram.com\\\/v\\\/t51.82787-15\\\/671768848_18096994871102433_1260485217618166797_n.jpg?stp=dst-jpg_e35_tt6&amp;_nc_cat=100&amp;ccb=7-5&amp;_nc_sid=18de74&amp;efg=eyJlZmdfdGFnIjoiQ0FST1VTRUxfSVRFTS5iZXN0X2ltYWdlX3VybGdlbi5DMiJ9&amp;_nc_ohc=mhH56byldvEQ7kNvwE8uV13&amp;_nc_oc=AdosG3nndrngDgnMNvx3AncP5tGvJaqDbmdYTOEprnptEh9u-T9P0ZRE29mPF3vcIdY&amp;_nc_zt=23&amp;_nc_ht=scontent-scl3-1.cdninstagram.com&amp;edm=ANo9K5cEAAAA&amp;_nc_gid=eOYYyjA5NUNNI3YutGCtDQ&amp;_nc_tpa=Q5bMBQF7YWGs_8vE5wNC65CplnjpAZoYLgECkQR8S52UA1lOczyq9CsY1ZV4cChU6f3g86opFBVePFj1ng&amp;oh=00_Af3vDLuLAetiOdXvISYvRwlIm2X_esqWl1lmIGOnt3KzYA&amp;oe=69F3CDC1&quot;}\">\n\t\t\t<span class=\"sbi-screenreader\">\u00a1Semanas de aprendizaje, deporte y compromiso en n<\/span>\n\t\t\t<svg class=\"svg-inline--fa fa-clone fa-w-16 sbi_lightbox_carousel_icon\" aria-hidden=\"true\" aria-label=\"Clone\" data-fa-pro\u0192cessed=\"\" data-prefix=\"far\" data-icon=\"clone\" role=\"img\" xmlns=\"http:\/\/www.w3.org\/2000\/svg\" viewBox=\"0 0 512 512\">\n                    <path fill=\"currentColor\" d=\"M464 0H144c-26.51 0-48 21.49-48 48v48H48c-26.51 0-48 21.49-48 48v320c0 26.51 21.49 48 48 48h320c26.51 0 48-21.49 48-48v-48h48c26.51 0 48-21.49 48-48V48c0-26.51-21.49-48-48-48zM362 464H54a6 6 0 0 1-6-6V150a6 6 0 0 1 6-6h42v224c0 26.51 21.49 48 48 48h224v42a6 6 0 0 1-6 6zm96-96H150a6 6 0 0 1-6-6V54a6 6 0 0 1 6-6h308a6 6 0 0 1 6 6v308a6 6 0 0 1-6 6z\"><\/path>\n                <\/svg>\t\t\t\t\t\t<img decoding=\"async\" src=\"https:\/\/principedeasturiasvaldivia.cl\/Colegio\/wp-content\/plugins\/instagram-feed\/img\/placeholder.png\" alt=\"\u00a1Semanas de aprendizaje, deporte y compromiso en nuestro Colegio!\n\u00a1En el Pr\u00edncipe de Asturias no nos detenemos! \ud83c\udf1f Desde el compromiso ciudadano de nuestras nuevas Brigadas Escolares, pasando por el desaf\u00edo intelectual de la Semana de las Matem\u00e1ticas, hasta el movimiento y la alegr\u00eda en el D\u00eda de la Educaci\u00f3n F\u00edsica.\n\nEstas im\u00e1genes reflejan la esencia de nuestro colegio: estudiantes activos, comprometidos y motivados por aprender en todas las \u00e1reas. \u00a1Sigue revisando nuestras redes sociales para m\u00e1s novedades de este a\u00f1o escolar 2026!\ud83d\udcaf\" aria-hidden=\"true\">\n\t\t<\/a>\n\t<\/div>\n<\/div><div class=\"sbi_item sbi_type_carousel sbi_new sbi_transition\"\n\tid=\"sbi_18087517163194112\" data-date=\"1775444280\">\n\t<div class=\"sbi_photo_wrap\">\n\t\t<a class=\"sbi_photo\" href=\"https:\/\/www.instagram.com\/p\/DWxjdbHjAVp\/\" target=\"_blank\" rel=\"noopener nofollow\"\n\t\t\tdata-full-res=\"https:\/\/scontent-scl3-1.cdninstagram.com\/v\/t51.82787-15\/660953604_18096090209102433_3447640791055517901_n.jpg?stp=dst-jpg_e35_tt6&#038;_nc_cat=100&#038;ccb=7-5&#038;_nc_sid=18de74&#038;efg=eyJlZmdfdGFnIjoiQ0FST1VTRUxfSVRFTS5iZXN0X2ltYWdlX3VybGdlbi5DMiJ9&#038;_nc_ohc=U1p7FCF7NJcQ7kNvwEc33Nq&#038;_nc_oc=Ado4KfW8GBVsOMgjhal5DjuY2tDsgk0XhtIqmx_9790WlAOGmpDTj2sz3jYxhOxJ5u4&#038;_nc_zt=23&#038;_nc_ht=scontent-scl3-1.cdninstagram.com&#038;edm=ANo9K5cEAAAA&#038;_nc_gid=eOYYyjA5NUNNI3YutGCtDQ&#038;_nc_tpa=Q5bMBQEcGcQo9k6MGFAEHtRo1Yk3ljPpYO5sPaynPWtgEjoRE43K6ti9G3cWk2_5zeaKpeBIiMXsU8GsHQ&#038;oh=00_Af3tu5iNfJwQforOy1RngMHyRZ1F_9M0deYS3Y8IeOiZpQ&#038;oe=69F3B647\"\n\t\t\tdata-img-src-set=\"{&quot;d&quot;:&quot;https:\\\/\\\/scontent-scl3-1.cdninstagram.com\\\/v\\\/t51.82787-15\\\/660953604_18096090209102433_3447640791055517901_n.jpg?stp=dst-jpg_e35_tt6&amp;_nc_cat=100&amp;ccb=7-5&amp;_nc_sid=18de74&amp;efg=eyJlZmdfdGFnIjoiQ0FST1VTRUxfSVRFTS5iZXN0X2ltYWdlX3VybGdlbi5DMiJ9&amp;_nc_ohc=U1p7FCF7NJcQ7kNvwEc33Nq&amp;_nc_oc=Ado4KfW8GBVsOMgjhal5DjuY2tDsgk0XhtIqmx_9790WlAOGmpDTj2sz3jYxhOxJ5u4&amp;_nc_zt=23&amp;_nc_ht=scontent-scl3-1.cdninstagram.com&amp;edm=ANo9K5cEAAAA&amp;_nc_gid=eOYYyjA5NUNNI3YutGCtDQ&amp;_nc_tpa=Q5bMBQEcGcQo9k6MGFAEHtRo1Yk3ljPpYO5sPaynPWtgEjoRE43K6ti9G3cWk2_5zeaKpeBIiMXsU8GsHQ&amp;oh=00_Af3tu5iNfJwQforOy1RngMHyRZ1F_9M0deYS3Y8IeOiZpQ&amp;oe=69F3B647&quot;,&quot;150&quot;:&quot;https:\\\/\\\/scontent-scl3-1.cdninstagram.com\\\/v\\\/t51.82787-15\\\/660953604_18096090209102433_3447640791055517901_n.jpg?stp=dst-jpg_e35_tt6&amp;_nc_cat=100&amp;ccb=7-5&amp;_nc_sid=18de74&amp;efg=eyJlZmdfdGFnIjoiQ0FST1VTRUxfSVRFTS5iZXN0X2ltYWdlX3VybGdlbi5DMiJ9&amp;_nc_ohc=U1p7FCF7NJcQ7kNvwEc33Nq&amp;_nc_oc=Ado4KfW8GBVsOMgjhal5DjuY2tDsgk0XhtIqmx_9790WlAOGmpDTj2sz3jYxhOxJ5u4&amp;_nc_zt=23&amp;_nc_ht=scontent-scl3-1.cdninstagram.com&amp;edm=ANo9K5cEAAAA&amp;_nc_gid=eOYYyjA5NUNNI3YutGCtDQ&amp;_nc_tpa=Q5bMBQEcGcQo9k6MGFAEHtRo1Yk3ljPpYO5sPaynPWtgEjoRE43K6ti9G3cWk2_5zeaKpeBIiMXsU8GsHQ&amp;oh=00_Af3tu5iNfJwQforOy1RngMHyRZ1F_9M0deYS3Y8IeOiZpQ&amp;oe=69F3B647&quot;,&quot;320&quot;:&quot;https:\\\/\\\/scontent-scl3-1.cdninstagram.com\\\/v\\\/t51.82787-15\\\/660953604_18096090209102433_3447640791055517901_n.jpg?stp=dst-jpg_e35_tt6&amp;_nc_cat=100&amp;ccb=7-5&amp;_nc_sid=18de74&amp;efg=eyJlZmdfdGFnIjoiQ0FST1VTRUxfSVRFTS5iZXN0X2ltYWdlX3VybGdlbi5DMiJ9&amp;_nc_ohc=U1p7FCF7NJcQ7kNvwEc33Nq&amp;_nc_oc=Ado4KfW8GBVsOMgjhal5DjuY2tDsgk0XhtIqmx_9790WlAOGmpDTj2sz3jYxhOxJ5u4&amp;_nc_zt=23&amp;_nc_ht=scontent-scl3-1.cdninstagram.com&amp;edm=ANo9K5cEAAAA&amp;_nc_gid=eOYYyjA5NUNNI3YutGCtDQ&amp;_nc_tpa=Q5bMBQEcGcQo9k6MGFAEHtRo1Yk3ljPpYO5sPaynPWtgEjoRE43K6ti9G3cWk2_5zeaKpeBIiMXsU8GsHQ&amp;oh=00_Af3tu5iNfJwQforOy1RngMHyRZ1F_9M0deYS3Y8IeOiZpQ&amp;oe=69F3B647&quot;,&quot;640&quot;:&quot;https:\\\/\\\/scontent-scl3-1.cdninstagram.com\\\/v\\\/t51.82787-15\\\/660953604_18096090209102433_3447640791055517901_n.jpg?stp=dst-jpg_e35_tt6&amp;_nc_cat=100&amp;ccb=7-5&amp;_nc_sid=18de74&amp;efg=eyJlZmdfdGFnIjoiQ0FST1VTRUxfSVRFTS5iZXN0X2ltYWdlX3VybGdlbi5DMiJ9&amp;_nc_ohc=U1p7FCF7NJcQ7kNvwEc33Nq&amp;_nc_oc=Ado4KfW8GBVsOMgjhal5DjuY2tDsgk0XhtIqmx_9790WlAOGmpDTj2sz3jYxhOxJ5u4&amp;_nc_zt=23&amp;_nc_ht=scontent-scl3-1.cdninstagram.com&amp;edm=ANo9K5cEAAAA&amp;_nc_gid=eOYYyjA5NUNNI3YutGCtDQ&amp;_nc_tpa=Q5bMBQEcGcQo9k6MGFAEHtRo1Yk3ljPpYO5sPaynPWtgEjoRE43K6ti9G3cWk2_5zeaKpeBIiMXsU8GsHQ&amp;oh=00_Af3tu5iNfJwQforOy1RngMHyRZ1F_9M0deYS3Y8IeOiZpQ&amp;oe=69F3B647&quot;}\">\n\t\t\t<span class=\"sbi-screenreader\">\ud83d\udc30\ud83c\udf38 \u00a1Celebramos la Pascua del Conejo en comunidad! <\/span>\n\t\t\t<svg class=\"svg-inline--fa fa-clone fa-w-16 sbi_lightbox_carousel_icon\" aria-hidden=\"true\" aria-label=\"Clone\" data-fa-pro\u0192cessed=\"\" data-prefix=\"far\" data-icon=\"clone\" role=\"img\" xmlns=\"http:\/\/www.w3.org\/2000\/svg\" viewBox=\"0 0 512 512\">\n                    <path fill=\"currentColor\" d=\"M464 0H144c-26.51 0-48 21.49-48 48v48H48c-26.51 0-48 21.49-48 48v320c0 26.51 21.49 48 48 48h320c26.51 0 48-21.49 48-48v-48h48c26.51 0 48-21.49 48-48V48c0-26.51-21.49-48-48-48zM362 464H54a6 6 0 0 1-6-6V150a6 6 0 0 1 6-6h42v224c0 26.51 21.49 48 48 48h224v42a6 6 0 0 1-6 6zm96-96H150a6 6 0 0 1-6-6V54a6 6 0 0 1 6-6h308a6 6 0 0 1 6 6v308a6 6 0 0 1-6 6z\"><\/path>\n                <\/svg>\t\t\t\t\t\t<img decoding=\"async\" src=\"https:\/\/principedeasturiasvaldivia.cl\/Colegio\/wp-content\/plugins\/instagram-feed\/img\/placeholder.png\" alt=\"\ud83d\udc30\ud83c\udf38 \u00a1Celebramos la Pascua del Conejo en comunidad! \ud83c\udf38\ud83d\udc30\n\nNuestros estudiantes del Colegio Pr\u00edncipe de Asturias vivieron una jornada llena de alegr\u00eda, juegos y dulces sorpresas \ud83e\udd55\ud83c\udf6b.\n\nEntre orejitas, sonrisas y momentos compartidos, fortalecimos la convivencia y creamos recuerdos que quedar\u00e1n en sus corazones \u2728\n\nPorque aprender tambi\u00e9n es disfrutar, compartir y celebrar juntos \ud83d\udc99\n\n#Pascua #PascuaDelConejo #ColegioPr\u00edncipeDeAsturias #ConvivenciaEscolar #AprenderJugando #Valdivia #Educaci\u00f3nConSentido\" aria-hidden=\"true\">\n\t\t<\/a>\n\t<\/div>\n<\/div><div class=\"sbi_item sbi_type_image sbi_new sbi_transition\"\n\tid=\"sbi_18082438577368762\" data-date=\"1775438499\">\n\t<div class=\"sbi_photo_wrap\">\n\t\t<a class=\"sbi_photo\" href=\"https:\/\/www.instagram.com\/p\/DWxYbrrDPAf\/\" target=\"_blank\" rel=\"noopener nofollow\"\n\t\t\tdata-full-res=\"https:\/\/scontent-scl3-1.cdninstagram.com\/v\/t51.82787-15\/659810550_18096082787102433_1565087848656376813_n.jpg?stp=dst-jpg_e35_tt6&#038;_nc_cat=104&#038;ccb=7-5&#038;_nc_sid=18de74&#038;efg=eyJlZmdfdGFnIjoiRkVFRC5iZXN0X2ltYWdlX3VybGdlbi5DMiJ9&#038;_nc_ohc=lFyv5fgEHgsQ7kNvwEy4VpU&#038;_nc_oc=AdoKmXh7zmkB3NQuSVLT7YUGOKORgIXtdoRq1xZLyTMxfKQ1Akt3aiAGzSzzxxQRn18&#038;_nc_zt=23&#038;_nc_ht=scontent-scl3-1.cdninstagram.com&#038;edm=ANo9K5cEAAAA&#038;_nc_gid=eOYYyjA5NUNNI3YutGCtDQ&#038;_nc_tpa=Q5bMBQEq77qOMWll9ZeH9NS0zCRaAZIjDPiLqzCqvqSZenfqaSdzCP4YrbMmSr0tBntg1C4exRxsigxvMQ&#038;oh=00_Af21JggEX6daE-22O9KOyIrNMxo7R-OWcuVx6W1BoaTcIQ&#038;oe=69F3B2A0\"\n\t\t\tdata-img-src-set=\"{&quot;d&quot;:&quot;https:\\\/\\\/scontent-scl3-1.cdninstagram.com\\\/v\\\/t51.82787-15\\\/659810550_18096082787102433_1565087848656376813_n.jpg?stp=dst-jpg_e35_tt6&amp;_nc_cat=104&amp;ccb=7-5&amp;_nc_sid=18de74&amp;efg=eyJlZmdfdGFnIjoiRkVFRC5iZXN0X2ltYWdlX3VybGdlbi5DMiJ9&amp;_nc_ohc=lFyv5fgEHgsQ7kNvwEy4VpU&amp;_nc_oc=AdoKmXh7zmkB3NQuSVLT7YUGOKORgIXtdoRq1xZLyTMxfKQ1Akt3aiAGzSzzxxQRn18&amp;_nc_zt=23&amp;_nc_ht=scontent-scl3-1.cdninstagram.com&amp;edm=ANo9K5cEAAAA&amp;_nc_gid=eOYYyjA5NUNNI3YutGCtDQ&amp;_nc_tpa=Q5bMBQEq77qOMWll9ZeH9NS0zCRaAZIjDPiLqzCqvqSZenfqaSdzCP4YrbMmSr0tBntg1C4exRxsigxvMQ&amp;oh=00_Af21JggEX6daE-22O9KOyIrNMxo7R-OWcuVx6W1BoaTcIQ&amp;oe=69F3B2A0&quot;,&quot;150&quot;:&quot;https:\\\/\\\/scontent-scl3-1.cdninstagram.com\\\/v\\\/t51.82787-15\\\/659810550_18096082787102433_1565087848656376813_n.jpg?stp=dst-jpg_e35_tt6&amp;_nc_cat=104&amp;ccb=7-5&amp;_nc_sid=18de74&amp;efg=eyJlZmdfdGFnIjoiRkVFRC5iZXN0X2ltYWdlX3VybGdlbi5DMiJ9&amp;_nc_ohc=lFyv5fgEHgsQ7kNvwEy4VpU&amp;_nc_oc=AdoKmXh7zmkB3NQuSVLT7YUGOKORgIXtdoRq1xZLyTMxfKQ1Akt3aiAGzSzzxxQRn18&amp;_nc_zt=23&amp;_nc_ht=scontent-scl3-1.cdninstagram.com&amp;edm=ANo9K5cEAAAA&amp;_nc_gid=eOYYyjA5NUNNI3YutGCtDQ&amp;_nc_tpa=Q5bMBQEq77qOMWll9ZeH9NS0zCRaAZIjDPiLqzCqvqSZenfqaSdzCP4YrbMmSr0tBntg1C4exRxsigxvMQ&amp;oh=00_Af21JggEX6daE-22O9KOyIrNMxo7R-OWcuVx6W1BoaTcIQ&amp;oe=69F3B2A0&quot;,&quot;320&quot;:&quot;https:\\\/\\\/scontent-scl3-1.cdninstagram.com\\\/v\\\/t51.82787-15\\\/659810550_18096082787102433_1565087848656376813_n.jpg?stp=dst-jpg_e35_tt6&amp;_nc_cat=104&amp;ccb=7-5&amp;_nc_sid=18de74&amp;efg=eyJlZmdfdGFnIjoiRkVFRC5iZXN0X2ltYWdlX3VybGdlbi5DMiJ9&amp;_nc_ohc=lFyv5fgEHgsQ7kNvwEy4VpU&amp;_nc_oc=AdoKmXh7zmkB3NQuSVLT7YUGOKORgIXtdoRq1xZLyTMxfKQ1Akt3aiAGzSzzxxQRn18&amp;_nc_zt=23&amp;_nc_ht=scontent-scl3-1.cdninstagram.com&amp;edm=ANo9K5cEAAAA&amp;_nc_gid=eOYYyjA5NUNNI3YutGCtDQ&amp;_nc_tpa=Q5bMBQEq77qOMWll9ZeH9NS0zCRaAZIjDPiLqzCqvqSZenfqaSdzCP4YrbMmSr0tBntg1C4exRxsigxvMQ&amp;oh=00_Af21JggEX6daE-22O9KOyIrNMxo7R-OWcuVx6W1BoaTcIQ&amp;oe=69F3B2A0&quot;,&quot;640&quot;:&quot;https:\\\/\\\/scontent-scl3-1.cdninstagram.com\\\/v\\\/t51.82787-15\\\/659810550_18096082787102433_1565087848656376813_n.jpg?stp=dst-jpg_e35_tt6&amp;_nc_cat=104&amp;ccb=7-5&amp;_nc_sid=18de74&amp;efg=eyJlZmdfdGFnIjoiRkVFRC5iZXN0X2ltYWdlX3VybGdlbi5DMiJ9&amp;_nc_ohc=lFyv5fgEHgsQ7kNvwEy4VpU&amp;_nc_oc=AdoKmXh7zmkB3NQuSVLT7YUGOKORgIXtdoRq1xZLyTMxfKQ1Akt3aiAGzSzzxxQRn18&amp;_nc_zt=23&amp;_nc_ht=scontent-scl3-1.cdninstagram.com&amp;edm=ANo9K5cEAAAA&amp;_nc_gid=eOYYyjA5NUNNI3YutGCtDQ&amp;_nc_tpa=Q5bMBQEq77qOMWll9ZeH9NS0zCRaAZIjDPiLqzCqvqSZenfqaSdzCP4YrbMmSr0tBntg1C4exRxsigxvMQ&amp;oh=00_Af21JggEX6daE-22O9KOyIrNMxo7R-OWcuVx6W1BoaTcIQ&amp;oe=69F3B2A0&quot;}\">\n\t\t\t<span class=\"sbi-screenreader\">Publicaci\u00f3n de Instagram 18082438577368762<\/span>\n\t\t\t\t\t\t\t\t\t<img decoding=\"async\" src=\"https:\/\/principedeasturiasvaldivia.cl\/Colegio\/wp-content\/plugins\/instagram-feed\/img\/placeholder.png\" alt=\"Publicaci\u00f3n de Instagram 18082438577368762\" aria-hidden=\"true\">\n\t\t<\/a>\n\t<\/div>\n<\/div><div class=\"sbi_item sbi_type_video sbi_new sbi_transition\"\n\tid=\"sbi_18426625813191108\" data-date=\"1774292973\">\n\t<div class=\"sbi_photo_wrap\">\n\t\t<a class=\"sbi_photo\" href=\"https:\/\/www.instagram.com\/reel\/DWPPfDYAPJJ\/\" target=\"_blank\" rel=\"noopener nofollow\"\n\t\t\tdata-full-res=\"https:\/\/scontent-scl3-1.cdninstagram.com\/v\/t51.82787-15\/656035955_18094776995102433_1733639076170857441_n.jpg?stp=dst-jpg_e35_tt6&#038;_nc_cat=103&#038;ccb=7-5&#038;_nc_sid=18de74&#038;efg=eyJlZmdfdGFnIjoiQ0xJUFMuYmVzdF9pbWFnZV91cmxnZW4uQzIifQ%3D%3D&#038;_nc_ohc=wlOH9WNkls8Q7kNvwGDobtm&#038;_nc_oc=Adpch1M6cy4ljhCVt9D_uUDg-jwFl3bgJL8Pb2Kk7uty_heCuFmqWSAmgv3rXaLHQGc&#038;_nc_zt=23&#038;_nc_ht=scontent-scl3-1.cdninstagram.com&#038;edm=ANo9K5cEAAAA&#038;_nc_gid=eOYYyjA5NUNNI3YutGCtDQ&#038;_nc_tpa=Q5bMBQHAlVGgjWFKRkcJgnfaBm3fDCDG6643-jIUWa70i-Gr_YA3z0Ho43rWUDr6zgerfA5XsqoFMBgpjg&#038;oh=00_Af3IgiQZnyyGBbw_1RX_hcNaxM1ePyYyIXDt8lP1JYBhdQ&#038;oe=69F3BF13\"\n\t\t\tdata-img-src-set=\"{&quot;d&quot;:&quot;https:\\\/\\\/scontent-scl3-1.cdninstagram.com\\\/v\\\/t51.82787-15\\\/656035955_18094776995102433_1733639076170857441_n.jpg?stp=dst-jpg_e35_tt6&amp;_nc_cat=103&amp;ccb=7-5&amp;_nc_sid=18de74&amp;efg=eyJlZmdfdGFnIjoiQ0xJUFMuYmVzdF9pbWFnZV91cmxnZW4uQzIifQ%3D%3D&amp;_nc_ohc=wlOH9WNkls8Q7kNvwGDobtm&amp;_nc_oc=Adpch1M6cy4ljhCVt9D_uUDg-jwFl3bgJL8Pb2Kk7uty_heCuFmqWSAmgv3rXaLHQGc&amp;_nc_zt=23&amp;_nc_ht=scontent-scl3-1.cdninstagram.com&amp;edm=ANo9K5cEAAAA&amp;_nc_gid=eOYYyjA5NUNNI3YutGCtDQ&amp;_nc_tpa=Q5bMBQHAlVGgjWFKRkcJgnfaBm3fDCDG6643-jIUWa70i-Gr_YA3z0Ho43rWUDr6zgerfA5XsqoFMBgpjg&amp;oh=00_Af3IgiQZnyyGBbw_1RX_hcNaxM1ePyYyIXDt8lP1JYBhdQ&amp;oe=69F3BF13&quot;,&quot;150&quot;:&quot;https:\\\/\\\/scontent-scl3-1.cdninstagram.com\\\/v\\\/t51.82787-15\\\/656035955_18094776995102433_1733639076170857441_n.jpg?stp=dst-jpg_e35_tt6&amp;_nc_cat=103&amp;ccb=7-5&amp;_nc_sid=18de74&amp;efg=eyJlZmdfdGFnIjoiQ0xJUFMuYmVzdF9pbWFnZV91cmxnZW4uQzIifQ%3D%3D&amp;_nc_ohc=wlOH9WNkls8Q7kNvwGDobtm&amp;_nc_oc=Adpch1M6cy4ljhCVt9D_uUDg-jwFl3bgJL8Pb2Kk7uty_heCuFmqWSAmgv3rXaLHQGc&amp;_nc_zt=23&amp;_nc_ht=scontent-scl3-1.cdninstagram.com&amp;edm=ANo9K5cEAAAA&amp;_nc_gid=eOYYyjA5NUNNI3YutGCtDQ&amp;_nc_tpa=Q5bMBQHAlVGgjWFKRkcJgnfaBm3fDCDG6643-jIUWa70i-Gr_YA3z0Ho43rWUDr6zgerfA5XsqoFMBgpjg&amp;oh=00_Af3IgiQZnyyGBbw_1RX_hcNaxM1ePyYyIXDt8lP1JYBhdQ&amp;oe=69F3BF13&quot;,&quot;320&quot;:&quot;https:\\\/\\\/scontent-scl3-1.cdninstagram.com\\\/v\\\/t51.82787-15\\\/656035955_18094776995102433_1733639076170857441_n.jpg?stp=dst-jpg_e35_tt6&amp;_nc_cat=103&amp;ccb=7-5&amp;_nc_sid=18de74&amp;efg=eyJlZmdfdGFnIjoiQ0xJUFMuYmVzdF9pbWFnZV91cmxnZW4uQzIifQ%3D%3D&amp;_nc_ohc=wlOH9WNkls8Q7kNvwGDobtm&amp;_nc_oc=Adpch1M6cy4ljhCVt9D_uUDg-jwFl3bgJL8Pb2Kk7uty_heCuFmqWSAmgv3rXaLHQGc&amp;_nc_zt=23&amp;_nc_ht=scontent-scl3-1.cdninstagram.com&amp;edm=ANo9K5cEAAAA&amp;_nc_gid=eOYYyjA5NUNNI3YutGCtDQ&amp;_nc_tpa=Q5bMBQHAlVGgjWFKRkcJgnfaBm3fDCDG6643-jIUWa70i-Gr_YA3z0Ho43rWUDr6zgerfA5XsqoFMBgpjg&amp;oh=00_Af3IgiQZnyyGBbw_1RX_hcNaxM1ePyYyIXDt8lP1JYBhdQ&amp;oe=69F3BF13&quot;,&quot;640&quot;:&quot;https:\\\/\\\/scontent-scl3-1.cdninstagram.com\\\/v\\\/t51.82787-15\\\/656035955_18094776995102433_1733639076170857441_n.jpg?stp=dst-jpg_e35_tt6&amp;_nc_cat=103&amp;ccb=7-5&amp;_nc_sid=18de74&amp;efg=eyJlZmdfdGFnIjoiQ0xJUFMuYmVzdF9pbWFnZV91cmxnZW4uQzIifQ%3D%3D&amp;_nc_ohc=wlOH9WNkls8Q7kNvwGDobtm&amp;_nc_oc=Adpch1M6cy4ljhCVt9D_uUDg-jwFl3bgJL8Pb2Kk7uty_heCuFmqWSAmgv3rXaLHQGc&amp;_nc_zt=23&amp;_nc_ht=scontent-scl3-1.cdninstagram.com&amp;edm=ANo9K5cEAAAA&amp;_nc_gid=eOYYyjA5NUNNI3YutGCtDQ&amp;_nc_tpa=Q5bMBQHAlVGgjWFKRkcJgnfaBm3fDCDG6643-jIUWa70i-Gr_YA3z0Ho43rWUDr6zgerfA5XsqoFMBgpjg&amp;oh=00_Af3IgiQZnyyGBbw_1RX_hcNaxM1ePyYyIXDt8lP1JYBhdQ&amp;oe=69F3BF13&quot;}\">\n\t\t\t<span class=\"sbi-screenreader\">\ud83d\udccc Aviso importante\nSe informa a los apoderados que<\/span>\n\t\t\t\t\t\t<svg style=\"color: rgba(255,255,255,1)\" class=\"svg-inline--fa fa-play fa-w-14 sbi_playbtn\" aria-label=\"Play\" aria-hidden=\"true\" data-fa-processed=\"\" data-prefix=\"fa\" data-icon=\"play\" role=\"presentation\" xmlns=\"http:\/\/www.w3.org\/2000\/svg\" viewBox=\"0 0 448 512\"><path fill=\"currentColor\" d=\"M424.4 214.7L72.4 6.6C43.8-10.3 0 6.1 0 47.9V464c0 37.5 40.7 60.1 72.4 41.3l352-208c31.4-18.5 31.5-64.1 0-82.6z\"><\/path><\/svg>\t\t\t<img decoding=\"async\" src=\"https:\/\/principedeasturiasvaldivia.cl\/Colegio\/wp-content\/plugins\/instagram-feed\/img\/placeholder.png\" alt=\"\ud83d\udccc Aviso importante\nSe informa a los apoderados que la primera reuni\u00f3n del a\u00f1o acad\u00e9mico 2026 se realizar\u00e1 seg\u00fan el siguiente calendario:\n\n\u2022 Martes 24 de Marzo \u2013 18:30 hrs: NTI B, NTII B, 1\u00b0 B, 2\u00b0 B, 3\u00b0 B, 4\u00b0 B\n\u2022 Mi\u00e9rcoles 25 de Marzo\u2013 18:30 hrs: NTI A, NTII A, 1\u00b0 A, 2\u00b0 A, 3\u00b0 A, 4\u00b0 A\n\nSe agradece su puntual asistencia.\" aria-hidden=\"true\">\n\t\t<\/a>\n\t<\/div>\n<\/div><div class=\"sbi_item sbi_type_image sbi_new sbi_transition\"\n\tid=\"sbi_18383873125095426\" data-date=\"1773934101\">\n\t<div class=\"sbi_photo_wrap\">\n\t\t<a class=\"sbi_photo\" href=\"https:\/\/www.instagram.com\/p\/DWEjBXiEdWh\/\" target=\"_blank\" rel=\"noopener nofollow\"\n\t\t\tdata-full-res=\"https:\/\/scontent-scl3-1.cdninstagram.com\/v\/t51.82787-15\/652775275_18094169156102433_8789813495951499263_n.jpg?stp=dst-jpg_e35_tt6&#038;_nc_cat=109&#038;ccb=7-5&#038;_nc_sid=18de74&#038;efg=eyJlZmdfdGFnIjoiRkVFRC5iZXN0X2ltYWdlX3VybGdlbi5DMiJ9&#038;_nc_ohc=TLQrLuxT5d8Q7kNvwHEBa5a&#038;_nc_oc=AdrzLf_pTgVVbdObHDnlRH_w2hvPyC6OD2IqXAqhNlDnVKHs9TWYYTzF4IkyOQpQ6jA&#038;_nc_zt=23&#038;_nc_ht=scontent-scl3-1.cdninstagram.com&#038;edm=ANo9K5cEAAAA&#038;_nc_gid=eOYYyjA5NUNNI3YutGCtDQ&#038;_nc_tpa=Q5bMBQH2NJJ3RBfY3uYmkI62mCDlvMqkDqVbYcu7_ADkPaXaS5_pdUb2B2m1R7KMpN63QwhdUbfKAS64JA&#038;oh=00_Af3JIY3mywD_stLGGpA39KCRYSq4N_uCXz0fB6bdQc3SgA&#038;oe=69F3C807\"\n\t\t\tdata-img-src-set=\"{&quot;d&quot;:&quot;https:\\\/\\\/scontent-scl3-1.cdninstagram.com\\\/v\\\/t51.82787-15\\\/652775275_18094169156102433_8789813495951499263_n.jpg?stp=dst-jpg_e35_tt6&amp;_nc_cat=109&amp;ccb=7-5&amp;_nc_sid=18de74&amp;efg=eyJlZmdfdGFnIjoiRkVFRC5iZXN0X2ltYWdlX3VybGdlbi5DMiJ9&amp;_nc_ohc=TLQrLuxT5d8Q7kNvwHEBa5a&amp;_nc_oc=AdrzLf_pTgVVbdObHDnlRH_w2hvPyC6OD2IqXAqhNlDnVKHs9TWYYTzF4IkyOQpQ6jA&amp;_nc_zt=23&amp;_nc_ht=scontent-scl3-1.cdninstagram.com&amp;edm=ANo9K5cEAAAA&amp;_nc_gid=eOYYyjA5NUNNI3YutGCtDQ&amp;_nc_tpa=Q5bMBQH2NJJ3RBfY3uYmkI62mCDlvMqkDqVbYcu7_ADkPaXaS5_pdUb2B2m1R7KMpN63QwhdUbfKAS64JA&amp;oh=00_Af3JIY3mywD_stLGGpA39KCRYSq4N_uCXz0fB6bdQc3SgA&amp;oe=69F3C807&quot;,&quot;150&quot;:&quot;https:\\\/\\\/scontent-scl3-1.cdninstagram.com\\\/v\\\/t51.82787-15\\\/652775275_18094169156102433_8789813495951499263_n.jpg?stp=dst-jpg_e35_tt6&amp;_nc_cat=109&amp;ccb=7-5&amp;_nc_sid=18de74&amp;efg=eyJlZmdfdGFnIjoiRkVFRC5iZXN0X2ltYWdlX3VybGdlbi5DMiJ9&amp;_nc_ohc=TLQrLuxT5d8Q7kNvwHEBa5a&amp;_nc_oc=AdrzLf_pTgVVbdObHDnlRH_w2hvPyC6OD2IqXAqhNlDnVKHs9TWYYTzF4IkyOQpQ6jA&amp;_nc_zt=23&amp;_nc_ht=scontent-scl3-1.cdninstagram.com&amp;edm=ANo9K5cEAAAA&amp;_nc_gid=eOYYyjA5NUNNI3YutGCtDQ&amp;_nc_tpa=Q5bMBQH2NJJ3RBfY3uYmkI62mCDlvMqkDqVbYcu7_ADkPaXaS5_pdUb2B2m1R7KMpN63QwhdUbfKAS64JA&amp;oh=00_Af3JIY3mywD_stLGGpA39KCRYSq4N_uCXz0fB6bdQc3SgA&amp;oe=69F3C807&quot;,&quot;320&quot;:&quot;https:\\\/\\\/scontent-scl3-1.cdninstagram.com\\\/v\\\/t51.82787-15\\\/652775275_18094169156102433_8789813495951499263_n.jpg?stp=dst-jpg_e35_tt6&amp;_nc_cat=109&amp;ccb=7-5&amp;_nc_sid=18de74&amp;efg=eyJlZmdfdGFnIjoiRkVFRC5iZXN0X2ltYWdlX3VybGdlbi5DMiJ9&amp;_nc_ohc=TLQrLuxT5d8Q7kNvwHEBa5a&amp;_nc_oc=AdrzLf_pTgVVbdObHDnlRH_w2hvPyC6OD2IqXAqhNlDnVKHs9TWYYTzF4IkyOQpQ6jA&amp;_nc_zt=23&amp;_nc_ht=scontent-scl3-1.cdninstagram.com&amp;edm=ANo9K5cEAAAA&amp;_nc_gid=eOYYyjA5NUNNI3YutGCtDQ&amp;_nc_tpa=Q5bMBQH2NJJ3RBfY3uYmkI62mCDlvMqkDqVbYcu7_ADkPaXaS5_pdUb2B2m1R7KMpN63QwhdUbfKAS64JA&amp;oh=00_Af3JIY3mywD_stLGGpA39KCRYSq4N_uCXz0fB6bdQc3SgA&amp;oe=69F3C807&quot;,&quot;640&quot;:&quot;https:\\\/\\\/scontent-scl3-1.cdninstagram.com\\\/v\\\/t51.82787-15\\\/652775275_18094169156102433_8789813495951499263_n.jpg?stp=dst-jpg_e35_tt6&amp;_nc_cat=109&amp;ccb=7-5&amp;_nc_sid=18de74&amp;efg=eyJlZmdfdGFnIjoiRkVFRC5iZXN0X2ltYWdlX3VybGdlbi5DMiJ9&amp;_nc_ohc=TLQrLuxT5d8Q7kNvwHEBa5a&amp;_nc_oc=AdrzLf_pTgVVbdObHDnlRH_w2hvPyC6OD2IqXAqhNlDnVKHs9TWYYTzF4IkyOQpQ6jA&amp;_nc_zt=23&amp;_nc_ht=scontent-scl3-1.cdninstagram.com&amp;edm=ANo9K5cEAAAA&amp;_nc_gid=eOYYyjA5NUNNI3YutGCtDQ&amp;_nc_tpa=Q5bMBQH2NJJ3RBfY3uYmkI62mCDlvMqkDqVbYcu7_ADkPaXaS5_pdUb2B2m1R7KMpN63QwhdUbfKAS64JA&amp;oh=00_Af3JIY3mywD_stLGGpA39KCRYSq4N_uCXz0fB6bdQc3SgA&amp;oe=69F3C807&quot;}\">\n\t\t\t<span class=\"sbi-screenreader\">\u00a1Vuelven los Talleres Deportivos! \u26bd\ud83c\udfc0\nInvitamos a t<\/span>\n\t\t\t\t\t\t\t\t\t<img decoding=\"async\" src=\"https:\/\/principedeasturiasvaldivia.cl\/Colegio\/wp-content\/plugins\/instagram-feed\/img\/placeholder.png\" alt=\"\u00a1Vuelven los Talleres Deportivos! \u26bd\ud83c\udfc0\nInvitamos a todos nuestros ni\u00f1os y ni\u00f1as a participar en nuestros talleres de Baby F\u00fatbol y B\u00e1squetbol, que dar\u00e1n inicio este viernes 20 de marzo y se realizar\u00e1n todos los viernes del a\u00f1o escolar.\n\nVen a divertirte, jugar con tus amigos y realizar actividad f\u00edsica en el gimnasio de nuestro colegio. A continuaci\u00f3n, detallamos los horarios por nivel:\n\nTaller de Baby F\u00fatbol\n\nNT1 a 2\u00b0 B\u00e1sico: 17:00 a 18:00 hrs.\n\n3\u00b0 y 4\u00b0 B\u00e1sico: 18:00 a 19:00 hrs.\n\nTaller de B\u00e1squetbol\n\n3\u00b0 y 4\u00b0 B\u00e1sico: 14:00 a 15:30 hrs.\n\nNT1 a 2\u00b0 B\u00e1sico: 15:30 a 17:00 hrs.\n\nInformaci\u00f3n Importante:\n\nLugar: Gimnasio del Instituto Pr\u00edncipe de Asturias.\n\nAcceso: El ingreso es por la calle Clemente Escobar.\n\n\u00a1Los esperamos para pasarlo incre\u00edble! \u00a1No falten! \ud83d\ude0a\ud83d\ude4c\" aria-hidden=\"true\">\n\t\t<\/a>\n\t<\/div>\n<\/div><div class=\"sbi_item sbi_type_image sbi_new sbi_transition\"\n\tid=\"sbi_17912090484164367\" data-date=\"1773840196\">\n\t<div class=\"sbi_photo_wrap\">\n\t\t<a class=\"sbi_photo\" href=\"https:\/\/www.instagram.com\/p\/DWBv6aMkfMX\/\" target=\"_blank\" rel=\"noopener nofollow\"\n\t\t\tdata-full-res=\"https:\/\/scontent-scl3-1.cdninstagram.com\/v\/t51.82787-15\/654032286_18094014578102433_3628919372071762265_n.jpg?stp=dst-jpg_e35_tt6&#038;_nc_cat=104&#038;ccb=7-5&#038;_nc_sid=18de74&#038;efg=eyJlZmdfdGFnIjoiRkVFRC5iZXN0X2ltYWdlX3VybGdlbi5DMiJ9&#038;_nc_ohc=z0bGMS7-qXkQ7kNvwFbkygI&#038;_nc_oc=AdodY--tr0Ij3xDVlhhK2c77vpFyW9R_DAyiqxlmlGamy4GqgO8buvbusNF7EGJXO2E&#038;_nc_zt=23&#038;_nc_ht=scontent-scl3-1.cdninstagram.com&#038;edm=ANo9K5cEAAAA&#038;_nc_gid=eOYYyjA5NUNNI3YutGCtDQ&#038;_nc_tpa=Q5bMBQHWxpyzU3qZwS64lh2tnVrRQeKekEW4FRkMzJTzHS0YK-rTue78zyMF_djLY_Q1g0KAVa-EA2fAcw&#038;oh=00_Af2nKifNNPWVtkaHThO3fHjsUhdX_tj-CYsq3ma2_5j-NA&#038;oe=69F3CE23\"\n\t\t\tdata-img-src-set=\"{&quot;d&quot;:&quot;https:\\\/\\\/scontent-scl3-1.cdninstagram.com\\\/v\\\/t51.82787-15\\\/654032286_18094014578102433_3628919372071762265_n.jpg?stp=dst-jpg_e35_tt6&amp;_nc_cat=104&amp;ccb=7-5&amp;_nc_sid=18de74&amp;efg=eyJlZmdfdGFnIjoiRkVFRC5iZXN0X2ltYWdlX3VybGdlbi5DMiJ9&amp;_nc_ohc=z0bGMS7-qXkQ7kNvwFbkygI&amp;_nc_oc=AdodY--tr0Ij3xDVlhhK2c77vpFyW9R_DAyiqxlmlGamy4GqgO8buvbusNF7EGJXO2E&amp;_nc_zt=23&amp;_nc_ht=scontent-scl3-1.cdninstagram.com&amp;edm=ANo9K5cEAAAA&amp;_nc_gid=eOYYyjA5NUNNI3YutGCtDQ&amp;_nc_tpa=Q5bMBQHWxpyzU3qZwS64lh2tnVrRQeKekEW4FRkMzJTzHS0YK-rTue78zyMF_djLY_Q1g0KAVa-EA2fAcw&amp;oh=00_Af2nKifNNPWVtkaHThO3fHjsUhdX_tj-CYsq3ma2_5j-NA&amp;oe=69F3CE23&quot;,&quot;150&quot;:&quot;https:\\\/\\\/scontent-scl3-1.cdninstagram.com\\\/v\\\/t51.82787-15\\\/654032286_18094014578102433_3628919372071762265_n.jpg?stp=dst-jpg_e35_tt6&amp;_nc_cat=104&amp;ccb=7-5&amp;_nc_sid=18de74&amp;efg=eyJlZmdfdGFnIjoiRkVFRC5iZXN0X2ltYWdlX3VybGdlbi5DMiJ9&amp;_nc_ohc=z0bGMS7-qXkQ7kNvwFbkygI&amp;_nc_oc=AdodY--tr0Ij3xDVlhhK2c77vpFyW9R_DAyiqxlmlGamy4GqgO8buvbusNF7EGJXO2E&amp;_nc_zt=23&amp;_nc_ht=scontent-scl3-1.cdninstagram.com&amp;edm=ANo9K5cEAAAA&amp;_nc_gid=eOYYyjA5NUNNI3YutGCtDQ&amp;_nc_tpa=Q5bMBQHWxpyzU3qZwS64lh2tnVrRQeKekEW4FRkMzJTzHS0YK-rTue78zyMF_djLY_Q1g0KAVa-EA2fAcw&amp;oh=00_Af2nKifNNPWVtkaHThO3fHjsUhdX_tj-CYsq3ma2_5j-NA&amp;oe=69F3CE23&quot;,&quot;320&quot;:&quot;https:\\\/\\\/scontent-scl3-1.cdninstagram.com\\\/v\\\/t51.82787-15\\\/654032286_18094014578102433_3628919372071762265_n.jpg?stp=dst-jpg_e35_tt6&amp;_nc_cat=104&amp;ccb=7-5&amp;_nc_sid=18de74&amp;efg=eyJlZmdfdGFnIjoiRkVFRC5iZXN0X2ltYWdlX3VybGdlbi5DMiJ9&amp;_nc_ohc=z0bGMS7-qXkQ7kNvwFbkygI&amp;_nc_oc=AdodY--tr0Ij3xDVlhhK2c77vpFyW9R_DAyiqxlmlGamy4GqgO8buvbusNF7EGJXO2E&amp;_nc_zt=23&amp;_nc_ht=scontent-scl3-1.cdninstagram.com&amp;edm=ANo9K5cEAAAA&amp;_nc_gid=eOYYyjA5NUNNI3YutGCtDQ&amp;_nc_tpa=Q5bMBQHWxpyzU3qZwS64lh2tnVrRQeKekEW4FRkMzJTzHS0YK-rTue78zyMF_djLY_Q1g0KAVa-EA2fAcw&amp;oh=00_Af2nKifNNPWVtkaHThO3fHjsUhdX_tj-CYsq3ma2_5j-NA&amp;oe=69F3CE23&quot;,&quot;640&quot;:&quot;https:\\\/\\\/scontent-scl3-1.cdninstagram.com\\\/v\\\/t51.82787-15\\\/654032286_18094014578102433_3628919372071762265_n.jpg?stp=dst-jpg_e35_tt6&amp;_nc_cat=104&amp;ccb=7-5&amp;_nc_sid=18de74&amp;efg=eyJlZmdfdGFnIjoiRkVFRC5iZXN0X2ltYWdlX3VybGdlbi5DMiJ9&amp;_nc_ohc=z0bGMS7-qXkQ7kNvwFbkygI&amp;_nc_oc=AdodY--tr0Ij3xDVlhhK2c77vpFyW9R_DAyiqxlmlGamy4GqgO8buvbusNF7EGJXO2E&amp;_nc_zt=23&amp;_nc_ht=scontent-scl3-1.cdninstagram.com&amp;edm=ANo9K5cEAAAA&amp;_nc_gid=eOYYyjA5NUNNI3YutGCtDQ&amp;_nc_tpa=Q5bMBQHWxpyzU3qZwS64lh2tnVrRQeKekEW4FRkMzJTzHS0YK-rTue78zyMF_djLY_Q1g0KAVa-EA2fAcw&amp;oh=00_Af2nKifNNPWVtkaHThO3fHjsUhdX_tj-CYsq3ma2_5j-NA&amp;oe=69F3CE23&quot;}\">\n\t\t\t<span class=\"sbi-screenreader\">\ud83d\udc9b \u00bfSabes por qu\u00e9 se conmemora el D\u00eda Internacional<\/span>\n\t\t\t\t\t\t\t\t\t<img decoding=\"async\" src=\"https:\/\/principedeasturiasvaldivia.cl\/Colegio\/wp-content\/plugins\/instagram-feed\/img\/placeholder.png\" alt=\"\ud83d\udc9b \u00bfSabes por qu\u00e9 se conmemora el D\u00eda Internacional del S\u00edndrome de Down?\n\nSe celebra el 21 de marzo (21\/3) en alusi\u00f3n a la trisom\u00eda del cromosoma 21, condici\u00f3n que da origen al s\u00edndrome de Down.\n\n\ud83e\udde6 \u00bfY por qu\u00e9 usamos calcetines cambiados?\nPorque los calcetines, al ser diferentes pero ir en pareja, representan de forma simple que la diversidad es parte de la vida y que ser distintos nos enriquece.\n\nComo comunidad educativa, queremos promover valores fundamentales como la inclusi\u00f3n, el respeto, la empat\u00eda y la valoraci\u00f3n de cada persona \ud83d\udcab\n\nLos esperamos el d\u00eda viernes 20 con calcetines cambiados ! \u2764\ufe0f\n\n\ud83d\udcf8 Invitamos a todas nuestras familias a sumarse desde el hogar:\nEnv\u00edanos una foto con calcetines cambiados por mensaje interno o etiqu\u00e9tanos en tus historias.\n\n#unidosenladiversidad\" aria-hidden=\"true\">\n\t\t<\/a>\n\t<\/div>\n<\/div><div class=\"sbi_item sbi_type_carousel sbi_new sbi_transition\"\n\tid=\"sbi_18088825391175674\" data-date=\"1773248410\">\n\t<div class=\"sbi_photo_wrap\">\n\t\t<a class=\"sbi_photo\" href=\"https:\/\/www.instagram.com\/p\/DVwHK5fkbdJ\/\" target=\"_blank\" rel=\"noopener nofollow\"\n\t\t\tdata-full-res=\"https:\/\/scontent-scl3-1.cdninstagram.com\/v\/t51.82787-15\/649503218_18093280592102433_764311766142111653_n.jpg?stp=dst-jpg_e35_tt6&#038;_nc_cat=107&#038;ccb=7-5&#038;_nc_sid=18de74&#038;efg=eyJlZmdfdGFnIjoiQ0FST1VTRUxfSVRFTS5iZXN0X2ltYWdlX3VybGdlbi5DMiJ9&#038;_nc_ohc=UKrilIzSJs4Q7kNvwGoc1hN&#038;_nc_oc=AdpoAitCrQbHgr9R2f664ur3-xTpG-8Mw45wXZDIBG76q3VC0vRHcsuQVsaWsAUbFqk&#038;_nc_zt=23&#038;_nc_ht=scontent-scl3-1.cdninstagram.com&#038;edm=ANo9K5cEAAAA&#038;_nc_gid=eOYYyjA5NUNNI3YutGCtDQ&#038;_nc_tpa=Q5bMBQFPLcqan627cR1u6dh_xLJPW1eAheo2XZqaTTFvmwNcjisAoLAdsKBsWCHiuww5bM6fNmOE_5Et3g&#038;oh=00_Af2PXAHUELKAjYg-wqkyXThIXtdldVQO1eLOjZOXfRewBw&#038;oe=69F3B13F\"\n\t\t\tdata-img-src-set=\"{&quot;d&quot;:&quot;https:\\\/\\\/scontent-scl3-1.cdninstagram.com\\\/v\\\/t51.82787-15\\\/649503218_18093280592102433_764311766142111653_n.jpg?stp=dst-jpg_e35_tt6&amp;_nc_cat=107&amp;ccb=7-5&amp;_nc_sid=18de74&amp;efg=eyJlZmdfdGFnIjoiQ0FST1VTRUxfSVRFTS5iZXN0X2ltYWdlX3VybGdlbi5DMiJ9&amp;_nc_ohc=UKrilIzSJs4Q7kNvwGoc1hN&amp;_nc_oc=AdpoAitCrQbHgr9R2f664ur3-xTpG-8Mw45wXZDIBG76q3VC0vRHcsuQVsaWsAUbFqk&amp;_nc_zt=23&amp;_nc_ht=scontent-scl3-1.cdninstagram.com&amp;edm=ANo9K5cEAAAA&amp;_nc_gid=eOYYyjA5NUNNI3YutGCtDQ&amp;_nc_tpa=Q5bMBQFPLcqan627cR1u6dh_xLJPW1eAheo2XZqaTTFvmwNcjisAoLAdsKBsWCHiuww5bM6fNmOE_5Et3g&amp;oh=00_Af2PXAHUELKAjYg-wqkyXThIXtdldVQO1eLOjZOXfRewBw&amp;oe=69F3B13F&quot;,&quot;150&quot;:&quot;https:\\\/\\\/scontent-scl3-1.cdninstagram.com\\\/v\\\/t51.82787-15\\\/649503218_18093280592102433_764311766142111653_n.jpg?stp=dst-jpg_e35_tt6&amp;_nc_cat=107&amp;ccb=7-5&amp;_nc_sid=18de74&amp;efg=eyJlZmdfdGFnIjoiQ0FST1VTRUxfSVRFTS5iZXN0X2ltYWdlX3VybGdlbi5DMiJ9&amp;_nc_ohc=UKrilIzSJs4Q7kNvwGoc1hN&amp;_nc_oc=AdpoAitCrQbHgr9R2f664ur3-xTpG-8Mw45wXZDIBG76q3VC0vRHcsuQVsaWsAUbFqk&amp;_nc_zt=23&amp;_nc_ht=scontent-scl3-1.cdninstagram.com&amp;edm=ANo9K5cEAAAA&amp;_nc_gid=eOYYyjA5NUNNI3YutGCtDQ&amp;_nc_tpa=Q5bMBQFPLcqan627cR1u6dh_xLJPW1eAheo2XZqaTTFvmwNcjisAoLAdsKBsWCHiuww5bM6fNmOE_5Et3g&amp;oh=00_Af2PXAHUELKAjYg-wqkyXThIXtdldVQO1eLOjZOXfRewBw&amp;oe=69F3B13F&quot;,&quot;320&quot;:&quot;https:\\\/\\\/scontent-scl3-1.cdninstagram.com\\\/v\\\/t51.82787-15\\\/649503218_18093280592102433_764311766142111653_n.jpg?stp=dst-jpg_e35_tt6&amp;_nc_cat=107&amp;ccb=7-5&amp;_nc_sid=18de74&amp;efg=eyJlZmdfdGFnIjoiQ0FST1VTRUxfSVRFTS5iZXN0X2ltYWdlX3VybGdlbi5DMiJ9&amp;_nc_ohc=UKrilIzSJs4Q7kNvwGoc1hN&amp;_nc_oc=AdpoAitCrQbHgr9R2f664ur3-xTpG-8Mw45wXZDIBG76q3VC0vRHcsuQVsaWsAUbFqk&amp;_nc_zt=23&amp;_nc_ht=scontent-scl3-1.cdninstagram.com&amp;edm=ANo9K5cEAAAA&amp;_nc_gid=eOYYyjA5NUNNI3YutGCtDQ&amp;_nc_tpa=Q5bMBQFPLcqan627cR1u6dh_xLJPW1eAheo2XZqaTTFvmwNcjisAoLAdsKBsWCHiuww5bM6fNmOE_5Et3g&amp;oh=00_Af2PXAHUELKAjYg-wqkyXThIXtdldVQO1eLOjZOXfRewBw&amp;oe=69F3B13F&quot;,&quot;640&quot;:&quot;https:\\\/\\\/scontent-scl3-1.cdninstagram.com\\\/v\\\/t51.82787-15\\\/649503218_18093280592102433_764311766142111653_n.jpg?stp=dst-jpg_e35_tt6&amp;_nc_cat=107&amp;ccb=7-5&amp;_nc_sid=18de74&amp;efg=eyJlZmdfdGFnIjoiQ0FST1VTRUxfSVRFTS5iZXN0X2ltYWdlX3VybGdlbi5DMiJ9&amp;_nc_ohc=UKrilIzSJs4Q7kNvwGoc1hN&amp;_nc_oc=AdpoAitCrQbHgr9R2f664ur3-xTpG-8Mw45wXZDIBG76q3VC0vRHcsuQVsaWsAUbFqk&amp;_nc_zt=23&amp;_nc_ht=scontent-scl3-1.cdninstagram.com&amp;edm=ANo9K5cEAAAA&amp;_nc_gid=eOYYyjA5NUNNI3YutGCtDQ&amp;_nc_tpa=Q5bMBQFPLcqan627cR1u6dh_xLJPW1eAheo2XZqaTTFvmwNcjisAoLAdsKBsWCHiuww5bM6fNmOE_5Et3g&amp;oh=00_Af2PXAHUELKAjYg-wqkyXThIXtdldVQO1eLOjZOXfRewBw&amp;oe=69F3B13F&quot;}\">\n\t\t\t<span class=\"sbi-screenreader\">\ud83c\udf1f\ud83d\udcda Aprender conectando la sala de clases con el mu<\/span>\n\t\t\t<svg class=\"svg-inline--fa fa-clone fa-w-16 sbi_lightbox_carousel_icon\" aria-hidden=\"true\" aria-label=\"Clone\" data-fa-pro\u0192cessed=\"\" data-prefix=\"far\" data-icon=\"clone\" role=\"img\" xmlns=\"http:\/\/www.w3.org\/2000\/svg\" viewBox=\"0 0 512 512\">\n                    <path fill=\"currentColor\" d=\"M464 0H144c-26.51 0-48 21.49-48 48v48H48c-26.51 0-48 21.49-48 48v320c0 26.51 21.49 48 48 48h320c26.51 0 48-21.49 48-48v-48h48c26.51 0 48-21.49 48-48V48c0-26.51-21.49-48-48-48zM362 464H54a6 6 0 0 1-6-6V150a6 6 0 0 1 6-6h42v224c0 26.51 21.49 48 48 48h224v42a6 6 0 0 1-6 6zm96-96H150a6 6 0 0 1-6-6V54a6 6 0 0 1 6-6h308a6 6 0 0 1 6 6v308a6 6 0 0 1-6 6z\"><\/path>\n                <\/svg>\t\t\t\t\t\t<img decoding=\"async\" src=\"https:\/\/principedeasturiasvaldivia.cl\/Colegio\/wp-content\/plugins\/instagram-feed\/img\/placeholder.png\" alt=\"\ud83c\udf1f\ud83d\udcda Aprender conectando la sala de clases con el mundo real \ud83d\udcda\ud83c\udf1f\n\nLos estudiantes de 3\u00b0A, 4\u00b0A y 4to B. vivieron una experiencia enriquecedora donde vincularon sus aprendizajes de asignatura con la exploraci\u00f3n activa en una salida pedag\u00f3gica.\n\nObservar, descubrir y experimentar en terreno fortalece un aprendizaje m\u00e1s profundo, significativo y motivador. Porque cuando el conocimiento se vive, deja huella. \u2728\n\nEn el Colegio Pr\u00edncipe de Asturias promovemos experiencias educativas que conectan saberes, entorno y comunidad.\nDesde Valdivia seguimos aprendiendo juntos. \ud83d\udc99\n\n#SalidaPedag\u00f3gica #AprendizajeSignificativo #Educaci\u00f3nConSentido #ComunidadEducativa\" aria-hidden=\"true\">\n\t\t<\/a>\n\t<\/div>\n<\/div><div class=\"sbi_item sbi_type_carousel sbi_new sbi_transition\"\n\tid=\"sbi_18108118075702054\" data-date=\"1773247654\">\n\t<div class=\"sbi_photo_wrap\">\n\t\t<a class=\"sbi_photo\" href=\"https:\/\/www.instagram.com\/p\/DVwFuibERai\/\" target=\"_blank\" rel=\"noopener nofollow\"\n\t\t\tdata-full-res=\"https:\/\/scontent-scl3-1.cdninstagram.com\/v\/t51.82787-15\/651443956_18093279677102433_2124154386368001826_n.jpg?stp=dst-jpg_e35_tt6&#038;_nc_cat=108&#038;ccb=7-5&#038;_nc_sid=18de74&#038;efg=eyJlZmdfdGFnIjoiQ0FST1VTRUxfSVRFTS5iZXN0X2ltYWdlX3VybGdlbi5DMiJ9&#038;_nc_ohc=mUa_dXLDT1wQ7kNvwHyAqcR&#038;_nc_oc=Adpjhx7SzgaA051qL-U921OGsRC3KB8PmUiu7XRTddIyLmkfrBNKs8fWFq40T6JU1Uw&#038;_nc_zt=23&#038;_nc_ht=scontent-scl3-1.cdninstagram.com&#038;edm=ANo9K5cEAAAA&#038;_nc_gid=eOYYyjA5NUNNI3YutGCtDQ&#038;_nc_tpa=Q5bMBQGpWj3m2WFhztVtx_j8fSUix14CokYfNDV5CQRsXQwv0ukEeh8FGf7RhQ38TLguoIYygz8QJw4SrA&#038;oh=00_Af3WxWmyoXrbnHGSskVAEqp7Co64E2LhTefavO4fTgFVkQ&#038;oe=69F3C09B\"\n\t\t\tdata-img-src-set=\"{&quot;d&quot;:&quot;https:\\\/\\\/scontent-scl3-1.cdninstagram.com\\\/v\\\/t51.82787-15\\\/651443956_18093279677102433_2124154386368001826_n.jpg?stp=dst-jpg_e35_tt6&amp;_nc_cat=108&amp;ccb=7-5&amp;_nc_sid=18de74&amp;efg=eyJlZmdfdGFnIjoiQ0FST1VTRUxfSVRFTS5iZXN0X2ltYWdlX3VybGdlbi5DMiJ9&amp;_nc_ohc=mUa_dXLDT1wQ7kNvwHyAqcR&amp;_nc_oc=Adpjhx7SzgaA051qL-U921OGsRC3KB8PmUiu7XRTddIyLmkfrBNKs8fWFq40T6JU1Uw&amp;_nc_zt=23&amp;_nc_ht=scontent-scl3-1.cdninstagram.com&amp;edm=ANo9K5cEAAAA&amp;_nc_gid=eOYYyjA5NUNNI3YutGCtDQ&amp;_nc_tpa=Q5bMBQGpWj3m2WFhztVtx_j8fSUix14CokYfNDV5CQRsXQwv0ukEeh8FGf7RhQ38TLguoIYygz8QJw4SrA&amp;oh=00_Af3WxWmyoXrbnHGSskVAEqp7Co64E2LhTefavO4fTgFVkQ&amp;oe=69F3C09B&quot;,&quot;150&quot;:&quot;https:\\\/\\\/scontent-scl3-1.cdninstagram.com\\\/v\\\/t51.82787-15\\\/651443956_18093279677102433_2124154386368001826_n.jpg?stp=dst-jpg_e35_tt6&amp;_nc_cat=108&amp;ccb=7-5&amp;_nc_sid=18de74&amp;efg=eyJlZmdfdGFnIjoiQ0FST1VTRUxfSVRFTS5iZXN0X2ltYWdlX3VybGdlbi5DMiJ9&amp;_nc_ohc=mUa_dXLDT1wQ7kNvwHyAqcR&amp;_nc_oc=Adpjhx7SzgaA051qL-U921OGsRC3KB8PmUiu7XRTddIyLmkfrBNKs8fWFq40T6JU1Uw&amp;_nc_zt=23&amp;_nc_ht=scontent-scl3-1.cdninstagram.com&amp;edm=ANo9K5cEAAAA&amp;_nc_gid=eOYYyjA5NUNNI3YutGCtDQ&amp;_nc_tpa=Q5bMBQGpWj3m2WFhztVtx_j8fSUix14CokYfNDV5CQRsXQwv0ukEeh8FGf7RhQ38TLguoIYygz8QJw4SrA&amp;oh=00_Af3WxWmyoXrbnHGSskVAEqp7Co64E2LhTefavO4fTgFVkQ&amp;oe=69F3C09B&quot;,&quot;320&quot;:&quot;https:\\\/\\\/scontent-scl3-1.cdninstagram.com\\\/v\\\/t51.82787-15\\\/651443956_18093279677102433_2124154386368001826_n.jpg?stp=dst-jpg_e35_tt6&amp;_nc_cat=108&amp;ccb=7-5&amp;_nc_sid=18de74&amp;efg=eyJlZmdfdGFnIjoiQ0FST1VTRUxfSVRFTS5iZXN0X2ltYWdlX3VybGdlbi5DMiJ9&amp;_nc_ohc=mUa_dXLDT1wQ7kNvwHyAqcR&amp;_nc_oc=Adpjhx7SzgaA051qL-U921OGsRC3KB8PmUiu7XRTddIyLmkfrBNKs8fWFq40T6JU1Uw&amp;_nc_zt=23&amp;_nc_ht=scontent-scl3-1.cdninstagram.com&amp;edm=ANo9K5cEAAAA&amp;_nc_gid=eOYYyjA5NUNNI3YutGCtDQ&amp;_nc_tpa=Q5bMBQGpWj3m2WFhztVtx_j8fSUix14CokYfNDV5CQRsXQwv0ukEeh8FGf7RhQ38TLguoIYygz8QJw4SrA&amp;oh=00_Af3WxWmyoXrbnHGSskVAEqp7Co64E2LhTefavO4fTgFVkQ&amp;oe=69F3C09B&quot;,&quot;640&quot;:&quot;https:\\\/\\\/scontent-scl3-1.cdninstagram.com\\\/v\\\/t51.82787-15\\\/651443956_18093279677102433_2124154386368001826_n.jpg?stp=dst-jpg_e35_tt6&amp;_nc_cat=108&amp;ccb=7-5&amp;_nc_sid=18de74&amp;efg=eyJlZmdfdGFnIjoiQ0FST1VTRUxfSVRFTS5iZXN0X2ltYWdlX3VybGdlbi5DMiJ9&amp;_nc_ohc=mUa_dXLDT1wQ7kNvwHyAqcR&amp;_nc_oc=Adpjhx7SzgaA051qL-U921OGsRC3KB8PmUiu7XRTddIyLmkfrBNKs8fWFq40T6JU1Uw&amp;_nc_zt=23&amp;_nc_ht=scontent-scl3-1.cdninstagram.com&amp;edm=ANo9K5cEAAAA&amp;_nc_gid=eOYYyjA5NUNNI3YutGCtDQ&amp;_nc_tpa=Q5bMBQGpWj3m2WFhztVtx_j8fSUix14CokYfNDV5CQRsXQwv0ukEeh8FGf7RhQ38TLguoIYygz8QJw4SrA&amp;oh=00_Af3WxWmyoXrbnHGSskVAEqp7Co64E2LhTefavO4fTgFVkQ&amp;oe=69F3C09B&quot;}\">\n\t\t\t<span class=\"sbi-screenreader\">\ud83c\udf3f\u2728 Aprender tambi\u00e9n es salir, explorar y vivir exp<\/span>\n\t\t\t<svg class=\"svg-inline--fa fa-clone fa-w-16 sbi_lightbox_carousel_icon\" aria-hidden=\"true\" aria-label=\"Clone\" data-fa-pro\u0192cessed=\"\" data-prefix=\"far\" data-icon=\"clone\" role=\"img\" xmlns=\"http:\/\/www.w3.org\/2000\/svg\" viewBox=\"0 0 512 512\">\n                    <path fill=\"currentColor\" d=\"M464 0H144c-26.51 0-48 21.49-48 48v48H48c-26.51 0-48 21.49-48 48v320c0 26.51 21.49 48 48 48h320c26.51 0 48-21.49 48-48v-48h48c26.51 0 48-21.49 48-48V48c0-26.51-21.49-48-48-48zM362 464H54a6 6 0 0 1-6-6V150a6 6 0 0 1 6-6h42v224c0 26.51 21.49 48 48 48h224v42a6 6 0 0 1-6 6zm96-96H150a6 6 0 0 1-6-6V54a6 6 0 0 1 6-6h308a6 6 0 0 1 6 6v308a6 6 0 0 1-6 6z\"><\/path>\n                <\/svg>\t\t\t\t\t\t<img decoding=\"async\" src=\"https:\/\/principedeasturiasvaldivia.cl\/Colegio\/wp-content\/plugins\/instagram-feed\/img\/placeholder.png\" alt=\"\ud83c\udf3f\u2728 Aprender tambi\u00e9n es salir, explorar y vivir experiencias reales \u2728\ud83c\udf3f\n\nNuestros estudiantes de 2do Basico B. disfrutaron una hermosa salida pedag\u00f3gica donde combinamos la alegr\u00eda de jugar con un valioso aprendizaje: cuidar y respetar los espacios p\u00fablicos que son de todos. \n\nCada visita se transforma en un aprendizaje significativo, porque experimentar en terreno fortalece valores, autonom\u00eda y conciencia comunitaria.\n\nEn el Colegio Pr\u00edncipe de Asturias formamos personas que disfrutan, aprenden y cuidan su entorno.\nDesde Valdivia seguimos construyendo educaci\u00f3n con sentido. \ud83c\udf1f\n\n#SalidaPedag\u00f3gica #AprendizajeSignificativo #CuidadoDelEntorno #ComunidadEducativa\" aria-hidden=\"true\">\n\t\t<\/a>\n\t<\/div>\n<\/div><div class=\"sbi_item sbi_type_video sbi_new sbi_transition\"\n\tid=\"sbi_18090975407127564\" data-date=\"1773241293\">\n\t<div class=\"sbi_photo_wrap\">\n\t\t<a class=\"sbi_photo\" href=\"https:\/\/www.instagram.com\/reel\/DVv5iNEgIbZ\/\" target=\"_blank\" rel=\"noopener nofollow\"\n\t\t\tdata-full-res=\"https:\/\/scontent-scl3-1.cdninstagram.com\/v\/t51.82787-15\/650377579_18093269792102433_1573328717093343706_n.jpg?stp=dst-jpg_e35_tt6&#038;_nc_cat=103&#038;ccb=7-5&#038;_nc_sid=18de74&#038;efg=eyJlZmdfdGFnIjoiQ0xJUFMuYmVzdF9pbWFnZV91cmxnZW4uQzIifQ%3D%3D&#038;_nc_ohc=X2zmxeyoF7kQ7kNvwEVySFU&#038;_nc_oc=AdrsLNnAF83vjRG74Caj1viBp0yUKuGHQF7jS5VtMZWdtCxeUnQ7oTEYnkD00c9WPls&#038;_nc_zt=23&#038;_nc_ht=scontent-scl3-1.cdninstagram.com&#038;edm=ANo9K5cEAAAA&#038;_nc_gid=eOYYyjA5NUNNI3YutGCtDQ&#038;_nc_tpa=Q5bMBQGnBecVaUYXEU7MAqc5wEuadsTmkjJTFvFwhCaKM28hLtzHGveuV3d8akfoePUn0DVifNcRNUcYCA&#038;oh=00_Af3ZmqV8omalzsLW6NyuckLZsAvcNMjPZl1Ardta3siHAw&#038;oe=69F3C42B\"\n\t\t\tdata-img-src-set=\"{&quot;d&quot;:&quot;https:\\\/\\\/scontent-scl3-1.cdninstagram.com\\\/v\\\/t51.82787-15\\\/650377579_18093269792102433_1573328717093343706_n.jpg?stp=dst-jpg_e35_tt6&amp;_nc_cat=103&amp;ccb=7-5&amp;_nc_sid=18de74&amp;efg=eyJlZmdfdGFnIjoiQ0xJUFMuYmVzdF9pbWFnZV91cmxnZW4uQzIifQ%3D%3D&amp;_nc_ohc=X2zmxeyoF7kQ7kNvwEVySFU&amp;_nc_oc=AdrsLNnAF83vjRG74Caj1viBp0yUKuGHQF7jS5VtMZWdtCxeUnQ7oTEYnkD00c9WPls&amp;_nc_zt=23&amp;_nc_ht=scontent-scl3-1.cdninstagram.com&amp;edm=ANo9K5cEAAAA&amp;_nc_gid=eOYYyjA5NUNNI3YutGCtDQ&amp;_nc_tpa=Q5bMBQGnBecVaUYXEU7MAqc5wEuadsTmkjJTFvFwhCaKM28hLtzHGveuV3d8akfoePUn0DVifNcRNUcYCA&amp;oh=00_Af3ZmqV8omalzsLW6NyuckLZsAvcNMjPZl1Ardta3siHAw&amp;oe=69F3C42B&quot;,&quot;150&quot;:&quot;https:\\\/\\\/scontent-scl3-1.cdninstagram.com\\\/v\\\/t51.82787-15\\\/650377579_18093269792102433_1573328717093343706_n.jpg?stp=dst-jpg_e35_tt6&amp;_nc_cat=103&amp;ccb=7-5&amp;_nc_sid=18de74&amp;efg=eyJlZmdfdGFnIjoiQ0xJUFMuYmVzdF9pbWFnZV91cmxnZW4uQzIifQ%3D%3D&amp;_nc_ohc=X2zmxeyoF7kQ7kNvwEVySFU&amp;_nc_oc=AdrsLNnAF83vjRG74Caj1viBp0yUKuGHQF7jS5VtMZWdtCxeUnQ7oTEYnkD00c9WPls&amp;_nc_zt=23&amp;_nc_ht=scontent-scl3-1.cdninstagram.com&amp;edm=ANo9K5cEAAAA&amp;_nc_gid=eOYYyjA5NUNNI3YutGCtDQ&amp;_nc_tpa=Q5bMBQGnBecVaUYXEU7MAqc5wEuadsTmkjJTFvFwhCaKM28hLtzHGveuV3d8akfoePUn0DVifNcRNUcYCA&amp;oh=00_Af3ZmqV8omalzsLW6NyuckLZsAvcNMjPZl1Ardta3siHAw&amp;oe=69F3C42B&quot;,&quot;320&quot;:&quot;https:\\\/\\\/scontent-scl3-1.cdninstagram.com\\\/v\\\/t51.82787-15\\\/650377579_18093269792102433_1573328717093343706_n.jpg?stp=dst-jpg_e35_tt6&amp;_nc_cat=103&amp;ccb=7-5&amp;_nc_sid=18de74&amp;efg=eyJlZmdfdGFnIjoiQ0xJUFMuYmVzdF9pbWFnZV91cmxnZW4uQzIifQ%3D%3D&amp;_nc_ohc=X2zmxeyoF7kQ7kNvwEVySFU&amp;_nc_oc=AdrsLNnAF83vjRG74Caj1viBp0yUKuGHQF7jS5VtMZWdtCxeUnQ7oTEYnkD00c9WPls&amp;_nc_zt=23&amp;_nc_ht=scontent-scl3-1.cdninstagram.com&amp;edm=ANo9K5cEAAAA&amp;_nc_gid=eOYYyjA5NUNNI3YutGCtDQ&amp;_nc_tpa=Q5bMBQGnBecVaUYXEU7MAqc5wEuadsTmkjJTFvFwhCaKM28hLtzHGveuV3d8akfoePUn0DVifNcRNUcYCA&amp;oh=00_Af3ZmqV8omalzsLW6NyuckLZsAvcNMjPZl1Ardta3siHAw&amp;oe=69F3C42B&quot;,&quot;640&quot;:&quot;https:\\\/\\\/scontent-scl3-1.cdninstagram.com\\\/v\\\/t51.82787-15\\\/650377579_18093269792102433_1573328717093343706_n.jpg?stp=dst-jpg_e35_tt6&amp;_nc_cat=103&amp;ccb=7-5&amp;_nc_sid=18de74&amp;efg=eyJlZmdfdGFnIjoiQ0xJUFMuYmVzdF9pbWFnZV91cmxnZW4uQzIifQ%3D%3D&amp;_nc_ohc=X2zmxeyoF7kQ7kNvwEVySFU&amp;_nc_oc=AdrsLNnAF83vjRG74Caj1viBp0yUKuGHQF7jS5VtMZWdtCxeUnQ7oTEYnkD00c9WPls&amp;_nc_zt=23&amp;_nc_ht=scontent-scl3-1.cdninstagram.com&amp;edm=ANo9K5cEAAAA&amp;_nc_gid=eOYYyjA5NUNNI3YutGCtDQ&amp;_nc_tpa=Q5bMBQGnBecVaUYXEU7MAqc5wEuadsTmkjJTFvFwhCaKM28hLtzHGveuV3d8akfoePUn0DVifNcRNUcYCA&amp;oh=00_Af3ZmqV8omalzsLW6NyuckLZsAvcNMjPZl1Ardta3siHAw&amp;oe=69F3C42B&quot;}\">\n\t\t\t<span class=\"sbi-screenreader\">1er Nivel de Transici\u00f3n B\n\u2728 \u00a1As\u00ed vivimos nuestra p<\/span>\n\t\t\t\t\t\t<svg style=\"color: rgba(255,255,255,1)\" class=\"svg-inline--fa fa-play fa-w-14 sbi_playbtn\" aria-label=\"Play\" aria-hidden=\"true\" data-fa-processed=\"\" data-prefix=\"fa\" data-icon=\"play\" role=\"presentation\" xmlns=\"http:\/\/www.w3.org\/2000\/svg\" viewBox=\"0 0 448 512\"><path fill=\"currentColor\" d=\"M424.4 214.7L72.4 6.6C43.8-10.3 0 6.1 0 47.9V464c0 37.5 40.7 60.1 72.4 41.3l352-208c31.4-18.5 31.5-64.1 0-82.6z\"><\/path><\/svg>\t\t\t<img decoding=\"async\" src=\"https:\/\/principedeasturiasvaldivia.cl\/Colegio\/wp-content\/plugins\/instagram-feed\/img\/placeholder.png\" alt=\"1er Nivel de Transici\u00f3n B\n\u2728 \u00a1As\u00ed vivimos nuestra primera semana de clases! \u2728\n\nReencuentros llenos de alegr\u00eda, nuevas amistades, sonrisas en cada rinc\u00f3n y muchas ganas de aprender marcaron el inicio de este a\u00f1o escolar. \ud83d\udcda\ud83d\udc99\n\nEn el Colegio Pr\u00edncipe de Asturias creemos en una educaci\u00f3n cercana, integral y con sentido de comunidad, donde cada estudiante es protagonista de su propio aprendizaje.\n\nGracias a nuestras familias por la confianza y por ser parte de este hermoso comienzo.\n\u00a1Seguimos construyendo juntos grandes experiencias! \ud83c\udf1f\n\n#ComunidadEducativa #InicioDeClases #Educaci\u00f3nConSentido #OrgulloCPA\" aria-hidden=\"true\">\n\t\t<\/a>\n\t<\/div>\n<\/div><div class=\"sbi_item sbi_type_image sbi_new sbi_transition\"\n\tid=\"sbi_18308992810283182\" data-date=\"1773240930\">\n\t<div class=\"sbi_photo_wrap\">\n\t\t<a class=\"sbi_photo\" href=\"https:\/\/www.instagram.com\/p\/DVv45wikTa4\/\" target=\"_blank\" rel=\"noopener nofollow\"\n\t\t\tdata-full-res=\"https:\/\/scontent-scl3-1.cdninstagram.com\/v\/t51.82787-15\/649484810_18093269402102433_4524848775935294495_n.jpg?stp=dst-jpg_e35_tt6&#038;_nc_cat=104&#038;ccb=7-5&#038;_nc_sid=18de74&#038;efg=eyJlZmdfdGFnIjoiRkVFRC5iZXN0X2ltYWdlX3VybGdlbi5DMiJ9&#038;_nc_ohc=j-6I1AQiS4cQ7kNvwEqq8TM&#038;_nc_oc=Adrts_QfvnCfMQjrUfIVnF3JwGqzShKVYui1F2BveBKggOD9CC-8XZrOI1pa7T2y9m0&#038;_nc_zt=23&#038;_nc_ht=scontent-scl3-1.cdninstagram.com&#038;edm=ANo9K5cEAAAA&#038;_nc_gid=eOYYyjA5NUNNI3YutGCtDQ&#038;_nc_tpa=Q5bMBQFCUfEFbVsl1AhY3sl1_IFdy8K5jhCTK25pQWf8fnlIOBOS_BmcJIu_1jf88qiFXJFUmEeP3X7ygg&#038;oh=00_Af31ntN08R-Pkiq0eHcdhoPl0G727C1osRFjRkg1sc3_1g&#038;oe=69F3C72C\"\n\t\t\tdata-img-src-set=\"{&quot;d&quot;:&quot;https:\\\/\\\/scontent-scl3-1.cdninstagram.com\\\/v\\\/t51.82787-15\\\/649484810_18093269402102433_4524848775935294495_n.jpg?stp=dst-jpg_e35_tt6&amp;_nc_cat=104&amp;ccb=7-5&amp;_nc_sid=18de74&amp;efg=eyJlZmdfdGFnIjoiRkVFRC5iZXN0X2ltYWdlX3VybGdlbi5DMiJ9&amp;_nc_ohc=j-6I1AQiS4cQ7kNvwEqq8TM&amp;_nc_oc=Adrts_QfvnCfMQjrUfIVnF3JwGqzShKVYui1F2BveBKggOD9CC-8XZrOI1pa7T2y9m0&amp;_nc_zt=23&amp;_nc_ht=scontent-scl3-1.cdninstagram.com&amp;edm=ANo9K5cEAAAA&amp;_nc_gid=eOYYyjA5NUNNI3YutGCtDQ&amp;_nc_tpa=Q5bMBQFCUfEFbVsl1AhY3sl1_IFdy8K5jhCTK25pQWf8fnlIOBOS_BmcJIu_1jf88qiFXJFUmEeP3X7ygg&amp;oh=00_Af31ntN08R-Pkiq0eHcdhoPl0G727C1osRFjRkg1sc3_1g&amp;oe=69F3C72C&quot;,&quot;150&quot;:&quot;https:\\\/\\\/scontent-scl3-1.cdninstagram.com\\\/v\\\/t51.82787-15\\\/649484810_18093269402102433_4524848775935294495_n.jpg?stp=dst-jpg_e35_tt6&amp;_nc_cat=104&amp;ccb=7-5&amp;_nc_sid=18de74&amp;efg=eyJlZmdfdGFnIjoiRkVFRC5iZXN0X2ltYWdlX3VybGdlbi5DMiJ9&amp;_nc_ohc=j-6I1AQiS4cQ7kNvwEqq8TM&amp;_nc_oc=Adrts_QfvnCfMQjrUfIVnF3JwGqzShKVYui1F2BveBKggOD9CC-8XZrOI1pa7T2y9m0&amp;_nc_zt=23&amp;_nc_ht=scontent-scl3-1.cdninstagram.com&amp;edm=ANo9K5cEAAAA&amp;_nc_gid=eOYYyjA5NUNNI3YutGCtDQ&amp;_nc_tpa=Q5bMBQFCUfEFbVsl1AhY3sl1_IFdy8K5jhCTK25pQWf8fnlIOBOS_BmcJIu_1jf88qiFXJFUmEeP3X7ygg&amp;oh=00_Af31ntN08R-Pkiq0eHcdhoPl0G727C1osRFjRkg1sc3_1g&amp;oe=69F3C72C&quot;,&quot;320&quot;:&quot;https:\\\/\\\/scontent-scl3-1.cdninstagram.com\\\/v\\\/t51.82787-15\\\/649484810_18093269402102433_4524848775935294495_n.jpg?stp=dst-jpg_e35_tt6&amp;_nc_cat=104&amp;ccb=7-5&amp;_nc_sid=18de74&amp;efg=eyJlZmdfdGFnIjoiRkVFRC5iZXN0X2ltYWdlX3VybGdlbi5DMiJ9&amp;_nc_ohc=j-6I1AQiS4cQ7kNvwEqq8TM&amp;_nc_oc=Adrts_QfvnCfMQjrUfIVnF3JwGqzShKVYui1F2BveBKggOD9CC-8XZrOI1pa7T2y9m0&amp;_nc_zt=23&amp;_nc_ht=scontent-scl3-1.cdninstagram.com&amp;edm=ANo9K5cEAAAA&amp;_nc_gid=eOYYyjA5NUNNI3YutGCtDQ&amp;_nc_tpa=Q5bMBQFCUfEFbVsl1AhY3sl1_IFdy8K5jhCTK25pQWf8fnlIOBOS_BmcJIu_1jf88qiFXJFUmEeP3X7ygg&amp;oh=00_Af31ntN08R-Pkiq0eHcdhoPl0G727C1osRFjRkg1sc3_1g&amp;oe=69F3C72C&quot;,&quot;640&quot;:&quot;https:\\\/\\\/scontent-scl3-1.cdninstagram.com\\\/v\\\/t51.82787-15\\\/649484810_18093269402102433_4524848775935294495_n.jpg?stp=dst-jpg_e35_tt6&amp;_nc_cat=104&amp;ccb=7-5&amp;_nc_sid=18de74&amp;efg=eyJlZmdfdGFnIjoiRkVFRC5iZXN0X2ltYWdlX3VybGdlbi5DMiJ9&amp;_nc_ohc=j-6I1AQiS4cQ7kNvwEqq8TM&amp;_nc_oc=Adrts_QfvnCfMQjrUfIVnF3JwGqzShKVYui1F2BveBKggOD9CC-8XZrOI1pa7T2y9m0&amp;_nc_zt=23&amp;_nc_ht=scontent-scl3-1.cdninstagram.com&amp;edm=ANo9K5cEAAAA&amp;_nc_gid=eOYYyjA5NUNNI3YutGCtDQ&amp;_nc_tpa=Q5bMBQFCUfEFbVsl1AhY3sl1_IFdy8K5jhCTK25pQWf8fnlIOBOS_BmcJIu_1jf88qiFXJFUmEeP3X7ygg&amp;oh=00_Af31ntN08R-Pkiq0eHcdhoPl0G727C1osRFjRkg1sc3_1g&amp;oe=69F3C72C&quot;}\">\n\t\t\t<span class=\"sbi-screenreader\">IMPORTANTE PROCESO DE VACUNACI\u00d3N INFUELNZA 2026.\n\n<\/span>\n\t\t\t\t\t\t\t\t\t<img decoding=\"async\" src=\"https:\/\/principedeasturiasvaldivia.cl\/Colegio\/wp-content\/plugins\/instagram-feed\/img\/placeholder.png\" alt=\"IMPORTANTE PROCESO DE VACUNACI\u00d3N INFUELNZA 2026.\n\nNuestro establecimiento llevar\u00e1 a cabo el **proceso de vacunaci\u00f3n contra la influenza** para todos los estudiantes desde **NT1 a 4\u00b0 A\u00f1o B\u00e1sico**, de acuerdo con la siguiente programaci\u00f3n:\n\n\ud83d\udcc5 **Lunes 16 de marzo de 2026**\n\ud83d\udd58 08:30 a 12:30 hrs\n\ud83d\udd51 14:15 a 15:30 hrs\n\n\ud83d\udcc5 **Martes 17 de marzo de 2026**\n\ud83d\udd58 08:30 a 12:30 hrs\n\nEsta vacunaci\u00f3n es **obligatoria** para ni\u00f1os y ni\u00f1as desde los **6 meses de edad hasta 5\u00b0 a\u00f1o de Ense\u00f1anza B\u00e1sica**, seg\u00fan lo definido anualmente para esta estrategia de salud p\u00fablica.\n\nDurante la campa\u00f1a de vacunaci\u00f3n contra la influenza 2026 se utilizar\u00e1 la vacuna del laboratorio **Sinovac**, de nombre comercial **\u201cAnflu\u00ae\u201d**.\n\nLas reacciones posteriores m\u00e1s frecuentes que se pueden presentar son:\n\u2022 Dolor, induraci\u00f3n, enrojecimiento e hinchaz\u00f3n en el sitio de punci\u00f3n\n\u2022 Fiebre sobre 38 \u00b0C\n\u2022 Irritabilidad\nLos cuales pueden durar hasta 48 hrs.\n\nSaludos Cordiales\nEencargada de Salud\nColegio Pr\u00edncipe de Asturias\" aria-hidden=\"true\">\n\t\t<\/a>\n\t<\/div>\n<\/div><div class=\"sbi_item sbi_type_carousel sbi_new sbi_transition\"\n\tid=\"sbi_17893498635285028\" data-date=\"1773011231\">\n\t<div class=\"sbi_photo_wrap\">\n\t\t<a class=\"sbi_photo\" href=\"https:\/\/www.instagram.com\/p\/DVpCyYIkRSE\/\" target=\"_blank\" rel=\"noopener nofollow\"\n\t\t\tdata-full-res=\"https:\/\/scontent-scl3-1.cdninstagram.com\/v\/t51.82787-15\/649362860_18092903414102433_1088619242368228643_n.jpg?stp=dst-jpg_e35_tt6&#038;_nc_cat=105&#038;ccb=7-5&#038;_nc_sid=18de74&#038;efg=eyJlZmdfdGFnIjoiQ0FST1VTRUxfSVRFTS5iZXN0X2ltYWdlX3VybGdlbi5DMiJ9&#038;_nc_ohc=V5pL5WIsVZEQ7kNvwGxQwOG&#038;_nc_oc=AdpeCCq1o_6SXqaq8BLi1z-hufVuFGKyMASEAaWb-0VpiMe3IsSLShGhl5JNG03UEPQ&#038;_nc_zt=23&#038;_nc_ht=scontent-scl3-1.cdninstagram.com&#038;edm=ANo9K5cEAAAA&#038;_nc_gid=eOYYyjA5NUNNI3YutGCtDQ&#038;_nc_tpa=Q5bMBQGdSDAk8lq-td_moM4NLJUbgLJcWrSEvfXP3z77dU2DvO2xQOl4nQ1rK1nFIJ1bXKozQwU6Ln74Mw&#038;oh=00_Af3dFvVC9ttPs5r-uk3qC5X-gcHib0hD3nDdkBdDU56ZuQ&#038;oe=69F3D0F9\"\n\t\t\tdata-img-src-set=\"{&quot;d&quot;:&quot;https:\\\/\\\/scontent-scl3-1.cdninstagram.com\\\/v\\\/t51.82787-15\\\/649362860_18092903414102433_1088619242368228643_n.jpg?stp=dst-jpg_e35_tt6&amp;_nc_cat=105&amp;ccb=7-5&amp;_nc_sid=18de74&amp;efg=eyJlZmdfdGFnIjoiQ0FST1VTRUxfSVRFTS5iZXN0X2ltYWdlX3VybGdlbi5DMiJ9&amp;_nc_ohc=V5pL5WIsVZEQ7kNvwGxQwOG&amp;_nc_oc=AdpeCCq1o_6SXqaq8BLi1z-hufVuFGKyMASEAaWb-0VpiMe3IsSLShGhl5JNG03UEPQ&amp;_nc_zt=23&amp;_nc_ht=scontent-scl3-1.cdninstagram.com&amp;edm=ANo9K5cEAAAA&amp;_nc_gid=eOYYyjA5NUNNI3YutGCtDQ&amp;_nc_tpa=Q5bMBQGdSDAk8lq-td_moM4NLJUbgLJcWrSEvfXP3z77dU2DvO2xQOl4nQ1rK1nFIJ1bXKozQwU6Ln74Mw&amp;oh=00_Af3dFvVC9ttPs5r-uk3qC5X-gcHib0hD3nDdkBdDU56ZuQ&amp;oe=69F3D0F9&quot;,&quot;150&quot;:&quot;https:\\\/\\\/scontent-scl3-1.cdninstagram.com\\\/v\\\/t51.82787-15\\\/649362860_18092903414102433_1088619242368228643_n.jpg?stp=dst-jpg_e35_tt6&amp;_nc_cat=105&amp;ccb=7-5&amp;_nc_sid=18de74&amp;efg=eyJlZmdfdGFnIjoiQ0FST1VTRUxfSVRFTS5iZXN0X2ltYWdlX3VybGdlbi5DMiJ9&amp;_nc_ohc=V5pL5WIsVZEQ7kNvwGxQwOG&amp;_nc_oc=AdpeCCq1o_6SXqaq8BLi1z-hufVuFGKyMASEAaWb-0VpiMe3IsSLShGhl5JNG03UEPQ&amp;_nc_zt=23&amp;_nc_ht=scontent-scl3-1.cdninstagram.com&amp;edm=ANo9K5cEAAAA&amp;_nc_gid=eOYYyjA5NUNNI3YutGCtDQ&amp;_nc_tpa=Q5bMBQGdSDAk8lq-td_moM4NLJUbgLJcWrSEvfXP3z77dU2DvO2xQOl4nQ1rK1nFIJ1bXKozQwU6Ln74Mw&amp;oh=00_Af3dFvVC9ttPs5r-uk3qC5X-gcHib0hD3nDdkBdDU56ZuQ&amp;oe=69F3D0F9&quot;,&quot;320&quot;:&quot;https:\\\/\\\/scontent-scl3-1.cdninstagram.com\\\/v\\\/t51.82787-15\\\/649362860_18092903414102433_1088619242368228643_n.jpg?stp=dst-jpg_e35_tt6&amp;_nc_cat=105&amp;ccb=7-5&amp;_nc_sid=18de74&amp;efg=eyJlZmdfdGFnIjoiQ0FST1VTRUxfSVRFTS5iZXN0X2ltYWdlX3VybGdlbi5DMiJ9&amp;_nc_ohc=V5pL5WIsVZEQ7kNvwGxQwOG&amp;_nc_oc=AdpeCCq1o_6SXqaq8BLi1z-hufVuFGKyMASEAaWb-0VpiMe3IsSLShGhl5JNG03UEPQ&amp;_nc_zt=23&amp;_nc_ht=scontent-scl3-1.cdninstagram.com&amp;edm=ANo9K5cEAAAA&amp;_nc_gid=eOYYyjA5NUNNI3YutGCtDQ&amp;_nc_tpa=Q5bMBQGdSDAk8lq-td_moM4NLJUbgLJcWrSEvfXP3z77dU2DvO2xQOl4nQ1rK1nFIJ1bXKozQwU6Ln74Mw&amp;oh=00_Af3dFvVC9ttPs5r-uk3qC5X-gcHib0hD3nDdkBdDU56ZuQ&amp;oe=69F3D0F9&quot;,&quot;640&quot;:&quot;https:\\\/\\\/scontent-scl3-1.cdninstagram.com\\\/v\\\/t51.82787-15\\\/649362860_18092903414102433_1088619242368228643_n.jpg?stp=dst-jpg_e35_tt6&amp;_nc_cat=105&amp;ccb=7-5&amp;_nc_sid=18de74&amp;efg=eyJlZmdfdGFnIjoiQ0FST1VTRUxfSVRFTS5iZXN0X2ltYWdlX3VybGdlbi5DMiJ9&amp;_nc_ohc=V5pL5WIsVZEQ7kNvwGxQwOG&amp;_nc_oc=AdpeCCq1o_6SXqaq8BLi1z-hufVuFGKyMASEAaWb-0VpiMe3IsSLShGhl5JNG03UEPQ&amp;_nc_zt=23&amp;_nc_ht=scontent-scl3-1.cdninstagram.com&amp;edm=ANo9K5cEAAAA&amp;_nc_gid=eOYYyjA5NUNNI3YutGCtDQ&amp;_nc_tpa=Q5bMBQGdSDAk8lq-td_moM4NLJUbgLJcWrSEvfXP3z77dU2DvO2xQOl4nQ1rK1nFIJ1bXKozQwU6Ln74Mw&amp;oh=00_Af3dFvVC9ttPs5r-uk3qC5X-gcHib0hD3nDdkBdDU56ZuQ&amp;oe=69F3D0F9&quot;}\">\n\t\t\t<span class=\"sbi-screenreader\">\u2728 Inicio de A\u00f1o Escolar 2026 \u2728\n\nCon mucha alegr\u00eda <\/span>\n\t\t\t<svg class=\"svg-inline--fa fa-clone fa-w-16 sbi_lightbox_carousel_icon\" aria-hidden=\"true\" aria-label=\"Clone\" data-fa-pro\u0192cessed=\"\" data-prefix=\"far\" data-icon=\"clone\" role=\"img\" xmlns=\"http:\/\/www.w3.org\/2000\/svg\" viewBox=\"0 0 512 512\">\n                    <path fill=\"currentColor\" d=\"M464 0H144c-26.51 0-48 21.49-48 48v48H48c-26.51 0-48 21.49-48 48v320c0 26.51 21.49 48 48 48h320c26.51 0 48-21.49 48-48v-48h48c26.51 0 48-21.49 48-48V48c0-26.51-21.49-48-48-48zM362 464H54a6 6 0 0 1-6-6V150a6 6 0 0 1 6-6h42v224c0 26.51 21.49 48 48 48h224v42a6 6 0 0 1-6 6zm96-96H150a6 6 0 0 1-6-6V54a6 6 0 0 1 6-6h308a6 6 0 0 1 6 6v308a6 6 0 0 1-6 6z\"><\/path>\n                <\/svg>\t\t\t\t\t\t<img decoding=\"async\" src=\"https:\/\/principedeasturiasvaldivia.cl\/Colegio\/wp-content\/plugins\/instagram-feed\/img\/placeholder.png\" alt=\"\u2728 Inicio de A\u00f1o Escolar 2026 \u2728\n\nCon mucha alegr\u00eda dimos la bienvenida a nuestros estudiantes en su primer d\u00eda de clases en el Colegio Pr\u00edncipe de Asturias.\n\nFue una jornada llena de sonrisas, reencuentros, nuevos desaf\u00edos y mucha energ\u00eda para comenzar este nuevo a\u00f1o acad\u00e9mico. Cada sala volvi\u00f3 a llenarse de entusiasmo, compa\u00f1erismo y ganas de aprender.\n\nAgradecemos a las familias por acompa\u00f1arnos en este comienzo y confiar en nuestra comunidad educativa. Estamos seguros de que ser\u00e1 un a\u00f1o lleno de aprendizajes, crecimiento y grandes momentos para todos nuestros estudiantes.\n\n\ud83d\udcda \u00a1Bienvenidos al A\u00f1o Escolar 2026!\n\n#ColegioPr\u00edncipedeAsturias #InicioDeClases #A\u00f1oEscolar2026 #ComunidadEducativa\" aria-hidden=\"true\">\n\t\t<\/a>\n\t<\/div>\n<\/div><div class=\"sbi_item sbi_type_image sbi_new sbi_transition\"\n\tid=\"sbi_18085410071194432\" data-date=\"1772480687\">\n\t<div class=\"sbi_photo_wrap\">\n\t\t<a class=\"sbi_photo\" href=\"https:\/\/www.instagram.com\/p\/DVZO2X6EWqb\/\" target=\"_blank\" rel=\"noopener nofollow\"\n\t\t\tdata-full-res=\"https:\/\/scontent-scl3-1.cdninstagram.com\/v\/t51.82787-15\/643558223_18092226020102433_8837188271049536577_n.heic?stp=dst-jpg_e35_tt6&#038;_nc_cat=101&#038;ccb=7-5&#038;_nc_sid=18de74&#038;efg=eyJlZmdfdGFnIjoiRkVFRC5iZXN0X2ltYWdlX3VybGdlbi5DMiJ9&#038;_nc_ohc=WpEr7TMtC_YQ7kNvwHFMrFa&#038;_nc_oc=Adq8MS8sKz7IqAoyqWDNpWPE5RN91dKoPTqH46e8zj8MU1GD1Am04UAMQKII8l2AANQ&#038;_nc_zt=23&#038;_nc_ht=scontent-scl3-1.cdninstagram.com&#038;edm=ANo9K5cEAAAA&#038;_nc_gid=eOYYyjA5NUNNI3YutGCtDQ&#038;_nc_tpa=Q5bMBQGyJtCxEpKa8WGtEd6IZ0x_OWBUsilO_X8caP7fnxBeEeVwje3FZr2XAYQwk7ugvb5RWI7-tjgVMA&#038;oh=00_Af0DDLgSMi1CMJShqhm8e6J7RoLf_lJs22cHOyddD1DtIA&#038;oe=69F3AB07\"\n\t\t\tdata-img-src-set=\"{&quot;d&quot;:&quot;https:\\\/\\\/scontent-scl3-1.cdninstagram.com\\\/v\\\/t51.82787-15\\\/643558223_18092226020102433_8837188271049536577_n.heic?stp=dst-jpg_e35_tt6&amp;_nc_cat=101&amp;ccb=7-5&amp;_nc_sid=18de74&amp;efg=eyJlZmdfdGFnIjoiRkVFRC5iZXN0X2ltYWdlX3VybGdlbi5DMiJ9&amp;_nc_ohc=WpEr7TMtC_YQ7kNvwHFMrFa&amp;_nc_oc=Adq8MS8sKz7IqAoyqWDNpWPE5RN91dKoPTqH46e8zj8MU1GD1Am04UAMQKII8l2AANQ&amp;_nc_zt=23&amp;_nc_ht=scontent-scl3-1.cdninstagram.com&amp;edm=ANo9K5cEAAAA&amp;_nc_gid=eOYYyjA5NUNNI3YutGCtDQ&amp;_nc_tpa=Q5bMBQGyJtCxEpKa8WGtEd6IZ0x_OWBUsilO_X8caP7fnxBeEeVwje3FZr2XAYQwk7ugvb5RWI7-tjgVMA&amp;oh=00_Af0DDLgSMi1CMJShqhm8e6J7RoLf_lJs22cHOyddD1DtIA&amp;oe=69F3AB07&quot;,&quot;150&quot;:&quot;https:\\\/\\\/scontent-scl3-1.cdninstagram.com\\\/v\\\/t51.82787-15\\\/643558223_18092226020102433_8837188271049536577_n.heic?stp=dst-jpg_e35_tt6&amp;_nc_cat=101&amp;ccb=7-5&amp;_nc_sid=18de74&amp;efg=eyJlZmdfdGFnIjoiRkVFRC5iZXN0X2ltYWdlX3VybGdlbi5DMiJ9&amp;_nc_ohc=WpEr7TMtC_YQ7kNvwHFMrFa&amp;_nc_oc=Adq8MS8sKz7IqAoyqWDNpWPE5RN91dKoPTqH46e8zj8MU1GD1Am04UAMQKII8l2AANQ&amp;_nc_zt=23&amp;_nc_ht=scontent-scl3-1.cdninstagram.com&amp;edm=ANo9K5cEAAAA&amp;_nc_gid=eOYYyjA5NUNNI3YutGCtDQ&amp;_nc_tpa=Q5bMBQGyJtCxEpKa8WGtEd6IZ0x_OWBUsilO_X8caP7fnxBeEeVwje3FZr2XAYQwk7ugvb5RWI7-tjgVMA&amp;oh=00_Af0DDLgSMi1CMJShqhm8e6J7RoLf_lJs22cHOyddD1DtIA&amp;oe=69F3AB07&quot;,&quot;320&quot;:&quot;https:\\\/\\\/scontent-scl3-1.cdninstagram.com\\\/v\\\/t51.82787-15\\\/643558223_18092226020102433_8837188271049536577_n.heic?stp=dst-jpg_e35_tt6&amp;_nc_cat=101&amp;ccb=7-5&amp;_nc_sid=18de74&amp;efg=eyJlZmdfdGFnIjoiRkVFRC5iZXN0X2ltYWdlX3VybGdlbi5DMiJ9&amp;_nc_ohc=WpEr7TMtC_YQ7kNvwHFMrFa&amp;_nc_oc=Adq8MS8sKz7IqAoyqWDNpWPE5RN91dKoPTqH46e8zj8MU1GD1Am04UAMQKII8l2AANQ&amp;_nc_zt=23&amp;_nc_ht=scontent-scl3-1.cdninstagram.com&amp;edm=ANo9K5cEAAAA&amp;_nc_gid=eOYYyjA5NUNNI3YutGCtDQ&amp;_nc_tpa=Q5bMBQGyJtCxEpKa8WGtEd6IZ0x_OWBUsilO_X8caP7fnxBeEeVwje3FZr2XAYQwk7ugvb5RWI7-tjgVMA&amp;oh=00_Af0DDLgSMi1CMJShqhm8e6J7RoLf_lJs22cHOyddD1DtIA&amp;oe=69F3AB07&quot;,&quot;640&quot;:&quot;https:\\\/\\\/scontent-scl3-1.cdninstagram.com\\\/v\\\/t51.82787-15\\\/643558223_18092226020102433_8837188271049536577_n.heic?stp=dst-jpg_e35_tt6&amp;_nc_cat=101&amp;ccb=7-5&amp;_nc_sid=18de74&amp;efg=eyJlZmdfdGFnIjoiRkVFRC5iZXN0X2ltYWdlX3VybGdlbi5DMiJ9&amp;_nc_ohc=WpEr7TMtC_YQ7kNvwHFMrFa&amp;_nc_oc=Adq8MS8sKz7IqAoyqWDNpWPE5RN91dKoPTqH46e8zj8MU1GD1Am04UAMQKII8l2AANQ&amp;_nc_zt=23&amp;_nc_ht=scontent-scl3-1.cdninstagram.com&amp;edm=ANo9K5cEAAAA&amp;_nc_gid=eOYYyjA5NUNNI3YutGCtDQ&amp;_nc_tpa=Q5bMBQGyJtCxEpKa8WGtEd6IZ0x_OWBUsilO_X8caP7fnxBeEeVwje3FZr2XAYQwk7ugvb5RWI7-tjgVMA&amp;oh=00_Af0DDLgSMi1CMJShqhm8e6J7RoLf_lJs22cHOyddD1DtIA&amp;oe=69F3AB07&quot;}\">\n\t\t\t<span class=\"sbi-screenreader\">Publicaci\u00f3n de Instagram 18085410071194432<\/span>\n\t\t\t\t\t\t\t\t\t<img decoding=\"async\" src=\"https:\/\/principedeasturiasvaldivia.cl\/Colegio\/wp-content\/plugins\/instagram-feed\/img\/placeholder.png\" alt=\"Publicaci\u00f3n de Instagram 18085410071194432\" aria-hidden=\"true\">\n\t\t<\/a>\n\t<\/div>\n<\/div><div class=\"sbi_item sbi_type_carousel sbi_new sbi_transition\"\n\tid=\"sbi_17978916422988554\" data-date=\"1772208430\">\n\t<div class=\"sbi_photo_wrap\">\n\t\t<a class=\"sbi_photo\" href=\"https:\/\/www.instagram.com\/p\/DVRHkO3EX9t\/\" target=\"_blank\" rel=\"noopener nofollow\"\n\t\t\tdata-full-res=\"https:\/\/scontent-scl3-1.cdninstagram.com\/v\/t51.82787-15\/640475335_18091931210102433_5778495703667309609_n.heic?stp=dst-jpg_e35_tt6&#038;_nc_cat=110&#038;ccb=7-5&#038;_nc_sid=18de74&#038;efg=eyJlZmdfdGFnIjoiQ0FST1VTRUxfSVRFTS5iZXN0X2ltYWdlX3VybGdlbi5DMiJ9&#038;_nc_ohc=Lw7sQeIwkv4Q7kNvwGkgXc9&#038;_nc_oc=AdoeK8NgasOUNBcwv8EyrQhz_2FodaY1j_KR7OfMjFmn80Z3FmIxbF829XbrFMUKvys&#038;_nc_zt=23&#038;_nc_ht=scontent-scl3-1.cdninstagram.com&#038;edm=ANo9K5cEAAAA&#038;_nc_gid=eOYYyjA5NUNNI3YutGCtDQ&#038;_nc_tpa=Q5bMBQFODtlARrK2_3TvgCvCwdsmT_mhdzk9kYqW6hMyJJyeA55rIazqQxe4FVPkiDy85TBYKDviXeIs4A&#038;oh=00_Af3GnhzGMYXowYoGfVcytR3VXxtcHN-LHRMY1lALpUm28g&#038;oe=69F3DCB8\"\n\t\t\tdata-img-src-set=\"{&quot;d&quot;:&quot;https:\\\/\\\/scontent-scl3-1.cdninstagram.com\\\/v\\\/t51.82787-15\\\/640475335_18091931210102433_5778495703667309609_n.heic?stp=dst-jpg_e35_tt6&amp;_nc_cat=110&amp;ccb=7-5&amp;_nc_sid=18de74&amp;efg=eyJlZmdfdGFnIjoiQ0FST1VTRUxfSVRFTS5iZXN0X2ltYWdlX3VybGdlbi5DMiJ9&amp;_nc_ohc=Lw7sQeIwkv4Q7kNvwGkgXc9&amp;_nc_oc=AdoeK8NgasOUNBcwv8EyrQhz_2FodaY1j_KR7OfMjFmn80Z3FmIxbF829XbrFMUKvys&amp;_nc_zt=23&amp;_nc_ht=scontent-scl3-1.cdninstagram.com&amp;edm=ANo9K5cEAAAA&amp;_nc_gid=eOYYyjA5NUNNI3YutGCtDQ&amp;_nc_tpa=Q5bMBQFODtlARrK2_3TvgCvCwdsmT_mhdzk9kYqW6hMyJJyeA55rIazqQxe4FVPkiDy85TBYKDviXeIs4A&amp;oh=00_Af3GnhzGMYXowYoGfVcytR3VXxtcHN-LHRMY1lALpUm28g&amp;oe=69F3DCB8&quot;,&quot;150&quot;:&quot;https:\\\/\\\/scontent-scl3-1.cdninstagram.com\\\/v\\\/t51.82787-15\\\/640475335_18091931210102433_5778495703667309609_n.heic?stp=dst-jpg_e35_tt6&amp;_nc_cat=110&amp;ccb=7-5&amp;_nc_sid=18de74&amp;efg=eyJlZmdfdGFnIjoiQ0FST1VTRUxfSVRFTS5iZXN0X2ltYWdlX3VybGdlbi5DMiJ9&amp;_nc_ohc=Lw7sQeIwkv4Q7kNvwGkgXc9&amp;_nc_oc=AdoeK8NgasOUNBcwv8EyrQhz_2FodaY1j_KR7OfMjFmn80Z3FmIxbF829XbrFMUKvys&amp;_nc_zt=23&amp;_nc_ht=scontent-scl3-1.cdninstagram.com&amp;edm=ANo9K5cEAAAA&amp;_nc_gid=eOYYyjA5NUNNI3YutGCtDQ&amp;_nc_tpa=Q5bMBQFODtlARrK2_3TvgCvCwdsmT_mhdzk9kYqW6hMyJJyeA55rIazqQxe4FVPkiDy85TBYKDviXeIs4A&amp;oh=00_Af3GnhzGMYXowYoGfVcytR3VXxtcHN-LHRMY1lALpUm28g&amp;oe=69F3DCB8&quot;,&quot;320&quot;:&quot;https:\\\/\\\/scontent-scl3-1.cdninstagram.com\\\/v\\\/t51.82787-15\\\/640475335_18091931210102433_5778495703667309609_n.heic?stp=dst-jpg_e35_tt6&amp;_nc_cat=110&amp;ccb=7-5&amp;_nc_sid=18de74&amp;efg=eyJlZmdfdGFnIjoiQ0FST1VTRUxfSVRFTS5iZXN0X2ltYWdlX3VybGdlbi5DMiJ9&amp;_nc_ohc=Lw7sQeIwkv4Q7kNvwGkgXc9&amp;_nc_oc=AdoeK8NgasOUNBcwv8EyrQhz_2FodaY1j_KR7OfMjFmn80Z3FmIxbF829XbrFMUKvys&amp;_nc_zt=23&amp;_nc_ht=scontent-scl3-1.cdninstagram.com&amp;edm=ANo9K5cEAAAA&amp;_nc_gid=eOYYyjA5NUNNI3YutGCtDQ&amp;_nc_tpa=Q5bMBQFODtlARrK2_3TvgCvCwdsmT_mhdzk9kYqW6hMyJJyeA55rIazqQxe4FVPkiDy85TBYKDviXeIs4A&amp;oh=00_Af3GnhzGMYXowYoGfVcytR3VXxtcHN-LHRMY1lALpUm28g&amp;oe=69F3DCB8&quot;,&quot;640&quot;:&quot;https:\\\/\\\/scontent-scl3-1.cdninstagram.com\\\/v\\\/t51.82787-15\\\/640475335_18091931210102433_5778495703667309609_n.heic?stp=dst-jpg_e35_tt6&amp;_nc_cat=110&amp;ccb=7-5&amp;_nc_sid=18de74&amp;efg=eyJlZmdfdGFnIjoiQ0FST1VTRUxfSVRFTS5iZXN0X2ltYWdlX3VybGdlbi5DMiJ9&amp;_nc_ohc=Lw7sQeIwkv4Q7kNvwGkgXc9&amp;_nc_oc=AdoeK8NgasOUNBcwv8EyrQhz_2FodaY1j_KR7OfMjFmn80Z3FmIxbF829XbrFMUKvys&amp;_nc_zt=23&amp;_nc_ht=scontent-scl3-1.cdninstagram.com&amp;edm=ANo9K5cEAAAA&amp;_nc_gid=eOYYyjA5NUNNI3YutGCtDQ&amp;_nc_tpa=Q5bMBQFODtlARrK2_3TvgCvCwdsmT_mhdzk9kYqW6hMyJJyeA55rIazqQxe4FVPkiDy85TBYKDviXeIs4A&amp;oh=00_Af3GnhzGMYXowYoGfVcytR3VXxtcHN-LHRMY1lALpUm28g&amp;oe=69F3DCB8&quot;}\">\n\t\t\t<span class=\"sbi-screenreader\">Informaci\u00f3n Importante !!!<\/span>\n\t\t\t<svg class=\"svg-inline--fa fa-clone fa-w-16 sbi_lightbox_carousel_icon\" aria-hidden=\"true\" aria-label=\"Clone\" data-fa-pro\u0192cessed=\"\" data-prefix=\"far\" data-icon=\"clone\" role=\"img\" xmlns=\"http:\/\/www.w3.org\/2000\/svg\" viewBox=\"0 0 512 512\">\n                    <path fill=\"currentColor\" d=\"M464 0H144c-26.51 0-48 21.49-48 48v48H48c-26.51 0-48 21.49-48 48v320c0 26.51 21.49 48 48 48h320c26.51 0 48-21.49 48-48v-48h48c26.51 0 48-21.49 48-48V48c0-26.51-21.49-48-48-48zM362 464H54a6 6 0 0 1-6-6V150a6 6 0 0 1 6-6h42v224c0 26.51 21.49 48 48 48h224v42a6 6 0 0 1-6 6zm96-96H150a6 6 0 0 1-6-6V54a6 6 0 0 1 6-6h308a6 6 0 0 1 6 6v308a6 6 0 0 1-6 6z\"><\/path>\n                <\/svg>\t\t\t\t\t\t<img decoding=\"async\" src=\"https:\/\/principedeasturiasvaldivia.cl\/Colegio\/wp-content\/plugins\/instagram-feed\/img\/placeholder.png\" alt=\"Informaci\u00f3n Importante !!!\" aria-hidden=\"true\">\n\t\t<\/a>\n\t<\/div>\n<\/div><div class=\"sbi_item sbi_type_video sbi_new sbi_transition\"\n\tid=\"sbi_17869522155508240\" data-date=\"1766766125\">\n\t<div class=\"sbi_photo_wrap\">\n\t\t<a class=\"sbi_photo\" href=\"https:\/\/www.instagram.com\/reel\/DSu7Ga2gII_\/\" target=\"_blank\" rel=\"noopener nofollow\"\n\t\t\tdata-full-res=\"https:\/\/scontent-scl3-1.cdninstagram.com\/v\/t51.82787-15\/605771619_18086002685102433_5752889681044936796_n.jpg?stp=dst-jpg_e35_tt6&#038;_nc_cat=107&#038;ccb=7-5&#038;_nc_sid=18de74&#038;efg=eyJlZmdfdGFnIjoiQ0xJUFMuYmVzdF9pbWFnZV91cmxnZW4uQzIifQ%3D%3D&#038;_nc_ohc=WkvVi-LPZh0Q7kNvwH_itkd&#038;_nc_oc=AdrNSSmaV4Bc05LPbr9rt-vF6mhZzvkInn7Gf762-bR0x2Rj9Nq3t4l-v-XeK1ala1E&#038;_nc_zt=23&#038;_nc_ht=scontent-scl3-1.cdninstagram.com&#038;edm=ANo9K5cEAAAA&#038;_nc_gid=eOYYyjA5NUNNI3YutGCtDQ&#038;_nc_tpa=Q5bMBQE5G5skEFH6ouhr8T5ujQhBwOhwgxJduoQLM4eE60fyfwHXSByGHxqqulNy1jquZXBJH3UlysONhg&#038;oh=00_Af1v9v36fyBEAk69tcJugIfjD71fpmgd3MHfNVEQDohqeQ&#038;oe=69F3E186\"\n\t\t\tdata-img-src-set=\"{&quot;d&quot;:&quot;https:\\\/\\\/scontent-scl3-1.cdninstagram.com\\\/v\\\/t51.82787-15\\\/605771619_18086002685102433_5752889681044936796_n.jpg?stp=dst-jpg_e35_tt6&amp;_nc_cat=107&amp;ccb=7-5&amp;_nc_sid=18de74&amp;efg=eyJlZmdfdGFnIjoiQ0xJUFMuYmVzdF9pbWFnZV91cmxnZW4uQzIifQ%3D%3D&amp;_nc_ohc=WkvVi-LPZh0Q7kNvwH_itkd&amp;_nc_oc=AdrNSSmaV4Bc05LPbr9rt-vF6mhZzvkInn7Gf762-bR0x2Rj9Nq3t4l-v-XeK1ala1E&amp;_nc_zt=23&amp;_nc_ht=scontent-scl3-1.cdninstagram.com&amp;edm=ANo9K5cEAAAA&amp;_nc_gid=eOYYyjA5NUNNI3YutGCtDQ&amp;_nc_tpa=Q5bMBQE5G5skEFH6ouhr8T5ujQhBwOhwgxJduoQLM4eE60fyfwHXSByGHxqqulNy1jquZXBJH3UlysONhg&amp;oh=00_Af1v9v36fyBEAk69tcJugIfjD71fpmgd3MHfNVEQDohqeQ&amp;oe=69F3E186&quot;,&quot;150&quot;:&quot;https:\\\/\\\/scontent-scl3-1.cdninstagram.com\\\/v\\\/t51.82787-15\\\/605771619_18086002685102433_5752889681044936796_n.jpg?stp=dst-jpg_e35_tt6&amp;_nc_cat=107&amp;ccb=7-5&amp;_nc_sid=18de74&amp;efg=eyJlZmdfdGFnIjoiQ0xJUFMuYmVzdF9pbWFnZV91cmxnZW4uQzIifQ%3D%3D&amp;_nc_ohc=WkvVi-LPZh0Q7kNvwH_itkd&amp;_nc_oc=AdrNSSmaV4Bc05LPbr9rt-vF6mhZzvkInn7Gf762-bR0x2Rj9Nq3t4l-v-XeK1ala1E&amp;_nc_zt=23&amp;_nc_ht=scontent-scl3-1.cdninstagram.com&amp;edm=ANo9K5cEAAAA&amp;_nc_gid=eOYYyjA5NUNNI3YutGCtDQ&amp;_nc_tpa=Q5bMBQE5G5skEFH6ouhr8T5ujQhBwOhwgxJduoQLM4eE60fyfwHXSByGHxqqulNy1jquZXBJH3UlysONhg&amp;oh=00_Af1v9v36fyBEAk69tcJugIfjD71fpmgd3MHfNVEQDohqeQ&amp;oe=69F3E186&quot;,&quot;320&quot;:&quot;https:\\\/\\\/scontent-scl3-1.cdninstagram.com\\\/v\\\/t51.82787-15\\\/605771619_18086002685102433_5752889681044936796_n.jpg?stp=dst-jpg_e35_tt6&amp;_nc_cat=107&amp;ccb=7-5&amp;_nc_sid=18de74&amp;efg=eyJlZmdfdGFnIjoiQ0xJUFMuYmVzdF9pbWFnZV91cmxnZW4uQzIifQ%3D%3D&amp;_nc_ohc=WkvVi-LPZh0Q7kNvwH_itkd&amp;_nc_oc=AdrNSSmaV4Bc05LPbr9rt-vF6mhZzvkInn7Gf762-bR0x2Rj9Nq3t4l-v-XeK1ala1E&amp;_nc_zt=23&amp;_nc_ht=scontent-scl3-1.cdninstagram.com&amp;edm=ANo9K5cEAAAA&amp;_nc_gid=eOYYyjA5NUNNI3YutGCtDQ&amp;_nc_tpa=Q5bMBQE5G5skEFH6ouhr8T5ujQhBwOhwgxJduoQLM4eE60fyfwHXSByGHxqqulNy1jquZXBJH3UlysONhg&amp;oh=00_Af1v9v36fyBEAk69tcJugIfjD71fpmgd3MHfNVEQDohqeQ&amp;oe=69F3E186&quot;,&quot;640&quot;:&quot;https:\\\/\\\/scontent-scl3-1.cdninstagram.com\\\/v\\\/t51.82787-15\\\/605771619_18086002685102433_5752889681044936796_n.jpg?stp=dst-jpg_e35_tt6&amp;_nc_cat=107&amp;ccb=7-5&amp;_nc_sid=18de74&amp;efg=eyJlZmdfdGFnIjoiQ0xJUFMuYmVzdF9pbWFnZV91cmxnZW4uQzIifQ%3D%3D&amp;_nc_ohc=WkvVi-LPZh0Q7kNvwH_itkd&amp;_nc_oc=AdrNSSmaV4Bc05LPbr9rt-vF6mhZzvkInn7Gf762-bR0x2Rj9Nq3t4l-v-XeK1ala1E&amp;_nc_zt=23&amp;_nc_ht=scontent-scl3-1.cdninstagram.com&amp;edm=ANo9K5cEAAAA&amp;_nc_gid=eOYYyjA5NUNNI3YutGCtDQ&amp;_nc_tpa=Q5bMBQE5G5skEFH6ouhr8T5ujQhBwOhwgxJduoQLM4eE60fyfwHXSByGHxqqulNy1jquZXBJH3UlysONhg&amp;oh=00_Af1v9v36fyBEAk69tcJugIfjD71fpmgd3MHfNVEQDohqeQ&amp;oe=69F3E186&quot;}\">\n\t\t\t<span class=\"sbi-screenreader\">MATR\u00cdCULAS ABIERTAS !!!<\/span>\n\t\t\t\t\t\t<svg style=\"color: rgba(255,255,255,1)\" class=\"svg-inline--fa fa-play fa-w-14 sbi_playbtn\" aria-label=\"Play\" aria-hidden=\"true\" data-fa-processed=\"\" data-prefix=\"fa\" data-icon=\"play\" role=\"presentation\" xmlns=\"http:\/\/www.w3.org\/2000\/svg\" viewBox=\"0 0 448 512\"><path fill=\"currentColor\" d=\"M424.4 214.7L72.4 6.6C43.8-10.3 0 6.1 0 47.9V464c0 37.5 40.7 60.1 72.4 41.3l352-208c31.4-18.5 31.5-64.1 0-82.6z\"><\/path><\/svg>\t\t\t<img decoding=\"async\" src=\"https:\/\/principedeasturiasvaldivia.cl\/Colegio\/wp-content\/plugins\/instagram-feed\/img\/placeholder.png\" alt=\"MATR\u00cdCULAS ABIERTAS !!!\" aria-hidden=\"true\">\n\t\t<\/a>\n\t<\/div>\n<\/div><div class=\"sbi_item sbi_type_image sbi_new sbi_transition\"\n\tid=\"sbi_18035881100526097\" data-date=\"1766597477\">\n\t<div class=\"sbi_photo_wrap\">\n\t\t<a class=\"sbi_photo\" href=\"https:\/\/www.instagram.com\/p\/DSp5hb6kd6l\/\" target=\"_blank\" rel=\"noopener nofollow\"\n\t\t\tdata-full-res=\"https:\/\/scontent-scl3-1.cdninstagram.com\/v\/t51.82787-15\/605291803_18085823804102433_8838395927276927707_n.heic?stp=dst-jpg_e35_tt6&#038;_nc_cat=105&#038;ccb=7-5&#038;_nc_sid=18de74&#038;efg=eyJlZmdfdGFnIjoiRkVFRC5iZXN0X2ltYWdlX3VybGdlbi5DMiJ9&#038;_nc_ohc=6sNGEU0ifQQQ7kNvwGf6_Ji&#038;_nc_oc=Adq_6r7Al3Q241xE5G_DRNLH3eYFFoablp0JAPMjk30r5x4wM1AWihFtWpD0BYG9sKw&#038;_nc_zt=23&#038;_nc_ht=scontent-scl3-1.cdninstagram.com&#038;edm=ANo9K5cEAAAA&#038;_nc_gid=eOYYyjA5NUNNI3YutGCtDQ&#038;_nc_tpa=Q5bMBQHsbuxFqyjhrO1IcJAMlPv9IfYTOtT2zVnFiiez-J_tcxrcaApaQuCUMUnAPUEn25eExYVaGQ-AWA&#038;oh=00_Af1wOsd44Us8RZzXx-J5WKnH-Hc3cJWgIOO3arFN5Kg3nw&#038;oe=69F3ABDE\"\n\t\t\tdata-img-src-set=\"{&quot;d&quot;:&quot;https:\\\/\\\/scontent-scl3-1.cdninstagram.com\\\/v\\\/t51.82787-15\\\/605291803_18085823804102433_8838395927276927707_n.heic?stp=dst-jpg_e35_tt6&amp;_nc_cat=105&amp;ccb=7-5&amp;_nc_sid=18de74&amp;efg=eyJlZmdfdGFnIjoiRkVFRC5iZXN0X2ltYWdlX3VybGdlbi5DMiJ9&amp;_nc_ohc=6sNGEU0ifQQQ7kNvwGf6_Ji&amp;_nc_oc=Adq_6r7Al3Q241xE5G_DRNLH3eYFFoablp0JAPMjk30r5x4wM1AWihFtWpD0BYG9sKw&amp;_nc_zt=23&amp;_nc_ht=scontent-scl3-1.cdninstagram.com&amp;edm=ANo9K5cEAAAA&amp;_nc_gid=eOYYyjA5NUNNI3YutGCtDQ&amp;_nc_tpa=Q5bMBQHsbuxFqyjhrO1IcJAMlPv9IfYTOtT2zVnFiiez-J_tcxrcaApaQuCUMUnAPUEn25eExYVaGQ-AWA&amp;oh=00_Af1wOsd44Us8RZzXx-J5WKnH-Hc3cJWgIOO3arFN5Kg3nw&amp;oe=69F3ABDE&quot;,&quot;150&quot;:&quot;https:\\\/\\\/scontent-scl3-1.cdninstagram.com\\\/v\\\/t51.82787-15\\\/605291803_18085823804102433_8838395927276927707_n.heic?stp=dst-jpg_e35_tt6&amp;_nc_cat=105&amp;ccb=7-5&amp;_nc_sid=18de74&amp;efg=eyJlZmdfdGFnIjoiRkVFRC5iZXN0X2ltYWdlX3VybGdlbi5DMiJ9&amp;_nc_ohc=6sNGEU0ifQQQ7kNvwGf6_Ji&amp;_nc_oc=Adq_6r7Al3Q241xE5G_DRNLH3eYFFoablp0JAPMjk30r5x4wM1AWihFtWpD0BYG9sKw&amp;_nc_zt=23&amp;_nc_ht=scontent-scl3-1.cdninstagram.com&amp;edm=ANo9K5cEAAAA&amp;_nc_gid=eOYYyjA5NUNNI3YutGCtDQ&amp;_nc_tpa=Q5bMBQHsbuxFqyjhrO1IcJAMlPv9IfYTOtT2zVnFiiez-J_tcxrcaApaQuCUMUnAPUEn25eExYVaGQ-AWA&amp;oh=00_Af1wOsd44Us8RZzXx-J5WKnH-Hc3cJWgIOO3arFN5Kg3nw&amp;oe=69F3ABDE&quot;,&quot;320&quot;:&quot;https:\\\/\\\/scontent-scl3-1.cdninstagram.com\\\/v\\\/t51.82787-15\\\/605291803_18085823804102433_8838395927276927707_n.heic?stp=dst-jpg_e35_tt6&amp;_nc_cat=105&amp;ccb=7-5&amp;_nc_sid=18de74&amp;efg=eyJlZmdfdGFnIjoiRkVFRC5iZXN0X2ltYWdlX3VybGdlbi5DMiJ9&amp;_nc_ohc=6sNGEU0ifQQQ7kNvwGf6_Ji&amp;_nc_oc=Adq_6r7Al3Q241xE5G_DRNLH3eYFFoablp0JAPMjk30r5x4wM1AWihFtWpD0BYG9sKw&amp;_nc_zt=23&amp;_nc_ht=scontent-scl3-1.cdninstagram.com&amp;edm=ANo9K5cEAAAA&amp;_nc_gid=eOYYyjA5NUNNI3YutGCtDQ&amp;_nc_tpa=Q5bMBQHsbuxFqyjhrO1IcJAMlPv9IfYTOtT2zVnFiiez-J_tcxrcaApaQuCUMUnAPUEn25eExYVaGQ-AWA&amp;oh=00_Af1wOsd44Us8RZzXx-J5WKnH-Hc3cJWgIOO3arFN5Kg3nw&amp;oe=69F3ABDE&quot;,&quot;640&quot;:&quot;https:\\\/\\\/scontent-scl3-1.cdninstagram.com\\\/v\\\/t51.82787-15\\\/605291803_18085823804102433_8838395927276927707_n.heic?stp=dst-jpg_e35_tt6&amp;_nc_cat=105&amp;ccb=7-5&amp;_nc_sid=18de74&amp;efg=eyJlZmdfdGFnIjoiRkVFRC5iZXN0X2ltYWdlX3VybGdlbi5DMiJ9&amp;_nc_ohc=6sNGEU0ifQQQ7kNvwGf6_Ji&amp;_nc_oc=Adq_6r7Al3Q241xE5G_DRNLH3eYFFoablp0JAPMjk30r5x4wM1AWihFtWpD0BYG9sKw&amp;_nc_zt=23&amp;_nc_ht=scontent-scl3-1.cdninstagram.com&amp;edm=ANo9K5cEAAAA&amp;_nc_gid=eOYYyjA5NUNNI3YutGCtDQ&amp;_nc_tpa=Q5bMBQHsbuxFqyjhrO1IcJAMlPv9IfYTOtT2zVnFiiez-J_tcxrcaApaQuCUMUnAPUEn25eExYVaGQ-AWA&amp;oh=00_Af1wOsd44Us8RZzXx-J5WKnH-Hc3cJWgIOO3arFN5Kg3nw&amp;oe=69F3ABDE&quot;}\">\n\t\t\t<span class=\"sbi-screenreader\">Publicaci\u00f3n de Instagram 18035881100526097<\/span>\n\t\t\t\t\t\t\t\t\t<img decoding=\"async\" src=\"https:\/\/principedeasturiasvaldivia.cl\/Colegio\/wp-content\/plugins\/instagram-feed\/img\/placeholder.png\" alt=\"Publicaci\u00f3n de Instagram 18035881100526097\" aria-hidden=\"true\">\n\t\t<\/a>\n\t<\/div>\n<\/div><div class=\"sbi_item sbi_type_video sbi_new sbi_transition\"\n\tid=\"sbi_18027869936774801\" data-date=\"1766174909\">\n\t<div class=\"sbi_photo_wrap\">\n\t\t<a class=\"sbi_photo\" href=\"https:\/\/www.instagram.com\/reel\/DSdTbQQET8t\/\" target=\"_blank\" rel=\"noopener nofollow\"\n\t\t\tdata-full-res=\"https:\/\/scontent-scl3-1.cdninstagram.com\/v\/t51.71878-15\/603055819_882419850946636_6013435320339450872_n.jpg?stp=dst-jpg_e35_tt6&#038;_nc_cat=106&#038;ccb=7-5&#038;_nc_sid=18de74&#038;efg=eyJlZmdfdGFnIjoiQ0xJUFMuYmVzdF9pbWFnZV91cmxnZW4uQzIifQ%3D%3D&#038;_nc_ohc=oq8j9rDc8dsQ7kNvwGcSqww&#038;_nc_oc=Adqtfwre7-CbOndaw-0HzCUp8axM69tdZGgP1odXZ7GG0Jxe00t2GI_0ACKC6BxryXM&#038;_nc_zt=23&#038;_nc_ht=scontent-scl3-1.cdninstagram.com&#038;edm=ANo9K5cEAAAA&#038;_nc_gid=eOYYyjA5NUNNI3YutGCtDQ&#038;_nc_tpa=Q5bMBQH2C2o_MHaewVe1WVHXEJfDVEgNA4vfFDtbO_m5S6Bc2XkWYgEj5u2vajXYWGLaNAaiuL1hxKyRMA&#038;oh=00_Af0mFPcVw3XPpztZihcwhq1L62DtFDBL6tB8LI61a_zI_g&#038;oe=69F3AE0A\"\n\t\t\tdata-img-src-set=\"{&quot;d&quot;:&quot;https:\\\/\\\/scontent-scl3-1.cdninstagram.com\\\/v\\\/t51.71878-15\\\/603055819_882419850946636_6013435320339450872_n.jpg?stp=dst-jpg_e35_tt6&amp;_nc_cat=106&amp;ccb=7-5&amp;_nc_sid=18de74&amp;efg=eyJlZmdfdGFnIjoiQ0xJUFMuYmVzdF9pbWFnZV91cmxnZW4uQzIifQ%3D%3D&amp;_nc_ohc=oq8j9rDc8dsQ7kNvwGcSqww&amp;_nc_oc=Adqtfwre7-CbOndaw-0HzCUp8axM69tdZGgP1odXZ7GG0Jxe00t2GI_0ACKC6BxryXM&amp;_nc_zt=23&amp;_nc_ht=scontent-scl3-1.cdninstagram.com&amp;edm=ANo9K5cEAAAA&amp;_nc_gid=eOYYyjA5NUNNI3YutGCtDQ&amp;_nc_tpa=Q5bMBQH2C2o_MHaewVe1WVHXEJfDVEgNA4vfFDtbO_m5S6Bc2XkWYgEj5u2vajXYWGLaNAaiuL1hxKyRMA&amp;oh=00_Af0mFPcVw3XPpztZihcwhq1L62DtFDBL6tB8LI61a_zI_g&amp;oe=69F3AE0A&quot;,&quot;150&quot;:&quot;https:\\\/\\\/scontent-scl3-1.cdninstagram.com\\\/v\\\/t51.71878-15\\\/603055819_882419850946636_6013435320339450872_n.jpg?stp=dst-jpg_e35_tt6&amp;_nc_cat=106&amp;ccb=7-5&amp;_nc_sid=18de74&amp;efg=eyJlZmdfdGFnIjoiQ0xJUFMuYmVzdF9pbWFnZV91cmxnZW4uQzIifQ%3D%3D&amp;_nc_ohc=oq8j9rDc8dsQ7kNvwGcSqww&amp;_nc_oc=Adqtfwre7-CbOndaw-0HzCUp8axM69tdZGgP1odXZ7GG0Jxe00t2GI_0ACKC6BxryXM&amp;_nc_zt=23&amp;_nc_ht=scontent-scl3-1.cdninstagram.com&amp;edm=ANo9K5cEAAAA&amp;_nc_gid=eOYYyjA5NUNNI3YutGCtDQ&amp;_nc_tpa=Q5bMBQH2C2o_MHaewVe1WVHXEJfDVEgNA4vfFDtbO_m5S6Bc2XkWYgEj5u2vajXYWGLaNAaiuL1hxKyRMA&amp;oh=00_Af0mFPcVw3XPpztZihcwhq1L62DtFDBL6tB8LI61a_zI_g&amp;oe=69F3AE0A&quot;,&quot;320&quot;:&quot;https:\\\/\\\/scontent-scl3-1.cdninstagram.com\\\/v\\\/t51.71878-15\\\/603055819_882419850946636_6013435320339450872_n.jpg?stp=dst-jpg_e35_tt6&amp;_nc_cat=106&amp;ccb=7-5&amp;_nc_sid=18de74&amp;efg=eyJlZmdfdGFnIjoiQ0xJUFMuYmVzdF9pbWFnZV91cmxnZW4uQzIifQ%3D%3D&amp;_nc_ohc=oq8j9rDc8dsQ7kNvwGcSqww&amp;_nc_oc=Adqtfwre7-CbOndaw-0HzCUp8axM69tdZGgP1odXZ7GG0Jxe00t2GI_0ACKC6BxryXM&amp;_nc_zt=23&amp;_nc_ht=scontent-scl3-1.cdninstagram.com&amp;edm=ANo9K5cEAAAA&amp;_nc_gid=eOYYyjA5NUNNI3YutGCtDQ&amp;_nc_tpa=Q5bMBQH2C2o_MHaewVe1WVHXEJfDVEgNA4vfFDtbO_m5S6Bc2XkWYgEj5u2vajXYWGLaNAaiuL1hxKyRMA&amp;oh=00_Af0mFPcVw3XPpztZihcwhq1L62DtFDBL6tB8LI61a_zI_g&amp;oe=69F3AE0A&quot;,&quot;640&quot;:&quot;https:\\\/\\\/scontent-scl3-1.cdninstagram.com\\\/v\\\/t51.71878-15\\\/603055819_882419850946636_6013435320339450872_n.jpg?stp=dst-jpg_e35_tt6&amp;_nc_cat=106&amp;ccb=7-5&amp;_nc_sid=18de74&amp;efg=eyJlZmdfdGFnIjoiQ0xJUFMuYmVzdF9pbWFnZV91cmxnZW4uQzIifQ%3D%3D&amp;_nc_ohc=oq8j9rDc8dsQ7kNvwGcSqww&amp;_nc_oc=Adqtfwre7-CbOndaw-0HzCUp8axM69tdZGgP1odXZ7GG0Jxe00t2GI_0ACKC6BxryXM&amp;_nc_zt=23&amp;_nc_ht=scontent-scl3-1.cdninstagram.com&amp;edm=ANo9K5cEAAAA&amp;_nc_gid=eOYYyjA5NUNNI3YutGCtDQ&amp;_nc_tpa=Q5bMBQH2C2o_MHaewVe1WVHXEJfDVEgNA4vfFDtbO_m5S6Bc2XkWYgEj5u2vajXYWGLaNAaiuL1hxKyRMA&amp;oh=00_Af0mFPcVw3XPpztZihcwhq1L62DtFDBL6tB8LI61a_zI_g&amp;oe=69F3AE0A&quot;}\">\n\t\t\t<span class=\"sbi-screenreader\">Publicaci\u00f3n de Instagram 18027869936774801<\/span>\n\t\t\t\t\t\t<svg style=\"color: rgba(255,255,255,1)\" class=\"svg-inline--fa fa-play fa-w-14 sbi_playbtn\" aria-label=\"Play\" aria-hidden=\"true\" data-fa-processed=\"\" data-prefix=\"fa\" data-icon=\"play\" role=\"presentation\" xmlns=\"http:\/\/www.w3.org\/2000\/svg\" viewBox=\"0 0 448 512\"><path fill=\"currentColor\" d=\"M424.4 214.7L72.4 6.6C43.8-10.3 0 6.1 0 47.9V464c0 37.5 40.7 60.1 72.4 41.3l352-208c31.4-18.5 31.5-64.1 0-82.6z\"><\/path><\/svg>\t\t\t<img decoding=\"async\" src=\"https:\/\/principedeasturiasvaldivia.cl\/Colegio\/wp-content\/plugins\/instagram-feed\/img\/placeholder.png\" alt=\"Publicaci\u00f3n de Instagram 18027869936774801\" aria-hidden=\"true\">\n\t\t<\/a>\n\t<\/div>\n<\/div>\t<\/div>\n\n\t<div id=\"sbi_load\" >\n\n\t\t\t<button class=\"sbi_load_btn\"\n\t\t\ttype=\"button\" >\n\t\t\t<span class=\"sbi_btn_text\" >Cargar m\u00e1s<\/span>\n\t\t\t<span class=\"sbi_loader sbi_hidden\" style=\"background-color: rgb(255, 255, 255);\" aria-hidden=\"true\"><\/span>\n\t\t<\/button>\n\t\n\t\t\t<span class=\"sbi_follow_btn sbi_custom\" >\n\t\t\t<a target=\"_blank\"\n\t\t\t\trel=\"nofollow noopener\"  href=\"https:\/\/www.instagram.com\/colegioprincipedeasturias\/\" style=\"background: rgb(64,139,209);\">\n\t\t\t\t<svg class=\"svg-inline--fa fa-instagram fa-w-14\" aria-hidden=\"true\" data-fa-processed=\"\" aria-label=\"Instagram\" data-prefix=\"fab\" data-icon=\"instagram\" role=\"img\" viewBox=\"0 0 448 512\">\n                    <path fill=\"currentColor\" d=\"M224.1 141c-63.6 0-114.9 51.3-114.9 114.9s51.3 114.9 114.9 114.9S339 319.5 339 255.9 287.7 141 224.1 141zm0 189.6c-41.1 0-74.7-33.5-74.7-74.7s33.5-74.7 74.7-74.7 74.7 33.5 74.7 74.7-33.6 74.7-74.7 74.7zm146.4-194.3c0 14.9-12 26.8-26.8 26.8-14.9 0-26.8-12-26.8-26.8s12-26.8 26.8-26.8 26.8 12 26.8 26.8zm76.1 27.2c-1.7-35.9-9.9-67.7-36.2-93.9-26.2-26.2-58-34.4-93.9-36.2-37-2.1-147.9-2.1-184.9 0-35.8 1.7-67.6 9.9-93.9 36.1s-34.4 58-36.2 93.9c-2.1 37-2.1 147.9 0 184.9 1.7 35.9 9.9 67.7 36.2 93.9s58 34.4 93.9 36.2c37 2.1 147.9 2.1 184.9 0 35.9-1.7 67.7-9.9 93.9-36.2 26.2-26.2 34.4-58 36.2-93.9 2.1-37 2.1-147.8 0-184.8zM398.8 388c-7.8 19.6-22.9 34.7-42.6 42.6-29.5 11.7-99.5 9-132.1 9s-102.7 2.6-132.1-9c-19.6-7.8-34.7-22.9-42.6-42.6-11.7-29.5-9-99.5-9-132.1s-2.6-102.7 9-132.1c7.8-19.6 22.9-34.7 42.6-42.6 29.5-11.7 99.5-9 132.1-9s102.7-2.6 132.1 9c19.6 7.8 34.7 22.9 42.6 42.6 11.7 29.5 9 99.5 9 132.1s2.7 102.7-9 132.1z\"><\/path>\n                <\/svg>\t\t\t\t<span>Seguir en Instagram<\/span>\n\t\t\t<\/a>\n\t\t<\/span>\n\t\n<\/div>\n\t\t<span class=\"sbi_resized_image_data\" data-feed-id=\"*1\"\n\t\t  data-resized=\"{&quot;18027869936774801&quot;:{&quot;id&quot;:&quot;603055819_882419850946636_6013435320339450872_n&quot;,&quot;ratio&quot;:&quot;1.78&quot;,&quot;sizes&quot;:{&quot;full&quot;:640,&quot;low&quot;:320,&quot;thumb&quot;:150},&quot;extension&quot;:&quot;.webp&quot;},&quot;18035881100526097&quot;:{&quot;id&quot;:&quot;605291803_18085823804102433_8838395927276927707_n.heic&quot;,&quot;ratio&quot;:&quot;0.80&quot;,&quot;sizes&quot;:{&quot;full&quot;:640,&quot;low&quot;:320,&quot;thumb&quot;:150},&quot;extension&quot;:&quot;.webp&quot;},&quot;17869522155508240&quot;:{&quot;id&quot;:&quot;605771619_18086002685102433_5752889681044936796_n&quot;,&quot;ratio&quot;:&quot;1.78&quot;,&quot;sizes&quot;:{&quot;full&quot;:640,&quot;low&quot;:320,&quot;thumb&quot;:150},&quot;extension&quot;:&quot;.webp&quot;},&quot;17978916422988554&quot;:{&quot;id&quot;:&quot;640475335_18091931210102433_5778495703667309609_n.heic&quot;,&quot;ratio&quot;:&quot;0.80&quot;,&quot;sizes&quot;:{&quot;full&quot;:640,&quot;low&quot;:320,&quot;thumb&quot;:150},&quot;extension&quot;:&quot;.webp&quot;},&quot;18085410071194432&quot;:{&quot;id&quot;:&quot;643558223_18092226020102433_8837188271049536577_n.heic&quot;,&quot;ratio&quot;:&quot;0.75&quot;,&quot;sizes&quot;:{&quot;full&quot;:640,&quot;low&quot;:320,&quot;thumb&quot;:150},&quot;extension&quot;:&quot;.webp&quot;},&quot;17893498635285028&quot;:{&quot;id&quot;:&quot;649362860_18092903414102433_1088619242368228643_n&quot;,&quot;ratio&quot;:&quot;1.25&quot;,&quot;sizes&quot;:{&quot;full&quot;:640,&quot;low&quot;:320,&quot;thumb&quot;:150},&quot;extension&quot;:&quot;.webp&quot;},&quot;18088825391175674&quot;:{&quot;id&quot;:&quot;649503218_18093280592102433_764311766142111653_n&quot;,&quot;ratio&quot;:&quot;1.78&quot;,&quot;sizes&quot;:{&quot;full&quot;:640,&quot;low&quot;:320,&quot;thumb&quot;:150},&quot;extension&quot;:&quot;.webp&quot;},&quot;18108118075702054&quot;:{&quot;id&quot;:&quot;651443956_18093279677102433_2124154386368001826_n&quot;,&quot;ratio&quot;:&quot;0.80&quot;,&quot;sizes&quot;:{&quot;full&quot;:640,&quot;low&quot;:320,&quot;thumb&quot;:150},&quot;extension&quot;:&quot;.webp&quot;},&quot;18090975407127564&quot;:{&quot;id&quot;:&quot;650377579_18093269792102433_1573328717093343706_n&quot;,&quot;ratio&quot;:&quot;1.00&quot;,&quot;sizes&quot;:{&quot;full&quot;:640,&quot;low&quot;:320,&quot;thumb&quot;:150},&quot;extension&quot;:&quot;.webp&quot;},&quot;18308992810283182&quot;:{&quot;id&quot;:&quot;649484810_18093269402102433_4524848775935294495_n&quot;,&quot;ratio&quot;:&quot;0.80&quot;,&quot;sizes&quot;:{&quot;full&quot;:640,&quot;low&quot;:320,&quot;thumb&quot;:150},&quot;extension&quot;:&quot;.webp&quot;},&quot;17912090484164367&quot;:{&quot;id&quot;:&quot;654032286_18094014578102433_3628919372071762265_n&quot;,&quot;ratio&quot;:&quot;0.80&quot;,&quot;sizes&quot;:{&quot;full&quot;:640,&quot;low&quot;:320,&quot;thumb&quot;:150},&quot;extension&quot;:&quot;.webp&quot;},&quot;18383873125095426&quot;:{&quot;id&quot;:&quot;652775275_18094169156102433_8789813495951499263_n&quot;,&quot;ratio&quot;:&quot;0.74&quot;,&quot;sizes&quot;:{&quot;full&quot;:640,&quot;low&quot;:320,&quot;thumb&quot;:150},&quot;extension&quot;:&quot;.webp&quot;},&quot;18426625813191108&quot;:{&quot;id&quot;:&quot;656035955_18094776995102433_1733639076170857441_n&quot;,&quot;ratio&quot;:&quot;0.71&quot;,&quot;sizes&quot;:{&quot;full&quot;:640,&quot;low&quot;:320,&quot;thumb&quot;:150},&quot;extension&quot;:&quot;.webp&quot;},&quot;18087517163194112&quot;:{&quot;id&quot;:&quot;660953604_18096090209102433_3447640791055517901_n&quot;,&quot;ratio&quot;:&quot;0.75&quot;,&quot;sizes&quot;:{&quot;full&quot;:640,&quot;low&quot;:320,&quot;thumb&quot;:150},&quot;extension&quot;:&quot;.webp&quot;},&quot;18082438577368762&quot;:{&quot;id&quot;:&quot;659810550_18096082787102433_1565087848656376813_n&quot;,&quot;ratio&quot;:&quot;1.78&quot;,&quot;sizes&quot;:{&quot;full&quot;:640,&quot;low&quot;:320,&quot;thumb&quot;:150},&quot;extension&quot;:&quot;.webp&quot;},&quot;17974425341861265&quot;:{&quot;id&quot;:&quot;671768848_18096994871102433_1260485217618166797_n&quot;,&quot;ratio&quot;:&quot;0.74&quot;,&quot;sizes&quot;:{&quot;full&quot;:640,&quot;low&quot;:320,&quot;thumb&quot;:150},&quot;extension&quot;:&quot;.webp&quot;},&quot;18101661880988920&quot;:{&quot;id&quot;:&quot;671875579_18097698047102433_6734890103181156506_n&quot;,&quot;ratio&quot;:&quot;0.56&quot;,&quot;sizes&quot;:{&quot;full&quot;:640,&quot;low&quot;:320,&quot;thumb&quot;:150},&quot;extension&quot;:&quot;.webp&quot;},&quot;18404974138150615&quot;:{&quot;id&quot;:&quot;670803889_18097668881102433_1535308593555874961_n&quot;,&quot;ratio&quot;:&quot;1.78&quot;,&quot;sizes&quot;:{&quot;full&quot;:640,&quot;low&quot;:320,&quot;thumb&quot;:150},&quot;extension&quot;:&quot;.webp&quot;},&quot;18066956258338373&quot;:{&quot;id&quot;:&quot;675350639_18097907441102433_83643720211694445_n&quot;,&quot;ratio&quot;:&quot;0.56&quot;,&quot;sizes&quot;:{&quot;full&quot;:640,&quot;low&quot;:320,&quot;thumb&quot;:150},&quot;extension&quot;:&quot;.webp&quot;},&quot;17869616817664543&quot;:{&quot;id&quot;:&quot;671169017_920752107629512_8530514992071085604_n&quot;,&quot;ratio&quot;:&quot;0.56&quot;,&quot;sizes&quot;:{&quot;full&quot;:640,&quot;low&quot;:320,&quot;thumb&quot;:150},&quot;extension&quot;:&quot;.webp&quot;}}\">\n\t<\/span>\n\t<\/div>\n\n\n\n\n<!DOCTYPE html>\n<html lang=\"es\">\n<head>\n    <meta charset=\"UTF-8\">\n    <meta name=\"viewport\" content=\"width=device-width, initial-scale=1.0\">\n    <title>Taller de Ajedrez<\/title>\n    <style>\n       .ajedrez-taller {\n    background-color: #f9f9f9;\n    padding: 20px;\n    margin: 20px 0;\n    border: 1px solid #ddd;\n    border-radius: 8px;\n    font-family: Arial, sans-serif;\n}\n\n.ajedrez-titulo {\n    font-size: 1.8em;\n    color: #333;\n    text-align: center;\n    margin-bottom: 10px;\n}\n\n.ajedrez-descripcion, \n.ajedrez-fecha, \n.ajedrez-lugar, \n.ajedrez-cooperacion, \n.ajedrez-eliminados, \n.ajedrez-premio {\n    margin-bottom: 15px;\n    color: #555;\n    line-height: 1.6;\n}\n\n.ajedrez-participantes-titulo {\n    font-size: 1.4em;\n    margin-top: 20px;\n    color: #222;\n}\n\n.ajedrez-participantes {\n    list-style-type: square;\n    padding-left: 20px;\n    margin-bottom: 15px;\n    color: #444;\n}\n\n.ajedrez-participantes li {\n    margin-bottom: 5px;\n}\n\n    <\/style>\n<\/head>\n<body>\n    <div class=\"ajedrez-taller\">\n    <h2 class=\"ajedrez-titulo\">Taller de Ajedrez<\/h2>\n    <p class=\"ajedrez-descripcion\">\n        Este taller comenz\u00f3 su realizaci\u00f3n el mes de julio del presente a\u00f1o, con un total de 12 alumnos. A la fecha terminan jugando el primer torneo solo 6 seleccionados que figuran en la lista consignada m\u00e1s adelante.\n    <\/p>\n    <p class=\"ajedrez-fecha\">\n        <strong>Lunes 18 de noviembre:<\/strong> se realiz\u00f3 un primer campeonato para culminar el primer a\u00f1o del Taller de Ajedrez.\n    <\/p>\n    <p class=\"ajedrez-lugar\">\n        <strong>Lugar:<\/strong> Colegio Pr\u00edncipe de Asturias, Biblioteca CRA\n    <\/p>\n    <h3 class=\"ajedrez-participantes-titulo\">Participantes<\/h3>\n    <ul class=\"ajedrez-participantes\">\n        <li>Tomas Imigo<\/li>\n        <li>Matilde Valdez<\/li>\n        <li>Enzo Arias<\/li>\n        <li>Sofia Reyes<\/li>\n        <li>Renato Rojas<\/li>\n        <li>Franco Arnaldi<\/li>\n    <\/ul>\n    <p class=\"ajedrez-cooperacion\">\n        <strong>Cooperaci\u00f3n:<\/strong> Joaqu\u00edn Ortega (3\u00b0MA) y Joaqu\u00edn Pe\u00f1a (2\u00b0MB)\n    <\/p>\n    <p class=\"ajedrez-eliminados\">\n        Esta primera competencia interna se realiza por puntos, quedando eliminados: <strong>Tomas<\/strong> y <strong>Franco<\/strong>. Los otros 4 alumnos deben competir el pr\u00f3ximo lunes 25 por el campe\u00f3n final.\n    <\/p>\n    <p class=\"ajedrez-premio\">\n        El premio se entregar\u00e1 el d\u00eda de las premiaciones del fin de a\u00f1o.\n    <\/p>\n<\/div>\n\n<\/body>\n<\/html>\n\n\n\n<br><br>\n\n\n\n<style>\n.gimnasia{\nwidth:50%;\nmargin:auto;\n}\n\n<\/style>\n<img class='gimnasia' src='https:\/\/principedeasturiasvaldivia.cl\/Colegio\/wp-content\/uploads\/2024\/11\/reconocimiento_gimnasia.jpg' alt='Gimnasia Ritmica' \/>\n\n\n\n<!DOCTYPE html>\n<html lang=\"es\">\n\n<head>\n  <meta charset=\"UTF-8\">\n  <meta name=\"viewport\" content=\"width=device-width, initial-scale=1.0\">\n  <title>Acto Reconocimiento &#8211; Mi Gusto por la Lectura<\/title>\n  <style>\n    \/* Reset b\u00e1sico *\/\n    * {\n      margin: 0;\n      padding: 0;\n      box-sizing: border-box;\n    }\n\n    \/* Estilos del cuerpo *\/\n    body {\n      font-family: Arial, sans-serif;\n      line-height: 1.6;\n      background-color: #f4f4f4;\n      color: #333;\n      padding: 20px;\n    }\n\n    \/* Secciones principales *\/\n    main {\n      margin-top: 20px;\n    }\n\n    \/* Informaci\u00f3n del evento *\/\n    .evento-info {\n      background-color: white;\n      padding: 20px;\n      border-radius: 8px;\n      margin-bottom: 20px;\n      box-shadow: 0 0 10px rgba(0, 0, 0, 0.1);\n    }\n\n    .evento-info h3 {\n      margin-bottom: 10px;\n      color: #4CAF50;\n    }\n\n    .evento-info ul {\n      list-style: none;\n      padding-left: 0;\n    }\n\n    .evento-info li {\n      margin-bottom: 10px;\n      font-size: 1.1em;\n    }\n\n    \/* Galer\u00eda de fotos *\/\n    .galeria {\n      background-color: white;\n      padding: 20px;\n      border-radius: 8px;\n      box-shadow: 0 0 10px rgba(0, 0, 0, 0.1);\n    }\n\n    .galeria h3 {\n      margin-bottom: 20px;\n      color: #4CAF50;\n      text-align: center;\n    }\n\n    .imagenes {\n      display: flex;\n      flex-wrap: wrap;\n      gap: 10px;\n      justify-content: center;\n    }\n\n    .imagen img {\n      width: 200px;\n      height:100px;\n      border-radius: 8px;\n      object-fit: cover;\n      transition: transform 0.3s;\n    }\n\n    .imagen img:hover {\n      transform: scale(1.05);\n    }\n\n    \/* Footer *\/\n    footer {\n      text-align: center;\n      margin-top: 40px;\n      padding: 10px 0;\n      background-color: #4CAF50;\n      color: white;\n      border-radius: 8px;\n    }\n\n    \/* Responsividad *\/\n    @media (max-width: 768px) {\n      .imagen {\n        flex: 1 1 calc(50% - 20px);\n        max-width: calc(50% - 20px);\n      }\n    }\n\n    @media (max-width: 480px) {\n      .imagen {\n        flex: 1 1 100%;\n        max-width: 100%;\n      }\n    }\n  <\/style>\n  <link rel=\"stylesheet\" href=\"styles.css\">\n<\/head>\n\n<body>\n  <header>\n    <h1>Acto Reconocimiento<\/h1>\n    <h2>Mi Gusto por la Lectura<\/h2>\n  <\/header>\n\n  <main>\n    <section class=\"evento-info\">\n      <h3>Objetivo<\/h3>\n      <p>Despertar e incentivar la motivaci\u00f3n de los ni\u00f1os de primeros b\u00e1sicos por el gusto a la lectura.<\/p>\n\n      <h3>Detalles del Evento<\/h3>\n      <p>Realizado el d\u00eda viernes 11 de octubre en dependencias del colegio <strong>IDPS<\/strong>.<\/p>\n\n      <h3>Logros:<\/h3>\n      <ul>\n        <li>\u2705 Autoestima y motivaci\u00f3n acad\u00e9mica<\/li>\n        <li>\u2705 Clima de Convivencia escolar<\/li>\n        <li>\u2705 Participaci\u00f3n y formaci\u00f3n ciudadana<\/li>\n      <\/ul>\n    <\/section>\n\n    <section class=\"galeria\">\n      <h3>Galer\u00eda de Fotos<\/h3>\n      <div class=\"imagenes\">\n        <div class=\"imagen\">\n          <img decoding=\"async\" src=\"https:\/\/principedeasturiasvaldivia.cl\/Colegio\/wp-content\/uploads\/2024\/10\/Imagen-de-WhatsApp-2024-10-11-a-las-20.49.09_2eb8a345.jpg\" alt=\"Descripci\u00f3n de la foto 1\">\n        <\/div>\n        <div class=\"imagen\">\n          <img decoding=\"async\" src=\"https:\/\/principedeasturiasvaldivia.cl\/Colegio\/wp-content\/uploads\/2024\/10\/IMG-20241011-WA0006.jpg\" alt=\"Descripci\u00f3n de la foto 2\">\n        <\/div>\n        <div class=\"imagen\">\n          <img decoding=\"async\" src=\"https:\/\/principedeasturiasvaldivia.cl\/Colegio\/wp-content\/uploads\/2024\/10\/IMG-20241011-WA0009.jpg\" alt=\"Descripci\u00f3n de la foto 3\">\n        <\/div>\n        <div class=\"imagen\">\n          <img decoding=\"async\" src=\"https:\/\/principedeasturiasvaldivia.cl\/Colegio\/wp-content\/uploads\/2024\/10\/IMG-20241011-WA0010.jpg\" alt=\"Descripci\u00f3n de la foto 1\">\n        <\/div>\n        <div class=\"imagen\">\n          <img decoding=\"async\" src=\"https:\/\/principedeasturiasvaldivia.cl\/Colegio\/wp-content\/uploads\/2024\/10\/IMG-20241011-WA0011.jpg\" alt=\"Descripci\u00f3n de la foto 1\">\n        <\/div>\n        <div class=\"imagen\">\n          <img decoding=\"async\" src=\"https:\/\/principedeasturiasvaldivia.cl\/Colegio\/wp-content\/uploads\/2024\/10\/IMG-20241011-WA0012.jpg\" alt=\"Descripci\u00f3n de la foto 1\">\n        <\/div>\n        <!-- Agrega m\u00e1s im\u00e1genes seg\u00fan sea necesario -->\n      <\/div>\n    <\/section>\n  <\/main>\n<\/body>\n\n<\/html>\n\n\n\n<!DOCTYPE html>\n<html lang=\"es\">\n\n<head>\n  <meta charset=\"UTF-8\">\n  <meta name=\"viewport\" content=\"width=device-width, initial-scale=1.0\">\n  <title>Galer\u00eda Encuentro Futsal Sub10<\/title>\n  <style>\n    body {\n      font-family: Arial, sans-serif;\n      margin: 0;\n      padding: 0;\n      background-color: #f7f7f7;\n    }\n\n    h1,\n    h2 {\n      text-align: center;\n      margin: 20px 0;\n    }\n\n    .container {\n      width: 80%;\n      margin: 0 auto;\n    }\n\n    .gallery {\n      display: grid;\n      grid-template-columns: repeat(auto-fit, minmax(250px, 1fr));\n      gap: 15px;\n      padding: 20px 0;\n    }\n\n    .gallery img {\n      width: 100%;\n      height: auto;\n      border-radius: 8px;\n    }\n\n    .info {\n      background-color: #fff;\n      padding: 20px;\n      box-shadow: 0 4px 8px rgba(0, 0, 0, 0.1);\n      margin-bottom: 20px;\n      border-radius: 8px;\n    }\n\n    .info p {\n      line-height: 1.6;\n    }\n\n    footer {\n      text-align: center;\n      padding: 10px;\n      background-color: #333;\n      color: white;\n      margin-top: 30px;\n    }\n\n    footer p {\n      margin: 0;\n    }\n  <\/style>\n<\/head>\n\n<body>\n\n  <h1>Encuentro Futsal Sub10<\/h1>\n  <h2>Organizado por Colegio Pr\u00edncipe de Asturias<\/h2>\n\n  <div class=\"container\">\n    <div class=\"info\">\n      <p><strong>Fecha del Evento:<\/strong> Viernes 04 de octubre<\/p>\n      <p><strong>Colegios Invitados:<\/strong><\/p>\n      <ul>\n        <li>Colegio Bicentenario Helvecia<\/li>\n        <li>Instituto Inmaculada Concepci\u00f3n<\/li>\n        <li>Colegio Masters College<\/li>\n      <\/ul>\n      <p><strong>Campe\u00f3n del Encuentro:<\/strong> Colegio Masters College<\/p>\n      <p><strong>Objetivo del Encuentro:<\/strong> Potenciar las habilidades f\u00edsicas y sociales de los educandos,\n        fomentar el trabajo colaborativo y el desarrollo de la actividad f\u00edsica a trav\u00e9s del f\u00fatbol, respetando normas\n        de juego y aceptando a los compa\u00f1eros como colaboradores en los logros y desempe\u00f1os.<\/p>\n      <p><strong>IDPS Asociados:<\/strong> Clima de Convivencia Escolar, Participaci\u00f3n y Formaci\u00f3n Ciudadana, H\u00e1bitos de\n        Vida Saludable.<\/p>\n    <\/div>\n\n    <div class=\"gallery\">\n      <!-- Aqu\u00ed van las im\u00e1genes del evento -->\n      <img decoding=\"async\" src=\"https:\/\/principedeasturiasvaldivia.cl\/Colegio\/wp-content\/uploads\/2024\/10\/01.jpeg\" alt=\"Foto del encuentro de Futsal\">\n      <img decoding=\"async\" src=\"https:\/\/principedeasturiasvaldivia.cl\/Colegio\/wp-content\/uploads\/2024\/10\/02.jpeg\" alt=\"Foto del encuentro de Futsal\">\n      <img decoding=\"async\" src=\"https:\/\/principedeasturiasvaldivia.cl\/Colegio\/wp-content\/uploads\/2024\/10\/04.jpeg\" alt=\"Foto del encuentro de Futsal\">\n      <img decoding=\"async\" src=\"https:\/\/principedeasturiasvaldivia.cl\/Colegio\/wp-content\/uploads\/2024\/10\/05.jpeg\" alt=\"Foto del encuentro de Futsal\">\n      <img decoding=\"async\" src=\"https:\/\/principedeasturiasvaldivia.cl\/Colegio\/wp-content\/uploads\/2024\/10\/06.jpeg\" alt=\"Foto del encuentro de Futsal\">\n      <img decoding=\"async\" src=\"https:\/\/principedeasturiasvaldivia.cl\/Colegio\/wp-content\/uploads\/2024\/10\/07.jpeg\" alt=\"Foto del encuentro de Futsal\">\n      <img decoding=\"async\" src=\"https:\/\/principedeasturiasvaldivia.cl\/Colegio\/wp-content\/uploads\/2024\/10\/08.jpeg\" alt=\"Foto del encuentro de Futsal\">\n      <img decoding=\"async\" src=\"https:\/\/principedeasturiasvaldivia.cl\/Colegio\/wp-content\/uploads\/2024\/10\/09-scaled.jpg\" alt=\"Foto del encuentro de Futsal\">\n      <!-- Puedes agregar m\u00e1s im\u00e1genes -->\n    <\/div>\n  <\/div>\n<\/body>\n\n<\/html>\n\n\n\n<style>\n        body {\n            font-family: Arial, sans-serif;\n            background-color: #f4f4f4;\n            margin: 0;\n            padding: 0;\n        }\n        .section-logro {\n            max-width: 800px;\n            margin: 50px auto;\n            background-color: #ffffff;\n            box-shadow: 0 0 10px rgba(0,0,0,0.1);\n            padding: 20px;\n            border-radius: 10px;\n        }\n        h1 {\n            text-align: center;\n            color: #0066cc;\n        }\n        .imagenes {\n            display: flex;\n            flex-direction: row;\n            justify-content: space-around;\n            width: 100%;\n            text-align: center;\n            margin: 20px 0;\n            column-gap: 10px;\n        }\n        .logro {\n            font-size: 18px;\n            color: #333;\n            text-align: center;\n            line-height: 1.5;\n        }\n        .etiquetas {\n            margin-top: 20px;\n            text-align: center;\n        }\n        .etiquetas .etiqueta {\n            display: inline-block;\n            background-color: #00cc66;\n            color: #fff;\n            padding: 10px;\n            margin: 5px;\n            border-radius: 5px;\n        }\n        .photo-image{\n            object-fit: cover;\n            border-radius: 10px;\n            width: 200px;\n            height: 300px;\n        }\n    <\/style>\n<\/head>\n<body>\n\n    <div class=\"section-logro\">\n        <h1>\u00a1Primer Triunfo en Futsal Sub 10!<\/h1>\n\n        <div class=\"imagenes\">\n            <img decoding=\"async\" class=\"photo-image\" src=\"https:\/\/principedeasturiasvaldivia.cl\/Colegio\/wp-content\/uploads\/2024\/09\/Imagen-de-WhatsApp-2024-09-05-a-las-14.46.07_3f09968a.jpg\" alt=\"Equipo Futbol\">\n            <img decoding=\"async\" class=\"photo-image\" src=\"https:\/\/principedeasturiasvaldivia.cl\/Colegio\/wp-content\/uploads\/2024\/09\/Imagen-de-WhatsApp-2024-09-05-a-las-14.46.08_4df44922.jpg\" alt=\"Celebraci\u00f3n Equipo\">\n            <img decoding=\"async\" class=\"photo-image\" src=\"https:\/\/principedeasturiasvaldivia.cl\/Colegio\/wp-content\/uploads\/2024\/09\/Imagen-de-WhatsApp-2024-09-05-a-las-14.46.07_b7710ac5.jpg\" alt=\"Entrega de Medallas\">\n        <\/div>\n\n        <div class=\"logro\">\n            <p>Alumnos de 3ro y 4to b\u00e1sico del equipo de baby f\u00fatbol de nuestro colegio, hoy obtuvieron su Primer Triunfo en el campeonato regional de Futsal categor\u00eda Sub 10.<\/p>\n            <p>\u00a1Muchas Felicidades!<\/p>\n        <\/div>\n\n        <div class=\"etiquetas\">\n            <div class=\"etiqueta\">\u2705 Clima de Convivencia Escolar<\/div>\n            <div class=\"etiqueta\">\u2705 Participaci\u00f3n y formaci\u00f3n ciudadana<\/div>\n            <div class=\"etiqueta\">\u2705 H\u00e1bitos de vida saludable<\/div>\n            <div class=\"etiqueta\">\u2705 Autoestima y motivaci\u00f3n escolar<\/div>\n        <\/div>\n    <\/div>\n\n<\/body>\n\n\n\n<!DOCTYPE html>\n<html lang=\"en\">\n\n<head>\n  <meta charset=\"UTF-8\">\n  <meta name=\"viewport\" content=\"width=device-width, initial-scale=1.0\">\n  <title>Comunicado<\/title>\n<\/head>\n<style>\n  * {\n    margin: 0;\n    padding: 0;\n    font-family: 'Merriweather Sans', sans-serif;\n  }\n\n  .container-comunicado {\n    position: relative;\n    margin: 0 auto;\n    padding-top: 15px;\n    display: flex;\n    flex-direction: column;\n    width: 750px;\n    height: 100%;\n    align-items: center;\n    border: 2px solid #F4A024;\n  }\n\n  .comunicado__logo {\n    width: 50%;\n  }\n\n  .comunicado__parrafo {\n    font-size: 30px;\n    font-weight: 900;\n    color: #fff;\n\n  }\n\n  .comunicado-comunicado {\n    display: flex;\n    flex-direction: column;\n    justify-content: center;\n    width: 90%;\n\n  }\n\n  .parrafo-comunicado {\n    font-size: 17px;\n    margin: 20px 0;\n    color: #294a70;\n  }\n\n  .parrafo-comunicado {\n    font-size: 17px;\n    text-align: justify;\n    color: #294a70;\n  }\n\n  .parrafo-comunicado {\n    font-size: 17px;\n    width: 350px;\n    text-align: center;\n    margin-top: 10px;\n    margin-bottom: 20px;\n    margin:20px auto;\n    color: #294a70;\n  }\n  .comunicado__titulo{\n    margin-top:20px;\n    text-decoration: underline;\n  }\n  .header{\n    display: flex;\n    justify-content: space-around;\n    align-items: center;\n  }\n  .parrafo{\n    margin: 20px auto;\n    text-align: center;\n  }\n<\/style>\n\n<body>\n  <div class=\"container-comunicado\">\n    <div class=\"header\">\n      <img decoding=\"async\" class=\"comunicado__logo\" src=\"https:\/\/principedeasturiasvaldivia.cl\/Colegio\/wp-content\/uploads\/2024\/08\/membrete.jpg\"\n        alt=\"logo-colegio\">\n  \n      <h2 class=\"comunicado__titulo\">COMUNICADO<\/h2>\n\n    <\/div>\n    <div class=\"comunicado-comunicado\">\n      <p class=\"parrafo comunicado-cabecera\">\n      Estimada Comunidad Educativa:\n      <\/p>\n      <p class=\"parrafo comunicado-cuerpo\">\n        Junto con saludar se informa que ma\u00f1ana viernes 2 de agosto las clases son normales.\n        Desde el nivel Central la suspensi\u00f3n de clases era s\u00f3lo por el d\u00eda jueves 1 de agosto.\n        Sin otro particular, le saluda atentamente\n\n\n      <\/p>\n      <p class=\"parrafo comunicado-footer\">\n        Direcci\u00f3n<br>\n        Colegio e Instituto Pr\u00edncipe de Asturias<br>\n        Valdivia\n      <\/p>\n    <\/div>\n\n  <\/div>\n<\/body>\n\n<\/html>\n\n\n\n<p><\/p>\n\n\n\n<!DOCTYPE html>\n<html lang=\"en\">\n\n<head>\n  <meta charset=\"UTF-8\">\n  <meta name=\"viewport\" content=\"width=device-width, initial-scale=1.0\">\n  <title>Document<\/title>\n<\/head>\n<style>\n  * {\n    margin: 0;\n    padding: 0;\n  }\n\n  .container-admision {\n    position: relative;\n    display: flex;\n    margin:0 auto;\n    flex-direction: column;\n    width: 550px;\n    height: 100%;\n    align-items: center;\n    background-color: #53CCF4;\n  }\n\n  .image__logo {\n    width: 60px;\n    height: 131px;\n  }\n\n  .footer__parrafo {\n    font-size: 30px;\n    font-weight: 900;\n    color: #fff;\n\n  }\n\n  .container-admision__image {\n    display: flex;\n    justify-content: center;\n    width: 100%;\n    background-color: #53CCF4;\n  }\n\n  .link__btn {\n    position: absolute;\n    text-decoration: none;\n    background: #F4A024;\n    color: #fff;\n    padding: 5px 15px;\n    cursor: pointer;\n    font-size: 18px;\n    right: 20px;\n    bottom: 20px\n  }\n\n  .link__btn:hover {\n    background: #fff;\n    color: #F4A024;\n  }\n<\/style>\n\n<body>\n  <div class=\"container-admision\">\n    <img decoding=\"async\" class=\"image__logo\" src=\"https:\/\/principedeasturiasvaldivia.cl\/Colegio\/wp-content\/uploads\/2021\/04\/logo.png\"\n      alt=\"logo-colegio\">\n    <p class=\"footer__parrafo\">Colegio Prinncipe de Asturias. <\/p>\n    <p class=\"footer__parrafo\">Valdivia &#8211; Regi\u00f3n de Los R\u00edos<\/p>\n    <div class=\"container-admision__image\">\n      <img decoding=\"async\" class=\"image__admision\"\n        src=\"https:\/\/principedeasturiasvaldivia.cl\/Colegio\/wp-content\/uploads\/2024\/07\/Sistema_de_Admision_Escolar_2025.jpg\"\n        alt=\"admision\">\n    <\/div>\n    <a class=\"link__btn\" href=\"https:\/\/www.sistemadeadmisionescolar.cl\/\" target=\"_blank\" rel=\"noopener\">click en\n      admisi\u00f3n<\/a>\n  <\/div>\n<\/body>\n\n<\/html>\n\n\n\n<br>\n\n\n<div class=\"wp-block-image\">\n<figure class=\"aligncenter size-full\"><img loading=\"lazy\" decoding=\"async\" width=\"618\" height=\"810\" src=\"https:\/\/principedeasturiasvaldivia.cl\/Colegio\/wp-content\/uploads\/2024\/07\/Comunicado_manipuladoras.jpg\" alt=\"\" class=\"wp-image-2150\" srcset=\"https:\/\/principedeasturiasvaldivia.cl\/Colegio\/wp-content\/uploads\/2024\/07\/Comunicado_manipuladoras.jpg 618w, https:\/\/principedeasturiasvaldivia.cl\/Colegio\/wp-content\/uploads\/2024\/07\/Comunicado_manipuladoras-229x300.jpg 229w, https:\/\/principedeasturiasvaldivia.cl\/Colegio\/wp-content\/uploads\/2024\/07\/Comunicado_manipuladoras-206x270.jpg 206w\" sizes=\"auto, (max-width: 618px) 100vw, 618px\" \/><\/figure>\n<\/div>\n\n\n<p><\/p>\n\n\n<div class=\"wp-block-image is-style-default\">\n<figure class=\"aligncenter size-large is-resized\"><img loading=\"lazy\" decoding=\"async\" width=\"724\" height=\"1024\" src=\"https:\/\/principedeasturiasvaldivia.cl\/Colegio\/wp-content\/uploads\/2024\/04\/WhatsApp-Image-2024-04-16-at-13.06.16-724x1024.jpeg\" alt=\"\" class=\"wp-image-2012\" style=\"aspect-ratio:0.70703125;width:445px;height:auto\" srcset=\"https:\/\/principedeasturiasvaldivia.cl\/Colegio\/wp-content\/uploads\/2024\/04\/WhatsApp-Image-2024-04-16-at-13.06.16-724x1024.jpeg 724w, https:\/\/principedeasturiasvaldivia.cl\/Colegio\/wp-content\/uploads\/2024\/04\/WhatsApp-Image-2024-04-16-at-13.06.16-212x300.jpeg 212w, https:\/\/principedeasturiasvaldivia.cl\/Colegio\/wp-content\/uploads\/2024\/04\/WhatsApp-Image-2024-04-16-at-13.06.16-768x1086.jpeg 768w, https:\/\/principedeasturiasvaldivia.cl\/Colegio\/wp-content\/uploads\/2024\/04\/WhatsApp-Image-2024-04-16-at-13.06.16-1086x1536.jpeg 1086w, https:\/\/principedeasturiasvaldivia.cl\/Colegio\/wp-content\/uploads\/2024\/04\/WhatsApp-Image-2024-04-16-at-13.06.16-191x270.jpeg 191w, https:\/\/principedeasturiasvaldivia.cl\/Colegio\/wp-content\/uploads\/2024\/04\/WhatsApp-Image-2024-04-16-at-13.06.16.jpeg 1131w\" sizes=\"auto, (max-width: 724px) 100vw, 724px\" \/><\/figure>\n<\/div>\n\n\n<br\/><br>\n\n\n\n<br\/><br\/>\n\n\n\n<br><br>\n\n\n\n<h2>Galer\u00eda de Festividad 21 de Mayo<\/h2><br>\n    <p>Haz click en la imagen para ir a la galer\u00eda<\/p><br>\n    <a href=\"https:\/\/principedeasturiasvaldivia.cl\/Colegio\/festividad-21de-mayo-2023-parte-i\/\"><img decoding=\"async\" src=\"http:\/\/principedeasturiasvaldivia.cl\/Colegio\/wp-content\/uploads\/2023\/05\/WhatsApp-Image-2023-05-20-at-21.25.42-1.jpeg\" width=\"750\"  alt=\"Galeria de Imagenes\"><\/a>\n    <br><br>\n\n\n<div class=\"wp-block-image\">\n<figure class=\"aligncenter size-full\"><img decoding=\"async\" src=\"http:\/\/principedeasturiasvaldivia.cl\/Colegio\/wp-content\/uploads\/2022\/11\/Captura-desde-2022-11-29-12-18-13.png\" alt=\"\" class=\"wp-image-1739\"\/><\/figure>\n<\/div>\n\n<div class=\"wp-block-image\">\n<figure class=\"aligncenter size-full\"><img decoding=\"async\" src=\"http:\/\/principedeasturiasvaldivia.cl\/Colegio\/wp-content\/uploads\/2022\/11\/Captura-desde-2022-11-29-11-56-30.png\" alt=\"\" class=\"wp-image-1738\"\/><\/figure>\n<\/div>\n\n\n<br><br><br><div class=\"container\">\n        <header>\n            <img decoding=\"async\" class=\"logo\" src=\"http:\/\/principedeasturiasvaldivia.cl\/Colegio\/wp-content\/uploads\/2021\/04\/logo.png\" alt=\"logo\">\n        <\/header>\n        <h2 class=\"negrita\">Estimada Comunidad Educativa<\/h2>\n        <br>\n        <p>Con el objeto de que todos nuestros apoderados tengan el derecho de postular <br> a becas 2023, el Colegio Pr\u00edncipe de Asturias, realizar\u00e1 un per\u00edodo extraordinario <br>a trav\u00e9s de nuestra p\u00e1gina web, a contar desde el 09 de noviembre hasta el<br> 20 de noviembre 2022.<\/p>\n            <br>\n            <p class=\"negrita\">Atentamente,<\/p>\n            <p class=\"negrita\">Direcci\u00f3n<\/p>\n        \n    <\/div>\n<br>\n<br>\n<br>\n\n\n\n<p><\/p>\n\n\n<div class=\"wp-block-image\">\n<figure class=\"aligncenter size-large\"><img loading=\"lazy\" decoding=\"async\" width=\"640\" height=\"1024\" src=\"http:\/\/principedeasturiasvaldivia.cl\/Colegio\/wp-content\/uploads\/2022\/10\/0_Comunicado-640x1024.jpg\" alt=\"\" class=\"wp-image-1689\" srcset=\"https:\/\/principedeasturiasvaldivia.cl\/Colegio\/wp-content\/uploads\/2022\/10\/0_Comunicado-640x1024.jpg 640w, https:\/\/principedeasturiasvaldivia.cl\/Colegio\/wp-content\/uploads\/2022\/10\/0_Comunicado-187x300.jpg 187w, https:\/\/principedeasturiasvaldivia.cl\/Colegio\/wp-content\/uploads\/2022\/10\/0_Comunicado-169x270.jpg 169w, https:\/\/principedeasturiasvaldivia.cl\/Colegio\/wp-content\/uploads\/2022\/10\/0_Comunicado-600x961.jpg 600w, https:\/\/principedeasturiasvaldivia.cl\/Colegio\/wp-content\/uploads\/2022\/10\/0_Comunicado.jpg 659w\" sizes=\"auto, (max-width: 640px) 100vw, 640px\" \/><\/figure>\n<\/div>\n\n\n<center><a href=\"http:\/\/principedeasturiasvaldivia.cl\/Colegio\/wp-content\/uploads\/2022\/10\/PROTOCOLO_MEDIDAS_SANITARIAS_Y_VIGILANCIA_EPIDEMIOLOGICA.pdf\">Protocolo de medidas sanitarias<\/a><\/center>\n\n\n\n<br>\n\n\n\n<div class=\"container\">\n        <header>\n            <img decoding=\"async\" class=\"logo\" src=\"http:\/\/principedeasturiasvaldivia.cl\/Colegio\/wp-content\/uploads\/2021\/04\/logo.png\" alt=\"logo\">\n        <\/header>\n        <h2 class=\"negrita\">Estimada Comunidad Educativa<\/h2>\n        <br>\n        <p>Junto con saludar se informa que de acuerdo a lo comunicado por la Autoridad Sanitaria y el Ministerio de Educaci\u00f3n en relaci\u00f3n al anuncio sobre el nuevo escenario de \u201cApertura\u201d que regir\u00e1 desde el 1 de octubre en todo el pa\u00eds, comparto con Uds. Informaci\u00f3n importante sobre modificaci\u00f3n de los Protocolos Preventivos Covid-19 y medidas adoptadas por el establecimiento escolar.<\/p>\n        <p>Nuestro escenario hoy en d\u00eda ha cambiado favorablemente, sin embargo, el llamado es a mantener el autocuidado y las medidas de seguridad y prevenci\u00f3n para evitar una nueva alza en los contagios.<\/p>\n        <p>De acuerdo a lo informado por la autoridad sanitaria, el establecimiento escolar ha modificado sus protocolos COVID a partir del Lunes 03 de Octubre en lo siguiente:<\/p>\n        <ul>\n            <li>Uso de mascarilla: Su uso no ser\u00e1 de car\u00e1cter obligatorio, es voluntario y se recomienda su uso en espacios peque\u00f1os, cerrados o con poca ventilaci\u00f3n y en lugares en donde se convoquen a muchas personas. Tambi\u00e9n, se recomienda en las siguientes situaciones: Personas con s\u00edntomas respiratorios, resfr\u00edos.<\/li>\n            <li>Testeo de Temperatura: Se mantendr\u00e1n term\u00f3metros disponibles, sin ser una obligaci\u00f3n el auto testeo para el ingreso al establecimiento escolar.<\/li>\n            <li>Distanciamiento f\u00edsico: Se mantienen las recomendaciones de distanciamiento f\u00edsico especialmente si no se usa mascarilla. Se sugiere evitar saludo de contacto f\u00edsico.<\/li>\n            <li>Lavado de Manos: Se mantiene vigente el protocolo de lavados de manos y se mantendr\u00e1 disponibilidad de alcohol gel.<\/li>\n            <li> Ventilaci\u00f3n: Se mantiene vigente la rutina\/protocolo de ventilaci\u00f3n en todos los espacios.<\/li>\n            <li>Aseo y desinfecci\u00f3n: se mantiene vigente el protocolo de aseo y desinfecci\u00f3n en los diferentes espacios.<\/li>\n            <li>Consumo de alimentos y bebestibles: Como medida preventiva se recomienda no compartir alimentos ni bebestibles dentro del establecimiento escolar<\/li>\n            <p>Desde ya los invitamos a promover en nuestra comunidad educativa el autocuidado y la prevenci\u00f3n.<\/p>\n            <br>\n            <p class=\"negrita\">Atentamente,<\/p>\n            <p class=\"negrita\">Direcci\u00f3n<\/p>\n        <\/ul>\n    <\/div>\n\n\n\n<h2 class=\"wp-block-heading\"><\/h2>\n\n\n\n<meta charset=\"UTF-8\">\n    <meta http-equiv=\"X-UA-Compatible\" content=\"IE=edge\">\n    <meta name=\"viewport\" content=\"width=device-width, initial-scale=1.0\">\n    <title>Comunicado<\/title>\n\n\n\n    <div class=\"container\" style=\"background-color:#064C85; color:white; width:85%; text-align: justify; padding:30px;font-family: 'Roboto', sans-serif;\">\n        <img decoding=\"async\" src=\"http:\/\/principedeasturiasvaldivia.cl\/Colegio\/wp-content\/uploads\/2022\/06\/menbrete.jpg\" alt=\"membrete\">\n        <br>\n        <h3 style=\"text-align: center;color: white;\">Informaci\u00f3n a nuestra Comunidad Educativa\n            Colegio e Instituto Pr\u00edncipe de Asturias\n            Valdivia \u2013 XIV Regi\u00f3n de los R\u00edos.\n        <\/h3>\n        <br>\n        <p style=\"color: white;\">Estimada comunidad educativa:<\/p>\n        <p style=\"color: white;\">\n            Junto con saludarles se informa a ustedes y de acuerdo a lo que ya es informaci\u00f3n p\u00fablica; que las\n            autoridades sanitarias se\u00f1alan que los periodos de receso escolar tienen un impacto positivo en la\n            disminuci\u00f3n de contagios y por lo tanto en descomprimir la red asistencial para una mejor atenci\u00f3n a la\n            poblaci\u00f3n que lo requiera.\n            De acuerdo a este, la autoridad Sanitaria ha instruido al Ministerio de Educaci\u00f3n, ampliar el per\u00edodo de\n            receso escolar de invierno, aument\u00e1ndolo de 2 a 3 semanas, desde las regiones de Arica a Los Lagos.\n        <\/p>\n        <ol style=\"list-style:upper-roman;\">\n            <li style=\"color: white;\">CAMBIO DE CALENDARIO ESCOLAR<\/li>\n            <br>\n            <table style=\"text-align:center;border: 1px solid white;border-collapse:collapse;padding:10px\">\n                <tbody><tr style=\"border:1px solid white\">\n                    <td style=\"border:1px solid white;padding: 10px;\">\n                        \u00daltimo d\u00eda de clases 1er Semestre\n                    <\/td>\n                    <td style=\"border:1px solid white;padding: 10px;\">Jornada de Evaluaci\u00f3n<\/td>\n                    <td style=\"border:1px solid white;padding: 10px;\">Primer d\u00eda de clases 2do Semestre<\/td>\n                <\/tr>\n                <tr style=\"border:1px solid white;padding: 10px;\">\n                    <td style=\"border:1px solid white;padding: 10px;\">Mi\u00e9rcoles 29 de Junio<\/td>\n                    <td style=\"border:1px solid white;padding: 10px;\">Jueves 30 de Junio y Viernes 01 de Julio<\/td>\n                    <td style=\"border:1px solid white;padding: 10px;\">Lunes 25 de Julio.<\/td>\n                <\/tr>\n            <\/tbody><\/table>\n            <br>\n            <li style=\"color: white;\">ALIMENTACI\u00d3N<\/li>\n            <p style=\"color: white;\">En consideraci\u00f3n a lo indicado por la autoridad Sanitaria:\n                Jueves 30 de junio y viernes 01 de junio. Alimentaci\u00f3n Servida regular\n                Lunes 04 de Julio al viernes 08 de Julio. Alimentaci\u00f3n fr\u00eda (Con asistencia presencial del alumno al\n                establecimiento)\n            <\/p>\n            <li style=\"color: white;\">DISPOSICI\u00d3N POR RAZONES SANITARIAS<\/li>\n            <p style=\"color: white;\">La semana de receso escolar que se incorpora a las vacaciones de invierno, ser\u00e1 sin recuperaci\u00f3n, dado\n                que responde a una medida sanitaria para la protecci\u00f3n de la poblaci\u00f3n.<\/p>\n            <p style=\"color: white;\">Nuestro establecimiento queda a la disposici\u00f3n de cualquier modificaci\u00f3n indicada por las autoridades.\n                Las cu\u00e1les les ser\u00e1n comunicadas oportunamente a nuestra comunidad educativa.<\/p>\n        <\/ol>\n        <h4 style=\"text-align:right;color: white; \">Direcci\u00f3n Colegio Pr\u00edncipe de Asturias<\/h4>\n        <br>\n        <br>\n        <a href=\"http:\/\/principedeasturiasvaldivia.cl\/Colegio\/wp-content\/uploads\/2022\/06\/Comunicado_Vacaciones_Invierno.pdf\" target=\"_blank\" style=\"cursor: pointer;text-decoration: none; color: white;background-color:#F4A024; padding: 10px;border-radius:5px\" rel=\"noopener\">Descargar\n            Documento<\/a>\n    <\/div>\n    <br>\n    <br>\n\n\n\n<p><\/p>\n\n\n\n<h2 class=\"wp-block-heading\"><\/h2>\n\n\n\n<p><\/p>\n","protected":false},"excerpt":{"rendered":"<p>\u00a1Semanas de aprendizaje, deporte y compromiso en nuestro Colegio! \u00a1En el Pr\u00edncipe de Asturias no nos detenemos! \ud83c\udf1f Desde el compromiso ciudadano de nuestras nuevas Brigadas Escolares, pasando por el desaf\u00edo intelectual de la Semana de las Matem\u00e1ticas, hasta el <a href=\"https:\/\/principedeasturiasvaldivia.cl\/Colegio\/\" class=\"read-more\">Leer m\u00e1s &#8230;<\/a><\/p>\n","protected":false},"author":1,"featured_media":0,"parent":0,"menu_order":0,"comment_status":"closed","ping_status":"closed","template":"","meta":{"ngg_post_thumbnail":0,"footnotes":""},"class_list":["post-7","page","type-page","status-publish","hentry"],"yoast_head":"<!-- This site is optimized with the Yoast SEO plugin v27.4 - https:\/\/yoast.com\/product\/yoast-seo-wordpress\/ -->\n<title>-<\/title>\n<meta name=\"robots\" content=\"index, follow, max-snippet:-1, max-image-preview:large, max-video-preview:-1\" \/>\n<link rel=\"canonical\" href=\"https:\/\/principedeasturiasvaldivia.cl\/Colegio\/\" \/>\n<meta property=\"og:locale\" content=\"es_ES\" \/>\n<meta property=\"og:type\" content=\"article\" \/>\n<meta property=\"og:title\" content=\"-\" \/>\n<meta property=\"og:description\" content=\"\u00a1Semanas de aprendizaje, deporte y compromiso en nuestro Colegio! \u00a1En el Pr\u00edncipe de Asturias no nos detenemos! \ud83c\udf1f Desde el compromiso ciudadano de nuestras nuevas Brigadas Escolares, pasando por el desaf\u00edo intelectual de la Semana de las Matem\u00e1ticas, hasta el Leer m\u00e1s ...\" \/>\n<meta property=\"og:url\" content=\"https:\/\/principedeasturiasvaldivia.cl\/Colegio\/\" \/>\n<meta property=\"article:modified_time\" content=\"2026-04-13T17:29:01+00:00\" \/>\n<meta property=\"og:image\" content=\"https:\/\/principedeasturiasvaldivia.cl\/Colegio\/wp-content\/uploads\/2026\/04\/brigadas-escolares-683x1024.jpeg\" \/>\n<meta name=\"twitter:card\" content=\"summary_large_image\" \/>\n<meta name=\"twitter:label1\" content=\"Tiempo estimado de lectura\" \/>\n\t<meta name=\"twitter:data1\" content=\"35 minutos\" \/>\n<script type=\"application\/ld+json\" class=\"yoast-schema-graph\">{\"@context\":\"https:\\\/\\\/schema.org\",\"@graph\":[{\"@type\":\"WebPage\",\"@id\":\"https:\\\/\\\/principedeasturiasvaldivia.cl\\\/Colegio\\\/\",\"url\":\"https:\\\/\\\/principedeasturiasvaldivia.cl\\\/Colegio\\\/\",\"name\":\"-\",\"isPartOf\":{\"@id\":\"https:\\\/\\\/principedeasturiasvaldivia.cl\\\/Colegio\\\/#website\"},\"primaryImageOfPage\":{\"@id\":\"https:\\\/\\\/principedeasturiasvaldivia.cl\\\/Colegio\\\/#primaryimage\"},\"image\":{\"@id\":\"https:\\\/\\\/principedeasturiasvaldivia.cl\\\/Colegio\\\/#primaryimage\"},\"thumbnailUrl\":\"https:\\\/\\\/principedeasturiasvaldivia.cl\\\/Colegio\\\/wp-content\\\/uploads\\\/2026\\\/04\\\/brigadas-escolares-683x1024.jpeg\",\"datePublished\":\"2025-04-29T13:40:51+00:00\",\"dateModified\":\"2026-04-13T17:29:01+00:00\",\"inLanguage\":\"es-CL\",\"potentialAction\":[{\"@type\":\"ReadAction\",\"target\":[\"https:\\\/\\\/principedeasturiasvaldivia.cl\\\/Colegio\\\/\"]}]},{\"@type\":\"ImageObject\",\"inLanguage\":\"es-CL\",\"@id\":\"https:\\\/\\\/principedeasturiasvaldivia.cl\\\/Colegio\\\/#primaryimage\",\"url\":\"https:\\\/\\\/principedeasturiasvaldivia.cl\\\/Colegio\\\/wp-content\\\/uploads\\\/2026\\\/04\\\/brigadas-escolares.jpeg\",\"contentUrl\":\"https:\\\/\\\/principedeasturiasvaldivia.cl\\\/Colegio\\\/wp-content\\\/uploads\\\/2026\\\/04\\\/brigadas-escolares.jpeg\",\"width\":1024,\"height\":1536},{\"@type\":\"WebSite\",\"@id\":\"https:\\\/\\\/principedeasturiasvaldivia.cl\\\/Colegio\\\/#website\",\"url\":\"https:\\\/\\\/principedeasturiasvaldivia.cl\\\/Colegio\\\/\",\"name\":\"\",\"description\":\"\",\"potentialAction\":[{\"@type\":\"SearchAction\",\"target\":{\"@type\":\"EntryPoint\",\"urlTemplate\":\"https:\\\/\\\/principedeasturiasvaldivia.cl\\\/Colegio\\\/?s={search_term_string}\"},\"query-input\":{\"@type\":\"PropertyValueSpecification\",\"valueRequired\":true,\"valueName\":\"search_term_string\"}}],\"inLanguage\":\"es-CL\"}]}<\/script>\n<!-- \/ Yoast SEO plugin. -->","yoast_head_json":{"title":"-","robots":{"index":"index","follow":"follow","max-snippet":"max-snippet:-1","max-image-preview":"max-image-preview:large","max-video-preview":"max-video-preview:-1"},"canonical":"https:\/\/principedeasturiasvaldivia.cl\/Colegio\/","og_locale":"es_ES","og_type":"article","og_title":"-","og_description":"\u00a1Semanas de aprendizaje, deporte y compromiso en nuestro Colegio! \u00a1En el Pr\u00edncipe de Asturias no nos detenemos! \ud83c\udf1f Desde el compromiso ciudadano de nuestras nuevas Brigadas Escolares, pasando por el desaf\u00edo intelectual de la Semana de las Matem\u00e1ticas, hasta el Leer m\u00e1s ...","og_url":"https:\/\/principedeasturiasvaldivia.cl\/Colegio\/","article_modified_time":"2026-04-13T17:29:01+00:00","og_image":[{"url":"https:\/\/principedeasturiasvaldivia.cl\/Colegio\/wp-content\/uploads\/2026\/04\/brigadas-escolares-683x1024.jpeg","type":"","width":"","height":""}],"twitter_card":"summary_large_image","twitter_misc":{"Tiempo estimado de lectura":"35 minutos"},"schema":{"@context":"https:\/\/schema.org","@graph":[{"@type":"WebPage","@id":"https:\/\/principedeasturiasvaldivia.cl\/Colegio\/","url":"https:\/\/principedeasturiasvaldivia.cl\/Colegio\/","name":"-","isPartOf":{"@id":"https:\/\/principedeasturiasvaldivia.cl\/Colegio\/#website"},"primaryImageOfPage":{"@id":"https:\/\/principedeasturiasvaldivia.cl\/Colegio\/#primaryimage"},"image":{"@id":"https:\/\/principedeasturiasvaldivia.cl\/Colegio\/#primaryimage"},"thumbnailUrl":"https:\/\/principedeasturiasvaldivia.cl\/Colegio\/wp-content\/uploads\/2026\/04\/brigadas-escolares-683x1024.jpeg","datePublished":"2025-04-29T13:40:51+00:00","dateModified":"2026-04-13T17:29:01+00:00","inLanguage":"es-CL","potentialAction":[{"@type":"ReadAction","target":["https:\/\/principedeasturiasvaldivia.cl\/Colegio\/"]}]},{"@type":"ImageObject","inLanguage":"es-CL","@id":"https:\/\/principedeasturiasvaldivia.cl\/Colegio\/#primaryimage","url":"https:\/\/principedeasturiasvaldivia.cl\/Colegio\/wp-content\/uploads\/2026\/04\/brigadas-escolares.jpeg","contentUrl":"https:\/\/principedeasturiasvaldivia.cl\/Colegio\/wp-content\/uploads\/2026\/04\/brigadas-escolares.jpeg","width":1024,"height":1536},{"@type":"WebSite","@id":"https:\/\/principedeasturiasvaldivia.cl\/Colegio\/#website","url":"https:\/\/principedeasturiasvaldivia.cl\/Colegio\/","name":"","description":"","potentialAction":[{"@type":"SearchAction","target":{"@type":"EntryPoint","urlTemplate":"https:\/\/principedeasturiasvaldivia.cl\/Colegio\/?s={search_term_string}"},"query-input":{"@type":"PropertyValueSpecification","valueRequired":true,"valueName":"search_term_string"}}],"inLanguage":"es-CL"}]}},"publishpress_future_action":{"enabled":false,"date":"2026-05-03 11:38:00","action":"change-status","newStatus":"draft","terms":[],"taxonomy":"","extraData":[]},"publishpress_future_workflow_manual_trigger":{"enabledWorkflows":[]},"_links":{"self":[{"href":"https:\/\/principedeasturiasvaldivia.cl\/Colegio\/wp-json\/wp\/v2\/pages\/7","targetHints":{"allow":["GET"]}}],"collection":[{"href":"https:\/\/principedeasturiasvaldivia.cl\/Colegio\/wp-json\/wp\/v2\/pages"}],"about":[{"href":"https:\/\/principedeasturiasvaldivia.cl\/Colegio\/wp-json\/wp\/v2\/types\/page"}],"author":[{"embeddable":true,"href":"https:\/\/principedeasturiasvaldivia.cl\/Colegio\/wp-json\/wp\/v2\/users\/1"}],"replies":[{"embeddable":true,"href":"https:\/\/principedeasturiasvaldivia.cl\/Colegio\/wp-json\/wp\/v2\/comments?post=7"}],"version-history":[{"count":203,"href":"https:\/\/principedeasturiasvaldivia.cl\/Colegio\/wp-json\/wp\/v2\/pages\/7\/revisions"}],"predecessor-version":[{"id":3399,"href":"https:\/\/principedeasturiasvaldivia.cl\/Colegio\/wp-json\/wp\/v2\/pages\/7\/revisions\/3399"}],"wp:attachment":[{"href":"https:\/\/principedeasturiasvaldivia.cl\/Colegio\/wp-json\/wp\/v2\/media?parent=7"}],"curies":[{"name":"wp","href":"https:\/\/api.w.org\/{rel}","templated":true}]}}